{"id":7390,"date":"2025-07-18T08:12:48","date_gmt":"2025-07-18T06:12:48","guid":{"rendered":"https:\/\/www.naturemweltasbl.lu\/?post_type=tribe_events&#038;p=7390"},"modified":"2025-07-18T08:12:48","modified_gmt":"2025-07-18T06:12:48","slug":"de-wesch-eng-al-traditioun","status":"publish","type":"tribe_events","link":"https:\/\/www.naturemweltasbl.lu\/de\/event\/de-wesch-eng-al-traditioun\/","title":{"rendered":"De W\u00ebsch \u2013 eng al Traditioun"},"content":{"rendered":"<p class=\"p1\">Nous recherchons diff\u00e9rentes herbes de prairie et les rassemblons en un \u00ab Krautw\u00ebsch \u00bb. Vous en apprendrez plus sur cette tradition, qui fait partie du patrimoine culturel mondial de l&#8217;UNESCO depuis 2020.<\/p>\n<p class=\"p1\"><span class=\"s1\">Inscription<\/span> : natur&amp;\u00ebmwelt Leideleng-Reckeng &#8211; Malou Kohn, <a href=\"mailto:kohnmalou@gmail.com\">kohnmalou@gmail.com<\/a><\/p>\n<p class=\"p1\"><span class=\"s1\">Lieu<\/span> : Eglise \u00e0 Leudelange, Place des Martyrs, Leudelange<\/p>\n<p class=\"p1\">Arr\u00eat \u00e0 proximit\u00e9: Leudelange, Gemeng<\/p>\n","protected":false},"excerpt":{"rendered":"<p>Nous recherchons diff\u00e9rentes herbes de prairie et les rassemblons en [&#8230;]<\/p>\n","protected":false},"author":11,"featured_media":7387,"template":"","meta":{"_tribe_events_status":"","_tribe_events_status_reason":"","footnotes":""},"tags":[],"tribe_events_cat":[244,245,275,268],"class_list":["post-7390","tribe_events","type-tribe_events","status-publish","has-post-thumbnail","hentry","tribe_events_cat-exkursion-excursion-de","tribe_events_cat-fuhrung-visite-guidee-de","tribe_events_cat-workshop-de","tribe_events_cat-workshop-atelier-de","cat_exkursion-excursion-de","cat_fuhrung-visite-guidee-de","cat_workshop-de","cat_workshop-atelier-de"],"yoast_head":"<!-- This site is optimized with the Yoast SEO plugin v27.5 - https:\/\/yoast.com\/product\/yoast-seo-wordpress\/ -->\n<title>De W\u00ebsch \u2013 eng al Traditioun - natur&amp;\u00ebmwelt a.s.b.l.<\/title>\n<meta name=\"description\" content=\"Nous recherchons diff\u00e9rentes herbes de prairie et les rassemblons. Vous en apprendrez plus sur une tradition, qui fait partie du patrimoine culturel mondial depuis 2020.\" \/>\n<meta name=\"robots\" content=\"index, follow, max-snippet:-1, max-image-preview:large, max-video-preview:-1\" \/>\n<link rel=\"canonical\" href=\"https:\/\/www.naturemweltasbl.lu\/de\/event\/de-wesch-eng-al-traditioun\/\" \/>\n<meta property=\"og:locale\" content=\"de_DE\" \/>\n<meta property=\"og:type\" content=\"article\" \/>\n<meta property=\"og:title\" content=\"De W\u00ebsch \u2013 eng al Traditioun - natur&amp;\u00ebmwelt a.s.b.l.\" \/>\n<meta property=\"og:description\" content=\"Nous recherchons diff\u00e9rentes herbes de prairie et les rassemblons. Vous en apprendrez plus sur une tradition, qui fait partie du patrimoine culturel mondial depuis 2020.\" \/>\n<meta property=\"og:url\" content=\"https:\/\/www.naturemweltasbl.lu\/de\/event\/de-wesch-eng-al-traditioun\/\" \/>\n<meta property=\"og:site_name\" content=\"natur&amp;\u00ebmwelt a.s.b.l.\" \/>\n<meta property=\"article:publisher\" content=\"https:\/\/www.facebook.com\/naturemwelt\/\" \/>\n<meta property=\"og:image\" content=\"https:\/\/www.naturemweltasbl.lu\/wp-content\/uploads\/2025\/07\/AdobeStock_212086115-scaled.jpeg\" \/>\n\t<meta property=\"og:image:width\" content=\"2560\" \/>\n\t<meta property=\"og:image:height\" content=\"1706\" \/>\n\t<meta property=\"og:image:type\" content=\"image\/jpeg\" \/>\n<meta name=\"twitter:card\" content=\"summary_large_image\" \/>\n<meta name=\"twitter:site\" content=\"@Natur_an_Emwelt\" \/>\n<meta name=\"twitter:label1\" content=\"Gesch\u00e4tzte Lesezeit\" \/>\n\t<meta name=\"twitter:data1\" content=\"1\u00a0Minute\" \/>\n<script type=\"application\/ld+json\" class=\"yoast-schema-graph\">{\"@context\":\"https:\\\/\\\/schema.org\",\"@graph\":[{\"@type\":\"WebPage\",\"@id\":\"https:\\\/\\\/www.naturemweltasbl.lu\\\/de\\\/event\\\/de-wesch-eng-al-traditioun\\\/\",\"url\":\"https:\\\/\\\/www.naturemweltasbl.lu\\\/de\\\/event\\\/de-wesch-eng-al-traditioun\\\/\",\"name\":\"De W\u00ebsch \u2013 eng al Traditioun - natur&amp;\u00ebmwelt a.s.b.l.\",\"isPartOf\":{\"@id\":\"https:\\\/\\\/www.naturemweltasbl.lu\\\/#website\"},\"primaryImageOfPage\":{\"@id\":\"https:\\\/\\\/www.naturemweltasbl.lu\\\/de\\\/event\\\/de-wesch-eng-al-traditioun\\\/#primaryimage\"},\"image\":{\"@id\":\"https:\\\/\\\/www.naturemweltasbl.lu\\\/de\\\/event\\\/de-wesch-eng-al-traditioun\\\/#primaryimage\"},\"thumbnailUrl\":\"https:\\\/\\\/www.naturemweltasbl.lu\\\/wp-content\\\/uploads\\\/2025\\\/07\\\/AdobeStock_212086115-scaled.jpeg\",\"datePublished\":\"2025-07-18T06:12:48+00:00\",\"description\":\"Nous recherchons diff\u00e9rentes herbes de prairie et les rassemblons. Vous en apprendrez plus sur une tradition, qui fait partie du patrimoine culturel mondial depuis 2020.\",\"breadcrumb\":{\"@id\":\"https:\\\/\\\/www.naturemweltasbl.lu\\\/de\\\/event\\\/de-wesch-eng-al-traditioun\\\/#breadcrumb\"},\"inLanguage\":\"de\",\"potentialAction\":[{\"@type\":\"ReadAction\",\"target\":[\"https:\\\/\\\/www.naturemweltasbl.lu\\\/de\\\/event\\\/de-wesch-eng-al-traditioun\\\/\"]}]},{\"@type\":\"ImageObject\",\"inLanguage\":\"de\",\"@id\":\"https:\\\/\\\/www.naturemweltasbl.lu\\\/de\\\/event\\\/de-wesch-eng-al-traditioun\\\/#primaryimage\",\"url\":\"https:\\\/\\\/www.naturemweltasbl.lu\\\/wp-content\\\/uploads\\\/2025\\\/07\\\/AdobeStock_212086115-scaled.jpeg\",\"contentUrl\":\"https:\\\/\\\/www.naturemweltasbl.lu\\\/wp-content\\\/uploads\\\/2025\\\/07\\\/AdobeStock_212086115-scaled.jpeg\",\"width\":2560,\"height\":1706,\"caption\":\"Bunte Blumenwiese im Sommer\"},{\"@type\":\"BreadcrumbList\",\"@id\":\"https:\\\/\\\/www.naturemweltasbl.lu\\\/de\\\/event\\\/de-wesch-eng-al-traditioun\\\/#breadcrumb\",\"itemListElement\":[{\"@type\":\"ListItem\",\"position\":1,\"name\":\"Startseite\",\"item\":\"https:\\\/\\\/www.naturemweltasbl.lu\\\/de\\\/\"},{\"@type\":\"ListItem\",\"position\":2,\"name\":\"\u00c9v\u00e8nements\",\"item\":\"https:\\\/\\\/www.naturemweltasbl.lu\\\/events\\\/\"},{\"@type\":\"ListItem\",\"position\":3,\"name\":\"De W\u00ebsch \u2013 eng al Traditioun\"}]},{\"@type\":\"WebSite\",\"@id\":\"https:\\\/\\\/www.naturemweltasbl.lu\\\/#website\",\"url\":\"https:\\\/\\\/www.naturemweltasbl.lu\\\/\",\"name\":\"natur&\u00ebmwelt a.s.b.l.\",\"description\":\"\",\"publisher\":{\"@id\":\"https:\\\/\\\/www.naturemweltasbl.lu\\\/#organization\"},\"potentialAction\":[{\"@type\":\"SearchAction\",\"target\":{\"@type\":\"EntryPoint\",\"urlTemplate\":\"https:\\\/\\\/www.naturemweltasbl.lu\\\/?s={search_term_string}\"},\"query-input\":{\"@type\":\"PropertyValueSpecification\",\"valueRequired\":true,\"valueName\":\"search_term_string\"}}],\"inLanguage\":\"de\"},{\"@type\":\"Organization\",\"@id\":\"https:\\\/\\\/www.naturemweltasbl.lu\\\/#organization\",\"name\":\"natur&\u00ebmwelt a.s.b.l.\",\"url\":\"https:\\\/\\\/www.naturemweltasbl.lu\\\/\",\"logo\":{\"@type\":\"ImageObject\",\"inLanguage\":\"de\",\"@id\":\"https:\\\/\\\/www.naturemweltasbl.lu\\\/#\\\/schema\\\/logo\\\/image\\\/\",\"url\":\"https:\\\/\\\/www.naturemweltasbl.lu\\\/wp-content\\\/uploads\\\/2024\\\/07\\\/NE_Logo_asbl_RGB-e1720014142276.png\",\"contentUrl\":\"https:\\\/\\\/www.naturemweltasbl.lu\\\/wp-content\\\/uploads\\\/2024\\\/07\\\/NE_Logo_asbl_RGB-e1720014142276.png\",\"width\":432,\"height\":254,\"caption\":\"natur&\u00ebmwelt a.s.b.l.\"},\"image\":{\"@id\":\"https:\\\/\\\/www.naturemweltasbl.lu\\\/#\\\/schema\\\/logo\\\/image\\\/\"},\"sameAs\":[\"https:\\\/\\\/www.facebook.com\\\/naturemwelt\\\/\",\"https:\\\/\\\/x.com\\\/Natur_an_Emwelt\",\"https:\\\/\\\/www.instagram.com\\\/naturemwelt\\\/\",\"https:\\\/\\\/www.youtube.com\\\/user\\\/naturemwelt\",\"https:\\\/\\\/lu.linkedin.com\\\/company\\\/naturemweltasbl?trk=similar-pages\"]}]}<\/script>\n<!-- \/ Yoast SEO plugin. -->","yoast_head_json":{"title":"De W\u00ebsch \u2013 eng al Traditioun - natur&amp;\u00ebmwelt a.s.b.l.","description":"Nous recherchons diff\u00e9rentes herbes de prairie et les rassemblons. Vous en apprendrez plus sur une tradition, qui fait partie du patrimoine culturel mondial depuis 2020.","robots":{"index":"index","follow":"follow","max-snippet":"max-snippet:-1","max-image-preview":"max-image-preview:large","max-video-preview":"max-video-preview:-1"},"canonical":"https:\/\/www.naturemweltasbl.lu\/de\/event\/de-wesch-eng-al-traditioun\/","og_locale":"de_DE","og_type":"article","og_title":"De W\u00ebsch \u2013 eng al Traditioun - natur&amp;\u00ebmwelt a.s.b.l.","og_description":"Nous recherchons diff\u00e9rentes herbes de prairie et les rassemblons. Vous en apprendrez plus sur une tradition, qui fait partie du patrimoine culturel mondial depuis 2020.","og_url":"https:\/\/www.naturemweltasbl.lu\/de\/event\/de-wesch-eng-al-traditioun\/","og_site_name":"natur&amp;\u00ebmwelt a.s.b.l.","article_publisher":"https:\/\/www.facebook.com\/naturemwelt\/","og_image":[{"width":2560,"height":1706,"url":"https:\/\/www.naturemweltasbl.lu\/wp-content\/uploads\/2025\/07\/AdobeStock_212086115-scaled.jpeg","type":"image\/jpeg"}],"twitter_card":"summary_large_image","twitter_site":"@Natur_an_Emwelt","twitter_misc":{"Gesch\u00e4tzte Lesezeit":"1\u00a0Minute"},"schema":{"@context":"https:\/\/schema.org","@graph":[{"@type":"WebPage","@id":"https:\/\/www.naturemweltasbl.lu\/de\/event\/de-wesch-eng-al-traditioun\/","url":"https:\/\/www.naturemweltasbl.lu\/de\/event\/de-wesch-eng-al-traditioun\/","name":"De W\u00ebsch \u2013 eng al Traditioun - natur&amp;\u00ebmwelt a.s.b.l.","isPartOf":{"@id":"https:\/\/www.naturemweltasbl.lu\/#website"},"primaryImageOfPage":{"@id":"https:\/\/www.naturemweltasbl.lu\/de\/event\/de-wesch-eng-al-traditioun\/#primaryimage"},"image":{"@id":"https:\/\/www.naturemweltasbl.lu\/de\/event\/de-wesch-eng-al-traditioun\/#primaryimage"},"thumbnailUrl":"https:\/\/www.naturemweltasbl.lu\/wp-content\/uploads\/2025\/07\/AdobeStock_212086115-scaled.jpeg","datePublished":"2025-07-18T06:12:48+00:00","description":"Nous recherchons diff\u00e9rentes herbes de prairie et les rassemblons. Vous en apprendrez plus sur une tradition, qui fait partie du patrimoine culturel mondial depuis 2020.","breadcrumb":{"@id":"https:\/\/www.naturemweltasbl.lu\/de\/event\/de-wesch-eng-al-traditioun\/#breadcrumb"},"inLanguage":"de","potentialAction":[{"@type":"ReadAction","target":["https:\/\/www.naturemweltasbl.lu\/de\/event\/de-wesch-eng-al-traditioun\/"]}]},{"@type":"ImageObject","inLanguage":"de","@id":"https:\/\/www.naturemweltasbl.lu\/de\/event\/de-wesch-eng-al-traditioun\/#primaryimage","url":"https:\/\/www.naturemweltasbl.lu\/wp-content\/uploads\/2025\/07\/AdobeStock_212086115-scaled.jpeg","contentUrl":"https:\/\/www.naturemweltasbl.lu\/wp-content\/uploads\/2025\/07\/AdobeStock_212086115-scaled.jpeg","width":2560,"height":1706,"caption":"Bunte Blumenwiese im Sommer"},{"@type":"BreadcrumbList","@id":"https:\/\/www.naturemweltasbl.lu\/de\/event\/de-wesch-eng-al-traditioun\/#breadcrumb","itemListElement":[{"@type":"ListItem","position":1,"name":"Startseite","item":"https:\/\/www.naturemweltasbl.lu\/de\/"},{"@type":"ListItem","position":2,"name":"\u00c9v\u00e8nements","item":"https:\/\/www.naturemweltasbl.lu\/events\/"},{"@type":"ListItem","position":3,"name":"De W\u00ebsch \u2013 eng al Traditioun"}]},{"@type":"WebSite","@id":"https:\/\/www.naturemweltasbl.lu\/#website","url":"https:\/\/www.naturemweltasbl.lu\/","name":"natur&\u00ebmwelt a.s.b.l.","description":"","publisher":{"@id":"https:\/\/www.naturemweltasbl.lu\/#organization"},"potentialAction":[{"@type":"SearchAction","target":{"@type":"EntryPoint","urlTemplate":"https:\/\/www.naturemweltasbl.lu\/?s={search_term_string}"},"query-input":{"@type":"PropertyValueSpecification","valueRequired":true,"valueName":"search_term_string"}}],"inLanguage":"de"},{"@type":"Organization","@id":"https:\/\/www.naturemweltasbl.lu\/#organization","name":"natur&\u00ebmwelt a.s.b.l.","url":"https:\/\/www.naturemweltasbl.lu\/","logo":{"@type":"ImageObject","inLanguage":"de","@id":"https:\/\/www.naturemweltasbl.lu\/#\/schema\/logo\/image\/","url":"https:\/\/www.naturemweltasbl.lu\/wp-content\/uploads\/2024\/07\/NE_Logo_asbl_RGB-e1720014142276.png","contentUrl":"https:\/\/www.naturemweltasbl.lu\/wp-content\/uploads\/2024\/07\/NE_Logo_asbl_RGB-e1720014142276.png","width":432,"height":254,"caption":"natur&\u00ebmwelt a.s.b.l."},"image":{"@id":"https:\/\/www.naturemweltasbl.lu\/#\/schema\/logo\/image\/"},"sameAs":["https:\/\/www.facebook.com\/naturemwelt\/","https:\/\/x.com\/Natur_an_Emwelt","https:\/\/www.instagram.com\/naturemwelt\/","https:\/\/www.youtube.com\/user\/naturemwelt","https:\/\/lu.linkedin.com\/company\/naturemweltasbl?trk=similar-pages"]}]}},"_links":{"self":[{"href":"https:\/\/www.naturemweltasbl.lu\/de\/wp-json\/wp\/v2\/tribe_events\/7390","targetHints":{"allow":["GET"]}}],"collection":[{"href":"https:\/\/www.naturemweltasbl.lu\/de\/wp-json\/wp\/v2\/tribe_events"}],"about":[{"href":"https:\/\/www.naturemweltasbl.lu\/de\/wp-json\/wp\/v2\/types\/tribe_events"}],"author":[{"embeddable":true,"href":"https:\/\/www.naturemweltasbl.lu\/de\/wp-json\/wp\/v2\/users\/11"}],"version-history":[{"count":1,"href":"https:\/\/www.naturemweltasbl.lu\/de\/wp-json\/wp\/v2\/tribe_events\/7390\/revisions"}],"predecessor-version":[{"id":7392,"href":"https:\/\/www.naturemweltasbl.lu\/de\/wp-json\/wp\/v2\/tribe_events\/7390\/revisions\/7392"}],"wp:featuredmedia":[{"embeddable":true,"href":"https:\/\/www.naturemweltasbl.lu\/de\/wp-json\/wp\/v2\/media\/7387"}],"wp:attachment":[{"href":"https:\/\/www.naturemweltasbl.lu\/de\/wp-json\/wp\/v2\/media?parent=7390"}],"wp:term":[{"taxonomy":"post_tag","embeddable":true,"href":"https:\/\/www.naturemweltasbl.lu\/de\/wp-json\/wp\/v2\/tags?post=7390"},{"taxonomy":"tribe_events_cat","embeddable":true,"href":"https:\/\/www.naturemweltasbl.lu\/de\/wp-json\/wp\/v2\/tribe_events_cat?post=7390"}],"curies":[{"name":"wp","href":"https:\/\/api.w.org\/{rel}","templated":true}]}}