{"id":6545,"date":"2025-05-12T10:31:10","date_gmt":"2025-05-12T08:31:10","guid":{"rendered":"https:\/\/www.naturemweltasbl.lu\/?post_type=tribe_events&#038;p=6545"},"modified":"2025-05-12T10:33:31","modified_gmt":"2025-05-12T08:33:31","slug":"atelier-de-cuisine-6","status":"publish","type":"tribe_events","link":"https:\/\/www.naturemweltasbl.lu\/de\/event\/atelier-de-cuisine-6\/","title":{"rendered":"Kochworkshop"},"content":{"rendered":"<p class=\"p1\"><strong>Am 10. Oktober 2025 k\u00f6nnen Sie von 11.00 bis 13.00 Uhr in einem Hochbeet zu Abend essen.<\/strong><\/p>\n<p class=\"p1\">Im Rahmen der LUGA l\u00e4dt natur&amp;\u00ebmwelt zu Kochworkshops ein, in denen Sie Rezepte im Rahmen des 2000m\u00b2-Projekts kennenlernen k\u00f6nnen.<\/p>\n<p class=\"p1\">W\u00e4hrend dieser Kochkurse lernen Sie nachhaltige Rezepte kennen, erfahren, wie Sie lokale Pflanzen identifizieren und verwenden k\u00f6nnen und verstehen die Auswirkungen Ihrer Lebensmittelauswahl. Sie werden auch die Fl\u00e4che sehen, die f\u00fcr die Produktion der Lebensmittel f\u00fcr jedes Gericht ben\u00f6tigt wird. <\/p>\n<p class=\"p1\"><em>Was ist das 2000m\u00b2-Projekt?<\/em><\/p>\n<p class=\"p1\">2000m\u00b2 ist ein gemeinsames Projekt von IBLA a.s.b.l. (Institut fir Biolog\u00ebsch Landwirtschaft an Agrarkultur), natur&amp;\u00ebmwelt a.s.b.l. und co-labor s.c. mit dem Ziel zu zeigen, dass es m\u00f6glich ist, das Wesentliche anzubauen: Brot, Kartoffeln, Obst, Gem\u00fcse sowie tierische Nahrungsmittel f\u00fcr Fleisch, Milch und Eier, aber auch Baumwolle und Tabak auf 2000m\u00b2. Das Projekt wird vom Ministerium f\u00fcr Umwelt, Klima und Biodiversit\u00e4t finanziert. <\/p>\n<p><strong>Ort<\/strong> : Vall\u00e9e de la P\u00e9trusse<\/p>\n<p><strong>Preis: <\/strong> 10 \u20ac<\/p>\n<p><strong>Anmeldung :<\/strong> <a href=\"http:\/\/tickets.luxembourg-ticket.lu\/38652\">http:\/\/tickets.luxembourg-ticket.lu\/38652<\/a><\/p>\n","protected":false},"excerpt":{"rendered":"<p>Am 10. Oktober 2025 k\u00f6nnen Sie von 11.00 bis 13.00 [&#8230;]<\/p>\n","protected":false},"author":11,"featured_media":6438,"template":"","meta":{"_tribe_events_status":"","_tribe_events_status_reason":"","footnotes":""},"tags":[],"tribe_events_cat":[275,268],"class_list":["post-6545","tribe_events","type-tribe_events","status-publish","has-post-thumbnail","hentry","tribe_events_cat-workshop-de","tribe_events_cat-workshop-atelier-de","cat_workshop-de","cat_workshop-atelier-de"],"yoast_head":"<!-- This site is optimized with the Yoast SEO plugin v27.5 - https:\/\/yoast.com\/product\/yoast-seo-wordpress\/ -->\n<title>Kochworkshop - natur&amp;\u00ebmwelt a.s.b.l.<\/title>\n<meta name=\"description\" content=\"Im Rahmen der LUGA l\u00e4dt natur&amp;\u00ebmwelt zu Kochworkshops ein, in denen Sie Rezepte im Rahmen des 2000m\u00b2-Projekts kennenlernen k\u00f6nnen.\" \/>\n<meta name=\"robots\" content=\"index, follow, max-snippet:-1, max-image-preview:large, max-video-preview:-1\" \/>\n<link rel=\"canonical\" href=\"https:\/\/www.naturemweltasbl.lu\/de\/event\/atelier-de-cuisine-6\/\" \/>\n<meta property=\"og:locale\" content=\"de_DE\" \/>\n<meta property=\"og:type\" content=\"article\" \/>\n<meta property=\"og:title\" content=\"Kochworkshop - natur&amp;\u00ebmwelt a.s.b.l.\" \/>\n<meta property=\"og:description\" content=\"Im Rahmen der LUGA l\u00e4dt natur&amp;\u00ebmwelt zu Kochworkshops ein, in denen Sie Rezepte im Rahmen des 2000m\u00b2-Projekts kennenlernen k\u00f6nnen.\" \/>\n<meta property=\"og:url\" content=\"https:\/\/www.naturemweltasbl.lu\/de\/event\/atelier-de-cuisine-6\/\" \/>\n<meta property=\"og:site_name\" content=\"natur&amp;\u00ebmwelt a.s.b.l.\" \/>\n<meta property=\"article:publisher\" content=\"https:\/\/www.facebook.com\/naturemwelt\/\" \/>\n<meta property=\"article:modified_time\" content=\"2025-05-12T08:33:31+00:00\" \/>\n<meta property=\"og:image\" content=\"https:\/\/www.naturemweltasbl.lu\/wp-content\/uploads\/2025\/05\/LUGA-ne-Event-Banner-3-2.png\" \/>\n\t<meta property=\"og:image:width\" content=\"1920\" \/>\n\t<meta property=\"og:image:height\" content=\"1080\" \/>\n\t<meta property=\"og:image:type\" content=\"image\/png\" \/>\n<meta name=\"twitter:card\" content=\"summary_large_image\" \/>\n<meta name=\"twitter:site\" content=\"@Natur_an_Emwelt\" \/>\n<meta name=\"twitter:label1\" content=\"Gesch\u00e4tzte Lesezeit\" \/>\n\t<meta name=\"twitter:data1\" content=\"1\u00a0Minute\" \/>\n<script type=\"application\/ld+json\" class=\"yoast-schema-graph\">{\"@context\":\"https:\\\/\\\/schema.org\",\"@graph\":[{\"@type\":\"WebPage\",\"@id\":\"https:\\\/\\\/www.naturemweltasbl.lu\\\/de\\\/event\\\/atelier-de-cuisine-6\\\/\",\"url\":\"https:\\\/\\\/www.naturemweltasbl.lu\\\/de\\\/event\\\/atelier-de-cuisine-6\\\/\",\"name\":\"Kochworkshop - natur&amp;\u00ebmwelt a.s.b.l.\",\"isPartOf\":{\"@id\":\"https:\\\/\\\/www.naturemweltasbl.lu\\\/#website\"},\"primaryImageOfPage\":{\"@id\":\"https:\\\/\\\/www.naturemweltasbl.lu\\\/de\\\/event\\\/atelier-de-cuisine-6\\\/#primaryimage\"},\"image\":{\"@id\":\"https:\\\/\\\/www.naturemweltasbl.lu\\\/de\\\/event\\\/atelier-de-cuisine-6\\\/#primaryimage\"},\"thumbnailUrl\":\"https:\\\/\\\/www.naturemweltasbl.lu\\\/wp-content\\\/uploads\\\/2025\\\/05\\\/LUGA-ne-Event-Banner-3-2.png\",\"datePublished\":\"2025-05-12T08:31:10+00:00\",\"dateModified\":\"2025-05-12T08:33:31+00:00\",\"description\":\"Im Rahmen der LUGA l\u00e4dt natur&\u00ebmwelt zu Kochworkshops ein, in denen Sie Rezepte im Rahmen des 2000m\u00b2-Projekts kennenlernen k\u00f6nnen.\",\"breadcrumb\":{\"@id\":\"https:\\\/\\\/www.naturemweltasbl.lu\\\/de\\\/event\\\/atelier-de-cuisine-6\\\/#breadcrumb\"},\"inLanguage\":\"de\",\"potentialAction\":[{\"@type\":\"ReadAction\",\"target\":[\"https:\\\/\\\/www.naturemweltasbl.lu\\\/de\\\/event\\\/atelier-de-cuisine-6\\\/\"]}]},{\"@type\":\"ImageObject\",\"inLanguage\":\"de\",\"@id\":\"https:\\\/\\\/www.naturemweltasbl.lu\\\/de\\\/event\\\/atelier-de-cuisine-6\\\/#primaryimage\",\"url\":\"https:\\\/\\\/www.naturemweltasbl.lu\\\/wp-content\\\/uploads\\\/2025\\\/05\\\/LUGA-ne-Event-Banner-3-2.png\",\"contentUrl\":\"https:\\\/\\\/www.naturemweltasbl.lu\\\/wp-content\\\/uploads\\\/2025\\\/05\\\/LUGA-ne-Event-Banner-3-2.png\",\"width\":1920,\"height\":1080,\"caption\":\"Atelier de cuisine \u00e0 la LUGA pour le projet 2000m2\"},{\"@type\":\"BreadcrumbList\",\"@id\":\"https:\\\/\\\/www.naturemweltasbl.lu\\\/de\\\/event\\\/atelier-de-cuisine-6\\\/#breadcrumb\",\"itemListElement\":[{\"@type\":\"ListItem\",\"position\":1,\"name\":\"Startseite\",\"item\":\"https:\\\/\\\/www.naturemweltasbl.lu\\\/de\\\/\"},{\"@type\":\"ListItem\",\"position\":2,\"name\":\"\u00c9v\u00e8nements\",\"item\":\"https:\\\/\\\/www.naturemweltasbl.lu\\\/events\\\/\"},{\"@type\":\"ListItem\",\"position\":3,\"name\":\"Kochworkshop\"}]},{\"@type\":\"WebSite\",\"@id\":\"https:\\\/\\\/www.naturemweltasbl.lu\\\/#website\",\"url\":\"https:\\\/\\\/www.naturemweltasbl.lu\\\/\",\"name\":\"natur&\u00ebmwelt a.s.b.l.\",\"description\":\"\",\"publisher\":{\"@id\":\"https:\\\/\\\/www.naturemweltasbl.lu\\\/#organization\"},\"potentialAction\":[{\"@type\":\"SearchAction\",\"target\":{\"@type\":\"EntryPoint\",\"urlTemplate\":\"https:\\\/\\\/www.naturemweltasbl.lu\\\/?s={search_term_string}\"},\"query-input\":{\"@type\":\"PropertyValueSpecification\",\"valueRequired\":true,\"valueName\":\"search_term_string\"}}],\"inLanguage\":\"de\"},{\"@type\":\"Organization\",\"@id\":\"https:\\\/\\\/www.naturemweltasbl.lu\\\/#organization\",\"name\":\"natur&\u00ebmwelt a.s.b.l.\",\"url\":\"https:\\\/\\\/www.naturemweltasbl.lu\\\/\",\"logo\":{\"@type\":\"ImageObject\",\"inLanguage\":\"de\",\"@id\":\"https:\\\/\\\/www.naturemweltasbl.lu\\\/#\\\/schema\\\/logo\\\/image\\\/\",\"url\":\"https:\\\/\\\/www.naturemweltasbl.lu\\\/wp-content\\\/uploads\\\/2024\\\/07\\\/NE_Logo_asbl_RGB-e1720014142276.png\",\"contentUrl\":\"https:\\\/\\\/www.naturemweltasbl.lu\\\/wp-content\\\/uploads\\\/2024\\\/07\\\/NE_Logo_asbl_RGB-e1720014142276.png\",\"width\":432,\"height\":254,\"caption\":\"natur&\u00ebmwelt a.s.b.l.\"},\"image\":{\"@id\":\"https:\\\/\\\/www.naturemweltasbl.lu\\\/#\\\/schema\\\/logo\\\/image\\\/\"},\"sameAs\":[\"https:\\\/\\\/www.facebook.com\\\/naturemwelt\\\/\",\"https:\\\/\\\/x.com\\\/Natur_an_Emwelt\",\"https:\\\/\\\/www.instagram.com\\\/naturemwelt\\\/\",\"https:\\\/\\\/www.youtube.com\\\/user\\\/naturemwelt\",\"https:\\\/\\\/lu.linkedin.com\\\/company\\\/naturemweltasbl?trk=similar-pages\"]}]}<\/script>\n<!-- \/ Yoast SEO plugin. -->","yoast_head_json":{"title":"Kochworkshop - natur&amp;\u00ebmwelt a.s.b.l.","description":"Im Rahmen der LUGA l\u00e4dt natur&\u00ebmwelt zu Kochworkshops ein, in denen Sie Rezepte im Rahmen des 2000m\u00b2-Projekts kennenlernen k\u00f6nnen.","robots":{"index":"index","follow":"follow","max-snippet":"max-snippet:-1","max-image-preview":"max-image-preview:large","max-video-preview":"max-video-preview:-1"},"canonical":"https:\/\/www.naturemweltasbl.lu\/de\/event\/atelier-de-cuisine-6\/","og_locale":"de_DE","og_type":"article","og_title":"Kochworkshop - natur&amp;\u00ebmwelt a.s.b.l.","og_description":"Im Rahmen der LUGA l\u00e4dt natur&\u00ebmwelt zu Kochworkshops ein, in denen Sie Rezepte im Rahmen des 2000m\u00b2-Projekts kennenlernen k\u00f6nnen.","og_url":"https:\/\/www.naturemweltasbl.lu\/de\/event\/atelier-de-cuisine-6\/","og_site_name":"natur&amp;\u00ebmwelt a.s.b.l.","article_publisher":"https:\/\/www.facebook.com\/naturemwelt\/","article_modified_time":"2025-05-12T08:33:31+00:00","og_image":[{"width":1920,"height":1080,"url":"https:\/\/www.naturemweltasbl.lu\/wp-content\/uploads\/2025\/05\/LUGA-ne-Event-Banner-3-2.png","type":"image\/png"}],"twitter_card":"summary_large_image","twitter_site":"@Natur_an_Emwelt","twitter_misc":{"Gesch\u00e4tzte Lesezeit":"1\u00a0Minute"},"schema":{"@context":"https:\/\/schema.org","@graph":[{"@type":"WebPage","@id":"https:\/\/www.naturemweltasbl.lu\/de\/event\/atelier-de-cuisine-6\/","url":"https:\/\/www.naturemweltasbl.lu\/de\/event\/atelier-de-cuisine-6\/","name":"Kochworkshop - natur&amp;\u00ebmwelt a.s.b.l.","isPartOf":{"@id":"https:\/\/www.naturemweltasbl.lu\/#website"},"primaryImageOfPage":{"@id":"https:\/\/www.naturemweltasbl.lu\/de\/event\/atelier-de-cuisine-6\/#primaryimage"},"image":{"@id":"https:\/\/www.naturemweltasbl.lu\/de\/event\/atelier-de-cuisine-6\/#primaryimage"},"thumbnailUrl":"https:\/\/www.naturemweltasbl.lu\/wp-content\/uploads\/2025\/05\/LUGA-ne-Event-Banner-3-2.png","datePublished":"2025-05-12T08:31:10+00:00","dateModified":"2025-05-12T08:33:31+00:00","description":"Im Rahmen der LUGA l\u00e4dt natur&\u00ebmwelt zu Kochworkshops ein, in denen Sie Rezepte im Rahmen des 2000m\u00b2-Projekts kennenlernen k\u00f6nnen.","breadcrumb":{"@id":"https:\/\/www.naturemweltasbl.lu\/de\/event\/atelier-de-cuisine-6\/#breadcrumb"},"inLanguage":"de","potentialAction":[{"@type":"ReadAction","target":["https:\/\/www.naturemweltasbl.lu\/de\/event\/atelier-de-cuisine-6\/"]}]},{"@type":"ImageObject","inLanguage":"de","@id":"https:\/\/www.naturemweltasbl.lu\/de\/event\/atelier-de-cuisine-6\/#primaryimage","url":"https:\/\/www.naturemweltasbl.lu\/wp-content\/uploads\/2025\/05\/LUGA-ne-Event-Banner-3-2.png","contentUrl":"https:\/\/www.naturemweltasbl.lu\/wp-content\/uploads\/2025\/05\/LUGA-ne-Event-Banner-3-2.png","width":1920,"height":1080,"caption":"Atelier de cuisine \u00e0 la LUGA pour le projet 2000m2"},{"@type":"BreadcrumbList","@id":"https:\/\/www.naturemweltasbl.lu\/de\/event\/atelier-de-cuisine-6\/#breadcrumb","itemListElement":[{"@type":"ListItem","position":1,"name":"Startseite","item":"https:\/\/www.naturemweltasbl.lu\/de\/"},{"@type":"ListItem","position":2,"name":"\u00c9v\u00e8nements","item":"https:\/\/www.naturemweltasbl.lu\/events\/"},{"@type":"ListItem","position":3,"name":"Kochworkshop"}]},{"@type":"WebSite","@id":"https:\/\/www.naturemweltasbl.lu\/#website","url":"https:\/\/www.naturemweltasbl.lu\/","name":"natur&\u00ebmwelt a.s.b.l.","description":"","publisher":{"@id":"https:\/\/www.naturemweltasbl.lu\/#organization"},"potentialAction":[{"@type":"SearchAction","target":{"@type":"EntryPoint","urlTemplate":"https:\/\/www.naturemweltasbl.lu\/?s={search_term_string}"},"query-input":{"@type":"PropertyValueSpecification","valueRequired":true,"valueName":"search_term_string"}}],"inLanguage":"de"},{"@type":"Organization","@id":"https:\/\/www.naturemweltasbl.lu\/#organization","name":"natur&\u00ebmwelt a.s.b.l.","url":"https:\/\/www.naturemweltasbl.lu\/","logo":{"@type":"ImageObject","inLanguage":"de","@id":"https:\/\/www.naturemweltasbl.lu\/#\/schema\/logo\/image\/","url":"https:\/\/www.naturemweltasbl.lu\/wp-content\/uploads\/2024\/07\/NE_Logo_asbl_RGB-e1720014142276.png","contentUrl":"https:\/\/www.naturemweltasbl.lu\/wp-content\/uploads\/2024\/07\/NE_Logo_asbl_RGB-e1720014142276.png","width":432,"height":254,"caption":"natur&\u00ebmwelt a.s.b.l."},"image":{"@id":"https:\/\/www.naturemweltasbl.lu\/#\/schema\/logo\/image\/"},"sameAs":["https:\/\/www.facebook.com\/naturemwelt\/","https:\/\/x.com\/Natur_an_Emwelt","https:\/\/www.instagram.com\/naturemwelt\/","https:\/\/www.youtube.com\/user\/naturemwelt","https:\/\/lu.linkedin.com\/company\/naturemweltasbl?trk=similar-pages"]}]}},"_links":{"self":[{"href":"https:\/\/www.naturemweltasbl.lu\/de\/wp-json\/wp\/v2\/tribe_events\/6545","targetHints":{"allow":["GET"]}}],"collection":[{"href":"https:\/\/www.naturemweltasbl.lu\/de\/wp-json\/wp\/v2\/tribe_events"}],"about":[{"href":"https:\/\/www.naturemweltasbl.lu\/de\/wp-json\/wp\/v2\/types\/tribe_events"}],"author":[{"embeddable":true,"href":"https:\/\/www.naturemweltasbl.lu\/de\/wp-json\/wp\/v2\/users\/11"}],"version-history":[{"count":2,"href":"https:\/\/www.naturemweltasbl.lu\/de\/wp-json\/wp\/v2\/tribe_events\/6545\/revisions"}],"predecessor-version":[{"id":6547,"href":"https:\/\/www.naturemweltasbl.lu\/de\/wp-json\/wp\/v2\/tribe_events\/6545\/revisions\/6547"}],"wp:featuredmedia":[{"embeddable":true,"href":"https:\/\/www.naturemweltasbl.lu\/de\/wp-json\/wp\/v2\/media\/6438"}],"wp:attachment":[{"href":"https:\/\/www.naturemweltasbl.lu\/de\/wp-json\/wp\/v2\/media?parent=6545"}],"wp:term":[{"taxonomy":"post_tag","embeddable":true,"href":"https:\/\/www.naturemweltasbl.lu\/de\/wp-json\/wp\/v2\/tags?post=6545"},{"taxonomy":"tribe_events_cat","embeddable":true,"href":"https:\/\/www.naturemweltasbl.lu\/de\/wp-json\/wp\/v2\/tribe_events_cat?post=6545"}],"curies":[{"name":"wp","href":"https:\/\/api.w.org\/{rel}","templated":true}]}}