{"id":10137,"date":"2026-03-09T11:04:46","date_gmt":"2026-03-09T10:04:46","guid":{"rendered":"https:\/\/www.naturemweltasbl.lu\/?post_type=tribe_events&#038;p=10137"},"modified":"2026-03-09T11:04:46","modified_gmt":"2026-03-09T10:04:46","slug":"meng-landwirtschaft-eingriff-in-die-evolution","status":"publish","type":"tribe_events","link":"https:\/\/www.naturemweltasbl.lu\/de\/event\/meng-landwirtschaft-eingriff-in-die-evolution\/","title":{"rendered":"Meng Landwirtschaft: Eingriff in die Evolution"},"content":{"rendered":"<p><strong>Warum Pflanzen aus Neuer Gentechnik nicht dereguliert werden d\u00fcrfen<br \/>Vortrag mit dem Gentechnikexperten Dr. Christoph Then <\/strong><\/p>\n<p>Die Plattform <a href=\"https:\/\/www.meng-landwirtschaft.lu\">Meng Landwirtschaft<\/a> l\u00e4dt anl\u00e4sslich der bevorstehenden Abstimmung im Europaparlament \u00fcber die Deregulierung von Organismen aus Neuer Gentechnik (NGTs) zu einem Vortrag mit dem Gentechnikexperten Dr. Christoph Then ein.<\/p>\n<p>Die EU plant eine weitreichende Deregulierung von Pflanzen aus Neuer Gentechnik. Industrie, interessengeleitete ExpertInnen und Teile der Politik dr\u00e4ngen darauf, die Gentechnikgesetze so zu \u00e4ndern, dass viele NGT-Organismen ohne eingehende Risikopr\u00fcfung freigesetzt werden k\u00f6nnten. <\/p>\n<p>Neue Gentechnikverfahren erlauben deutlich tiefere Eingriffe in Eigenschaften von Arten und ihre \u00d6kosysteme als konventionelle Z\u00fcchtung oder evolution\u00e4re Prozesse. Neben den Umweltrisiken einzelner NGT-Pflanzen entstehen potenziell gef\u00e4hrliche Kettenreaktionen f\u00fcr ganze \u00d6kosysteme. K\u00fcnstliche Intelligenz kann diese Entwicklung zus\u00e4tzlich beschleunigen und Risiken vervielfachen.  <\/p>\n<p>Die Freisetzung solcher Organismen kann \u00d6kosysteme gef\u00e4hrden, zum Artensterben beitragen und die Ern\u00e4hrungssicherheit bedrohen \u2013 ein m\u00f6glicher \u201eEingriff in die Evolution\u201c, wie ihn die Berkeley-Professorin Jennifer Doudna beschreibt.<\/p>\n<hr data-start=\"1755\" data-end=\"1758\">\n<p data-start=\"1760\" data-end=\"1885\">Der Vortrag und die Diskussionsrunde finden in <strong data-start=\"1803\" data-end=\"1818\">deutscher Sprache<\/strong> statt. Wortmeldungen in <strong data-start=\"1841\" data-end=\"1867\">Franz\u00f6sisch und Englisch<\/strong> sind m\u00f6glich. <\/p>\n<p data-start=\"1887\" data-end=\"1987\">Der <strong data-start=\"1889\" data-end=\"1909\">Eintritt ist frei<\/strong>, keine Anmeldung erforderlich, mit anschlie\u00dfendem Umtrunk.<\/p>\n<hr data-start=\"1989\" data-end=\"1992\">\n<p data-start=\"1994\" data-end=\"2157\"><strong data-start=\"1994\" data-end=\"2015\">Dr. Christoph Then<\/strong> ist Gesch\u00e4ftsf\u00fchrer von<strong data-start=\"2033\" data-end=\"2053\"> Testbiotech e.V.<\/strong>, einem unabh\u00e4ngigen Institut f\u00fcr Folgenabsch\u00e4tzung im Bereich Biotechnologie.<\/p>\n<p data-start=\"2159\" data-end=\"2493\"><strong data-start=\"2159\" data-end=\"2182\">Meng Landwirtschaft<\/strong> ist eine Plattform von <strong data-start=\"2213\" data-end=\"2271\">21 luxemburgischen Nichtregierungsorganisationen<\/strong>, die sich mit Themen rund um Landwirtschaft, Ern\u00e4hrung, Umwelt, Naturschutz, Tierschutz, Verbraucherschutz, Gesundheit und Entwicklungszusammenarbeit befassen.<\/p>\n","protected":false},"excerpt":{"rendered":"<p>Warum Pflanzen aus Neuer Gentechnik nicht dereguliert werden d\u00fcrfenVortrag mit [&#8230;]<\/p>\n","protected":false},"author":11,"featured_media":10134,"template":"","meta":{"_tribe_events_status":"","_tribe_events_status_reason":"","footnotes":""},"tags":[],"tribe_events_cat":[255,269],"class_list":["post-10137","tribe_events","type-tribe_events","status-publish","has-post-thumbnail","hentry","tribe_events_cat-conference-de","tribe_events_cat-vortrag-conference-de","cat_conference-de","cat_vortrag-conference-de"],"yoast_head":"<!-- This site is optimized with the Yoast SEO plugin v27.5 - https:\/\/yoast.com\/product\/yoast-seo-wordpress\/ -->\n<title>Meng Landwirtschaft: Eingriff in die Evolution - natur&amp;\u00ebmwelt a.s.b.l.<\/title>\n<meta name=\"description\" content=\"Konferenz mit Dr Christoph Then: Warum Pflanzen aus Neuer Gentechnik nicht dereguliert werden d\u00fcrfen\" \/>\n<meta name=\"robots\" content=\"index, follow, max-snippet:-1, max-image-preview:large, max-video-preview:-1\" \/>\n<link rel=\"canonical\" href=\"https:\/\/www.naturemweltasbl.lu\/de\/event\/meng-landwirtschaft-eingriff-in-die-evolution\/\" \/>\n<meta property=\"og:locale\" content=\"de_DE\" \/>\n<meta property=\"og:type\" content=\"article\" \/>\n<meta property=\"og:title\" content=\"Meng Landwirtschaft: Eingriff in die Evolution - natur&amp;\u00ebmwelt a.s.b.l.\" \/>\n<meta property=\"og:description\" content=\"Konferenz mit Dr Christoph Then: Warum Pflanzen aus Neuer Gentechnik nicht dereguliert werden d\u00fcrfen\" \/>\n<meta property=\"og:url\" content=\"https:\/\/www.naturemweltasbl.lu\/de\/event\/meng-landwirtschaft-eingriff-in-die-evolution\/\" \/>\n<meta property=\"og:site_name\" content=\"natur&amp;\u00ebmwelt a.s.b.l.\" \/>\n<meta property=\"article:publisher\" content=\"https:\/\/www.facebook.com\/naturemwelt\/\" \/>\n<meta property=\"og:image\" content=\"https:\/\/www.naturemweltasbl.lu\/wp-content\/uploads\/2026\/03\/Design-Photobox-FvN-4.jpg\" \/>\n\t<meta property=\"og:image:width\" content=\"1771\" \/>\n\t<meta property=\"og:image:height\" content=\"1181\" \/>\n\t<meta property=\"og:image:type\" content=\"image\/jpeg\" \/>\n<meta name=\"twitter:card\" content=\"summary_large_image\" \/>\n<meta name=\"twitter:site\" content=\"@Natur_an_Emwelt\" \/>\n<meta name=\"twitter:label1\" content=\"Gesch\u00e4tzte Lesezeit\" \/>\n\t<meta name=\"twitter:data1\" content=\"2\u00a0Minuten\" \/>\n<script type=\"application\/ld+json\" class=\"yoast-schema-graph\">{\"@context\":\"https:\\\/\\\/schema.org\",\"@graph\":[{\"@type\":\"WebPage\",\"@id\":\"https:\\\/\\\/www.naturemweltasbl.lu\\\/de\\\/event\\\/meng-landwirtschaft-eingriff-in-die-evolution\\\/\",\"url\":\"https:\\\/\\\/www.naturemweltasbl.lu\\\/de\\\/event\\\/meng-landwirtschaft-eingriff-in-die-evolution\\\/\",\"name\":\"Meng Landwirtschaft: Eingriff in die Evolution - natur&amp;\u00ebmwelt a.s.b.l.\",\"isPartOf\":{\"@id\":\"https:\\\/\\\/www.naturemweltasbl.lu\\\/#website\"},\"primaryImageOfPage\":{\"@id\":\"https:\\\/\\\/www.naturemweltasbl.lu\\\/de\\\/event\\\/meng-landwirtschaft-eingriff-in-die-evolution\\\/#primaryimage\"},\"image\":{\"@id\":\"https:\\\/\\\/www.naturemweltasbl.lu\\\/de\\\/event\\\/meng-landwirtschaft-eingriff-in-die-evolution\\\/#primaryimage\"},\"thumbnailUrl\":\"https:\\\/\\\/www.naturemweltasbl.lu\\\/wp-content\\\/uploads\\\/2026\\\/03\\\/Design-Photobox-FvN-4.jpg\",\"datePublished\":\"2026-03-09T10:04:46+00:00\",\"description\":\"Konferenz mit Dr Christoph Then: Warum Pflanzen aus Neuer Gentechnik nicht dereguliert werden d\u00fcrfen\",\"breadcrumb\":{\"@id\":\"https:\\\/\\\/www.naturemweltasbl.lu\\\/de\\\/event\\\/meng-landwirtschaft-eingriff-in-die-evolution\\\/#breadcrumb\"},\"inLanguage\":\"de\",\"potentialAction\":[{\"@type\":\"ReadAction\",\"target\":[\"https:\\\/\\\/www.naturemweltasbl.lu\\\/de\\\/event\\\/meng-landwirtschaft-eingriff-in-die-evolution\\\/\"]}]},{\"@type\":\"ImageObject\",\"inLanguage\":\"de\",\"@id\":\"https:\\\/\\\/www.naturemweltasbl.lu\\\/de\\\/event\\\/meng-landwirtschaft-eingriff-in-die-evolution\\\/#primaryimage\",\"url\":\"https:\\\/\\\/www.naturemweltasbl.lu\\\/wp-content\\\/uploads\\\/2026\\\/03\\\/Design-Photobox-FvN-4.jpg\",\"contentUrl\":\"https:\\\/\\\/www.naturemweltasbl.lu\\\/wp-content\\\/uploads\\\/2026\\\/03\\\/Design-Photobox-FvN-4.jpg\",\"width\":1771,\"height\":1181},{\"@type\":\"BreadcrumbList\",\"@id\":\"https:\\\/\\\/www.naturemweltasbl.lu\\\/de\\\/event\\\/meng-landwirtschaft-eingriff-in-die-evolution\\\/#breadcrumb\",\"itemListElement\":[{\"@type\":\"ListItem\",\"position\":1,\"name\":\"Startseite\",\"item\":\"https:\\\/\\\/www.naturemweltasbl.lu\\\/de\\\/\"},{\"@type\":\"ListItem\",\"position\":2,\"name\":\"\u00c9v\u00e8nements\",\"item\":\"https:\\\/\\\/www.naturemweltasbl.lu\\\/events\\\/\"},{\"@type\":\"ListItem\",\"position\":3,\"name\":\"Meng Landwirtschaft: Eingriff in die Evolution\"}]},{\"@type\":\"WebSite\",\"@id\":\"https:\\\/\\\/www.naturemweltasbl.lu\\\/#website\",\"url\":\"https:\\\/\\\/www.naturemweltasbl.lu\\\/\",\"name\":\"natur&\u00ebmwelt a.s.b.l.\",\"description\":\"\",\"publisher\":{\"@id\":\"https:\\\/\\\/www.naturemweltasbl.lu\\\/#organization\"},\"potentialAction\":[{\"@type\":\"SearchAction\",\"target\":{\"@type\":\"EntryPoint\",\"urlTemplate\":\"https:\\\/\\\/www.naturemweltasbl.lu\\\/?s={search_term_string}\"},\"query-input\":{\"@type\":\"PropertyValueSpecification\",\"valueRequired\":true,\"valueName\":\"search_term_string\"}}],\"inLanguage\":\"de\"},{\"@type\":\"Organization\",\"@id\":\"https:\\\/\\\/www.naturemweltasbl.lu\\\/#organization\",\"name\":\"natur&\u00ebmwelt a.s.b.l.\",\"url\":\"https:\\\/\\\/www.naturemweltasbl.lu\\\/\",\"logo\":{\"@type\":\"ImageObject\",\"inLanguage\":\"de\",\"@id\":\"https:\\\/\\\/www.naturemweltasbl.lu\\\/#\\\/schema\\\/logo\\\/image\\\/\",\"url\":\"https:\\\/\\\/www.naturemweltasbl.lu\\\/wp-content\\\/uploads\\\/2024\\\/07\\\/NE_Logo_asbl_RGB-e1720014142276.png\",\"contentUrl\":\"https:\\\/\\\/www.naturemweltasbl.lu\\\/wp-content\\\/uploads\\\/2024\\\/07\\\/NE_Logo_asbl_RGB-e1720014142276.png\",\"width\":432,\"height\":254,\"caption\":\"natur&\u00ebmwelt a.s.b.l.\"},\"image\":{\"@id\":\"https:\\\/\\\/www.naturemweltasbl.lu\\\/#\\\/schema\\\/logo\\\/image\\\/\"},\"sameAs\":[\"https:\\\/\\\/www.facebook.com\\\/naturemwelt\\\/\",\"https:\\\/\\\/x.com\\\/Natur_an_Emwelt\",\"https:\\\/\\\/www.instagram.com\\\/naturemwelt\\\/\",\"https:\\\/\\\/www.youtube.com\\\/user\\\/naturemwelt\",\"https:\\\/\\\/lu.linkedin.com\\\/company\\\/naturemweltasbl?trk=similar-pages\"]}]}<\/script>\n<!-- \/ Yoast SEO plugin. -->","yoast_head_json":{"title":"Meng Landwirtschaft: Eingriff in die Evolution - natur&amp;\u00ebmwelt a.s.b.l.","description":"Konferenz mit Dr Christoph Then: Warum Pflanzen aus Neuer Gentechnik nicht dereguliert werden d\u00fcrfen","robots":{"index":"index","follow":"follow","max-snippet":"max-snippet:-1","max-image-preview":"max-image-preview:large","max-video-preview":"max-video-preview:-1"},"canonical":"https:\/\/www.naturemweltasbl.lu\/de\/event\/meng-landwirtschaft-eingriff-in-die-evolution\/","og_locale":"de_DE","og_type":"article","og_title":"Meng Landwirtschaft: Eingriff in die Evolution - natur&amp;\u00ebmwelt a.s.b.l.","og_description":"Konferenz mit Dr Christoph Then: Warum Pflanzen aus Neuer Gentechnik nicht dereguliert werden d\u00fcrfen","og_url":"https:\/\/www.naturemweltasbl.lu\/de\/event\/meng-landwirtschaft-eingriff-in-die-evolution\/","og_site_name":"natur&amp;\u00ebmwelt a.s.b.l.","article_publisher":"https:\/\/www.facebook.com\/naturemwelt\/","og_image":[{"width":1771,"height":1181,"url":"https:\/\/www.naturemweltasbl.lu\/wp-content\/uploads\/2026\/03\/Design-Photobox-FvN-4.jpg","type":"image\/jpeg"}],"twitter_card":"summary_large_image","twitter_site":"@Natur_an_Emwelt","twitter_misc":{"Gesch\u00e4tzte Lesezeit":"2\u00a0Minuten"},"schema":{"@context":"https:\/\/schema.org","@graph":[{"@type":"WebPage","@id":"https:\/\/www.naturemweltasbl.lu\/de\/event\/meng-landwirtschaft-eingriff-in-die-evolution\/","url":"https:\/\/www.naturemweltasbl.lu\/de\/event\/meng-landwirtschaft-eingriff-in-die-evolution\/","name":"Meng Landwirtschaft: Eingriff in die Evolution - natur&amp;\u00ebmwelt a.s.b.l.","isPartOf":{"@id":"https:\/\/www.naturemweltasbl.lu\/#website"},"primaryImageOfPage":{"@id":"https:\/\/www.naturemweltasbl.lu\/de\/event\/meng-landwirtschaft-eingriff-in-die-evolution\/#primaryimage"},"image":{"@id":"https:\/\/www.naturemweltasbl.lu\/de\/event\/meng-landwirtschaft-eingriff-in-die-evolution\/#primaryimage"},"thumbnailUrl":"https:\/\/www.naturemweltasbl.lu\/wp-content\/uploads\/2026\/03\/Design-Photobox-FvN-4.jpg","datePublished":"2026-03-09T10:04:46+00:00","description":"Konferenz mit Dr Christoph Then: Warum Pflanzen aus Neuer Gentechnik nicht dereguliert werden d\u00fcrfen","breadcrumb":{"@id":"https:\/\/www.naturemweltasbl.lu\/de\/event\/meng-landwirtschaft-eingriff-in-die-evolution\/#breadcrumb"},"inLanguage":"de","potentialAction":[{"@type":"ReadAction","target":["https:\/\/www.naturemweltasbl.lu\/de\/event\/meng-landwirtschaft-eingriff-in-die-evolution\/"]}]},{"@type":"ImageObject","inLanguage":"de","@id":"https:\/\/www.naturemweltasbl.lu\/de\/event\/meng-landwirtschaft-eingriff-in-die-evolution\/#primaryimage","url":"https:\/\/www.naturemweltasbl.lu\/wp-content\/uploads\/2026\/03\/Design-Photobox-FvN-4.jpg","contentUrl":"https:\/\/www.naturemweltasbl.lu\/wp-content\/uploads\/2026\/03\/Design-Photobox-FvN-4.jpg","width":1771,"height":1181},{"@type":"BreadcrumbList","@id":"https:\/\/www.naturemweltasbl.lu\/de\/event\/meng-landwirtschaft-eingriff-in-die-evolution\/#breadcrumb","itemListElement":[{"@type":"ListItem","position":1,"name":"Startseite","item":"https:\/\/www.naturemweltasbl.lu\/de\/"},{"@type":"ListItem","position":2,"name":"\u00c9v\u00e8nements","item":"https:\/\/www.naturemweltasbl.lu\/events\/"},{"@type":"ListItem","position":3,"name":"Meng Landwirtschaft: Eingriff in die Evolution"}]},{"@type":"WebSite","@id":"https:\/\/www.naturemweltasbl.lu\/#website","url":"https:\/\/www.naturemweltasbl.lu\/","name":"natur&\u00ebmwelt a.s.b.l.","description":"","publisher":{"@id":"https:\/\/www.naturemweltasbl.lu\/#organization"},"potentialAction":[{"@type":"SearchAction","target":{"@type":"EntryPoint","urlTemplate":"https:\/\/www.naturemweltasbl.lu\/?s={search_term_string}"},"query-input":{"@type":"PropertyValueSpecification","valueRequired":true,"valueName":"search_term_string"}}],"inLanguage":"de"},{"@type":"Organization","@id":"https:\/\/www.naturemweltasbl.lu\/#organization","name":"natur&\u00ebmwelt a.s.b.l.","url":"https:\/\/www.naturemweltasbl.lu\/","logo":{"@type":"ImageObject","inLanguage":"de","@id":"https:\/\/www.naturemweltasbl.lu\/#\/schema\/logo\/image\/","url":"https:\/\/www.naturemweltasbl.lu\/wp-content\/uploads\/2024\/07\/NE_Logo_asbl_RGB-e1720014142276.png","contentUrl":"https:\/\/www.naturemweltasbl.lu\/wp-content\/uploads\/2024\/07\/NE_Logo_asbl_RGB-e1720014142276.png","width":432,"height":254,"caption":"natur&\u00ebmwelt a.s.b.l."},"image":{"@id":"https:\/\/www.naturemweltasbl.lu\/#\/schema\/logo\/image\/"},"sameAs":["https:\/\/www.facebook.com\/naturemwelt\/","https:\/\/x.com\/Natur_an_Emwelt","https:\/\/www.instagram.com\/naturemwelt\/","https:\/\/www.youtube.com\/user\/naturemwelt","https:\/\/lu.linkedin.com\/company\/naturemweltasbl?trk=similar-pages"]}]}},"_links":{"self":[{"href":"https:\/\/www.naturemweltasbl.lu\/de\/wp-json\/wp\/v2\/tribe_events\/10137","targetHints":{"allow":["GET"]}}],"collection":[{"href":"https:\/\/www.naturemweltasbl.lu\/de\/wp-json\/wp\/v2\/tribe_events"}],"about":[{"href":"https:\/\/www.naturemweltasbl.lu\/de\/wp-json\/wp\/v2\/types\/tribe_events"}],"author":[{"embeddable":true,"href":"https:\/\/www.naturemweltasbl.lu\/de\/wp-json\/wp\/v2\/users\/11"}],"version-history":[{"count":1,"href":"https:\/\/www.naturemweltasbl.lu\/de\/wp-json\/wp\/v2\/tribe_events\/10137\/revisions"}],"predecessor-version":[{"id":10138,"href":"https:\/\/www.naturemweltasbl.lu\/de\/wp-json\/wp\/v2\/tribe_events\/10137\/revisions\/10138"}],"wp:featuredmedia":[{"embeddable":true,"href":"https:\/\/www.naturemweltasbl.lu\/de\/wp-json\/wp\/v2\/media\/10134"}],"wp:attachment":[{"href":"https:\/\/www.naturemweltasbl.lu\/de\/wp-json\/wp\/v2\/media?parent=10137"}],"wp:term":[{"taxonomy":"post_tag","embeddable":true,"href":"https:\/\/www.naturemweltasbl.lu\/de\/wp-json\/wp\/v2\/tags?post=10137"},{"taxonomy":"tribe_events_cat","embeddable":true,"href":"https:\/\/www.naturemweltasbl.lu\/de\/wp-json\/wp\/v2\/tribe_events_cat?post=10137"}],"curies":[{"name":"wp","href":"https:\/\/api.w.org\/{rel}","templated":true}]}}