{"id":8986,"date":"2025-11-11T14:50:34","date_gmt":"2025-11-11T13:50:34","guid":{"rendered":"https:\/\/www.naturemweltasbl.lu\/wissenschaftliche-berichte\/"},"modified":"2025-11-13T10:08:54","modified_gmt":"2025-11-13T09:08:54","slug":"wissenschaftliche-berichte","status":"publish","type":"page","link":"https:\/\/www.naturemweltasbl.lu\/de\/wissenschaftliche-berichte\/","title":{"rendered":"Wissenschaftliche Berichte"},"content":{"rendered":"<p><div class=\"fusion-fullwidth fullwidth-box fusion-builder-row-1 fusion-flex-container has-pattern-background has-mask-background nonhundred-percent-fullwidth non-hundred-percent-height-scrolling\" style=\"--awb-border-radius-top-left:0px;--awb-border-radius-top-right:0px;--awb-border-radius-bottom-right:0px;--awb-border-radius-bottom-left:0px;--awb-background-color:var(--awb-custom_color_4);--awb-flex-wrap:wrap;\" ><div class=\"fusion-builder-row fusion-row fusion-flex-align-items-flex-start fusion-flex-content-wrap\" style=\"max-width:1248px;margin-left: calc(-4% \/ 2 );margin-right: calc(-4% \/ 2 );\"><div class=\"fusion-layout-column fusion_builder_column fusion-builder-column-0 fusion_builder_column_1_1 1_1 fusion-flex-column\" style=\"--awb-bg-size:cover;--awb-width-large:100%;--awb-margin-top-large:0px;--awb-spacing-right-large:1.92%;--awb-margin-bottom-large:20px;--awb-spacing-left-large:1.92%;--awb-width-medium:100%;--awb-order-medium:0;--awb-spacing-right-medium:1.92%;--awb-spacing-left-medium:1.92%;--awb-width-small:100%;--awb-order-small:0;--awb-spacing-right-small:1.92%;--awb-spacing-left-small:1.92%;\"><div class=\"fusion-column-wrapper fusion-column-has-shadow fusion-flex-justify-content-flex-start fusion-content-layout-column\"><nav class=\"fusion-breadcrumbs awb-yoast-breadcrumbs fusion-breadcrumbs-1\" style=\"--awb-margin-top:1%;--awb-margin-bottom:2%;--awb-margin-left:5%;--awb-text-color:var(--awb-color5);--awb-breadcrumb-sep:&#039;\/&#039;;\" aria-label=\"Breadcrumb\"><span><span><a href=\"https:\/\/www.naturemweltasbl.lu\/de\/\">Startseite<\/a><\/span><\/span><\/nav><div class=\"fusion-title title fusion-title-1 fusion-sep-none fusion-title-center fusion-title-text fusion-title-size-one\" style=\"--awb-text-color:var(--awb-color5);--awb-margin-bottom:5%;--awb-margin-top-small:10px;--awb-margin-right-small:0px;--awb-margin-bottom-small:10px;--awb-margin-left-small:0px;\"><h1 class=\"fusion-title-heading title-heading-center\" style=\"margin:0;\">Wissenschaftliche Berichte<\/h1><\/div><\/div><\/div><\/div><\/div><div class=\"fusion-fullwidth fullwidth-box fusion-builder-row-2 fusion-flex-container nonhundred-percent-fullwidth non-hundred-percent-height-scrolling\" style=\"--awb-border-radius-top-left:0px;--awb-border-radius-top-right:0px;--awb-border-radius-bottom-right:0px;--awb-border-radius-bottom-left:0px;--awb-flex-wrap:wrap;\" ><div class=\"fusion-builder-row fusion-row fusion-flex-align-items-flex-start fusion-flex-content-wrap\" style=\"max-width:1248px;margin-left: calc(-4% \/ 2 );margin-right: calc(-4% \/ 2 );\"><div class=\"fusion-layout-column fusion_builder_column fusion-builder-column-1 fusion_builder_column_1_1 1_1 fusion-flex-column\" style=\"--awb-bg-size:cover;--awb-width-large:100%;--awb-margin-top-large:0px;--awb-spacing-right-large:1.92%;--awb-margin-bottom-large:0px;--awb-spacing-left-large:1.92%;--awb-width-medium:100%;--awb-spacing-right-medium:1.92%;--awb-spacing-left-medium:1.92%;--awb-width-small:100%;--awb-spacing-right-small:1.92%;--awb-spacing-left-small:1.92%;\"><div class=\"fusion-column-wrapper fusion-flex-justify-content-flex-start fusion-content-layout-column\"><div class=\"fusion-title title fusion-title-2 fusion-sep-none fusion-title-text fusion-title-size-four\" style=\"--awb-text-color:var(--awb-color5);--awb-margin-top:10%;--awb-margin-top-small:10px;--awb-margin-right-small:0px;--awb-margin-bottom-small:10px;--awb-margin-left-small:0px;\"><h4 class=\"fusion-title-heading title-heading-left\" style=\"margin:0;\">Klicken Sie auf die Nummern, um die Berichte herunterzuladen.<\/h4><\/div><div class=\"fusion-separator fusion-full-width-sep\" style=\"align-self: center;margin-left: auto;margin-right: auto;margin-bottom:10%;width:100%;\"><div class=\"fusion-separator-border sep-single sep-solid\" style=\"--awb-height:20px;--awb-amount:20px;border-color:var(--awb-color3);border-top-width:1px;\"><\/div><\/div><div class=\"fusion-text fusion-text-1\"><div class=\"page\">\n<p class=\"note\">ISSN 1727-088X \u00b7 Years 1951\u20132025<\/p>\n<div class=\"table-wrap\">\n<div class=\"table-scroll\">\n<table class=\"regulus-table\">\n<caption>Regulus \u2013 Scientific Reports <small>(1951\u20132025)<\/small><\/caption>\n<thead>\n<tr>\n<th scope=\"col\">Authors<\/th>\n<th scope=\"col\">Title<\/th>\n<th scope=\"col\">Nr<\/th>\n<th scope=\"col\">Year<\/th>\n<\/tr>\n<\/thead>\n<tbody><!-- 2025 --><\/p>\n<tr>\n<td>Andr\u00e9 Konter, Marc Theis, Michel Deller\u00e9 &amp; Carlo Poos<\/td>\n<td lang=\"de\">Resultate des regelm\u00e4\u00dfigen Vogelmonitorings am Echternacher See im Jahr 2024<\/td>\n<td><a href=\"https:\/\/www.naturemweltasbl.lu\/wp-content\/uploads\/2025\/11\/RegulusWB40.pdf\" target=\"_blank\" rel=\"noopener\"><strong>40<\/strong><\/a><\/td>\n<td>2025<\/td>\n<\/tr>\n<p><!-- 2023 (keep only latest for Nr 38) --><\/p>\n<tr>\n<td>Cindy Redel, Catherine Kirsch, Katharina Klein, Eric Kraus, Patric Lorg\u00e9 &amp; Jean-Fran\u00e7ois Maquet<\/td>\n<td lang=\"de\">Wasservogelmonitoring in Luxemburg nach den Standards des International Waterbird Census \u2013 Eine Auswertung der Daten 2009-2024 fu\u0308r ausgew\u00e4hlte Arten<\/td>\n<td><a href=\"https:\/\/www.naturemweltasbl.lu\/wp-content\/uploads\/2025\/11\/Regulus_WB39_WEB.pdf\" target=\"_blank\" rel=\"noopener\"><strong>39<\/strong><\/a><\/td>\n<td>2024<\/td>\n<\/tr>\n<p><!-- 2023 (keep only latest for Nr 38) --><\/p>\n<tr>\n<td>A. Konter, M. Deller\u00e9 &amp; C. Poos<\/td>\n<td lang=\"de\">Kartierung der Feldlerchenreviere <i>Alauda arvensis<\/i> auf vier ausgew\u00e4hlten Fl\u00e4chen im Osten Luxemburgs<\/td>\n<td><a href=\"https:\/\/www.naturemweltasbl.lu\/wp-content\/uploads\/2025\/11\/wb38001088.pdf\" target=\"_blank\" rel=\"noopener\"><strong>38<\/strong><\/a><\/td>\n<td>2023<\/td>\n<\/tr>\n<p><!-- 2022 --><\/p>\n<tr>\n<td>Jungers P.<\/td>\n<td lang=\"de\">Entwicklung der Brutpopulation des Neunt\u00f6ters <i>Lanius collurio<\/i> in einem Gebiet im S\u00fcdwesten Luxemburgs<\/td>\n<td><a href=\"https:\/\/www.naturemweltasbl.lu\/wp-content\/uploads\/2025\/11\/wb37001073.pdf\" target=\"_blank\" rel=\"noopener\"><strong>37<\/strong><\/a><\/td>\n<td>2022<\/td>\n<\/tr>\n<p><!-- 2021 --><\/p>\n<tr>\n<td>Kieffer K., K. Klein, C. Redel, P. Lorg\u00e9, F. Maquet<\/td>\n<td lang=\"de\">Mehlschwalben <i>Delichon urbicum<\/i> \u2013 Monitoring 2020<\/td>\n<td><a href=\"https:\/\/www.naturemweltasbl.lu\/wp-content\/uploads\/2025\/11\/wb36001084.pdf\" target=\"_blank\" rel=\"noopener\"><strong>36<\/strong><\/a><\/td>\n<td>2021<\/td>\n<\/tr>\n<p><!-- 2020 --><\/p>\n<tr>\n<td>Konter A.<\/td>\n<td lang=\"de\">Gef\u00e4hrdete Brutvogelarten in den Werken des Gr\u00fcnders J. Morbach \u2013 Ein Vergleich mit der aktuellen Roten Liste Luxemburgs<\/td>\n<td><a href=\"https:\/\/www.naturemweltasbl.lu\/wp-content\/uploads\/2025\/11\/wb35001092.pdf\" target=\"_blank\" rel=\"noopener\"><strong>35<\/strong><\/a><\/td>\n<td>2020<\/td>\n<\/tr>\n<p><!-- 2019 --><\/p>\n<tr>\n<td>Konter A.<\/td>\n<td lang=\"de\">Pr\u00e4datorenmanagement und Umsetzung im Vogelschutz: Was versteckt sich hinter dem Begriff und welche Ma\u00dfnahmen sind sinnvoll f\u00fcr den Schutz bedrohter Vogelarten?<\/td>\n<td><a href=\"https:\/\/www.naturemweltasbl.lu\/wp-content\/uploads\/2025\/11\/wb34001088.pdf\" target=\"_blank\" rel=\"noopener\"><strong>34<\/strong><\/a><\/td>\n<td>2019<\/td>\n<\/tr>\n<p><!-- 2018 --><\/p>\n<tr>\n<td>Handschuh M.<\/td>\n<td lang=\"en\">Possible extinction of the globally threatened Western Hazel Grouse <i>Tetrastes bonasia rhenana<\/i> in Luxembourg<\/td>\n<td><a href=\"https:\/\/www.naturemweltasbl.lu\/wp-content\/uploads\/2025\/11\/wb33001017.pdf\" target=\"_blank\" rel=\"noopener\"><strong>33<\/strong><\/a><\/td>\n<td>2018<\/td>\n<\/tr>\n<p><!-- 2017 --><\/p>\n<tr>\n<td>Klein K.<\/td>\n<td lang=\"de\">Die \u201eterritoriale Saison-Population\u201c des Rot- <i>Milvus milvus<\/i> und Schwarzmilans <i>Milvus migrans<\/i> in Luxemburg \u2013 Erfassung von 2015<\/td>\n<td><a href=\"https:\/\/www.naturemweltasbl.lu\/wp-content\/uploads\/2025\/11\/wb32001052.pdf\" target=\"_blank\" rel=\"noopener\"><strong>32<\/strong><\/a><\/td>\n<td>2017<\/td>\n<\/tr>\n<p><!-- 2016 --><\/p>\n<tr>\n<td>Konter A.<\/td>\n<td lang=\"de\">Erneute Steigerung der Biodiversit\u00e4t nach einer Flussrenaturierung<\/td>\n<td><a href=\"https:\/\/www.naturemweltasbl.lu\/wp-content\/uploads\/2025\/11\/wb31001040.pdf\" target=\"_blank\" rel=\"noopener\"><strong>31<\/strong><\/a><\/td>\n<td>2016<\/td>\n<\/tr>\n<p><!-- 2015 --><\/p>\n<tr>\n<td>Konter A.<\/td>\n<td lang=\"de\">Die weitere Entwicklung der Wasservogelwelt an der Sauer unterhalb von Steinheim in den Jahren 2012\u20132014<\/td>\n<td><a href=\"https:\/\/www.naturemweltasbl.lu\/wp-content\/uploads\/2025\/11\/wb30001080.pdf\" target=\"_blank\" rel=\"noopener\"><strong>30<\/strong><\/a><\/td>\n<td>2015<\/td>\n<\/tr>\n<p><!-- 2014 --><\/p>\n<tr>\n<td>Konter A.<\/td>\n<td lang=\"en\">Recent developments of the breeding population of Little Grebes <i>Tachybaptus ruficollis<\/i> along the river Sauer and possible causes for the changes in population numbers<\/td>\n<td><a href=\"https:\/\/www.naturemweltasbl.lu\/wp-content\/uploads\/2025\/11\/wb29001080.pdf\" target=\"_blank\" rel=\"noopener\"><strong>29<\/strong><\/a><\/td>\n<td>2014<\/td>\n<\/tr>\n<p><!-- 2013 --><\/p>\n<tr>\n<td>Bastian M., G. Biver, P. Lorg\u00e9<\/td>\n<td lang=\"de\">Der Raubw\u00fcrger <i>Lanius excubitor<\/i> in Luxemburg \u2013 Stand 2012<\/td>\n<td><a href=\"https:\/\/www.naturemweltasbl.lu\/wp-content\/uploads\/2025\/11\/wb28001088.pdf\" target=\"_blank\" rel=\"noopener\"><strong>28<\/strong><\/a><\/td>\n<td>2013<\/td>\n<\/tr>\n<p><!-- 2012 --><\/p>\n<tr>\n<td>Kiefer J.<\/td>\n<td lang=\"de\">Der Neunt\u00f6ter <i>Lanius collurio<\/i> in Ost-Luxemburg: Vergleich der Kartierungen in den Jahren 2005 und 2011<\/td>\n<td><a href=\"https:\/\/www.naturemweltasbl.lu\/wp-content\/uploads\/2025\/11\/wb27001112.pdf\" target=\"_blank\" rel=\"noopener\"><strong>27<\/strong><\/a><\/td>\n<td>2012<\/td>\n<\/tr>\n<p><!-- 2011 --><\/p>\n<tr>\n<td>Biver G.<\/td>\n<td lang=\"de\">Vergleichende Bestandsaufnahmen der Brutv\u00f6gel vor und nach der Flurneuordnung bei Burmerange (1999\u20132010)<\/td>\n<td><a href=\"https:\/\/www.naturemweltasbl.lu\/wp-content\/uploads\/2025\/11\/wb26001064.pdf\" target=\"_blank\" rel=\"noopener\"><strong>26<\/strong><\/a><\/td>\n<td>2011<\/td>\n<\/tr>\n<p><!-- 2010 --><\/p>\n<tr>\n<td>Kiefer J.<\/td>\n<td lang=\"de\">Populationsentwicklung von Rotmilan <i>Milvus milvus<\/i> und Schwarzmilan <i>Milvus migrans<\/i> in Ost-Luxemburg 1991\u20132008<\/td>\n<td><a href=\"https:\/\/www.naturemweltasbl.lu\/wp-content\/uploads\/2025\/11\/wb25001144.pdf\" target=\"_blank\" rel=\"noopener\"><strong>25<\/strong><\/a><\/td>\n<td>2010<\/td>\n<\/tr>\n<p><!-- 2009 --><\/p>\n<tr>\n<td>Proess R., T. Keller &amp; P. Lorg\u00e9<\/td>\n<td lang=\"de\">Der Kormoran <i>Phalacrocorax carbo sinensis<\/i> in Luxemburg<\/td>\n<td><a href=\"https:\/\/www.naturemweltasbl.lu\/wp-content\/uploads\/2025\/11\/wb24001021.pdf\" target=\"_blank\" rel=\"noopener\"><strong>24<\/strong><\/a><\/td>\n<td>2009<\/td>\n<\/tr>\n<p><!-- 2008 --><\/p>\n<tr>\n<td>Biver G.<\/td>\n<td lang=\"de\">Wiesenvogel-Kartierung 2007<\/td>\n<td><a href=\"https:\/\/www.naturemweltasbl.lu\/wp-content\/uploads\/2025\/11\/wb23001072.pdf\" target=\"_blank\" rel=\"noopener\"><strong>23<\/strong><\/a><\/td>\n<td>2008<\/td>\n<\/tr>\n<p><!-- 2007 --><\/p>\n<tr>\n<td>Vlug J.J.<\/td>\n<td lang=\"de\">Fortpflanzungsstrategien der Lappentaucher<\/td>\n<td><a href=\"https:\/\/www.naturemweltasbl.lu\/wp-content\/uploads\/2025\/11\/wb22001072.pdf\" target=\"_blank\" rel=\"noopener\"><strong>22<\/strong><\/a><\/td>\n<td>2007<\/td>\n<\/tr>\n<p><!-- 2006 --><\/p>\n<tr>\n<td>Konter A.<\/td>\n<td lang=\"en\">Migration Patterns and Site Fidelity of European Grebes <i>Podicipedidae<\/i><\/td>\n<td><a href=\"https:\/\/www.naturemweltasbl.lu\/wp-content\/uploads\/2025\/11\/wb21001064.pdf\" target=\"_blank\" rel=\"noopener\"><strong>21<\/strong><\/a><\/td>\n<td>2006<\/td>\n<\/tr>\n<p><!-- 2004 --><\/p>\n<tr>\n<td>Konter, A.<\/td>\n<td lang=\"en\">Caring for the off-spring with changing water levels in <i>Tachybaptus ruficollis<\/i><\/td>\n<td><a href=\"https:\/\/www.naturemweltasbl.lu\/wp-content\/uploads\/2025\/11\/wb20001072.pdf\" target=\"_blank\" rel=\"noopener\"><strong>20<\/strong><\/a><\/td>\n<td>2004<\/td>\n<\/tr>\n<p><!-- 2002 --><\/p>\n<tr>\n<td>Heidt, C., A. Konter, P. Lorg\u00e9, J. Weiss<\/td>\n<td lang=\"de\">T\u00e4tigkeitsbericht 1985\u20131997 der Arbeitsgemeinschaft Feldornithologie<\/td>\n<td><a href=\"https:\/\/www.naturemweltasbl.lu\/wp-content\/uploads\/2025\/11\/wb19001088.pdf\" target=\"_blank\" rel=\"noopener\"><strong>19<\/strong><\/a><\/td>\n<td>2002<\/td>\n<\/tr>\n<p><!-- 2000 --><\/p>\n<tr>\n<td>Streicher, R.<\/td>\n<td lang=\"de\">Der Kiebitz <i>Vanellus vanellus<\/i> in Luxemburg<\/td>\n<td><a href=\"https:\/\/www.naturemweltasbl.lu\/wp-content\/uploads\/2025\/11\/REGULUS-WB18.pdf\" target=\"_blank\" rel=\"noopener\"><strong>18<\/strong><\/a><\/td>\n<td>2000<\/td>\n<\/tr>\n<p><!-- 1998 --><\/p>\n<tr>\n<td>Conzemius, T.<\/td>\n<td lang=\"de\">Revierkartierung der \u201eterritorialen Saison-Population\u201c des Rotmilans <i>Milvus milvus<\/i> 1997 in Luxemburg<\/td>\n<td><strong>17<\/strong><\/td>\n<td>1998<\/td>\n<\/tr>\n<p><!-- 1997 --><\/p>\n<tr>\n<td>Schmidt, R. &amp; C. Heidt<\/td>\n<td lang=\"de\">Das Haselhuhn <i>Bonasa bonasia<\/i> im elektrischen und magnetischen Feld von Hochspannungsleitungen<\/td>\n<td><strong>16<\/strong><\/td>\n<td>1997<\/td>\n<\/tr>\n<p><!-- 1995 --><\/p>\n<tr>\n<td>Weiss, J.<\/td>\n<td lang=\"de\">Zum Wiederauftreten des Graureihers (<i>Ardea cinerea<\/i>) als Brutvogel in Luxemburg<\/td>\n<td><strong>15<\/strong><\/td>\n<td>1995<\/td>\n<\/tr>\n<p><!-- 1995 --><\/p>\n<tr>\n<td>Conzemius, T., LHK<\/td>\n<td lang=\"de\">Seltene Vogelarten in Luxemburg. Revision und Diskussion der Nachweise von 1800 bis 1984<\/td>\n<td><strong>14<\/strong><\/td>\n<td>1995<\/td>\n<\/tr>\n<p><!-- 1994 --><\/p>\n<tr>\n<td>Nicklaus, G., F. Lotz &amp; J. Weiss<\/td>\n<td lang=\"de\">Die Wiesenweihe (<i>Circus pygargus<\/i>) im Saar-Lor-Lux-Raum<\/td>\n<td><strong>13<\/strong><\/td>\n<td>1994<\/td>\n<\/tr>\n<p><!-- 1993 --><\/p>\n<tr>\n<td>Moes, M.<\/td>\n<td lang=\"de\">Zur Habitatnutzung des Neunt\u00f6ters (<i>Lanius collurio<\/i>)<\/td>\n<td><strong>12<\/strong><\/td>\n<td>1993<\/td>\n<\/tr>\n<p><!-- 1992 --><\/p>\n<tr>\n<td>Moes, M.<\/td>\n<td lang=\"de\">Avifaunistische Untersuchung im Flurbereinigungsgebiet Flaxweiler<\/td>\n<td><strong>11<\/strong><\/td>\n<td>1992<\/td>\n<\/tr>\n<p><!-- 1992 --><\/p>\n<tr>\n<td>Bechet, G. &amp; M. Moes<\/td>\n<td lang=\"de\">Zur Population und \u00d6kologie des Neunt\u00f6ters (<i>Lanius collurio<\/i>) im Raum Junglinster<\/td>\n<td><strong>10<\/strong><\/td>\n<td>1992<\/td>\n<\/tr>\n<p><!-- 1988 --><\/p>\n<tr>\n<td>Heidt, C.<\/td>\n<td lang=\"fr\">\u00c9tude d\u2019une population d\u2019Hirondelles de chemin\u00e9e (<i>Hirundo rustica<\/i>) dans la vall\u00e9e de la Syre<\/td>\n<td><strong>9<\/strong><\/td>\n<td>1988<\/td>\n<\/tr>\n<p><!-- 1986 (combined issue) --><\/p>\n<tr>\n<td>Weiss, J.<\/td>\n<td lang=\"de\">T\u00e4tigkeitsbericht 1977\u201384 der Arbeitsgruppe Feldornithologie (Teil 1\u20132)<\/td>\n<td><strong>7&amp;8<\/strong><\/td>\n<td>1986<\/td>\n<\/tr>\n<p><!-- 1984 --><\/p>\n<tr>\n<td>Peltzer, R.<\/td>\n<td lang=\"de\">T\u00e4tigkeitsbericht 1968\u20131977 der Arbeitsgruppe Beringung (Artenregister)<\/td>\n<td><strong>6<\/strong><\/td>\n<td>1984<\/td>\n<\/tr>\n<p><!-- 1978 --><\/p>\n<tr>\n<td>Weiss, J.<\/td>\n<td lang=\"de\">T\u00e4tigkeitsbericht 1973\u201376 der Arbeitsgruppe Feldornithologie<\/td>\n<td><strong>5<\/strong><\/td>\n<td>1978<\/td>\n<\/tr>\n<p><!-- 1977 --><\/p>\n<tr>\n<td>Schmitz, J.-P. &amp; J. Weiss<\/td>\n<td lang=\"de\">T\u00e4tigkeitsbericht 1969\u201372 der Arbeitsgruppe Feldornithologie<\/td>\n<td><strong>4<\/strong><\/td>\n<td>1977<\/td>\n<\/tr>\n<p><!-- 1970 --><\/p>\n<tr>\n<td>Peltzer, R.<\/td>\n<td lang=\"de\">T\u00e4tigkeitsbericht 1966\/67 der Arbeitsgruppe Beringung<\/td>\n<td><strong>3<\/strong><\/td>\n<td>1970<\/td>\n<\/tr>\n<p><!-- 1969 --><\/p>\n<tr>\n<td>Peltzer, R.<\/td>\n<td lang=\"de\">T\u00e4tigkeitsbericht 1964\/65 der Arbeitsgruppe Beringung<\/td>\n<td><strong>2<\/strong><\/td>\n<td>1969<\/td>\n<\/tr>\n<p><!-- 1963 --><\/p>\n<tr>\n<td>Hulten, M.<\/td>\n<td lang=\"de\">Die Vogelberingung im Grossherzogtum Luxemburg von den Anf\u00e4ngen bis 1960<\/td>\n<td><strong>1<\/strong><\/td>\n<td>1963<\/td>\n<\/tr>\n<p><!-- 1951 --><\/p>\n<tr>\n<td>Morbach, J.<\/td>\n<td lang=\"de\">Fauna avium luxemburgensis. \u00dcbersichtsliste der im Grossherzogtum Luxemburg festgestellten Vogelarten<\/td>\n<td><strong>0<\/strong><\/td>\n<td>1951<\/td>\n<\/tr>\n<\/tbody>\n<\/table>\n<\/div>\n<\/div>\n<\/div>\n<p><!-- Optionnel : petit style pour un rendu propre --><\/p>\n<\/div><\/div><\/div><\/div><\/div><\/p>\n","protected":false},"excerpt":{"rendered":"","protected":false},"author":6,"featured_media":0,"parent":0,"menu_order":0,"comment_status":"closed","ping_status":"closed","template":"100-width.php","meta":{"footnotes":""},"folder":[],"class_list":["post-8986","page","type-page","status-publish","hentry"],"yoast_head":"<!-- This site is optimized with the Yoast SEO plugin v27.5 - https:\/\/yoast.com\/product\/yoast-seo-wordpress\/ -->\n<title>Wissenschaftliche Berichte - natur&amp;\u00ebmwelt a.s.b.l.<\/title>\n<meta name=\"robots\" content=\"index, follow, max-snippet:-1, max-image-preview:large, max-video-preview:-1\" \/>\n<link rel=\"canonical\" href=\"https:\/\/www.naturemweltasbl.lu\/de\/wissenschaftliche-berichte\/\" \/>\n<meta property=\"og:locale\" content=\"de_DE\" \/>\n<meta property=\"og:type\" content=\"article\" \/>\n<meta property=\"og:title\" content=\"Wissenschaftliche Berichte - natur&amp;\u00ebmwelt a.s.b.l.\" \/>\n<meta property=\"og:url\" content=\"https:\/\/www.naturemweltasbl.lu\/de\/wissenschaftliche-berichte\/\" \/>\n<meta property=\"og:site_name\" content=\"natur&amp;\u00ebmwelt a.s.b.l.\" \/>\n<meta property=\"article:publisher\" content=\"https:\/\/www.facebook.com\/naturemwelt\/\" \/>\n<meta property=\"article:modified_time\" content=\"2025-11-13T09:08:54+00:00\" \/>\n<meta name=\"twitter:card\" content=\"summary_large_image\" \/>\n<meta name=\"twitter:site\" content=\"@Natur_an_Emwelt\" \/>\n<meta name=\"twitter:label1\" content=\"Gesch\u00e4tzte Lesezeit\" \/>\n\t<meta name=\"twitter:data1\" content=\"3\u00a0Minuten\" \/>\n<script type=\"application\/ld+json\" class=\"yoast-schema-graph\">{\"@context\":\"https:\\\/\\\/schema.org\",\"@graph\":[{\"@type\":\"WebPage\",\"@id\":\"https:\\\/\\\/www.naturemweltasbl.lu\\\/de\\\/wissenschaftliche-berichte\\\/\",\"url\":\"https:\\\/\\\/www.naturemweltasbl.lu\\\/de\\\/wissenschaftliche-berichte\\\/\",\"name\":\"Wissenschaftliche Berichte - natur&amp;\u00ebmwelt a.s.b.l.\",\"isPartOf\":{\"@id\":\"https:\\\/\\\/www.naturemweltasbl.lu\\\/#website\"},\"datePublished\":\"2025-11-11T13:50:34+00:00\",\"dateModified\":\"2025-11-13T09:08:54+00:00\",\"breadcrumb\":{\"@id\":\"https:\\\/\\\/www.naturemweltasbl.lu\\\/de\\\/wissenschaftliche-berichte\\\/#breadcrumb\"},\"inLanguage\":\"de\",\"potentialAction\":[{\"@type\":\"ReadAction\",\"target\":[\"https:\\\/\\\/www.naturemweltasbl.lu\\\/de\\\/wissenschaftliche-berichte\\\/\"]}]},{\"@type\":\"BreadcrumbList\",\"@id\":\"https:\\\/\\\/www.naturemweltasbl.lu\\\/de\\\/wissenschaftliche-berichte\\\/#breadcrumb\",\"itemListElement\":[{\"@type\":\"ListItem\",\"position\":1,\"name\":\"Startseite\",\"item\":\"https:\\\/\\\/www.naturemweltasbl.lu\\\/de\\\/\"},{\"@type\":\"ListItem\",\"position\":2,\"name\":\"Wissenschaftliche Berichte\"}]},{\"@type\":\"WebSite\",\"@id\":\"https:\\\/\\\/www.naturemweltasbl.lu\\\/#website\",\"url\":\"https:\\\/\\\/www.naturemweltasbl.lu\\\/\",\"name\":\"natur&\u00ebmwelt a.s.b.l.\",\"description\":\"\",\"publisher\":{\"@id\":\"https:\\\/\\\/www.naturemweltasbl.lu\\\/#organization\"},\"potentialAction\":[{\"@type\":\"SearchAction\",\"target\":{\"@type\":\"EntryPoint\",\"urlTemplate\":\"https:\\\/\\\/www.naturemweltasbl.lu\\\/?s={search_term_string}\"},\"query-input\":{\"@type\":\"PropertyValueSpecification\",\"valueRequired\":true,\"valueName\":\"search_term_string\"}}],\"inLanguage\":\"de\"},{\"@type\":\"Organization\",\"@id\":\"https:\\\/\\\/www.naturemweltasbl.lu\\\/#organization\",\"name\":\"natur&\u00ebmwelt a.s.b.l.\",\"url\":\"https:\\\/\\\/www.naturemweltasbl.lu\\\/\",\"logo\":{\"@type\":\"ImageObject\",\"inLanguage\":\"de\",\"@id\":\"https:\\\/\\\/www.naturemweltasbl.lu\\\/#\\\/schema\\\/logo\\\/image\\\/\",\"url\":\"https:\\\/\\\/www.naturemweltasbl.lu\\\/wp-content\\\/uploads\\\/2024\\\/07\\\/NE_Logo_asbl_RGB-e1720014142276.png\",\"contentUrl\":\"https:\\\/\\\/www.naturemweltasbl.lu\\\/wp-content\\\/uploads\\\/2024\\\/07\\\/NE_Logo_asbl_RGB-e1720014142276.png\",\"width\":432,\"height\":254,\"caption\":\"natur&\u00ebmwelt a.s.b.l.\"},\"image\":{\"@id\":\"https:\\\/\\\/www.naturemweltasbl.lu\\\/#\\\/schema\\\/logo\\\/image\\\/\"},\"sameAs\":[\"https:\\\/\\\/www.facebook.com\\\/naturemwelt\\\/\",\"https:\\\/\\\/x.com\\\/Natur_an_Emwelt\",\"https:\\\/\\\/www.instagram.com\\\/naturemwelt\\\/\",\"https:\\\/\\\/www.youtube.com\\\/user\\\/naturemwelt\",\"https:\\\/\\\/lu.linkedin.com\\\/company\\\/naturemweltasbl?trk=similar-pages\"]}]}<\/script>\n<!-- \/ Yoast SEO plugin. -->","yoast_head_json":{"title":"Wissenschaftliche Berichte - natur&amp;\u00ebmwelt a.s.b.l.","robots":{"index":"index","follow":"follow","max-snippet":"max-snippet:-1","max-image-preview":"max-image-preview:large","max-video-preview":"max-video-preview:-1"},"canonical":"https:\/\/www.naturemweltasbl.lu\/de\/wissenschaftliche-berichte\/","og_locale":"de_DE","og_type":"article","og_title":"Wissenschaftliche Berichte - natur&amp;\u00ebmwelt a.s.b.l.","og_url":"https:\/\/www.naturemweltasbl.lu\/de\/wissenschaftliche-berichte\/","og_site_name":"natur&amp;\u00ebmwelt a.s.b.l.","article_publisher":"https:\/\/www.facebook.com\/naturemwelt\/","article_modified_time":"2025-11-13T09:08:54+00:00","twitter_card":"summary_large_image","twitter_site":"@Natur_an_Emwelt","twitter_misc":{"Gesch\u00e4tzte Lesezeit":"3\u00a0Minuten"},"schema":{"@context":"https:\/\/schema.org","@graph":[{"@type":"WebPage","@id":"https:\/\/www.naturemweltasbl.lu\/de\/wissenschaftliche-berichte\/","url":"https:\/\/www.naturemweltasbl.lu\/de\/wissenschaftliche-berichte\/","name":"Wissenschaftliche Berichte - natur&amp;\u00ebmwelt a.s.b.l.","isPartOf":{"@id":"https:\/\/www.naturemweltasbl.lu\/#website"},"datePublished":"2025-11-11T13:50:34+00:00","dateModified":"2025-11-13T09:08:54+00:00","breadcrumb":{"@id":"https:\/\/www.naturemweltasbl.lu\/de\/wissenschaftliche-berichte\/#breadcrumb"},"inLanguage":"de","potentialAction":[{"@type":"ReadAction","target":["https:\/\/www.naturemweltasbl.lu\/de\/wissenschaftliche-berichte\/"]}]},{"@type":"BreadcrumbList","@id":"https:\/\/www.naturemweltasbl.lu\/de\/wissenschaftliche-berichte\/#breadcrumb","itemListElement":[{"@type":"ListItem","position":1,"name":"Startseite","item":"https:\/\/www.naturemweltasbl.lu\/de\/"},{"@type":"ListItem","position":2,"name":"Wissenschaftliche Berichte"}]},{"@type":"WebSite","@id":"https:\/\/www.naturemweltasbl.lu\/#website","url":"https:\/\/www.naturemweltasbl.lu\/","name":"natur&\u00ebmwelt a.s.b.l.","description":"","publisher":{"@id":"https:\/\/www.naturemweltasbl.lu\/#organization"},"potentialAction":[{"@type":"SearchAction","target":{"@type":"EntryPoint","urlTemplate":"https:\/\/www.naturemweltasbl.lu\/?s={search_term_string}"},"query-input":{"@type":"PropertyValueSpecification","valueRequired":true,"valueName":"search_term_string"}}],"inLanguage":"de"},{"@type":"Organization","@id":"https:\/\/www.naturemweltasbl.lu\/#organization","name":"natur&\u00ebmwelt a.s.b.l.","url":"https:\/\/www.naturemweltasbl.lu\/","logo":{"@type":"ImageObject","inLanguage":"de","@id":"https:\/\/www.naturemweltasbl.lu\/#\/schema\/logo\/image\/","url":"https:\/\/www.naturemweltasbl.lu\/wp-content\/uploads\/2024\/07\/NE_Logo_asbl_RGB-e1720014142276.png","contentUrl":"https:\/\/www.naturemweltasbl.lu\/wp-content\/uploads\/2024\/07\/NE_Logo_asbl_RGB-e1720014142276.png","width":432,"height":254,"caption":"natur&\u00ebmwelt a.s.b.l."},"image":{"@id":"https:\/\/www.naturemweltasbl.lu\/#\/schema\/logo\/image\/"},"sameAs":["https:\/\/www.facebook.com\/naturemwelt\/","https:\/\/x.com\/Natur_an_Emwelt","https:\/\/www.instagram.com\/naturemwelt\/","https:\/\/www.youtube.com\/user\/naturemwelt","https:\/\/lu.linkedin.com\/company\/naturemweltasbl?trk=similar-pages"]}]}},"_links":{"self":[{"href":"https:\/\/www.naturemweltasbl.lu\/de\/wp-json\/wp\/v2\/pages\/8986","targetHints":{"allow":["GET"]}}],"collection":[{"href":"https:\/\/www.naturemweltasbl.lu\/de\/wp-json\/wp\/v2\/pages"}],"about":[{"href":"https:\/\/www.naturemweltasbl.lu\/de\/wp-json\/wp\/v2\/types\/page"}],"author":[{"embeddable":true,"href":"https:\/\/www.naturemweltasbl.lu\/de\/wp-json\/wp\/v2\/users\/6"}],"replies":[{"embeddable":true,"href":"https:\/\/www.naturemweltasbl.lu\/de\/wp-json\/wp\/v2\/comments?post=8986"}],"version-history":[{"count":5,"href":"https:\/\/www.naturemweltasbl.lu\/de\/wp-json\/wp\/v2\/pages\/8986\/revisions"}],"predecessor-version":[{"id":9030,"href":"https:\/\/www.naturemweltasbl.lu\/de\/wp-json\/wp\/v2\/pages\/8986\/revisions\/9030"}],"wp:attachment":[{"href":"https:\/\/www.naturemweltasbl.lu\/de\/wp-json\/wp\/v2\/media?parent=8986"}],"wp:term":[{"taxonomy":"folder","embeddable":true,"href":"https:\/\/www.naturemweltasbl.lu\/de\/wp-json\/wp\/v2\/folder?post=8986"}],"curies":[{"name":"wp","href":"https:\/\/api.w.org\/{rel}","templated":true}]}}