{"id":2689,"date":"2024-11-04T09:53:05","date_gmt":"2024-11-04T08:53:05","guid":{"rendered":"https:\/\/cp33msbjmvs.preview.infomaniak.website\/bildung-de\/education-youth-de\/"},"modified":"2026-01-29T13:35:08","modified_gmt":"2026-01-29T12:35:08","slug":"education-youth-de","status":"publish","type":"page","link":"https:\/\/www.naturemweltasbl.lu\/de\/umweltbildung-de\/education-youth-de\/","title":{"rendered":"Education Youth &#8211; DE"},"content":{"rendered":"<p><div class=\"fusion-fullwidth fullwidth-box fusion-builder-row-1 fusion-flex-container has-pattern-background has-mask-background hundred-percent-fullwidth non-hundred-percent-height-scrolling\" style=\"--awb-border-radius-top-left:0px;--awb-border-radius-top-right:0px;--awb-border-radius-bottom-right:0px;--awb-border-radius-bottom-left:0px;--awb-padding-top:0px;--awb-padding-right:0px;--awb-padding-left:0px;--awb-margin-top:0px;--awb-margin-bottom:50px;--awb-background-color:var(--awb-custom_color_4);--awb-flex-wrap:wrap;\" ><div class=\"fusion-builder-row fusion-row fusion-flex-align-items-flex-start fusion-flex-content-wrap\" style=\"width:104% !important;max-width:104% !important;margin-left: calc(-4% \/ 2 );margin-right: calc(-4% \/ 2 );\"><div class=\"fusion-layout-column fusion_builder_column fusion-builder-column-0 fusion_builder_column_1_1 1_1 fusion-flex-column\" style=\"--awb-bg-size:cover;--awb-width-large:100%;--awb-margin-top-large:0px;--awb-spacing-right-large:1.92%;--awb-margin-bottom-large:0px;--awb-spacing-left-large:1.92%;--awb-width-medium:100%;--awb-order-medium:0;--awb-spacing-right-medium:1.92%;--awb-spacing-left-medium:1.92%;--awb-width-small:100%;--awb-order-small:0;--awb-spacing-right-small:1.92%;--awb-spacing-left-small:1.92%;\"><div class=\"fusion-column-wrapper fusion-column-has-shadow fusion-flex-justify-content-flex-start fusion-content-layout-column\"><nav class=\"fusion-breadcrumbs awb-yoast-breadcrumbs fusion-breadcrumbs-1\" style=\"--awb-margin-top:1%;--awb-margin-bottom:2%;--awb-margin-left:5%;--awb-text-color:var(--awb-color5);--awb-breadcrumb-sep:&#039;\/&#039;;\" aria-label=\"Breadcrumb\"><span><span><a href=\"https:\/\/www.naturemweltasbl.lu\/de\/\">Startseite<\/a><\/span><\/span><\/nav><div class=\"fusion-title title fusion-title-1 fusion-sep-none fusion-title-center fusion-title-text fusion-title-size-one\" style=\"--awb-text-color:var(--awb-color5);--awb-margin-bottom:5%;--awb-margin-top-small:10px;--awb-margin-right-small:0px;--awb-margin-bottom-small:10px;--awb-margin-left-small:0px;\"><h1 class=\"fusion-title-heading title-heading-center\" style=\"margin:0;\">Umweltbildung f\u00fcr Jugendliche<\/h1><\/div><div class=\"fusion-image-element \" style=\"text-align:center;--awb-caption-title-font-family:var(--h2_typography-font-family);--awb-caption-title-font-weight:var(--h2_typography-font-weight);--awb-caption-title-font-style:var(--h2_typography-font-style);--awb-caption-title-size:var(--h2_typography-font-size);--awb-caption-title-transform:var(--h2_typography-text-transform);--awb-caption-title-line-height:var(--h2_typography-line-height);--awb-caption-title-letter-spacing:var(--h2_typography-letter-spacing);\"><span class=\" fusion-imageframe imageframe-none imageframe-1 hover-type-none\"><img decoding=\"async\" width=\"1280\" height=\"400\" title=\"Homepage Banners-2\" src=\"https:\/\/www.naturemweltasbl.lu\/wp-content\/uploads\/2024\/11\/Homepage-Banners-2.png\" alt class=\"img-responsive wp-image-2725\" srcset=\"https:\/\/www.naturemweltasbl.lu\/wp-content\/uploads\/2024\/11\/Homepage-Banners-2-200x63.png 200w, https:\/\/www.naturemweltasbl.lu\/wp-content\/uploads\/2024\/11\/Homepage-Banners-2-400x125.png 400w, https:\/\/www.naturemweltasbl.lu\/wp-content\/uploads\/2024\/11\/Homepage-Banners-2-600x188.png 600w, https:\/\/www.naturemweltasbl.lu\/wp-content\/uploads\/2024\/11\/Homepage-Banners-2-800x250.png 800w, https:\/\/www.naturemweltasbl.lu\/wp-content\/uploads\/2024\/11\/Homepage-Banners-2-1200x375.png 1200w, https:\/\/www.naturemweltasbl.lu\/wp-content\/uploads\/2024\/11\/Homepage-Banners-2.png 1280w\" sizes=\"(max-width: 640px) 100vw, 1200px\" \/><\/span><\/div><\/div><\/div><\/div><\/div><div class=\"fusion-fullwidth fullwidth-box fusion-builder-row-2 fusion-flex-container has-pattern-background has-mask-background hundred-percent-fullwidth non-hundred-percent-height-scrolling\" style=\"--awb-border-radius-top-left:0px;--awb-border-radius-top-right:0px;--awb-border-radius-bottom-right:0px;--awb-border-radius-bottom-left:0px;--awb-padding-right-medium:50px;--awb-padding-left-medium:50px;--awb-margin-top:50px;--awb-flex-wrap:wrap;\" ><div class=\"fusion-builder-row fusion-row fusion-flex-align-items-flex-start fusion-flex-content-wrap\" style=\"width:104% !important;max-width:104% !important;margin-left: calc(-4% \/ 2 );margin-right: calc(-4% \/ 2 );\"><div class=\"fusion-layout-column fusion_builder_column fusion-builder-column-1 fusion_builder_column_1_1 1_1 fusion-flex-column\" style=\"--awb-bg-size:cover;--awb-width-large:100%;--awb-margin-top-large:0px;--awb-spacing-right-large:1.92%;--awb-margin-bottom-large:50px;--awb-spacing-left-large:1.92%;--awb-width-medium:100%;--awb-order-medium:0;--awb-spacing-right-medium:1.92%;--awb-spacing-left-medium:1.92%;--awb-width-small:100%;--awb-order-small:0;--awb-spacing-right-small:1.92%;--awb-spacing-left-small:1.92%;\"><div class=\"fusion-column-wrapper fusion-column-has-shadow fusion-flex-justify-content-flex-start fusion-content-layout-column\"><div class=\"fusion-title title fusion-title-2 fusion-sep-none fusion-title-text fusion-title-size-two\" style=\"--awb-margin-top-small:10px;--awb-margin-right-small:0px;--awb-margin-bottom-small:10px;--awb-margin-left-small:0px;\"><h2 class=\"fusion-title-heading title-heading-left\" style=\"margin:0;\">Bildungsangebote f\u00fcr Schulklassen<\/h2><\/div><div class=\"fusion-text fusion-text-1\" style=\"--awb-margin-top:25px;\"><p>Unsere Bildungsangebote f\u00fcr Schulklassen der Oberstufe basieren auf den Zielen f\u00fcr nachhaltige Entwicklung (Sustainable Development Goals, SDGs) und der Lebensrealit\u00e4t junger Menschen. Sie betonen wichtige Gestaltungs- und Handlungskompetenzen, die Schl\u00fcsselelemente einer Bildung f\u00fcr nachhaltige Entwicklung, als Grundlage f\u00fcr verantwortungsvolles und nachhaltiges Entscheiden und Handeln. Wir w\u00fcrden uns freuen, mit Ihnen zusammenzuarbeiten, um ein individuelles Angebot f\u00fcr Ihre Klasse zu den Themen \u201eNatur, Umwelt und Nachhaltigkeit\u201c hier im <em>Haus vun der Natur<\/em> zu erstellen.<\/p>\n<\/div><div ><a class=\"fusion-button button-flat fusion-button-default-size button-default fusion-button-default button-1 fusion-button-default-span fusion-button-default-type\" target=\"_self\" href=\"https:\/\/www.naturemweltasbl.lu\/wp-content\/uploads\/2025\/10\/Naturaktivitaten_Lycee.pdf\"><span class=\"fusion-button-text awb-button__text awb-button__text--default\">Naturaktivit\u00e4ten &#8211; Lyc\u00e9e<\/span><\/a><\/div><\/div><\/div><div class=\"fusion-layout-column fusion_builder_column fusion-builder-column-2 fusion_builder_column_1_1 1_1 fusion-flex-column\" style=\"--awb-bg-size:cover;--awb-width-large:100%;--awb-margin-top-large:0px;--awb-spacing-right-large:1.92%;--awb-margin-bottom-large:50px;--awb-spacing-left-large:1.92%;--awb-width-medium:100%;--awb-order-medium:0;--awb-spacing-right-medium:1.92%;--awb-spacing-left-medium:1.92%;--awb-width-small:100%;--awb-order-small:0;--awb-spacing-right-small:1.92%;--awb-spacing-left-small:1.92%;\"><div class=\"fusion-column-wrapper fusion-column-has-shadow fusion-flex-justify-content-flex-start fusion-content-layout-column\"><div class=\"fusion-title title fusion-title-3 fusion-sep-none fusion-title-text fusion-title-size-two\" style=\"--awb-margin-top-small:10px;--awb-margin-right-small:0px;--awb-margin-bottom-small:10px;--awb-margin-left-small:0px;\"><h2 class=\"fusion-title-heading title-heading-left\" style=\"margin:0;\">Bildungsangebote f\u00fcr au\u00dferschulische Gruppen<\/h2><\/div><div class=\"fusion-text fusion-text-2\" style=\"--awb-margin-top:25px;\"><p>Bei verschiedenen Naturaktivit\u00e4ten und Workshops zum Thema \u201eNachhaltigkeit\u201c k\u00f6nnen die Jugendlichen die Natur mit allen Sinnen erleben und lernen, wie sie aktiv zum Schutz unserer Umwelt beitragen und ihren Alltag nachhaltiger gestalten k\u00f6nnen. Je nach M\u00f6glichkeit k\u00f6nnen die Aktivit\u00e4ten im <em>Haus vun der Natur<\/em> oder in der Jugendeinrichtung stattfinden.<\/p>\n<\/div><div ><a class=\"fusion-button button-flat fusion-button-default-size button-default fusion-button-default button-2 fusion-button-default-span fusion-button-default-type\" target=\"_self\" href=\"https:\/\/www.naturemweltasbl.lu\/wp-content\/uploads\/2025\/10\/Naturaktivitaten_Lycee.pdf\"><span class=\"fusion-button-text awb-button__text awb-button__text--default\">Naturaktivit\u00e4ten &#8211; Lyc\u00e9e<\/span><\/a><\/div><\/div><\/div><div class=\"fusion-layout-column fusion_builder_column fusion-builder-column-3 fusion_builder_column_1_1 1_1 fusion-flex-column\" style=\"--awb-bg-size:cover;--awb-width-large:100%;--awb-margin-top-large:0px;--awb-spacing-right-large:1.92%;--awb-margin-bottom-large:50px;--awb-spacing-left-large:1.92%;--awb-width-medium:100%;--awb-order-medium:0;--awb-spacing-right-medium:1.92%;--awb-spacing-left-medium:1.92%;--awb-width-small:100%;--awb-order-small:0;--awb-spacing-right-small:1.92%;--awb-spacing-left-small:1.92%;\"><div class=\"fusion-column-wrapper fusion-column-has-shadow fusion-flex-justify-content-flex-start fusion-content-layout-column\"><div class=\"fusion-title title fusion-title-4 fusion-sep-none fusion-title-text fusion-title-size-two\" style=\"--awb-margin-top-small:10px;--awb-margin-right-small:0px;--awb-margin-bottom-small:10px;--awb-margin-left-small:0px;\"><h2 class=\"fusion-title-heading title-heading-left\" style=\"margin:0;\">Regulus Jugendgrupp<\/h2><\/div><div class=\"fusion-text fusion-text-3\" style=\"--awb-margin-top:25px;\"><p style=\"font-weight: 400;\">Bei dem Regulus Jugendgrupp setzen sich Jugendliche zwischen 13-18 Jahren gemeinschaftlich bei gezielten Aktionen f\u00fcr den Schutz unserer Natur und Umwelt ein. So lernen wir z. B. die heimische Tier- und Pflanzenwelt kennen, beringen V\u00f6gel oder helfen Amphibien \u00fcber die Stra\u00dfe. Du interessierst dich f\u00fcr den Regulus Jugendgrupp, dann mach mit und lerne weitere engagierte Jugendliche kennen!<\/p>\n<p style=\"font-weight: 400;\">Du hast Fragen, m\u00f6chtest dich zu einer der Aktivit\u00e4ten anmelden oder direkt Mitglied im Jugendgrupp werden? Dann kontaktiere uns telefonisch unter +352 29 04 04 316 oder per E-Mail an <a href=\"mailto:jugend@naturemwelt.lu\">jugend@naturemwelt.lu<\/a>.<\/p>\n<\/div><div ><a class=\"fusion-button button-flat fusion-button-default-size button-default fusion-button-default button-3 fusion-button-default-span fusion-button-default-type\" target=\"_self\" href=\"https:\/\/www.naturemweltasbl.lu\/wp-content\/uploads\/2026\/01\/Jugendgrupp_Programm-2026_Druck_DINA5.pdf\"><span class=\"fusion-button-text awb-button__text awb-button__text--default\">Programm Jugendgrupp<\/span><\/a><\/div><\/div><\/div><div class=\"fusion-layout-column fusion_builder_column fusion-builder-column-4 fusion_builder_column_1_1 1_1 fusion-flex-column\" style=\"--awb-bg-size:cover;--awb-width-large:100%;--awb-margin-top-large:0px;--awb-spacing-right-large:1.92%;--awb-margin-bottom-large:50px;--awb-spacing-left-large:1.92%;--awb-width-medium:100%;--awb-order-medium:0;--awb-spacing-right-medium:1.92%;--awb-spacing-left-medium:1.92%;--awb-width-small:100%;--awb-order-small:0;--awb-spacing-right-small:1.92%;--awb-spacing-left-small:1.92%;\"><div class=\"fusion-column-wrapper fusion-column-has-shadow fusion-flex-justify-content-flex-start fusion-content-layout-column\"><div class=\"fusion-title title fusion-title-5 fusion-sep-none fusion-title-text fusion-title-size-two\" style=\"--awb-margin-top-small:10px;--awb-margin-right-small:0px;--awb-margin-bottom-small:10px;--awb-margin-left-small:0px;\"><h2 class=\"fusion-title-heading title-heading-left\" style=\"margin:0;\">Umweltbildungsprojekte<\/h2><\/div><div class=\"fusion-text fusion-text-4\" style=\"--awb-margin-top:25px;\"><p style=\"font-weight: 400;\">Option DD des Lyc\u00e9es Fieldgen<\/p>\n<p style=\"font-weight: 400;\">natur&amp;\u00ebmwelt ist seit vielen Jahren Teil des Wahlfachs \u201eDe\u0301veloppement Durable\u201c, bei dem sich Sch\u00fcler\/-innen der Klassen 4 e des Lyce\u0301es Fieldgen mit nachhaltiger Entwicklung auseinandersetzen. Im Rahmen regelm\u00e4\u00dfig stattfindender Aktivit\u00e4ten erhalten die Jugendlichen einen aktiven Einblick in unsere Aufgabenfelder und Projekte, wie z. B. die Vogelberingung im Naturschutzgebiet Schlammwiss oder das 2000 m<sup>2<\/sup>-Projekt f\u00fcr unser Essen am Haus vun der Natur.<\/p>\n<\/div><\/div><\/div><\/div><\/div><div class=\"fusion-fullwidth fullwidth-box fusion-builder-row-3 fusion-flex-container has-pattern-background has-mask-background fusion-parallax-none nonhundred-percent-fullwidth non-hundred-percent-height-scrolling\" style=\"--awb-background-position:center bottom;--awb-background-repeat:repeat-x;--awb-border-radius-top-left:0px;--awb-border-radius-top-right:0px;--awb-border-radius-bottom-right:0px;--awb-border-radius-bottom-left:0px;--awb-background-image:url(&quot;https:\/\/www.naturemweltasbl.lu\/\/wp-content\/uploads\/2024\/07\/Mask_Section_green_Up.png&quot;);--awb-flex-wrap:wrap;\" ><div class=\"fusion-builder-row fusion-row fusion-flex-align-items-flex-start fusion-flex-content-wrap\" style=\"max-width:1248px;margin-left: calc(-4% \/ 2 );margin-right: calc(-4% \/ 2 );\"><div class=\"fusion-layout-column fusion_builder_column fusion-builder-column-5 fusion_builder_column_1_1 1_1 fusion-flex-column\" style=\"--awb-bg-size:cover;--awb-width-large:100%;--awb-margin-top-large:0px;--awb-spacing-right-large:1.92%;--awb-margin-bottom-large:20px;--awb-spacing-left-large:1.92%;--awb-width-medium:100%;--awb-order-medium:0;--awb-spacing-right-medium:1.92%;--awb-spacing-left-medium:1.92%;--awb-width-small:100%;--awb-order-small:0;--awb-spacing-right-small:1.92%;--awb-spacing-left-small:1.92%;\"><div class=\"fusion-column-wrapper fusion-column-has-shadow fusion-flex-justify-content-flex-start fusion-content-layout-column\"><\/div><\/div><\/div><\/div><div class=\"fusion-fullwidth fullwidth-box fusion-builder-row-4 fusion-flex-container has-pattern-background has-mask-background hundred-percent-fullwidth non-hundred-percent-height-scrolling\" style=\"--awb-background-repeat:repeat-x;--awb-border-radius-top-left:0px;--awb-border-radius-top-right:0px;--awb-border-radius-bottom-right:0px;--awb-border-radius-bottom-left:0px;--awb-padding-right:150px;--awb-padding-bottom:0px;--awb-padding-left:150px;--awb-padding-right-medium:50px;--awb-padding-left-medium:50px;--awb-background-color:var(--awb-color4);--awb-background-size:contain;--awb-flex-wrap:wrap;\" ><div class=\"fusion-builder-row fusion-row fusion-flex-align-items-center fusion-flex-justify-content-center fusion-flex-content-wrap\" style=\"width:104% !important;max-width:104% !important;margin-left: calc(-4% \/ 2 );margin-right: calc(-4% \/ 2 );\"><div class=\"fusion-layout-column fusion_builder_column fusion-builder-column-6 fusion_builder_column_1_4 1_4 fusion-flex-column\" style=\"--awb-bg-size:cover;--awb-width-large:25%;--awb-margin-top-large:5%;--awb-spacing-right-large:7.68%;--awb-margin-bottom-large:5%;--awb-spacing-left-large:7.68%;--awb-width-medium:33.333333333333%;--awb-order-medium:0;--awb-spacing-right-medium:5.76%;--awb-spacing-left-medium:5.76%;--awb-width-small:100%;--awb-order-small:0;--awb-spacing-right-small:1.92%;--awb-spacing-left-small:1.92%;\"><div class=\"fusion-column-wrapper fusion-column-has-shadow fusion-flex-justify-content-flex-start fusion-content-layout-column\"><div class=\"fusion-title title fusion-title-6 fusion-sep-none fusion-title-text fusion-title-size-three\" style=\"--awb-margin-top-small:10px;--awb-margin-right-small:0px;--awb-margin-bottom-small:10px;--awb-margin-left-small:0px;\"><h3 class=\"fusion-title-heading title-heading-left\" style=\"margin:0;\">Kontaktieren Sie uns<\/h3><\/div><div class=\"fusion-separator\" style=\"align-self: flex-start;margin-right:auto;margin-top:20px;margin-bottom:40px;width:100%;max-width:70px;\"><div class=\"fusion-separator-border sep-single sep-solid\" style=\"--awb-height:20px;--awb-amount:20px;border-color:var(--awb-color3);border-top-width:2px;\"><\/div><\/div><div class=\"fusion-text fusion-text-5\"><p>F\u00fcr weitere Informationen \u00fcber Umwelterziehung, Kinder- und Jugendarbeit oder Ausbildung kontaktieren Sie uns bitte.<\/p>\n<\/div><\/div><\/div><div class=\"fusion-layout-column fusion_builder_column fusion-builder-column-7 fusion_builder_column_1_6 1_6 fusion-flex-column\" style=\"--awb-overflow:hidden;--awb-bg-color:var(--awb-custom_color_5);--awb-bg-color-hover:var(--awb-custom_color_5);--awb-bg-size:cover;--awb-box-shadow:0px 2px 5px 2px #727272;;--awb-border-radius:8px 8px 8px 8px;--awb-width-large:16.666666666667%;--awb-margin-top-large:25px;--awb-spacing-right-large:25px;--awb-margin-bottom-large:25px;--awb-spacing-left-large:25px;--awb-width-medium:25%;--awb-order-medium:0;--awb-spacing-right-medium:25px;--awb-spacing-left-medium:25px;--awb-width-small:50%;--awb-order-small:0;--awb-spacing-right-small:25px;--awb-spacing-left-small:25px;\"><div class=\"fusion-column-wrapper fusion-column-has-shadow fusion-flex-justify-content-flex-start fusion-content-layout-column\"><div class=\"fusion-image-element \" style=\"--awb-aspect-ratio:1 \/ 1;--awb-object-position:51% 63%;--awb-mask-url: url(https:\/\/www.naturemweltasbl.lu\/\/wp-content\/uploads\/2024\/08\/Mask_Personnel.png);--awb-mask-size: cover;--awb-caption-title-font-family:var(--h2_typography-font-family);--awb-caption-title-font-weight:var(--h2_typography-font-weight);--awb-caption-title-font-style:var(--h2_typography-font-style);--awb-caption-title-size:var(--h2_typography-font-size);--awb-caption-title-transform:var(--h2_typography-text-transform);--awb-caption-title-line-height:var(--h2_typography-line-height);--awb-caption-title-letter-spacing:var(--h2_typography-letter-spacing);\"><span class=\" fusion-imageframe imageframe-none imageframe-2 hover-type-none has-mask has-aspect-ratio\"><img decoding=\"async\" width=\"491\" height=\"737\" title=\"N-Sonnie_R\" src=\"https:\/\/www.naturemweltasbl.lu\/wp-content\/uploads\/2024\/08\/N-Sonnie_R.jpg\" class=\"img-responsive wp-image-1658 img-with-aspect-ratio\" data-parent-fit=\"cover\" data-parent-container=\".fusion-image-element\" alt srcset=\"https:\/\/www.naturemweltasbl.lu\/wp-content\/uploads\/2024\/08\/N-Sonnie_R-200x300.jpg 200w, https:\/\/www.naturemweltasbl.lu\/wp-content\/uploads\/2024\/08\/N-Sonnie_R-400x600.jpg 400w, https:\/\/www.naturemweltasbl.lu\/wp-content\/uploads\/2024\/08\/N-Sonnie_R.jpg 491w\" sizes=\"(max-width: 640px) 100vw, 200px\" \/><\/span><\/div><div class=\"fusion-title title fusion-title-7 fusion-sep-none fusion-title-center fusion-title-text fusion-title-size-four\" style=\"--awb-margin-bottom:10px;--awb-margin-top-small:10px;--awb-margin-right-small:0px;--awb-margin-bottom-small:10px;--awb-margin-left-small:0px;\"><h4 class=\"fusion-title-heading title-heading-center\" style=\"margin:0;\">NICKELS Sonnie<\/h4><\/div><div class=\"fusion-text fusion-text-6\" style=\"--awb-content-alignment:center;--awb-font-size:14px;--awb-text-color:var(--awb-color6);--awb-margin-top:0px;--awb-margin-right:5%;--awb-margin-left:5%;--awb-text-font-family:&quot;VAG 1&quot;;--awb-text-font-style:normal;--awb-text-font-weight:400;\"><p>Umweltbildung<\/p>\n<\/div><div class=\"fusion-text fusion-text-7\" style=\"--awb-content-alignment:center;--awb-font-size:13px;--awb-text-color:var(--awb-color6);\"><p>(+352) 29 04 04 &#8211; 310<br \/>\n<a href=\"mailto:s.nickels@naturemwelt.lu\">s.nickels@naturemwelt.lu<\/a><\/p>\n<\/div><\/div><\/div><div class=\"fusion-layout-column fusion_builder_column fusion-builder-column-8 fusion_builder_column_1_6 1_6 fusion-flex-column\" style=\"--awb-overflow:hidden;--awb-bg-color:var(--awb-custom_color_5);--awb-bg-color-hover:var(--awb-custom_color_5);--awb-bg-size:cover;--awb-box-shadow:0px 2px 5px 2px #727272;;--awb-border-radius:8px 8px 8px 8px;--awb-width-large:16.666666666667%;--awb-margin-top-large:25px;--awb-spacing-right-large:25px;--awb-margin-bottom-large:25px;--awb-spacing-left-large:25px;--awb-width-medium:25%;--awb-order-medium:0;--awb-spacing-right-medium:25px;--awb-spacing-left-medium:25px;--awb-width-small:50%;--awb-order-small:0;--awb-spacing-right-small:25px;--awb-spacing-left-small:25px;\"><div class=\"fusion-column-wrapper fusion-column-has-shadow fusion-flex-justify-content-flex-start fusion-content-layout-column\"><div class=\"fusion-image-element \" style=\"--awb-aspect-ratio:1 \/ 1;--awb-object-position:44% 40%;--awb-mask-url: url(https:\/\/www.naturemweltasbl.lu\/\/wp-content\/uploads\/2024\/08\/Mask_Personnel.png);--awb-mask-size: cover;--awb-caption-title-font-family:var(--h2_typography-font-family);--awb-caption-title-font-weight:var(--h2_typography-font-weight);--awb-caption-title-font-style:var(--h2_typography-font-style);--awb-caption-title-size:var(--h2_typography-font-size);--awb-caption-title-transform:var(--h2_typography-text-transform);--awb-caption-title-line-height:var(--h2_typography-line-height);--awb-caption-title-letter-spacing:var(--h2_typography-letter-spacing);\"><span class=\" fusion-imageframe imageframe-none imageframe-3 hover-type-none has-mask has-aspect-ratio\"><img decoding=\"async\" width=\"491\" height=\"737\" title=\"K-Yasmin_R\" src=\"https:\/\/www.naturemweltasbl.lu\/wp-content\/uploads\/2024\/08\/K-Yasmin_R.jpg\" class=\"img-responsive wp-image-1662 img-with-aspect-ratio\" data-parent-fit=\"cover\" data-parent-container=\".fusion-image-element\" alt srcset=\"https:\/\/www.naturemweltasbl.lu\/wp-content\/uploads\/2024\/08\/K-Yasmin_R-200x300.jpg 200w, https:\/\/www.naturemweltasbl.lu\/wp-content\/uploads\/2024\/08\/K-Yasmin_R-400x600.jpg 400w, https:\/\/www.naturemweltasbl.lu\/wp-content\/uploads\/2024\/08\/K-Yasmin_R.jpg 491w\" sizes=\"(max-width: 640px) 100vw, 200px\" \/><\/span><\/div><div class=\"fusion-title title fusion-title-8 fusion-sep-none fusion-title-center fusion-title-text fusion-title-size-four\" style=\"--awb-margin-bottom:10px;--awb-margin-top-small:10px;--awb-margin-right-small:0px;--awb-margin-bottom-small:10px;--awb-margin-left-small:0px;\"><h4 class=\"fusion-title-heading title-heading-center\" style=\"margin:0;\">KUNTZ Yasmin<\/h4><\/div><div class=\"fusion-text fusion-text-8\" style=\"--awb-content-alignment:center;--awb-font-size:14px;--awb-text-color:var(--awb-color6);--awb-margin-top:0px;--awb-margin-right:5%;--awb-margin-left:5%;--awb-text-font-family:&quot;VAG 1&quot;;--awb-text-font-style:normal;--awb-text-font-weight:400;\"><p>Umweltbildung<\/p>\n<\/div><div class=\"fusion-text fusion-text-9\" style=\"--awb-content-alignment:center;--awb-font-size:13px;--awb-text-color:var(--awb-color6);\"><p>(+352) 29 04 04 &#8211; 316<br \/>\n<a href=\"mailto:y.kuntz@naturemwelt.lu\">y.kuntz@naturemwelt.lu<\/a><\/p>\n<\/div><\/div><\/div><\/div><\/div><div class=\"fusion-fullwidth fullwidth-box fusion-builder-row-5 fusion-flex-container has-pattern-background has-mask-background fusion-parallax-none nonhundred-percent-fullwidth non-hundred-percent-height-scrolling\" style=\"--awb-background-position:center top;--awb-background-repeat:repeat-x;--awb-border-radius-top-left:0px;--awb-border-radius-top-right:0px;--awb-border-radius-bottom-right:0px;--awb-border-radius-bottom-left:0px;--awb-background-image:url(&quot;https:\/\/www.naturemweltasbl.lu\/\/wp-content\/uploads\/2024\/07\/Mask_Section_Green_Down.png&quot;);--awb-flex-wrap:wrap;\" ><div class=\"fusion-builder-row fusion-row fusion-flex-align-items-flex-start fusion-flex-content-wrap\" style=\"max-width:1248px;margin-left: calc(-4% \/ 2 );margin-right: calc(-4% \/ 2 );\"><div class=\"fusion-layout-column fusion_builder_column fusion-builder-column-9 fusion_builder_column_1_1 1_1 fusion-flex-column\" style=\"--awb-bg-size:cover;--awb-width-large:100%;--awb-margin-top-large:0px;--awb-spacing-right-large:1.92%;--awb-margin-bottom-large:20px;--awb-spacing-left-large:1.92%;--awb-width-medium:100%;--awb-order-medium:0;--awb-spacing-right-medium:1.92%;--awb-spacing-left-medium:1.92%;--awb-width-small:100%;--awb-order-small:0;--awb-spacing-right-small:1.92%;--awb-spacing-left-small:1.92%;\"><div class=\"fusion-column-wrapper fusion-column-has-shadow fusion-flex-justify-content-flex-start fusion-content-layout-column\"><\/div><\/div><\/div><\/div><\/p>\n","protected":false},"excerpt":{"rendered":"","protected":false},"author":1,"featured_media":0,"parent":1307,"menu_order":0,"comment_status":"closed","ping_status":"closed","template":"100-width.php","meta":{"footnotes":""},"folder":[],"class_list":["post-2689","page","type-page","status-publish","hentry"],"yoast_head":"<!-- This site is optimized with the Yoast SEO plugin v27.5 - https:\/\/yoast.com\/product\/yoast-seo-wordpress\/ -->\n<title>Education Youth - DE - natur&amp;\u00ebmwelt a.s.b.l.<\/title>\n<meta name=\"robots\" content=\"index, follow, max-snippet:-1, max-image-preview:large, max-video-preview:-1\" \/>\n<link rel=\"canonical\" href=\"https:\/\/www.naturemweltasbl.lu\/de\/umweltbildung-de\/education-youth-de\/\" \/>\n<meta property=\"og:locale\" content=\"de_DE\" \/>\n<meta property=\"og:type\" content=\"article\" \/>\n<meta property=\"og:title\" content=\"Education Youth - DE - natur&amp;\u00ebmwelt a.s.b.l.\" \/>\n<meta property=\"og:url\" content=\"https:\/\/www.naturemweltasbl.lu\/de\/umweltbildung-de\/education-youth-de\/\" \/>\n<meta property=\"og:site_name\" content=\"natur&amp;\u00ebmwelt a.s.b.l.\" \/>\n<meta property=\"article:publisher\" content=\"https:\/\/www.facebook.com\/naturemwelt\/\" \/>\n<meta property=\"article:modified_time\" content=\"2026-01-29T12:35:08+00:00\" \/>\n<meta name=\"twitter:card\" content=\"summary_large_image\" \/>\n<meta name=\"twitter:site\" content=\"@Natur_an_Emwelt\" \/>\n<meta name=\"twitter:label1\" content=\"Gesch\u00e4tzte Lesezeit\" \/>\n\t<meta name=\"twitter:data1\" content=\"3\u00a0Minuten\" \/>\n<script type=\"application\/ld+json\" class=\"yoast-schema-graph\">{\"@context\":\"https:\\\/\\\/schema.org\",\"@graph\":[{\"@type\":\"WebPage\",\"@id\":\"https:\\\/\\\/www.naturemweltasbl.lu\\\/de\\\/umweltbildung-de\\\/education-youth-de\\\/\",\"url\":\"https:\\\/\\\/www.naturemweltasbl.lu\\\/de\\\/umweltbildung-de\\\/education-youth-de\\\/\",\"name\":\"Education Youth - DE - natur&amp;\u00ebmwelt a.s.b.l.\",\"isPartOf\":{\"@id\":\"https:\\\/\\\/www.naturemweltasbl.lu\\\/#website\"},\"datePublished\":\"2024-11-04T08:53:05+00:00\",\"dateModified\":\"2026-01-29T12:35:08+00:00\",\"breadcrumb\":{\"@id\":\"https:\\\/\\\/www.naturemweltasbl.lu\\\/de\\\/umweltbildung-de\\\/education-youth-de\\\/#breadcrumb\"},\"inLanguage\":\"de\",\"potentialAction\":[{\"@type\":\"ReadAction\",\"target\":[\"https:\\\/\\\/www.naturemweltasbl.lu\\\/de\\\/umweltbildung-de\\\/education-youth-de\\\/\"]}]},{\"@type\":\"BreadcrumbList\",\"@id\":\"https:\\\/\\\/www.naturemweltasbl.lu\\\/de\\\/umweltbildung-de\\\/education-youth-de\\\/#breadcrumb\",\"itemListElement\":[{\"@type\":\"ListItem\",\"position\":1,\"name\":\"Startseite\",\"item\":\"https:\\\/\\\/www.naturemweltasbl.lu\\\/de\\\/\"},{\"@type\":\"ListItem\",\"position\":2,\"name\":\"Bildung &#8211; DE\",\"item\":\"https:\\\/\\\/www.naturemweltasbl.lu\\\/de\\\/umweltbildung-de\\\/\"},{\"@type\":\"ListItem\",\"position\":3,\"name\":\"Education Youth &#8211; DE\"}]},{\"@type\":\"WebSite\",\"@id\":\"https:\\\/\\\/www.naturemweltasbl.lu\\\/#website\",\"url\":\"https:\\\/\\\/www.naturemweltasbl.lu\\\/\",\"name\":\"natur&\u00ebmwelt a.s.b.l.\",\"description\":\"\",\"publisher\":{\"@id\":\"https:\\\/\\\/www.naturemweltasbl.lu\\\/#organization\"},\"potentialAction\":[{\"@type\":\"SearchAction\",\"target\":{\"@type\":\"EntryPoint\",\"urlTemplate\":\"https:\\\/\\\/www.naturemweltasbl.lu\\\/?s={search_term_string}\"},\"query-input\":{\"@type\":\"PropertyValueSpecification\",\"valueRequired\":true,\"valueName\":\"search_term_string\"}}],\"inLanguage\":\"de\"},{\"@type\":\"Organization\",\"@id\":\"https:\\\/\\\/www.naturemweltasbl.lu\\\/#organization\",\"name\":\"natur&\u00ebmwelt a.s.b.l.\",\"url\":\"https:\\\/\\\/www.naturemweltasbl.lu\\\/\",\"logo\":{\"@type\":\"ImageObject\",\"inLanguage\":\"de\",\"@id\":\"https:\\\/\\\/www.naturemweltasbl.lu\\\/#\\\/schema\\\/logo\\\/image\\\/\",\"url\":\"https:\\\/\\\/www.naturemweltasbl.lu\\\/wp-content\\\/uploads\\\/2024\\\/07\\\/NE_Logo_asbl_RGB-e1720014142276.png\",\"contentUrl\":\"https:\\\/\\\/www.naturemweltasbl.lu\\\/wp-content\\\/uploads\\\/2024\\\/07\\\/NE_Logo_asbl_RGB-e1720014142276.png\",\"width\":432,\"height\":254,\"caption\":\"natur&\u00ebmwelt a.s.b.l.\"},\"image\":{\"@id\":\"https:\\\/\\\/www.naturemweltasbl.lu\\\/#\\\/schema\\\/logo\\\/image\\\/\"},\"sameAs\":[\"https:\\\/\\\/www.facebook.com\\\/naturemwelt\\\/\",\"https:\\\/\\\/x.com\\\/Natur_an_Emwelt\",\"https:\\\/\\\/www.instagram.com\\\/naturemwelt\\\/\",\"https:\\\/\\\/www.youtube.com\\\/user\\\/naturemwelt\",\"https:\\\/\\\/lu.linkedin.com\\\/company\\\/naturemweltasbl?trk=similar-pages\"]}]}<\/script>\n<!-- \/ Yoast SEO plugin. -->","yoast_head_json":{"title":"Education Youth - DE - natur&amp;\u00ebmwelt a.s.b.l.","robots":{"index":"index","follow":"follow","max-snippet":"max-snippet:-1","max-image-preview":"max-image-preview:large","max-video-preview":"max-video-preview:-1"},"canonical":"https:\/\/www.naturemweltasbl.lu\/de\/umweltbildung-de\/education-youth-de\/","og_locale":"de_DE","og_type":"article","og_title":"Education Youth - DE - natur&amp;\u00ebmwelt a.s.b.l.","og_url":"https:\/\/www.naturemweltasbl.lu\/de\/umweltbildung-de\/education-youth-de\/","og_site_name":"natur&amp;\u00ebmwelt a.s.b.l.","article_publisher":"https:\/\/www.facebook.com\/naturemwelt\/","article_modified_time":"2026-01-29T12:35:08+00:00","twitter_card":"summary_large_image","twitter_site":"@Natur_an_Emwelt","twitter_misc":{"Gesch\u00e4tzte Lesezeit":"3\u00a0Minuten"},"schema":{"@context":"https:\/\/schema.org","@graph":[{"@type":"WebPage","@id":"https:\/\/www.naturemweltasbl.lu\/de\/umweltbildung-de\/education-youth-de\/","url":"https:\/\/www.naturemweltasbl.lu\/de\/umweltbildung-de\/education-youth-de\/","name":"Education Youth - DE - natur&amp;\u00ebmwelt a.s.b.l.","isPartOf":{"@id":"https:\/\/www.naturemweltasbl.lu\/#website"},"datePublished":"2024-11-04T08:53:05+00:00","dateModified":"2026-01-29T12:35:08+00:00","breadcrumb":{"@id":"https:\/\/www.naturemweltasbl.lu\/de\/umweltbildung-de\/education-youth-de\/#breadcrumb"},"inLanguage":"de","potentialAction":[{"@type":"ReadAction","target":["https:\/\/www.naturemweltasbl.lu\/de\/umweltbildung-de\/education-youth-de\/"]}]},{"@type":"BreadcrumbList","@id":"https:\/\/www.naturemweltasbl.lu\/de\/umweltbildung-de\/education-youth-de\/#breadcrumb","itemListElement":[{"@type":"ListItem","position":1,"name":"Startseite","item":"https:\/\/www.naturemweltasbl.lu\/de\/"},{"@type":"ListItem","position":2,"name":"Bildung &#8211; DE","item":"https:\/\/www.naturemweltasbl.lu\/de\/umweltbildung-de\/"},{"@type":"ListItem","position":3,"name":"Education Youth &#8211; DE"}]},{"@type":"WebSite","@id":"https:\/\/www.naturemweltasbl.lu\/#website","url":"https:\/\/www.naturemweltasbl.lu\/","name":"natur&\u00ebmwelt a.s.b.l.","description":"","publisher":{"@id":"https:\/\/www.naturemweltasbl.lu\/#organization"},"potentialAction":[{"@type":"SearchAction","target":{"@type":"EntryPoint","urlTemplate":"https:\/\/www.naturemweltasbl.lu\/?s={search_term_string}"},"query-input":{"@type":"PropertyValueSpecification","valueRequired":true,"valueName":"search_term_string"}}],"inLanguage":"de"},{"@type":"Organization","@id":"https:\/\/www.naturemweltasbl.lu\/#organization","name":"natur&\u00ebmwelt a.s.b.l.","url":"https:\/\/www.naturemweltasbl.lu\/","logo":{"@type":"ImageObject","inLanguage":"de","@id":"https:\/\/www.naturemweltasbl.lu\/#\/schema\/logo\/image\/","url":"https:\/\/www.naturemweltasbl.lu\/wp-content\/uploads\/2024\/07\/NE_Logo_asbl_RGB-e1720014142276.png","contentUrl":"https:\/\/www.naturemweltasbl.lu\/wp-content\/uploads\/2024\/07\/NE_Logo_asbl_RGB-e1720014142276.png","width":432,"height":254,"caption":"natur&\u00ebmwelt a.s.b.l."},"image":{"@id":"https:\/\/www.naturemweltasbl.lu\/#\/schema\/logo\/image\/"},"sameAs":["https:\/\/www.facebook.com\/naturemwelt\/","https:\/\/x.com\/Natur_an_Emwelt","https:\/\/www.instagram.com\/naturemwelt\/","https:\/\/www.youtube.com\/user\/naturemwelt","https:\/\/lu.linkedin.com\/company\/naturemweltasbl?trk=similar-pages"]}]}},"_links":{"self":[{"href":"https:\/\/www.naturemweltasbl.lu\/de\/wp-json\/wp\/v2\/pages\/2689","targetHints":{"allow":["GET"]}}],"collection":[{"href":"https:\/\/www.naturemweltasbl.lu\/de\/wp-json\/wp\/v2\/pages"}],"about":[{"href":"https:\/\/www.naturemweltasbl.lu\/de\/wp-json\/wp\/v2\/types\/page"}],"author":[{"embeddable":true,"href":"https:\/\/www.naturemweltasbl.lu\/de\/wp-json\/wp\/v2\/users\/1"}],"replies":[{"embeddable":true,"href":"https:\/\/www.naturemweltasbl.lu\/de\/wp-json\/wp\/v2\/comments?post=2689"}],"version-history":[{"count":18,"href":"https:\/\/www.naturemweltasbl.lu\/de\/wp-json\/wp\/v2\/pages\/2689\/revisions"}],"predecessor-version":[{"id":9703,"href":"https:\/\/www.naturemweltasbl.lu\/de\/wp-json\/wp\/v2\/pages\/2689\/revisions\/9703"}],"up":[{"embeddable":true,"href":"https:\/\/www.naturemweltasbl.lu\/de\/wp-json\/wp\/v2\/pages\/1307"}],"wp:attachment":[{"href":"https:\/\/www.naturemweltasbl.lu\/de\/wp-json\/wp\/v2\/media?parent=2689"}],"wp:term":[{"taxonomy":"folder","embeddable":true,"href":"https:\/\/www.naturemweltasbl.lu\/de\/wp-json\/wp\/v2\/folder?post=2689"}],"curies":[{"name":"wp","href":"https:\/\/api.w.org\/{rel}","templated":true}]}}