{"id":2677,"date":"2024-11-05T09:13:14","date_gmt":"2024-11-05T08:13:14","guid":{"rendered":"https:\/\/cp33msbjmvs.preview.infomaniak.website\/politik-leben-de\/"},"modified":"2025-07-29T11:42:59","modified_gmt":"2025-07-29T09:42:59","slug":"politik-leben-de","status":"publish","type":"page","link":"https:\/\/www.naturemweltasbl.lu\/de\/politik-leben-de\/","title":{"rendered":"Politisches Leben &#8211; DE"},"content":{"rendered":"<p><div class=\"fusion-fullwidth fullwidth-box fusion-builder-row-1 fusion-flex-container has-pattern-background has-mask-background hundred-percent-fullwidth non-hundred-percent-height-scrolling\" style=\"--awb-border-radius-top-left:0px;--awb-border-radius-top-right:0px;--awb-border-radius-bottom-right:0px;--awb-border-radius-bottom-left:0px;--awb-padding-top:0px;--awb-padding-right:0px;--awb-padding-left:0px;--awb-margin-top:0px;--awb-margin-bottom:50px;--awb-background-color:var(--awb-custom_color_4);--awb-flex-wrap:wrap;\" ><div class=\"fusion-builder-row fusion-row fusion-flex-align-items-flex-start fusion-flex-content-wrap\" style=\"width:104% !important;max-width:104% !important;margin-left: calc(-4% \/ 2 );margin-right: calc(-4% \/ 2 );\"><div class=\"fusion-layout-column fusion_builder_column fusion-builder-column-0 fusion_builder_column_1_1 1_1 fusion-flex-column\" style=\"--awb-bg-size:cover;--awb-width-large:100%;--awb-margin-top-large:0px;--awb-spacing-right-large:1.92%;--awb-margin-bottom-large:0px;--awb-spacing-left-large:1.92%;--awb-width-medium:100%;--awb-order-medium:0;--awb-spacing-right-medium:1.92%;--awb-spacing-left-medium:1.92%;--awb-width-small:100%;--awb-order-small:0;--awb-spacing-right-small:1.92%;--awb-spacing-left-small:1.92%;\"><div class=\"fusion-column-wrapper fusion-column-has-shadow fusion-flex-justify-content-flex-start fusion-content-layout-column\"><nav class=\"fusion-breadcrumbs awb-yoast-breadcrumbs fusion-breadcrumbs-1\" style=\"--awb-margin-top:1%;--awb-margin-bottom:2%;--awb-margin-left:5%;--awb-text-color:var(--awb-color5);--awb-breadcrumb-sep:&#039;\/&#039;;\" aria-label=\"Breadcrumb\"><span><span><a href=\"https:\/\/www.naturemweltasbl.lu\/de\/\">Startseite<\/a><\/span><\/span><\/nav><div class=\"fusion-title title fusion-title-1 fusion-sep-none fusion-title-center fusion-title-text fusion-title-size-one\" style=\"--awb-text-color:var(--awb-color5);--awb-margin-bottom:5%;--awb-margin-top-small:10px;--awb-margin-right-small:0px;--awb-margin-bottom-small:10px;--awb-margin-left-small:0px;\"><h1 class=\"fusion-title-heading title-heading-center\" style=\"margin:0;\">Politisches Leben<\/h1><\/div><\/div><\/div><\/div><\/div><div class=\"fusion-fullwidth fullwidth-box fusion-builder-row-2 fusion-flex-container has-pattern-background has-mask-background hundred-percent-fullwidth non-hundred-percent-height-scrolling\" style=\"--awb-border-radius-top-left:0px;--awb-border-radius-top-right:0px;--awb-border-radius-bottom-right:0px;--awb-border-radius-bottom-left:0px;--awb-padding-right-medium:50px;--awb-padding-left-medium:50px;--awb-flex-wrap:wrap;\" ><div class=\"fusion-builder-row fusion-row fusion-flex-align-items-flex-start fusion-flex-content-wrap\" style=\"width:104% !important;max-width:104% !important;margin-left: calc(-4% \/ 2 );margin-right: calc(-4% \/ 2 );\"><div class=\"fusion-layout-column fusion_builder_column fusion-builder-column-1 fusion_builder_column_1_1 1_1 fusion-flex-column\" style=\"--awb-bg-size:cover;--awb-width-large:100%;--awb-margin-top-large:0px;--awb-spacing-right-large:1.92%;--awb-margin-bottom-large:20px;--awb-spacing-left-large:1.92%;--awb-width-medium:100%;--awb-order-medium:0;--awb-spacing-right-medium:1.92%;--awb-spacing-left-medium:1.92%;--awb-width-small:100%;--awb-order-small:0;--awb-spacing-right-small:1.92%;--awb-spacing-left-small:1.92%;\"><div class=\"fusion-column-wrapper fusion-column-has-shadow fusion-flex-justify-content-flex-start fusion-content-layout-column\"><div class=\"fusion-image-element \" style=\"text-align:center;--awb-margin-bottom:50px;--awb-caption-title-font-family:var(--h2_typography-font-family);--awb-caption-title-font-weight:var(--h2_typography-font-weight);--awb-caption-title-font-style:var(--h2_typography-font-style);--awb-caption-title-size:var(--h2_typography-font-size);--awb-caption-title-transform:var(--h2_typography-text-transform);--awb-caption-title-line-height:var(--h2_typography-line-height);--awb-caption-title-letter-spacing:var(--h2_typography-letter-spacing);\"><span class=\" fusion-imageframe imageframe-none imageframe-1 hover-type-none\"><img decoding=\"async\" width=\"1280\" height=\"400\" title=\"Homepage Banners-6\" src=\"https:\/\/www.naturemweltasbl.lu\/\/wp-content\/uploads\/2024\/11\/Homepage-Banners-6.png\" alt class=\"img-responsive wp-image-2742\" srcset=\"https:\/\/www.naturemweltasbl.lu\/wp-content\/uploads\/2024\/11\/Homepage-Banners-6-200x63.png 200w, https:\/\/www.naturemweltasbl.lu\/wp-content\/uploads\/2024\/11\/Homepage-Banners-6-400x125.png 400w, https:\/\/www.naturemweltasbl.lu\/wp-content\/uploads\/2024\/11\/Homepage-Banners-6-600x188.png 600w, https:\/\/www.naturemweltasbl.lu\/wp-content\/uploads\/2024\/11\/Homepage-Banners-6-800x250.png 800w, https:\/\/www.naturemweltasbl.lu\/wp-content\/uploads\/2024\/11\/Homepage-Banners-6-1200x375.png 1200w, https:\/\/www.naturemweltasbl.lu\/wp-content\/uploads\/2024\/11\/Homepage-Banners-6.png 1280w\" sizes=\"(max-width: 640px) 100vw, 1200px\" \/><\/span><\/div><div class=\"fusion-text fusion-text-1\"><p>Der rechtliche und politische Rahmen ist ein wesentlicher Bestandteil, um den Schutz der Natur zu gew\u00e4hrleisten. Als Umweltschutzorganisation muss man vor Ort arbeiten, aber auch bei den politischen Entscheidungstr\u00e4gern Geh\u00f6r finden. natur&amp;\u00ebmwelt bearbeitet, alle politischen Dossiers, die mit unserem Hauptanliegen, der Erhaltung der Biodiversit\u00e4t, zusammenh\u00e4ngen, sowohl auf lokaler, nationaler als auch auf europ\u00e4ischer Ebene, um diese auf allen Ebenen zu f\u00f6rdern.<\/p>\n<p>Die Themen Landwirtschaft, Raumplanung sowie Ressourcen- und Landschaftsschutz werden besonders fokussiert. natur&amp;\u00ebmwelt ist mit der Koordination der Plattform Meng Landwirtschaft\u201e betraut, ist Mitglied der nationalen Plattformen Votum Klima\u201c, One Planet Luxemburg\u201e und beteiligt sich an der Kampagne Ouni Pestiziden\u201c. Auf europ\u00e4ischer Ebene geh\u00f6rt natur&amp;\u00ebmwelt zu den Partnerorganisationen von Birdlife Europe, dem European Environmental Bureau (EEB) und Good Food Good Farming (GFGF), ist aber auch Mitglied der International Union for Conservation of Nature (IUCN).<\/p>\n<\/div><div class=\"fusion-title title fusion-title-2 fusion-sep-none fusion-title-text fusion-title-size-four\" style=\"--awb-margin-top-small:10px;--awb-margin-right-small:0px;--awb-margin-bottom-small:10px;--awb-margin-left-small:0px;\"><h4 class=\"fusion-title-heading title-heading-left\" style=\"margin:0;\">Projekte zum politischen Leben<\/h4><\/div><div class=\"fusion-text fusion-text-2\"><p><b><u><a href=\"https:\/\/www.naturemweltasbl.lu\/de\/votum-klima\/\">Votum Klima<\/a><\/u><\/b><\/p>\n<\/div><div class=\"fusion-text fusion-text-3\"><p><a href=\"https:\/\/www.naturemweltasbl.lu\/de\/meng-landwirtschaft-mai-choix\/\"><b><u>Meng Landwirtschaft \u2013 M\u00e4i Choix<\/u><\/b><\/a><\/p>\n<\/div><\/div><\/div><\/div><\/div><div class=\"fusion-fullwidth fullwidth-box fusion-builder-row-3 fusion-flex-container has-pattern-background has-mask-background nonhundred-percent-fullwidth non-hundred-percent-height-scrolling\" style=\"--awb-border-radius-top-left:0px;--awb-border-radius-top-right:0px;--awb-border-radius-bottom-right:0px;--awb-border-radius-bottom-left:0px;--awb-flex-wrap:wrap;\" ><div class=\"fusion-builder-row fusion-row fusion-flex-align-items-flex-start fusion-flex-content-wrap\" style=\"max-width:1248px;margin-left: calc(-4% \/ 2 );margin-right: calc(-4% \/ 2 );\"><div class=\"fusion-layout-column fusion_builder_column fusion-builder-column-2 fusion_builder_column_1_1 1_1 fusion-flex-column\" style=\"--awb-bg-size:cover;--awb-width-large:100%;--awb-margin-top-large:0px;--awb-spacing-right-large:1.92%;--awb-margin-bottom-large:20px;--awb-spacing-left-large:1.92%;--awb-width-medium:100%;--awb-order-medium:0;--awb-spacing-right-medium:1.92%;--awb-spacing-left-medium:1.92%;--awb-width-small:100%;--awb-order-small:0;--awb-spacing-right-small:1.92%;--awb-spacing-left-small:1.92%;\"><div class=\"fusion-column-wrapper fusion-column-has-shadow fusion-flex-justify-content-flex-start fusion-content-layout-column\"><div class=\"fusion-separator fusion-full-width-sep\" style=\"align-self: center;margin-left: auto;margin-right: auto;flex-grow:2;width:100%;\"><div class=\"fusion-separator-border sep-single sep-solid\" style=\"--awb-height:20px;--awb-amount:20px;border-color:var(--awb-color3);border-top-width:1px;\"><\/div><\/div><div class=\"fusion-title title fusion-title-3 fusion-sep-none fusion-title-center fusion-title-text fusion-title-size-three\" style=\"--awb-margin-top-small:10px;--awb-margin-right-small:0px;--awb-margin-bottom-small:10px;--awb-margin-left-small:0px;\"><h3 class=\"fusion-title-heading title-heading-center\" style=\"margin:0;\"><h3>Erfahren Sie Aktuelles aus dem Politikbereich<\/h3><\/h3><\/div><div class=\"fusion-post-cards fusion-post-cards-1 awb-carousel awb-swiper awb-swiper-carousel awb-swiper-dots-position-bottom\" style=\"--awb-arrow-bgcolor:var(--awb-color5);--awb-arrow-color:var(--awb-custom_color_5);--awb-dots-align:center;--awb-active-filter-border-size:3px;--awb-filters-height:36px;\" data-post-type-label=\"beitr\u00e4ge\" data-autoplay=\"no\" data-autoplayspeed=\"2500\" data-autoplaypause=\"no\" data-loop=\"yes\" data-columns=\"4\" data-columnsmedium=\"0\" data-columnssmall=\"0\" data-itemmargin=\"40\" data-itemwidth=\"180\" data-touchscroll=\"no\" data-freemode=\"no\" data-imagesize=\"auto\" data-scrollitems=\"0\" data-mousepointer=\"default\" data-layout=\"carousel\" data-centeredslides=\"no\" data-shadow=\"no\" data-speed=\"500\" data-rotationangle=\"50\" data-depth=\"100\"><div class=\"swiper-wrapper fusion-flex-align-items-flex-start\"><div class=\"fusion_builder_column fusion-builder-column-3 fusion-flex-column post-card swiper-slide\" style=\"--awb-overflow:hidden;--awb-bg-color:#ffffff;--awb-bg-color-hover:#ffffff;--awb-bg-size:cover;--awb-border-color:var(--awb-color7);--awb-border-top:1px;--awb-border-right:1px;--awb-border-bottom:1px;--awb-border-left:1px;--awb-border-radius:8px 8px 8px 8px;--awb-flex-grow:0;--awb-flex-shrink:0;--awb-flex-grow-medium:0;--awb-flex-shrink-medium:0;--awb-flex-grow-small:0;--awb-flex-shrink-small:0;\"><div class=\"fusion-column-wrapper fusion-flex-justify-content-space-between fusion-content-layout-column fusion-carousel-item-wrapper\"><div class=\"fusion-clean-product-image-wrapper fusion-woo-product-image fusion-post-card-image fusion-post-card-image-1 postcard-custom-image\" data-layout=\"static\"><div  class=\"fusion-image-wrapper\" aria-haspopup=\"true\">\n\t\t\t\t\t\t\t<a href=\"https:\/\/www.naturemweltasbl.lu\/de\/petition-stop-cattenom\/\" aria-label=\"Petition : Stop Cattenom!\">\n\t\t\t\t\t\t\t<img decoding=\"async\" width=\"2560\" height=\"1442\" src=\"https:\/\/www.naturemweltasbl.lu\/wp-content\/uploads\/2026\/03\/Chantiers-nature-2425-Banner-6-scaled.png\" class=\"attachment-full size-full wp-post-image\" alt=\"\" srcset=\"https:\/\/www.naturemweltasbl.lu\/wp-content\/uploads\/2026\/03\/Chantiers-nature-2425-Banner-6-200x113.png 200w, https:\/\/www.naturemweltasbl.lu\/wp-content\/uploads\/2026\/03\/Chantiers-nature-2425-Banner-6-400x225.png 400w, https:\/\/www.naturemweltasbl.lu\/wp-content\/uploads\/2026\/03\/Chantiers-nature-2425-Banner-6-600x338.png 600w, https:\/\/www.naturemweltasbl.lu\/wp-content\/uploads\/2026\/03\/Chantiers-nature-2425-Banner-6-800x451.png 800w, https:\/\/www.naturemweltasbl.lu\/wp-content\/uploads\/2026\/03\/Chantiers-nature-2425-Banner-6-1200x676.png 1200w, https:\/\/www.naturemweltasbl.lu\/wp-content\/uploads\/2026\/03\/Chantiers-nature-2425-Banner-6-scaled.png 2560w\" sizes=\"(min-width: 2200px) 100vw, (min-width: 856px) 270px, (min-width: 784px) 360px, (min-width: 712px) 540px, (min-width: 640px) 712px, \" \/>\t\t\t<\/a>\n\t\t\t\t\t\t\t<\/div>\n<\/div><div class=\"fusion-separator fusion-full-width-sep\" style=\"align-self: center;margin-left: auto;margin-right: auto;flex-grow:1;width:100%;\"><\/div><div class=\"fusion-title title fusion-title-4 fusion-sep-none fusion-title-text fusion-title-size-four Titre-No-underline\" style=\"--awb-text-color:var(--awb-color5);--awb-margin-right:5%;--awb-margin-left:5%;--awb-margin-top-small:10px;--awb-margin-right-small:0px;--awb-margin-bottom-small:10px;--awb-margin-left-small:0px;\"><h4 class=\"fusion-title-heading title-heading-left\" style=\"margin:0;\"><a href=\"https:\/\/www.naturemweltasbl.lu\/de\/petition-stop-cattenom\/\" class=\"awb-custom-text-color awb-custom-text-hover-color\" target=\"_self\">Petition : Stop Cattenom!<\/a><\/h4><\/div><div class=\"fusion-meta-tb fusion-meta-tb-1 floated\" style=\"--awb-height:36px;--awb-margin-left:5%;--awb-margin-right:5%;--awb-text-color:var(--awb-color6);--awb-border-color:rgba(216,216,216,0);--awb-alignment-medium:flex-start;--awb-alignment-small:flex-start;\"><span class=\"fusion-tb-published-date\">24. M\u00e4rz 2026<\/span><span class=\"fusion-meta-tb-sep\"><\/span><\/div><div class=\"fusion-content-tb fusion-content-tb-1\" style=\"--awb-text-color:var(--awb-color5);--awb-margin-left:5%;--awb-margin-right:5%;\"><p> Das Kernkraftwerk Cattenom, in unmittelbarer N\u00e4he zu Luxemburg gelegen, gibt weiterhin Anlass zu gro\u00dfer Besorgnis in Bezug auf Sicherheit, \u00f6ffentliche Gesundheit und Umwelt. Angesichts dieser Herausforderungen ruft eine B\u00fcrgerpetition zur Schlie\u00dfung des Kraftwerks[...]<\/p><\/div><div class=\"fusion-title title fusion-title-5 fusion-sep-none fusion-title-text fusion-title-size-five\" style=\"--awb-text-color:var(--awb-color5);--awb-margin-right:5%;--awb-margin-bottom:5%;--awb-margin-left:5%;--awb-margin-top-small:10px;--awb-margin-right-small:0px;--awb-margin-bottom-small:10px;--awb-margin-left-small:0px;\"><h5 class=\"fusion-title-heading title-heading-left\" style=\"margin:0;\"><a href=\"https:\/\/www.naturemweltasbl.lu\/de\/petition-stop-cattenom\/\" class=\"awb-custom-text-color awb-custom-text-hover-color\" target=\"_self\"><u>Weitere Informationen<\/u><\/a><\/h5><\/div><\/div><\/div>\n<div class=\"fusion_builder_column fusion-builder-column-4 fusion-flex-column post-card swiper-slide\" style=\"--awb-overflow:hidden;--awb-bg-color:#ffffff;--awb-bg-color-hover:#ffffff;--awb-bg-size:cover;--awb-border-color:var(--awb-color7);--awb-border-top:1px;--awb-border-right:1px;--awb-border-bottom:1px;--awb-border-left:1px;--awb-border-radius:8px 8px 8px 8px;--awb-flex-grow:0;--awb-flex-shrink:0;--awb-flex-grow-medium:0;--awb-flex-shrink-medium:0;--awb-flex-grow-small:0;--awb-flex-shrink-small:0;\"><div class=\"fusion-column-wrapper fusion-flex-justify-content-space-between fusion-content-layout-column fusion-carousel-item-wrapper\"><div class=\"fusion-clean-product-image-wrapper fusion-woo-product-image fusion-post-card-image fusion-post-card-image-1 postcard-custom-image\" data-layout=\"static\"><div  class=\"fusion-image-wrapper\" aria-haspopup=\"true\">\n\t\t\t\t\t\t\t<a href=\"https:\/\/www.naturemweltasbl.lu\/de\/meng-landwirtschaft-eingriff-in-die-evolution\/\" aria-label=\"MENG LANDWIRTSCHAFT: Eingriff in die Evolution\">\n\t\t\t\t\t\t\t<img decoding=\"async\" width=\"2560\" height=\"1097\" src=\"https:\/\/www.naturemweltasbl.lu\/wp-content\/uploads\/2026\/03\/AdobeStock_883052887-scaled.jpeg\" class=\"attachment-full size-full wp-post-image\" alt=\"\" srcset=\"https:\/\/www.naturemweltasbl.lu\/wp-content\/uploads\/2026\/03\/AdobeStock_883052887-200x86.jpeg 200w, https:\/\/www.naturemweltasbl.lu\/wp-content\/uploads\/2026\/03\/AdobeStock_883052887-400x171.jpeg 400w, https:\/\/www.naturemweltasbl.lu\/wp-content\/uploads\/2026\/03\/AdobeStock_883052887-600x257.jpeg 600w, https:\/\/www.naturemweltasbl.lu\/wp-content\/uploads\/2026\/03\/AdobeStock_883052887-800x343.jpeg 800w, https:\/\/www.naturemweltasbl.lu\/wp-content\/uploads\/2026\/03\/AdobeStock_883052887-1200x514.jpeg 1200w, https:\/\/www.naturemweltasbl.lu\/wp-content\/uploads\/2026\/03\/AdobeStock_883052887-scaled.jpeg 2560w\" sizes=\"(min-width: 2200px) 100vw, (min-width: 856px) 270px, (min-width: 784px) 360px, (min-width: 712px) 540px, (min-width: 640px) 712px, \" \/>\t\t\t<\/a>\n\t\t\t\t\t\t\t<\/div>\n<\/div><div class=\"fusion-separator fusion-full-width-sep\" style=\"align-self: center;margin-left: auto;margin-right: auto;flex-grow:1;width:100%;\"><\/div><div class=\"fusion-title title fusion-title-6 fusion-sep-none fusion-title-text fusion-title-size-four Titre-No-underline\" style=\"--awb-text-color:var(--awb-color5);--awb-margin-right:5%;--awb-margin-left:5%;--awb-margin-top-small:10px;--awb-margin-right-small:0px;--awb-margin-bottom-small:10px;--awb-margin-left-small:0px;\"><h4 class=\"fusion-title-heading title-heading-left\" style=\"margin:0;\"><a href=\"https:\/\/www.naturemweltasbl.lu\/de\/meng-landwirtschaft-eingriff-in-die-evolution\/\" class=\"awb-custom-text-color awb-custom-text-hover-color\" target=\"_self\">MENG LANDWIRTSCHAFT: Eingriff in die Evolution<\/a><\/h4><\/div><div class=\"fusion-meta-tb fusion-meta-tb-2 floated\" style=\"--awb-height:36px;--awb-margin-left:5%;--awb-margin-right:5%;--awb-text-color:var(--awb-color6);--awb-border-color:rgba(216,216,216,0);--awb-alignment-medium:flex-start;--awb-alignment-small:flex-start;\"><span class=\"fusion-tb-published-date\">5. M\u00e4rz 2026<\/span><span class=\"fusion-meta-tb-sep\"><\/span><\/div><div class=\"fusion-content-tb fusion-content-tb-2\" style=\"--awb-text-color:var(--awb-color5);--awb-margin-left:5%;--awb-margin-right:5%;\"><p>Warum Pflanzen aus Neuer Gentechnik nicht dereguliert werden d\u00fcrfenVortrag mit dem Gentechnikexperten Dr. Christoph Then Wann?Mittwoch, den 18. M\u00e4rz 2026, 19 Uhr Wo?Oekozenter Pafendall6 rue VaubanL-2663 Luxemburg Die Plattform Meng Landwirtschaft l\u00e4dt anl\u00e4sslich der[...]<\/p><\/div><div class=\"fusion-title title fusion-title-7 fusion-sep-none fusion-title-text fusion-title-size-five\" style=\"--awb-text-color:var(--awb-color5);--awb-margin-right:5%;--awb-margin-bottom:5%;--awb-margin-left:5%;--awb-margin-top-small:10px;--awb-margin-right-small:0px;--awb-margin-bottom-small:10px;--awb-margin-left-small:0px;\"><h5 class=\"fusion-title-heading title-heading-left\" style=\"margin:0;\"><a href=\"https:\/\/www.naturemweltasbl.lu\/de\/meng-landwirtschaft-eingriff-in-die-evolution\/\" class=\"awb-custom-text-color awb-custom-text-hover-color\" target=\"_self\"><u>Weitere Informationen<\/u><\/a><\/h5><\/div><\/div><\/div>\n<div class=\"fusion_builder_column fusion-builder-column-5 fusion-flex-column post-card swiper-slide\" style=\"--awb-overflow:hidden;--awb-bg-color:#ffffff;--awb-bg-color-hover:#ffffff;--awb-bg-size:cover;--awb-border-color:var(--awb-color7);--awb-border-top:1px;--awb-border-right:1px;--awb-border-bottom:1px;--awb-border-left:1px;--awb-border-radius:8px 8px 8px 8px;--awb-flex-grow:0;--awb-flex-shrink:0;--awb-flex-grow-medium:0;--awb-flex-shrink-medium:0;--awb-flex-grow-small:0;--awb-flex-shrink-small:0;\"><div class=\"fusion-column-wrapper fusion-flex-justify-content-space-between fusion-content-layout-column fusion-carousel-item-wrapper\"><div class=\"fusion-clean-product-image-wrapper fusion-woo-product-image fusion-post-card-image fusion-post-card-image-1 postcard-custom-image\" data-layout=\"static\"><div  class=\"fusion-image-wrapper\" aria-haspopup=\"true\">\n\t\t\t\t\t\t\t<a href=\"https:\/\/www.naturemweltasbl.lu\/de\/vogel-des-jahres-2026\/\" aria-label=\"Die Uferschwalbe ist Vogel des Jahres 2026\">\n\t\t\t\t\t\t\t<img decoding=\"async\" width=\"1771\" height=\"1181\" src=\"https:\/\/www.naturemweltasbl.lu\/wp-content\/uploads\/2026\/02\/Cover_Vull-vum-Joer-2026.jpg\" class=\"attachment-full size-full wp-post-image\" alt=\"\" srcset=\"https:\/\/www.naturemweltasbl.lu\/wp-content\/uploads\/2026\/02\/Cover_Vull-vum-Joer-2026-200x133.jpg 200w, https:\/\/www.naturemweltasbl.lu\/wp-content\/uploads\/2026\/02\/Cover_Vull-vum-Joer-2026-400x267.jpg 400w, https:\/\/www.naturemweltasbl.lu\/wp-content\/uploads\/2026\/02\/Cover_Vull-vum-Joer-2026-600x400.jpg 600w, https:\/\/www.naturemweltasbl.lu\/wp-content\/uploads\/2026\/02\/Cover_Vull-vum-Joer-2026-800x533.jpg 800w, https:\/\/www.naturemweltasbl.lu\/wp-content\/uploads\/2026\/02\/Cover_Vull-vum-Joer-2026-1200x800.jpg 1200w, https:\/\/www.naturemweltasbl.lu\/wp-content\/uploads\/2026\/02\/Cover_Vull-vum-Joer-2026.jpg 1771w\" sizes=\"(min-width: 2200px) 100vw, (min-width: 856px) 270px, (min-width: 784px) 360px, (min-width: 712px) 540px, (min-width: 640px) 712px, \" \/>\t\t\t<\/a>\n\t\t\t\t\t\t\t<\/div>\n<\/div><div class=\"fusion-separator fusion-full-width-sep\" style=\"align-self: center;margin-left: auto;margin-right: auto;flex-grow:1;width:100%;\"><\/div><div class=\"fusion-title title fusion-title-8 fusion-sep-none fusion-title-text fusion-title-size-four Titre-No-underline\" style=\"--awb-text-color:var(--awb-color5);--awb-margin-right:5%;--awb-margin-left:5%;--awb-margin-top-small:10px;--awb-margin-right-small:0px;--awb-margin-bottom-small:10px;--awb-margin-left-small:0px;\"><h4 class=\"fusion-title-heading title-heading-left\" style=\"margin:0;\"><a href=\"https:\/\/www.naturemweltasbl.lu\/de\/vogel-des-jahres-2026\/\" class=\"awb-custom-text-color awb-custom-text-hover-color\" target=\"_self\">Die Uferschwalbe ist Vogel des Jahres 2026<\/a><\/h4><\/div><div class=\"fusion-meta-tb fusion-meta-tb-3 floated\" style=\"--awb-height:36px;--awb-margin-left:5%;--awb-margin-right:5%;--awb-text-color:var(--awb-color6);--awb-border-color:rgba(216,216,216,0);--awb-alignment-medium:flex-start;--awb-alignment-small:flex-start;\"><span class=\"fusion-tb-published-date\">23. Februar 2026<\/span><span class=\"fusion-meta-tb-sep\"><\/span><\/div><div class=\"fusion-content-tb fusion-content-tb-3\" style=\"--awb-text-color:var(--awb-color5);--awb-margin-left:5%;--awb-margin-right:5%;\"><p>Die Uferschwalbe, auf Luxemburgisch auch Sandschmuewel genannt, wurde von natur&amp;\u00ebmwelt zum Vogel des Jahres 2026 gekr\u00f6nt.           Diese \u00fcberaus wendige Schwalbe zieht ihre Brut im[...]<\/p><\/div><div class=\"fusion-title title fusion-title-9 fusion-sep-none fusion-title-text fusion-title-size-five\" style=\"--awb-text-color:var(--awb-color5);--awb-margin-right:5%;--awb-margin-bottom:5%;--awb-margin-left:5%;--awb-margin-top-small:10px;--awb-margin-right-small:0px;--awb-margin-bottom-small:10px;--awb-margin-left-small:0px;\"><h5 class=\"fusion-title-heading title-heading-left\" style=\"margin:0;\"><a href=\"https:\/\/www.naturemweltasbl.lu\/de\/vogel-des-jahres-2026\/\" class=\"awb-custom-text-color awb-custom-text-hover-color\" target=\"_self\"><u>Weitere Informationen<\/u><\/a><\/h5><\/div><\/div><\/div>\n<div class=\"fusion_builder_column fusion-builder-column-6 fusion-flex-column post-card swiper-slide\" style=\"--awb-overflow:hidden;--awb-bg-color:#ffffff;--awb-bg-color-hover:#ffffff;--awb-bg-size:cover;--awb-border-color:var(--awb-color7);--awb-border-top:1px;--awb-border-right:1px;--awb-border-bottom:1px;--awb-border-left:1px;--awb-border-radius:8px 8px 8px 8px;--awb-flex-grow:0;--awb-flex-shrink:0;--awb-flex-grow-medium:0;--awb-flex-shrink-medium:0;--awb-flex-grow-small:0;--awb-flex-shrink-small:0;\"><div class=\"fusion-column-wrapper fusion-flex-justify-content-space-between fusion-content-layout-column fusion-carousel-item-wrapper\"><div class=\"fusion-clean-product-image-wrapper fusion-woo-product-image fusion-post-card-image fusion-post-card-image-1 postcard-custom-image\" data-layout=\"static\"><div  class=\"fusion-image-wrapper\" aria-haspopup=\"true\">\n\t\t\t\t\t\t\t<a href=\"https:\/\/www.naturemweltasbl.lu\/de\/earth-overshoot-day-2026\/\" aria-label=\"Earth Overshoot Day 2026: Luxemburg, das zweitgr\u00f6\u00dfte Land der Welt?\">\n\t\t\t\t\t\t\t<img decoding=\"async\" width=\"1771\" height=\"1181\" src=\"https:\/\/www.naturemweltasbl.lu\/wp-content\/uploads\/2026\/02\/Earth-Overshoot-Day-2026.jpg\" class=\"attachment-full size-full wp-post-image\" alt=\"\" srcset=\"https:\/\/www.naturemweltasbl.lu\/wp-content\/uploads\/2026\/02\/Earth-Overshoot-Day-2026-200x133.jpg 200w, https:\/\/www.naturemweltasbl.lu\/wp-content\/uploads\/2026\/02\/Earth-Overshoot-Day-2026-400x267.jpg 400w, https:\/\/www.naturemweltasbl.lu\/wp-content\/uploads\/2026\/02\/Earth-Overshoot-Day-2026-600x400.jpg 600w, https:\/\/www.naturemweltasbl.lu\/wp-content\/uploads\/2026\/02\/Earth-Overshoot-Day-2026-800x533.jpg 800w, https:\/\/www.naturemweltasbl.lu\/wp-content\/uploads\/2026\/02\/Earth-Overshoot-Day-2026-1200x800.jpg 1200w, https:\/\/www.naturemweltasbl.lu\/wp-content\/uploads\/2026\/02\/Earth-Overshoot-Day-2026.jpg 1771w\" sizes=\"(min-width: 2200px) 100vw, (min-width: 856px) 270px, (min-width: 784px) 360px, (min-width: 712px) 540px, (min-width: 640px) 712px, \" \/>\t\t\t<\/a>\n\t\t\t\t\t\t\t<\/div>\n<\/div><div class=\"fusion-separator fusion-full-width-sep\" style=\"align-self: center;margin-left: auto;margin-right: auto;flex-grow:1;width:100%;\"><\/div><div class=\"fusion-title title fusion-title-10 fusion-sep-none fusion-title-text fusion-title-size-four Titre-No-underline\" style=\"--awb-text-color:var(--awb-color5);--awb-margin-right:5%;--awb-margin-left:5%;--awb-margin-top-small:10px;--awb-margin-right-small:0px;--awb-margin-bottom-small:10px;--awb-margin-left-small:0px;\"><h4 class=\"fusion-title-heading title-heading-left\" style=\"margin:0;\"><a href=\"https:\/\/www.naturemweltasbl.lu\/de\/earth-overshoot-day-2026\/\" class=\"awb-custom-text-color awb-custom-text-hover-color\" target=\"_self\">Earth Overshoot Day 2026: Luxemburg, das zweitgr\u00f6\u00dfte Land der Welt?<\/a><\/h4><\/div><div class=\"fusion-meta-tb fusion-meta-tb-4 floated\" style=\"--awb-height:36px;--awb-margin-left:5%;--awb-margin-right:5%;--awb-text-color:var(--awb-color6);--awb-border-color:rgba(216,216,216,0);--awb-alignment-medium:flex-start;--awb-alignment-small:flex-start;\"><span class=\"fusion-tb-published-date\">17. Februar 2026<\/span><span class=\"fusion-meta-tb-sep\"><\/span><\/div><div class=\"fusion-content-tb fusion-content-tb-4\" style=\"--awb-text-color:var(--awb-color5);--awb-margin-left:5%;--awb-margin-right:5%;\"><p>Anl\u00e4sslich des Earth Overshoot Day 2026, der in Luxemburg auf Dienstag, den 17. Februar f\u00e4llt, ver\u00f6ffentlicht Votum Klima eine Weltkarte, auf der die L\u00e4nder entsprechend ihres \u00f6kologischen Fu\u00dfabdrucks dargestellt sind. Das Ergebnis ist beeindruckend:[...]<\/p><\/div><div class=\"fusion-title title fusion-title-11 fusion-sep-none fusion-title-text fusion-title-size-five\" style=\"--awb-text-color:var(--awb-color5);--awb-margin-right:5%;--awb-margin-bottom:5%;--awb-margin-left:5%;--awb-margin-top-small:10px;--awb-margin-right-small:0px;--awb-margin-bottom-small:10px;--awb-margin-left-small:0px;\"><h5 class=\"fusion-title-heading title-heading-left\" style=\"margin:0;\"><a href=\"https:\/\/www.naturemweltasbl.lu\/de\/earth-overshoot-day-2026\/\" class=\"awb-custom-text-color awb-custom-text-hover-color\" target=\"_self\"><u>Weitere Informationen<\/u><\/a><\/h5><\/div><\/div><\/div>\n<div class=\"fusion_builder_column fusion-builder-column-7 fusion-flex-column post-card swiper-slide\" style=\"--awb-overflow:hidden;--awb-bg-color:#ffffff;--awb-bg-color-hover:#ffffff;--awb-bg-size:cover;--awb-border-color:var(--awb-color7);--awb-border-top:1px;--awb-border-right:1px;--awb-border-bottom:1px;--awb-border-left:1px;--awb-border-radius:8px 8px 8px 8px;--awb-flex-grow:0;--awb-flex-shrink:0;--awb-flex-grow-medium:0;--awb-flex-shrink-medium:0;--awb-flex-grow-small:0;--awb-flex-shrink-small:0;\"><div class=\"fusion-column-wrapper fusion-flex-justify-content-space-between fusion-content-layout-column fusion-carousel-item-wrapper\"><div class=\"fusion-clean-product-image-wrapper fusion-woo-product-image fusion-post-card-image fusion-post-card-image-1 postcard-custom-image\" data-layout=\"static\"><div  class=\"fusion-image-wrapper\" aria-haspopup=\"true\">\n\t\t\t\t\t\t\t<a href=\"https:\/\/www.naturemweltasbl.lu\/de\/water-framework-directive\/\" aria-label=\"EU Water Framework Directive: EU r\u00fcgt Luxemburg\">\n\t\t\t\t\t\t\t<img decoding=\"async\" width=\"1771\" height=\"1181\" src=\"https:\/\/www.naturemweltasbl.lu\/wp-content\/uploads\/2026\/02\/EU-WFD-Canva.jpg\" class=\"attachment-full size-full wp-post-image\" alt=\"\" srcset=\"https:\/\/www.naturemweltasbl.lu\/wp-content\/uploads\/2026\/02\/EU-WFD-Canva-200x133.jpg 200w, https:\/\/www.naturemweltasbl.lu\/wp-content\/uploads\/2026\/02\/EU-WFD-Canva-400x267.jpg 400w, https:\/\/www.naturemweltasbl.lu\/wp-content\/uploads\/2026\/02\/EU-WFD-Canva-600x400.jpg 600w, https:\/\/www.naturemweltasbl.lu\/wp-content\/uploads\/2026\/02\/EU-WFD-Canva-800x533.jpg 800w, https:\/\/www.naturemweltasbl.lu\/wp-content\/uploads\/2026\/02\/EU-WFD-Canva-1200x800.jpg 1200w, https:\/\/www.naturemweltasbl.lu\/wp-content\/uploads\/2026\/02\/EU-WFD-Canva.jpg 1771w\" sizes=\"(min-width: 2200px) 100vw, (min-width: 856px) 270px, (min-width: 784px) 360px, (min-width: 712px) 540px, (min-width: 640px) 712px, \" \/>\t\t\t<\/a>\n\t\t\t\t\t\t\t<\/div>\n<\/div><div class=\"fusion-separator fusion-full-width-sep\" style=\"align-self: center;margin-left: auto;margin-right: auto;flex-grow:1;width:100%;\"><\/div><div class=\"fusion-title title fusion-title-12 fusion-sep-none fusion-title-text fusion-title-size-four Titre-No-underline\" style=\"--awb-text-color:var(--awb-color5);--awb-margin-right:5%;--awb-margin-left:5%;--awb-margin-top-small:10px;--awb-margin-right-small:0px;--awb-margin-bottom-small:10px;--awb-margin-left-small:0px;\"><h4 class=\"fusion-title-heading title-heading-left\" style=\"margin:0;\"><a href=\"https:\/\/www.naturemweltasbl.lu\/de\/water-framework-directive\/\" class=\"awb-custom-text-color awb-custom-text-hover-color\" target=\"_self\">EU Water Framework Directive: EU r\u00fcgt Luxemburg<\/a><\/h4><\/div><div class=\"fusion-meta-tb fusion-meta-tb-5 floated\" style=\"--awb-height:36px;--awb-margin-left:5%;--awb-margin-right:5%;--awb-text-color:var(--awb-color6);--awb-border-color:rgba(216,216,216,0);--awb-alignment-medium:flex-start;--awb-alignment-small:flex-start;\"><span class=\"fusion-tb-published-date\">4. Februar 2026<\/span><span class=\"fusion-meta-tb-sep\"><\/span><\/div><div class=\"fusion-content-tb fusion-content-tb-5\" style=\"--awb-text-color:var(--awb-color5);--awb-margin-left:5%;--awb-margin-right:5%;\"><p>Ende Januar hat die Europ\u00e4ische Kommission ein Vertragsverletzungsverfahren gegen Luxemburg eingeleitet, da zentrale Vorgaben der EU-Wasserrahmenrichtlinie nicht korrekt umgesetzt werden. Konkret kritisiert die Kommission, dass zahlreiche Genehmigungen zur Entnahme von Grund- und Oberfl\u00e4chenwasser nicht[...]<\/p><\/div><div class=\"fusion-title title fusion-title-13 fusion-sep-none fusion-title-text fusion-title-size-five\" style=\"--awb-text-color:var(--awb-color5);--awb-margin-right:5%;--awb-margin-bottom:5%;--awb-margin-left:5%;--awb-margin-top-small:10px;--awb-margin-right-small:0px;--awb-margin-bottom-small:10px;--awb-margin-left-small:0px;\"><h5 class=\"fusion-title-heading title-heading-left\" style=\"margin:0;\"><a href=\"https:\/\/www.naturemweltasbl.lu\/de\/water-framework-directive\/\" class=\"awb-custom-text-color awb-custom-text-hover-color\" target=\"_self\"><u>Weitere Informationen<\/u><\/a><\/h5><\/div><\/div><\/div>\n<div class=\"fusion_builder_column fusion-builder-column-8 fusion-flex-column post-card swiper-slide\" style=\"--awb-overflow:hidden;--awb-bg-color:#ffffff;--awb-bg-color-hover:#ffffff;--awb-bg-size:cover;--awb-border-color:var(--awb-color7);--awb-border-top:1px;--awb-border-right:1px;--awb-border-bottom:1px;--awb-border-left:1px;--awb-border-radius:8px 8px 8px 8px;--awb-flex-grow:0;--awb-flex-shrink:0;--awb-flex-grow-medium:0;--awb-flex-shrink-medium:0;--awb-flex-grow-small:0;--awb-flex-shrink-small:0;\"><div class=\"fusion-column-wrapper fusion-flex-justify-content-space-between fusion-content-layout-column fusion-carousel-item-wrapper\"><div class=\"fusion-clean-product-image-wrapper fusion-woo-product-image fusion-post-card-image fusion-post-card-image-1 postcard-custom-image\" data-layout=\"static\"><div  class=\"fusion-image-wrapper\" aria-haspopup=\"true\">\n\t\t\t\t\t\t\t<a href=\"https:\/\/www.naturemweltasbl.lu\/de\/nrp-luxemburg\/\" aria-label=\"EU Nature Restoration Regulation: Luxemburg droht wertvolle Zeit zu verlieren\">\n\t\t\t\t\t\t\t<img decoding=\"async\" width=\"1771\" height=\"1181\" src=\"https:\/\/www.naturemweltasbl.lu\/wp-content\/uploads\/2026\/01\/NRP_Cover.jpg\" class=\"attachment-full size-full wp-post-image\" alt=\"\" srcset=\"https:\/\/www.naturemweltasbl.lu\/wp-content\/uploads\/2026\/01\/NRP_Cover-200x133.jpg 200w, https:\/\/www.naturemweltasbl.lu\/wp-content\/uploads\/2026\/01\/NRP_Cover-400x267.jpg 400w, https:\/\/www.naturemweltasbl.lu\/wp-content\/uploads\/2026\/01\/NRP_Cover-600x400.jpg 600w, https:\/\/www.naturemweltasbl.lu\/wp-content\/uploads\/2026\/01\/NRP_Cover-800x533.jpg 800w, https:\/\/www.naturemweltasbl.lu\/wp-content\/uploads\/2026\/01\/NRP_Cover-1200x800.jpg 1200w, https:\/\/www.naturemweltasbl.lu\/wp-content\/uploads\/2026\/01\/NRP_Cover.jpg 1771w\" sizes=\"(min-width: 2200px) 100vw, (min-width: 856px) 270px, (min-width: 784px) 360px, (min-width: 712px) 540px, (min-width: 640px) 712px, \" \/>\t\t\t<\/a>\n\t\t\t\t\t\t\t<\/div>\n<\/div><div class=\"fusion-separator fusion-full-width-sep\" style=\"align-self: center;margin-left: auto;margin-right: auto;flex-grow:1;width:100%;\"><\/div><div class=\"fusion-title title fusion-title-14 fusion-sep-none fusion-title-text fusion-title-size-four Titre-No-underline\" style=\"--awb-text-color:var(--awb-color5);--awb-margin-right:5%;--awb-margin-left:5%;--awb-margin-top-small:10px;--awb-margin-right-small:0px;--awb-margin-bottom-small:10px;--awb-margin-left-small:0px;\"><h4 class=\"fusion-title-heading title-heading-left\" style=\"margin:0;\"><a href=\"https:\/\/www.naturemweltasbl.lu\/de\/nrp-luxemburg\/\" class=\"awb-custom-text-color awb-custom-text-hover-color\" target=\"_self\">EU Nature Restoration Regulation: Luxemburg droht wertvolle Zeit zu verlieren<\/a><\/h4><\/div><div class=\"fusion-meta-tb fusion-meta-tb-6 floated\" style=\"--awb-height:36px;--awb-margin-left:5%;--awb-margin-right:5%;--awb-text-color:var(--awb-color6);--awb-border-color:rgba(216,216,216,0);--awb-alignment-medium:flex-start;--awb-alignment-small:flex-start;\"><span class=\"fusion-tb-published-date\">15. Januar 2026<\/span><span class=\"fusion-meta-tb-sep\"><\/span><\/div><div class=\"fusion-content-tb fusion-content-tb-6\" style=\"--awb-text-color:var(--awb-color5);--awb-margin-left:5%;--awb-margin-right:5%;\"><p>Halbzeit beim EU-Renaturierungsgesetz \u2013 zu diesem Anlass haben NGOs aus ganz Europa die Umsetzung der \u201eNature Restoration Law\u201c in ihrem Land unter die Lupe genommen und bewertet. So auch natur&amp;\u00ebmwelt a.s.b.l. und der Mouvement[...]<\/p><\/div><div class=\"fusion-title title fusion-title-15 fusion-sep-none fusion-title-text fusion-title-size-five\" style=\"--awb-text-color:var(--awb-color5);--awb-margin-right:5%;--awb-margin-bottom:5%;--awb-margin-left:5%;--awb-margin-top-small:10px;--awb-margin-right-small:0px;--awb-margin-bottom-small:10px;--awb-margin-left-small:0px;\"><h5 class=\"fusion-title-heading title-heading-left\" style=\"margin:0;\"><a href=\"https:\/\/www.naturemweltasbl.lu\/de\/nrp-luxemburg\/\" class=\"awb-custom-text-color awb-custom-text-hover-color\" target=\"_self\"><u>Weitere Informationen<\/u><\/a><\/h5><\/div><\/div><\/div>\n<div class=\"fusion_builder_column fusion-builder-column-9 fusion-flex-column post-card swiper-slide\" style=\"--awb-overflow:hidden;--awb-bg-color:#ffffff;--awb-bg-color-hover:#ffffff;--awb-bg-size:cover;--awb-border-color:var(--awb-color7);--awb-border-top:1px;--awb-border-right:1px;--awb-border-bottom:1px;--awb-border-left:1px;--awb-border-radius:8px 8px 8px 8px;--awb-flex-grow:0;--awb-flex-shrink:0;--awb-flex-grow-medium:0;--awb-flex-shrink-medium:0;--awb-flex-grow-small:0;--awb-flex-shrink-small:0;\"><div class=\"fusion-column-wrapper fusion-flex-justify-content-space-between fusion-content-layout-column fusion-carousel-item-wrapper\"><div class=\"fusion-clean-product-image-wrapper fusion-woo-product-image fusion-post-card-image fusion-post-card-image-1 postcard-custom-image\" data-layout=\"static\"><div  class=\"fusion-image-wrapper\" aria-haspopup=\"true\">\n\t\t\t\t\t\t\t<a href=\"https:\/\/www.naturemweltasbl.lu\/de\/votum-klima-cop30-2\/\" aria-label=\"Kaffi a Klima: ein festliches und engagiertes Treffen f\u00fcr Klimagerechtigkeit\">\n\t\t\t\t\t\t\t<img decoding=\"async\" width=\"1772\" height=\"1181\" src=\"https:\/\/www.naturemweltasbl.lu\/wp-content\/uploads\/2025\/11\/\u00a9Votum-Klima-2.jpg\" class=\"attachment-full size-full wp-post-image\" alt=\"\" srcset=\"https:\/\/www.naturemweltasbl.lu\/wp-content\/uploads\/2025\/11\/\u00a9Votum-Klima-2-200x133.jpg 200w, https:\/\/www.naturemweltasbl.lu\/wp-content\/uploads\/2025\/11\/\u00a9Votum-Klima-2-400x267.jpg 400w, https:\/\/www.naturemweltasbl.lu\/wp-content\/uploads\/2025\/11\/\u00a9Votum-Klima-2-600x400.jpg 600w, https:\/\/www.naturemweltasbl.lu\/wp-content\/uploads\/2025\/11\/\u00a9Votum-Klima-2-800x533.jpg 800w, https:\/\/www.naturemweltasbl.lu\/wp-content\/uploads\/2025\/11\/\u00a9Votum-Klima-2-1200x800.jpg 1200w, https:\/\/www.naturemweltasbl.lu\/wp-content\/uploads\/2025\/11\/\u00a9Votum-Klima-2.jpg 1772w\" sizes=\"(min-width: 2200px) 100vw, (min-width: 856px) 270px, (min-width: 784px) 360px, (min-width: 712px) 540px, (min-width: 640px) 712px, \" \/>\t\t\t<\/a>\n\t\t\t\t\t\t\t<\/div>\n<\/div><div class=\"fusion-separator fusion-full-width-sep\" style=\"align-self: center;margin-left: auto;margin-right: auto;flex-grow:1;width:100%;\"><\/div><div class=\"fusion-title title fusion-title-16 fusion-sep-none fusion-title-text fusion-title-size-four Titre-No-underline\" style=\"--awb-text-color:var(--awb-color5);--awb-margin-right:5%;--awb-margin-left:5%;--awb-margin-top-small:10px;--awb-margin-right-small:0px;--awb-margin-bottom-small:10px;--awb-margin-left-small:0px;\"><h4 class=\"fusion-title-heading title-heading-left\" style=\"margin:0;\"><a href=\"https:\/\/www.naturemweltasbl.lu\/de\/votum-klima-cop30-2\/\" class=\"awb-custom-text-color awb-custom-text-hover-color\" target=\"_self\">Kaffi a Klima: ein festliches und engagiertes Treffen f\u00fcr Klimagerechtigkeit<\/a><\/h4><\/div><div class=\"fusion-meta-tb fusion-meta-tb-7 floated\" style=\"--awb-height:36px;--awb-margin-left:5%;--awb-margin-right:5%;--awb-text-color:var(--awb-color6);--awb-border-color:rgba(216,216,216,0);--awb-alignment-medium:flex-start;--awb-alignment-small:flex-start;\"><span class=\"fusion-tb-published-date\">17. November 2025<\/span><span class=\"fusion-meta-tb-sep\"><\/span><\/div><div class=\"fusion-content-tb fusion-content-tb-7\" style=\"--awb-text-color:var(--awb-color5);--awb-margin-left:5%;--awb-margin-right:5%;\"><p>Am 16. November versammelte Votum Klima rund hundert B\u00fcrgerinnen und B\u00fcrger, K\u00fcnstlerinnen und K\u00fcnstler sowie mehrere politische Vertreterinnen und Vertreter auf der Place Clairefontaine zu \u201eKaffi a Klima\u201d, einer offenen B\u00fchne, die sich der[...]<\/p><\/div><div class=\"fusion-title title fusion-title-17 fusion-sep-none fusion-title-text fusion-title-size-five\" style=\"--awb-text-color:var(--awb-color5);--awb-margin-right:5%;--awb-margin-bottom:5%;--awb-margin-left:5%;--awb-margin-top-small:10px;--awb-margin-right-small:0px;--awb-margin-bottom-small:10px;--awb-margin-left-small:0px;\"><h5 class=\"fusion-title-heading title-heading-left\" style=\"margin:0;\"><a href=\"https:\/\/www.naturemweltasbl.lu\/de\/votum-klima-cop30-2\/\" class=\"awb-custom-text-color awb-custom-text-hover-color\" target=\"_self\"><u>Weitere Informationen<\/u><\/a><\/h5><\/div><\/div><\/div>\n<div class=\"fusion_builder_column fusion-builder-column-10 fusion-flex-column post-card swiper-slide\" style=\"--awb-overflow:hidden;--awb-bg-color:#ffffff;--awb-bg-color-hover:#ffffff;--awb-bg-size:cover;--awb-border-color:var(--awb-color7);--awb-border-top:1px;--awb-border-right:1px;--awb-border-bottom:1px;--awb-border-left:1px;--awb-border-radius:8px 8px 8px 8px;--awb-flex-grow:0;--awb-flex-shrink:0;--awb-flex-grow-medium:0;--awb-flex-shrink-medium:0;--awb-flex-grow-small:0;--awb-flex-shrink-small:0;\"><div class=\"fusion-column-wrapper fusion-flex-justify-content-space-between fusion-content-layout-column fusion-carousel-item-wrapper\"><div class=\"fusion-clean-product-image-wrapper fusion-woo-product-image fusion-post-card-image fusion-post-card-image-1 postcard-custom-image\" data-layout=\"static\"><div  class=\"fusion-image-wrapper\" aria-haspopup=\"true\">\n\t\t\t\t\t\t\t<a href=\"https:\/\/www.naturemweltasbl.lu\/de\/vogelgrippe-oktober-2025\/\" aria-label=\"Vogelgrippe erreicht Luxemburg: natur&#038;\u00ebmwelt ruft zu Wachsamkeit und Schutzma\u00dfnahmen auf\">\n\t\t\t\t\t\t\t<img decoding=\"async\" width=\"1280\" height=\"853\" src=\"https:\/\/www.naturemweltasbl.lu\/wp-content\/uploads\/2025\/10\/cranes_Pixabay.jpg\" class=\"attachment-full size-full wp-post-image\" alt=\"\" srcset=\"https:\/\/www.naturemweltasbl.lu\/wp-content\/uploads\/2025\/10\/cranes_Pixabay-200x133.jpg 200w, https:\/\/www.naturemweltasbl.lu\/wp-content\/uploads\/2025\/10\/cranes_Pixabay-400x267.jpg 400w, https:\/\/www.naturemweltasbl.lu\/wp-content\/uploads\/2025\/10\/cranes_Pixabay-600x400.jpg 600w, https:\/\/www.naturemweltasbl.lu\/wp-content\/uploads\/2025\/10\/cranes_Pixabay-800x533.jpg 800w, https:\/\/www.naturemweltasbl.lu\/wp-content\/uploads\/2025\/10\/cranes_Pixabay-1200x800.jpg 1200w, https:\/\/www.naturemweltasbl.lu\/wp-content\/uploads\/2025\/10\/cranes_Pixabay.jpg 1280w\" sizes=\"(min-width: 2200px) 100vw, (min-width: 856px) 270px, (min-width: 784px) 360px, (min-width: 712px) 540px, (min-width: 640px) 712px, \" \/>\t\t\t<\/a>\n\t\t\t\t\t\t\t<\/div>\n<\/div><div class=\"fusion-separator fusion-full-width-sep\" style=\"align-self: center;margin-left: auto;margin-right: auto;flex-grow:1;width:100%;\"><\/div><div class=\"fusion-title title fusion-title-18 fusion-sep-none fusion-title-text fusion-title-size-four Titre-No-underline\" style=\"--awb-text-color:var(--awb-color5);--awb-margin-right:5%;--awb-margin-left:5%;--awb-margin-top-small:10px;--awb-margin-right-small:0px;--awb-margin-bottom-small:10px;--awb-margin-left-small:0px;\"><h4 class=\"fusion-title-heading title-heading-left\" style=\"margin:0;\"><a href=\"https:\/\/www.naturemweltasbl.lu\/de\/vogelgrippe-oktober-2025\/\" class=\"awb-custom-text-color awb-custom-text-hover-color\" target=\"_self\">Vogelgrippe erreicht Luxemburg: natur&#038;\u00ebmwelt ruft zu Wachsamkeit und Schutzma\u00dfnahmen auf<\/a><\/h4><\/div><div class=\"fusion-meta-tb fusion-meta-tb-8 floated\" style=\"--awb-height:36px;--awb-margin-left:5%;--awb-margin-right:5%;--awb-text-color:var(--awb-color6);--awb-border-color:rgba(216,216,216,0);--awb-alignment-medium:flex-start;--awb-alignment-small:flex-start;\"><span class=\"fusion-tb-published-date\">31. Oktober 2025<\/span><span class=\"fusion-meta-tb-sep\"><\/span><\/div><div class=\"fusion-content-tb fusion-content-tb-8\" style=\"--awb-text-color:var(--awb-color5);--awb-margin-left:5%;--awb-margin-right:5%;\"><p>Die Vogelgrippe breitet sich in diesem Herbst so stark wie nie zuvor in Mitteleuropa unter Kranichen aus. Besonders betroffen sind Zugv\u00f6gel und vor allem aquatische V\u00f6gel, die derzeit in gro\u00dfer Zahl \u00fcber Luxemburg hinwegziehen.[...]<\/p><\/div><div class=\"fusion-title title fusion-title-19 fusion-sep-none fusion-title-text fusion-title-size-five\" style=\"--awb-text-color:var(--awb-color5);--awb-margin-right:5%;--awb-margin-bottom:5%;--awb-margin-left:5%;--awb-margin-top-small:10px;--awb-margin-right-small:0px;--awb-margin-bottom-small:10px;--awb-margin-left-small:0px;\"><h5 class=\"fusion-title-heading title-heading-left\" style=\"margin:0;\"><a href=\"https:\/\/www.naturemweltasbl.lu\/de\/vogelgrippe-oktober-2025\/\" class=\"awb-custom-text-color awb-custom-text-hover-color\" target=\"_self\"><u>Weitere Informationen<\/u><\/a><\/h5><\/div><\/div><\/div>\n<div class=\"fusion_builder_column fusion-builder-column-11 fusion-flex-column post-card swiper-slide\" style=\"--awb-overflow:hidden;--awb-bg-color:#ffffff;--awb-bg-color-hover:#ffffff;--awb-bg-size:cover;--awb-border-color:var(--awb-color7);--awb-border-top:1px;--awb-border-right:1px;--awb-border-bottom:1px;--awb-border-left:1px;--awb-border-radius:8px 8px 8px 8px;--awb-flex-grow:0;--awb-flex-shrink:0;--awb-flex-grow-medium:0;--awb-flex-shrink-medium:0;--awb-flex-grow-small:0;--awb-flex-shrink-small:0;\"><div class=\"fusion-column-wrapper fusion-flex-justify-content-space-between fusion-content-layout-column fusion-carousel-item-wrapper\"><div class=\"fusion-clean-product-image-wrapper fusion-woo-product-image fusion-post-card-image fusion-post-card-image-1 postcard-custom-image\" data-layout=\"static\"><div  class=\"fusion-image-wrapper\" aria-haspopup=\"true\">\n\t\t\t\t\t\t\t<a href=\"https:\/\/www.naturemweltasbl.lu\/de\/votum-klima-cop30\/\" aria-label=\"Klimaschutz: Mehr Ehrgeiz und Koh\u00e4renz vor der COP30\">\n\t\t\t\t\t\t\t<img decoding=\"async\" width=\"2048\" height=\"1365\" src=\"https:\/\/www.naturemweltasbl.lu\/wp-content\/uploads\/2025\/10\/\u00a9naturemweltCharlyBeck-9.jpg\" class=\"attachment-full size-full wp-post-image\" alt=\"\" srcset=\"https:\/\/www.naturemweltasbl.lu\/wp-content\/uploads\/2025\/10\/\u00a9naturemweltCharlyBeck-9-200x133.jpg 200w, https:\/\/www.naturemweltasbl.lu\/wp-content\/uploads\/2025\/10\/\u00a9naturemweltCharlyBeck-9-400x267.jpg 400w, https:\/\/www.naturemweltasbl.lu\/wp-content\/uploads\/2025\/10\/\u00a9naturemweltCharlyBeck-9-600x400.jpg 600w, https:\/\/www.naturemweltasbl.lu\/wp-content\/uploads\/2025\/10\/\u00a9naturemweltCharlyBeck-9-800x533.jpg 800w, https:\/\/www.naturemweltasbl.lu\/wp-content\/uploads\/2025\/10\/\u00a9naturemweltCharlyBeck-9-1200x800.jpg 1200w, https:\/\/www.naturemweltasbl.lu\/wp-content\/uploads\/2025\/10\/\u00a9naturemweltCharlyBeck-9.jpg 2048w\" sizes=\"(min-width: 2200px) 100vw, (min-width: 856px) 270px, (min-width: 784px) 360px, (min-width: 712px) 540px, (min-width: 640px) 712px, \" \/>\t\t\t<\/a>\n\t\t\t\t\t\t\t<\/div>\n<\/div><div class=\"fusion-separator fusion-full-width-sep\" style=\"align-self: center;margin-left: auto;margin-right: auto;flex-grow:1;width:100%;\"><\/div><div class=\"fusion-title title fusion-title-20 fusion-sep-none fusion-title-text fusion-title-size-four Titre-No-underline\" style=\"--awb-text-color:var(--awb-color5);--awb-margin-right:5%;--awb-margin-left:5%;--awb-margin-top-small:10px;--awb-margin-right-small:0px;--awb-margin-bottom-small:10px;--awb-margin-left-small:0px;\"><h4 class=\"fusion-title-heading title-heading-left\" style=\"margin:0;\"><a href=\"https:\/\/www.naturemweltasbl.lu\/de\/votum-klima-cop30\/\" class=\"awb-custom-text-color awb-custom-text-hover-color\" target=\"_self\">Klimaschutz: Mehr Ehrgeiz und Koh\u00e4renz vor der COP30<\/a><\/h4><\/div><div class=\"fusion-meta-tb fusion-meta-tb-9 floated\" style=\"--awb-height:36px;--awb-margin-left:5%;--awb-margin-right:5%;--awb-text-color:var(--awb-color6);--awb-border-color:rgba(216,216,216,0);--awb-alignment-medium:flex-start;--awb-alignment-small:flex-start;\"><span class=\"fusion-tb-published-date\">29. Oktober 2025<\/span><span class=\"fusion-meta-tb-sep\"><\/span><\/div><div class=\"fusion-content-tb fusion-content-tb-9\" style=\"--awb-text-color:var(--awb-color5);--awb-margin-left:5%;--awb-margin-right:5%;\"><p>Anl\u00e4sslich der aktuellen Rede in der Abgeordnetenkammer zur COP30 versammelten sich heute Morgen Vertreter*innen der Zivilgesellschaft, insbesondere der Plattformen Votum Klima und Initiative pour un devoir de vigilance (IDV), vor dem Parlament, um ihre[...]<\/p><\/div><div class=\"fusion-title title fusion-title-21 fusion-sep-none fusion-title-text fusion-title-size-five\" style=\"--awb-text-color:var(--awb-color5);--awb-margin-right:5%;--awb-margin-bottom:5%;--awb-margin-left:5%;--awb-margin-top-small:10px;--awb-margin-right-small:0px;--awb-margin-bottom-small:10px;--awb-margin-left-small:0px;\"><h5 class=\"fusion-title-heading title-heading-left\" style=\"margin:0;\"><a href=\"https:\/\/www.naturemweltasbl.lu\/de\/votum-klima-cop30\/\" class=\"awb-custom-text-color awb-custom-text-hover-color\" target=\"_self\"><u>Weitere Informationen<\/u><\/a><\/h5><\/div><\/div><\/div>\n<div class=\"fusion_builder_column fusion-builder-column-12 fusion-flex-column post-card swiper-slide\" style=\"--awb-overflow:hidden;--awb-bg-color:#ffffff;--awb-bg-color-hover:#ffffff;--awb-bg-size:cover;--awb-border-color:var(--awb-color7);--awb-border-top:1px;--awb-border-right:1px;--awb-border-bottom:1px;--awb-border-left:1px;--awb-border-radius:8px 8px 8px 8px;--awb-flex-grow:0;--awb-flex-shrink:0;--awb-flex-grow-medium:0;--awb-flex-shrink-medium:0;--awb-flex-grow-small:0;--awb-flex-shrink-small:0;\"><div class=\"fusion-column-wrapper fusion-flex-justify-content-space-between fusion-content-layout-column fusion-carousel-item-wrapper\"><div class=\"fusion-clean-product-image-wrapper fusion-woo-product-image fusion-post-card-image fusion-post-card-image-1 postcard-custom-image\" data-layout=\"static\"><div  class=\"fusion-image-wrapper\" aria-haspopup=\"true\">\n\t\t\t\t\t\t\t<a href=\"https:\/\/www.naturemweltasbl.lu\/de\/menglandwirtschaft-oktober-2025\/\" aria-label=\"Meng Landwirtschaft fordert konkrete Schritte f\u00fcr eine nachhaltige Agrarwende\">\n\t\t\t\t\t\t\t<img decoding=\"async\" width=\"1280\" height=\"960\" src=\"https:\/\/www.naturemweltasbl.lu\/wp-content\/uploads\/2025\/10\/Meng-Landwirtschaft-Oktober-2025.jpeg\" class=\"attachment-full size-full wp-post-image\" alt=\"\" srcset=\"https:\/\/www.naturemweltasbl.lu\/wp-content\/uploads\/2025\/10\/Meng-Landwirtschaft-Oktober-2025-200x150.jpeg 200w, https:\/\/www.naturemweltasbl.lu\/wp-content\/uploads\/2025\/10\/Meng-Landwirtschaft-Oktober-2025-400x300.jpeg 400w, https:\/\/www.naturemweltasbl.lu\/wp-content\/uploads\/2025\/10\/Meng-Landwirtschaft-Oktober-2025-600x450.jpeg 600w, https:\/\/www.naturemweltasbl.lu\/wp-content\/uploads\/2025\/10\/Meng-Landwirtschaft-Oktober-2025-800x600.jpeg 800w, https:\/\/www.naturemweltasbl.lu\/wp-content\/uploads\/2025\/10\/Meng-Landwirtschaft-Oktober-2025-1200x900.jpeg 1200w, https:\/\/www.naturemweltasbl.lu\/wp-content\/uploads\/2025\/10\/Meng-Landwirtschaft-Oktober-2025.jpeg 1280w\" sizes=\"(min-width: 2200px) 100vw, (min-width: 856px) 270px, (min-width: 784px) 360px, (min-width: 712px) 540px, (min-width: 640px) 712px, \" \/>\t\t\t<\/a>\n\t\t\t\t\t\t\t<\/div>\n<\/div><div class=\"fusion-separator fusion-full-width-sep\" style=\"align-self: center;margin-left: auto;margin-right: auto;flex-grow:1;width:100%;\"><\/div><div class=\"fusion-title title fusion-title-22 fusion-sep-none fusion-title-text fusion-title-size-four Titre-No-underline\" style=\"--awb-text-color:var(--awb-color5);--awb-margin-right:5%;--awb-margin-left:5%;--awb-margin-top-small:10px;--awb-margin-right-small:0px;--awb-margin-bottom-small:10px;--awb-margin-left-small:0px;\"><h4 class=\"fusion-title-heading title-heading-left\" style=\"margin:0;\"><a href=\"https:\/\/www.naturemweltasbl.lu\/de\/menglandwirtschaft-oktober-2025\/\" class=\"awb-custom-text-color awb-custom-text-hover-color\" target=\"_self\">Meng Landwirtschaft fordert konkrete Schritte f\u00fcr eine nachhaltige Agrarwende<\/a><\/h4><\/div><div class=\"fusion-meta-tb fusion-meta-tb-10 floated\" style=\"--awb-height:36px;--awb-margin-left:5%;--awb-margin-right:5%;--awb-text-color:var(--awb-color6);--awb-border-color:rgba(216,216,216,0);--awb-alignment-medium:flex-start;--awb-alignment-small:flex-start;\"><span class=\"fusion-tb-published-date\">13. Oktober 2025<\/span><span class=\"fusion-meta-tb-sep\"><\/span><\/div><div class=\"fusion-content-tb fusion-content-tb-10\" style=\"--awb-text-color:var(--awb-color5);--awb-margin-left:5%;--awb-margin-right:5%;\"><p>Am Donnerstag, dem 9. Oktober 2025 hat die Plattform Meng Landwirtschaft, mit ihren 21 Tr\u00e4gerorganisationen, ihr neues Pl\u00e4doyer f\u00fcr eine Neuausrichtung der Landwirtschaft an die zust\u00e4ndige Ministerin Martine Hansen \u00fcberreicht. Leider fehlt immer noch[...]<\/p><\/div><div class=\"fusion-title title fusion-title-23 fusion-sep-none fusion-title-text fusion-title-size-five\" style=\"--awb-text-color:var(--awb-color5);--awb-margin-right:5%;--awb-margin-bottom:5%;--awb-margin-left:5%;--awb-margin-top-small:10px;--awb-margin-right-small:0px;--awb-margin-bottom-small:10px;--awb-margin-left-small:0px;\"><h5 class=\"fusion-title-heading title-heading-left\" style=\"margin:0;\"><a href=\"https:\/\/www.naturemweltasbl.lu\/de\/menglandwirtschaft-oktober-2025\/\" class=\"awb-custom-text-color awb-custom-text-hover-color\" target=\"_self\"><u>Weitere Informationen<\/u><\/a><\/h5><\/div><\/div><\/div>\n<div class=\"fusion_builder_column fusion-builder-column-13 fusion-flex-column post-card swiper-slide\" style=\"--awb-overflow:hidden;--awb-bg-color:#ffffff;--awb-bg-color-hover:#ffffff;--awb-bg-size:cover;--awb-border-color:var(--awb-color7);--awb-border-top:1px;--awb-border-right:1px;--awb-border-bottom:1px;--awb-border-left:1px;--awb-border-radius:8px 8px 8px 8px;--awb-flex-grow:0;--awb-flex-shrink:0;--awb-flex-grow-medium:0;--awb-flex-shrink-medium:0;--awb-flex-grow-small:0;--awb-flex-shrink-small:0;\"><div class=\"fusion-column-wrapper fusion-flex-justify-content-space-between fusion-content-layout-column fusion-carousel-item-wrapper\"><div class=\"fusion-clean-product-image-wrapper fusion-woo-product-image fusion-post-card-image fusion-post-card-image-1 postcard-custom-image\" data-layout=\"static\"><div  class=\"fusion-image-wrapper\" aria-haspopup=\"true\">\n\t\t\t\t\t\t\t<a href=\"https:\/\/www.naturemweltasbl.lu\/de\/fairtrade-letzebuerg-naturemwelt-a-s-b-l-et-greenpeace-luxembourg-denoncent-le-nouveau-report-du-reglement-anti-deforestation-par-la-commission-europeenne\/\" aria-label=\"Fairtrade L\u00ebtzebuerg, natur&amp;\u00ebmwelt a.s.b.l. und Greenpeace Luxemburg \u00fcber die erneute Verschiebung des EUDR\">\n\t\t\t\t\t\t\t<img decoding=\"async\" width=\"2560\" height=\"1920\" src=\"https:\/\/www.naturemweltasbl.lu\/wp-content\/uploads\/2025\/09\/IMG_6992-scaled.jpg\" class=\"attachment-full size-full wp-post-image\" alt=\"\" srcset=\"https:\/\/www.naturemweltasbl.lu\/wp-content\/uploads\/2025\/09\/IMG_6992-200x150.jpg 200w, https:\/\/www.naturemweltasbl.lu\/wp-content\/uploads\/2025\/09\/IMG_6992-400x300.jpg 400w, https:\/\/www.naturemweltasbl.lu\/wp-content\/uploads\/2025\/09\/IMG_6992-600x450.jpg 600w, https:\/\/www.naturemweltasbl.lu\/wp-content\/uploads\/2025\/09\/IMG_6992-800x600.jpg 800w, https:\/\/www.naturemweltasbl.lu\/wp-content\/uploads\/2025\/09\/IMG_6992-1200x900.jpg 1200w, https:\/\/www.naturemweltasbl.lu\/wp-content\/uploads\/2025\/09\/IMG_6992-scaled.jpg 2560w\" sizes=\"(min-width: 2200px) 100vw, (min-width: 856px) 270px, (min-width: 784px) 360px, (min-width: 712px) 540px, (min-width: 640px) 712px, \" \/>\t\t\t<\/a>\n\t\t\t\t\t\t\t<\/div>\n<\/div><div class=\"fusion-separator fusion-full-width-sep\" style=\"align-self: center;margin-left: auto;margin-right: auto;flex-grow:1;width:100%;\"><\/div><div class=\"fusion-title title fusion-title-24 fusion-sep-none fusion-title-text fusion-title-size-four Titre-No-underline\" style=\"--awb-text-color:var(--awb-color5);--awb-margin-right:5%;--awb-margin-left:5%;--awb-margin-top-small:10px;--awb-margin-right-small:0px;--awb-margin-bottom-small:10px;--awb-margin-left-small:0px;\"><h4 class=\"fusion-title-heading title-heading-left\" style=\"margin:0;\"><a href=\"https:\/\/www.naturemweltasbl.lu\/de\/fairtrade-letzebuerg-naturemwelt-a-s-b-l-et-greenpeace-luxembourg-denoncent-le-nouveau-report-du-reglement-anti-deforestation-par-la-commission-europeenne\/\" class=\"awb-custom-text-color awb-custom-text-hover-color\" target=\"_self\">Fairtrade L\u00ebtzebuerg, natur&amp;\u00ebmwelt a.s.b.l. und Greenpeace Luxemburg \u00fcber die erneute Verschiebung des EUDR<\/a><\/h4><\/div><div class=\"fusion-meta-tb fusion-meta-tb-11 floated\" style=\"--awb-height:36px;--awb-margin-left:5%;--awb-margin-right:5%;--awb-text-color:var(--awb-color6);--awb-border-color:rgba(216,216,216,0);--awb-alignment-medium:flex-start;--awb-alignment-small:flex-start;\"><span class=\"fusion-tb-published-date\">26. September 2025<\/span><span class=\"fusion-meta-tb-sep\"><\/span><\/div><div class=\"fusion-content-tb fusion-content-tb-11\" style=\"--awb-text-color:var(--awb-color5);--awb-margin-left:5%;--awb-margin-right:5%;\"><p>Luxemburg, den 26. September 2025 - Die Europ\u00e4ische Kommission k\u00fcndigte am Dienstag an, dass sie die Umsetzung der EU-Verordnung gegen Entwaldung und Waldsch\u00e4digung (EU-WDR) erneut verschieben wird. Nach einer ersten Verschiebung um ein Jahr[...]<\/p><\/div><div class=\"fusion-title title fusion-title-25 fusion-sep-none fusion-title-text fusion-title-size-five\" style=\"--awb-text-color:var(--awb-color5);--awb-margin-right:5%;--awb-margin-bottom:5%;--awb-margin-left:5%;--awb-margin-top-small:10px;--awb-margin-right-small:0px;--awb-margin-bottom-small:10px;--awb-margin-left-small:0px;\"><h5 class=\"fusion-title-heading title-heading-left\" style=\"margin:0;\"><a href=\"https:\/\/www.naturemweltasbl.lu\/de\/fairtrade-letzebuerg-naturemwelt-a-s-b-l-et-greenpeace-luxembourg-denoncent-le-nouveau-report-du-reglement-anti-deforestation-par-la-commission-europeenne\/\" class=\"awb-custom-text-color awb-custom-text-hover-color\" target=\"_self\"><u>Weitere Informationen<\/u><\/a><\/h5><\/div><\/div><\/div>\n<div class=\"fusion_builder_column fusion-builder-column-14 fusion-flex-column post-card swiper-slide\" style=\"--awb-overflow:hidden;--awb-bg-color:#ffffff;--awb-bg-color-hover:#ffffff;--awb-bg-size:cover;--awb-border-color:var(--awb-color7);--awb-border-top:1px;--awb-border-right:1px;--awb-border-bottom:1px;--awb-border-left:1px;--awb-border-radius:8px 8px 8px 8px;--awb-flex-grow:0;--awb-flex-shrink:0;--awb-flex-grow-medium:0;--awb-flex-shrink-medium:0;--awb-flex-grow-small:0;--awb-flex-shrink-small:0;\"><div class=\"fusion-column-wrapper fusion-flex-justify-content-space-between fusion-content-layout-column fusion-carousel-item-wrapper\"><div class=\"fusion-clean-product-image-wrapper fusion-woo-product-image fusion-post-card-image fusion-post-card-image-1 postcard-custom-image\" data-layout=\"static\"><div  class=\"fusion-image-wrapper\" aria-haspopup=\"true\">\n\t\t\t\t\t\t\t<a href=\"https:\/\/www.naturemweltasbl.lu\/de\/kampagne-handsoffnature\/\" aria-label=\"Kampagne #HandsOffNature\">\n\t\t\t\t\t\t\t<img decoding=\"async\" width=\"1600\" height=\"900\" src=\"https:\/\/www.naturemweltasbl.lu\/wp-content\/uploads\/2025\/08\/3-e1769762654474.png\" class=\"attachment-full size-full wp-post-image\" alt=\"\" \/>\t\t\t<\/a>\n\t\t\t\t\t\t\t<\/div>\n<\/div><div class=\"fusion-separator fusion-full-width-sep\" style=\"align-self: center;margin-left: auto;margin-right: auto;flex-grow:1;width:100%;\"><\/div><div class=\"fusion-title title fusion-title-26 fusion-sep-none fusion-title-text fusion-title-size-four Titre-No-underline\" style=\"--awb-text-color:var(--awb-color5);--awb-margin-right:5%;--awb-margin-left:5%;--awb-margin-top-small:10px;--awb-margin-right-small:0px;--awb-margin-bottom-small:10px;--awb-margin-left-small:0px;\"><h4 class=\"fusion-title-heading title-heading-left\" style=\"margin:0;\"><a href=\"https:\/\/www.naturemweltasbl.lu\/de\/kampagne-handsoffnature\/\" class=\"awb-custom-text-color awb-custom-text-hover-color\" target=\"_self\">Kampagne #HandsOffNature<\/a><\/h4><\/div><div class=\"fusion-meta-tb fusion-meta-tb-12 floated\" style=\"--awb-height:36px;--awb-margin-left:5%;--awb-margin-right:5%;--awb-text-color:var(--awb-color6);--awb-border-color:rgba(216,216,216,0);--awb-alignment-medium:flex-start;--awb-alignment-small:flex-start;\"><span class=\"fusion-tb-published-date\">27. August 2025<\/span><span class=\"fusion-meta-tb-sep\"><\/span><\/div><div class=\"fusion-content-tb fusion-content-tb-12\" style=\"--awb-text-color:var(--awb-color5);--awb-margin-left:5%;--awb-margin-right:5%;\"><p> Machen Sie mit bei der Kampagne #HandsOffNature! Lassen Sie nicht zu, dass die Europ\u00e4ische Union den Schutz der Natur demontiert! Die Europ\u00e4ische Kommission will lebenswichtige Umweltschutzma\u00dfnahmen zur\u00fccknehmen \u2013 und sie bittet um Ihre[...]<\/p><\/div><div class=\"fusion-title title fusion-title-27 fusion-sep-none fusion-title-text fusion-title-size-five\" style=\"--awb-text-color:var(--awb-color5);--awb-margin-right:5%;--awb-margin-bottom:5%;--awb-margin-left:5%;--awb-margin-top-small:10px;--awb-margin-right-small:0px;--awb-margin-bottom-small:10px;--awb-margin-left-small:0px;\"><h5 class=\"fusion-title-heading title-heading-left\" style=\"margin:0;\"><a href=\"https:\/\/www.naturemweltasbl.lu\/de\/kampagne-handsoffnature\/\" class=\"awb-custom-text-color awb-custom-text-hover-color\" target=\"_self\"><u>Weitere Informationen<\/u><\/a><\/h5><\/div><\/div><\/div>\n<\/div><div class=\"awb-swiper-button awb-swiper-button-prev\"><i class=\"awb-icon-angle-left\" aria-hidden=\"true\"><\/i><\/div><div class=\"awb-swiper-button awb-swiper-button-next\"><i class=\"awb-icon-angle-right\" aria-hidden=\"true\"><\/i><\/div><\/div><div class=\"fusion-section-separator section-separator custom fusion-section-separator-1\" style=\"--awb-margin-top:5%;--awb-margin-bottom:5%;\"><div class=\"fusion-section-separator-svg\"><\/div><div class=\"fusion-section-separator-spacer\"><div class=\"fusion-section-separator-spacer-height\"><\/div><\/div><\/div><\/div><\/div><\/div><\/div><div class=\"fusion-fullwidth fullwidth-box fusion-builder-row-4 fusion-flex-container has-pattern-background has-mask-background fusion-parallax-none hundred-percent-fullwidth non-hundred-percent-height-scrolling\" style=\"--awb-background-position:center bottom;--awb-background-repeat:repeat-x;--awb-border-radius-top-left:0px;--awb-border-radius-top-right:0px;--awb-border-radius-bottom-right:0px;--awb-border-radius-bottom-left:0px;--awb-background-image:url(&quot;https:\/\/www.naturemweltasbl.lu\/\/wp-content\/uploads\/2024\/07\/Mask_Section_green_Up.png&quot;);--awb-flex-wrap:wrap;\" ><div class=\"fusion-builder-row fusion-row fusion-flex-align-items-flex-start fusion-flex-content-wrap\" style=\"width:104% !important;max-width:104% !important;margin-left: calc(-4% \/ 2 );margin-right: calc(-4% \/ 2 );\"><div class=\"fusion-layout-column fusion_builder_column fusion-builder-column-15 fusion_builder_column_1_1 1_1 fusion-flex-column\" style=\"--awb-bg-size:cover;--awb-width-large:100%;--awb-flex-grow:0;--awb-flex-shrink:0;--awb-margin-top-large:0px;--awb-spacing-right-large:1.92%;--awb-margin-bottom-large:20px;--awb-spacing-left-large:1.92%;--awb-width-medium:100%;--awb-order-medium:0;--awb-flex-grow-medium:0;--awb-flex-shrink-medium:0;--awb-spacing-right-medium:1.92%;--awb-spacing-left-medium:1.92%;--awb-width-small:100%;--awb-order-small:0;--awb-flex-grow-small:0;--awb-flex-shrink-small:0;--awb-spacing-right-small:1.92%;--awb-spacing-left-small:1.92%;\"><div class=\"fusion-column-wrapper fusion-column-has-shadow fusion-flex-justify-content-flex-start fusion-content-layout-column\"><\/div><\/div><\/div><\/div><div class=\"fusion-fullwidth fullwidth-box fusion-builder-row-5 fusion-flex-container has-pattern-background has-mask-background hundred-percent-fullwidth non-hundred-percent-height-scrolling\" style=\"--awb-background-repeat:repeat-x;--awb-border-radius-top-left:0px;--awb-border-radius-top-right:0px;--awb-border-radius-bottom-right:0px;--awb-border-radius-bottom-left:0px;--awb-padding-right:150px;--awb-padding-bottom:0px;--awb-padding-left:150px;--awb-padding-right-medium:50px;--awb-padding-left-medium:50px;--awb-background-color:var(--awb-color4);--awb-background-size:contain;--awb-flex-wrap:wrap;\" ><div class=\"fusion-builder-row fusion-row fusion-flex-align-items-center fusion-flex-justify-content-center fusion-flex-content-wrap\" style=\"width:104% !important;max-width:104% !important;margin-left: calc(-4% \/ 2 );margin-right: calc(-4% \/ 2 );\"><div class=\"fusion-layout-column fusion_builder_column fusion-builder-column-16 fusion_builder_column_1_4 1_4 fusion-flex-column\" style=\"--awb-bg-size:cover;--awb-width-large:25%;--awb-flex-grow:0;--awb-flex-shrink:0;--awb-margin-top-large:5%;--awb-spacing-right-large:7.68%;--awb-margin-bottom-large:5%;--awb-spacing-left-large:7.68%;--awb-width-medium:33.333333333333%;--awb-order-medium:0;--awb-flex-grow-medium:0;--awb-flex-shrink-medium:0;--awb-spacing-right-medium:5.76%;--awb-spacing-left-medium:5.76%;--awb-width-small:100%;--awb-order-small:0;--awb-flex-grow-small:0;--awb-flex-shrink-small:0;--awb-spacing-right-small:1.92%;--awb-spacing-left-small:1.92%;\"><div class=\"fusion-column-wrapper fusion-column-has-shadow fusion-flex-justify-content-flex-start fusion-content-layout-column\"><div class=\"fusion-title title fusion-title-28 fusion-sep-none fusion-title-text fusion-title-size-three\" style=\"--awb-margin-top-small:10px;--awb-margin-right-small:0px;--awb-margin-bottom-small:10px;--awb-margin-left-small:0px;\"><h3 class=\"fusion-title-heading title-heading-left\" style=\"margin:0;\">Kontaktieren Sie uns<\/h3><\/div><div class=\"fusion-separator\" style=\"align-self: flex-start;margin-right:auto;margin-top:20px;margin-bottom:40px;width:100%;max-width:70px;\"><div class=\"fusion-separator-border sep-single sep-solid\" style=\"--awb-height:20px;--awb-amount:20px;border-color:var(--awb-color3);border-top-width:2px;\"><\/div><\/div><div class=\"fusion-text fusion-text-4\"><p>F\u00fcr weitere Informationen \u00fcber das politische Leben k\u00f6nnen Sie sich gerne an uns wenden.<\/p>\n<\/div><\/div><\/div><div class=\"fusion-layout-column fusion_builder_column fusion-builder-column-17 fusion_builder_column_1_2 1_2 fusion-flex-column bloc_personel_max_height\" style=\"--awb-overflow:hidden;--awb-bg-color:var(--awb-custom_color_5);--awb-bg-color-hover:var(--awb-custom_color_5);--awb-bg-size:cover;--awb-box-shadow:0px 2px 5px 2px #727272;;--awb-border-radius:8px 8px 8px 8px;--awb-width-large:50%;--awb-flex-grow:0;--awb-flex-shrink:0;--awb-margin-top-large:25px;--awb-spacing-right-large:25px;--awb-margin-bottom-large:25px;--awb-spacing-left-large:25px;--awb-width-medium:25%;--awb-order-medium:0;--awb-flex-grow-medium:0;--awb-flex-shrink-medium:0;--awb-spacing-right-medium:25px;--awb-spacing-left-medium:25px;--awb-width-small:50%;--awb-order-small:0;--awb-flex-grow-small:0;--awb-flex-shrink-small:0;--awb-spacing-right-small:25px;--awb-spacing-left-small:25px;\"><div class=\"fusion-column-wrapper fusion-column-has-shadow fusion-flex-justify-content-flex-start fusion-content-layout-column\"><div class=\"fusion-image-element \" style=\"--awb-aspect-ratio:1 \/ 1;--awb-object-position:38% 32%;--awb-mask-size: cover;--awb-caption-title-font-family:var(--h2_typography-font-family);--awb-caption-title-font-weight:var(--h2_typography-font-weight);--awb-caption-title-font-style:var(--h2_typography-font-style);--awb-caption-title-size:var(--h2_typography-font-size);--awb-caption-title-transform:var(--h2_typography-text-transform);--awb-caption-title-line-height:var(--h2_typography-line-height);--awb-caption-title-letter-spacing:var(--h2_typography-letter-spacing);\"><span class=\" fusion-imageframe imageframe-none imageframe-2 hover-type-none has-mask has-aspect-ratio\"><img decoding=\"async\" width=\"491\" height=\"737\" title=\"Claudine_R\" src=\"https:\/\/www.naturemweltasbl.lu\/wp-content\/uploads\/2024\/08\/Claudine_R.jpg\" class=\"img-responsive wp-image-1632 img-with-aspect-ratio\" data-parent-fit=\"cover\" data-parent-container=\".fusion-image-element\" alt srcset=\"https:\/\/www.naturemweltasbl.lu\/wp-content\/uploads\/2024\/08\/Claudine_R-200x300.jpg 200w, https:\/\/www.naturemweltasbl.lu\/wp-content\/uploads\/2024\/08\/Claudine_R-400x600.jpg 400w, https:\/\/www.naturemweltasbl.lu\/wp-content\/uploads\/2024\/08\/Claudine_R.jpg 491w\" sizes=\"(max-width: 640px) 100vw, 491px\" \/><\/span><\/div><div class=\"fusion-title title fusion-title-29 fusion-sep-none fusion-title-center fusion-title-text fusion-title-size-four\" style=\"--awb-margin-top:30px;--awb-margin-bottom:0px;--awb-margin-top-small:30px;--awb-margin-right-small:0px;--awb-margin-bottom-small:10px;--awb-margin-left-small:0px;--awb-margin-top-medium:30px;\"><h4 class=\"fusion-title-heading title-heading-center\" style=\"margin:0;\">FELTEN Claudine<\/h4><\/div><div class=\"fusion-text fusion-text-5\" style=\"--awb-content-alignment:center;--awb-font-size:16px;--awb-text-color:var(--awb-color6);--awb-margin-top:0px;--awb-text-font-family:&quot;VAG 1&quot;;--awb-text-font-style:normal;--awb-text-font-weight:400;\"><p>Direktorin<\/p>\n<\/div><div class=\"fusion-text fusion-text-6 stick_bottom_custom\" style=\"--awb-content-alignment:center;--awb-font-size:13px;--awb-text-color:var(--awb-color6);\"><p>(+352) 29 04 04 &#8211; 304<br \/>\n<a href=\"mailto:c.felten@naturemwelt.lu\">c.felten@naturemwelt.lu<\/a><\/p>\n<\/div><\/div><\/div><\/div><\/div><div class=\"fusion-fullwidth fullwidth-box fusion-builder-row-6 fusion-flex-container has-pattern-background has-mask-background fusion-parallax-none hundred-percent-fullwidth non-hundred-percent-height-scrolling\" style=\"--awb-background-position:center top;--awb-background-repeat:repeat-x;--awb-border-radius-top-left:0px;--awb-border-radius-top-right:0px;--awb-border-radius-bottom-right:0px;--awb-border-radius-bottom-left:0px;--awb-background-image:url(&quot;https:\/\/www.naturemweltasbl.lu\/\/wp-content\/uploads\/2024\/07\/Mask_Section_Green_Down.png&quot;);--awb-flex-wrap:wrap;\" ><div class=\"fusion-builder-row fusion-row fusion-flex-align-items-flex-start fusion-flex-content-wrap\" style=\"width:104% !important;max-width:104% !important;margin-left: calc(-4% \/ 2 );margin-right: calc(-4% \/ 2 );\"><div class=\"fusion-layout-column fusion_builder_column fusion-builder-column-18 fusion_builder_column_1_1 1_1 fusion-flex-column\" style=\"--awb-bg-size:cover;--awb-width-large:100%;--awb-flex-grow:0;--awb-flex-shrink:0;--awb-margin-top-large:0px;--awb-spacing-right-large:1.92%;--awb-margin-bottom-large:20px;--awb-spacing-left-large:1.92%;--awb-width-medium:100%;--awb-order-medium:0;--awb-flex-grow-medium:0;--awb-flex-shrink-medium:0;--awb-spacing-right-medium:1.92%;--awb-spacing-left-medium:1.92%;--awb-width-small:100%;--awb-order-small:0;--awb-flex-grow-small:0;--awb-flex-shrink-small:0;--awb-spacing-right-small:1.92%;--awb-spacing-left-small:1.92%;\"><div class=\"fusion-column-wrapper fusion-column-has-shadow fusion-flex-justify-content-flex-start fusion-content-layout-column\"><\/div><\/div><\/div><\/div><\/p>\n","protected":false},"excerpt":{"rendered":"","protected":false},"author":1,"featured_media":0,"parent":0,"menu_order":0,"comment_status":"closed","ping_status":"closed","template":"100-width.php","meta":{"footnotes":""},"folder":[],"class_list":["post-2677","page","type-page","status-publish","hentry"],"yoast_head":"<!-- This site is optimized with the Yoast SEO plugin v27.5 - https:\/\/yoast.com\/product\/yoast-seo-wordpress\/ -->\n<title>Politisches Leben - DE - natur&amp;\u00ebmwelt a.s.b.l.<\/title>\n<meta name=\"robots\" content=\"index, follow, max-snippet:-1, max-image-preview:large, max-video-preview:-1\" \/>\n<link rel=\"canonical\" href=\"https:\/\/www.naturemweltasbl.lu\/de\/politik-leben-de\/\" \/>\n<meta property=\"og:locale\" content=\"de_DE\" \/>\n<meta property=\"og:type\" content=\"article\" \/>\n<meta property=\"og:title\" content=\"Politisches Leben - DE - natur&amp;\u00ebmwelt a.s.b.l.\" \/>\n<meta property=\"og:url\" content=\"https:\/\/www.naturemweltasbl.lu\/de\/politik-leben-de\/\" \/>\n<meta property=\"og:site_name\" content=\"natur&amp;\u00ebmwelt a.s.b.l.\" \/>\n<meta property=\"article:publisher\" content=\"https:\/\/www.facebook.com\/naturemwelt\/\" \/>\n<meta property=\"article:modified_time\" content=\"2025-07-29T09:42:59+00:00\" \/>\n<meta name=\"twitter:card\" content=\"summary_large_image\" \/>\n<meta name=\"twitter:site\" content=\"@Natur_an_Emwelt\" \/>\n<meta name=\"twitter:label1\" content=\"Gesch\u00e4tzte Lesezeit\" \/>\n\t<meta name=\"twitter:data1\" content=\"7\u00a0Minuten\" \/>\n<script type=\"application\/ld+json\" class=\"yoast-schema-graph\">{\"@context\":\"https:\\\/\\\/schema.org\",\"@graph\":[{\"@type\":\"WebPage\",\"@id\":\"https:\\\/\\\/www.naturemweltasbl.lu\\\/de\\\/politik-leben-de\\\/\",\"url\":\"https:\\\/\\\/www.naturemweltasbl.lu\\\/de\\\/politik-leben-de\\\/\",\"name\":\"Politisches Leben - DE - natur&amp;\u00ebmwelt a.s.b.l.\",\"isPartOf\":{\"@id\":\"https:\\\/\\\/www.naturemweltasbl.lu\\\/#website\"},\"datePublished\":\"2024-11-05T08:13:14+00:00\",\"dateModified\":\"2025-07-29T09:42:59+00:00\",\"breadcrumb\":{\"@id\":\"https:\\\/\\\/www.naturemweltasbl.lu\\\/de\\\/politik-leben-de\\\/#breadcrumb\"},\"inLanguage\":\"de\",\"potentialAction\":[{\"@type\":\"ReadAction\",\"target\":[\"https:\\\/\\\/www.naturemweltasbl.lu\\\/de\\\/politik-leben-de\\\/\"]}]},{\"@type\":\"BreadcrumbList\",\"@id\":\"https:\\\/\\\/www.naturemweltasbl.lu\\\/de\\\/politik-leben-de\\\/#breadcrumb\",\"itemListElement\":[{\"@type\":\"ListItem\",\"position\":1,\"name\":\"Startseite\",\"item\":\"https:\\\/\\\/www.naturemweltasbl.lu\\\/de\\\/\"},{\"@type\":\"ListItem\",\"position\":2,\"name\":\"Politisches Leben &#8211; DE\"}]},{\"@type\":\"WebSite\",\"@id\":\"https:\\\/\\\/www.naturemweltasbl.lu\\\/#website\",\"url\":\"https:\\\/\\\/www.naturemweltasbl.lu\\\/\",\"name\":\"natur&\u00ebmwelt a.s.b.l.\",\"description\":\"\",\"publisher\":{\"@id\":\"https:\\\/\\\/www.naturemweltasbl.lu\\\/#organization\"},\"potentialAction\":[{\"@type\":\"SearchAction\",\"target\":{\"@type\":\"EntryPoint\",\"urlTemplate\":\"https:\\\/\\\/www.naturemweltasbl.lu\\\/?s={search_term_string}\"},\"query-input\":{\"@type\":\"PropertyValueSpecification\",\"valueRequired\":true,\"valueName\":\"search_term_string\"}}],\"inLanguage\":\"de\"},{\"@type\":\"Organization\",\"@id\":\"https:\\\/\\\/www.naturemweltasbl.lu\\\/#organization\",\"name\":\"natur&\u00ebmwelt a.s.b.l.\",\"url\":\"https:\\\/\\\/www.naturemweltasbl.lu\\\/\",\"logo\":{\"@type\":\"ImageObject\",\"inLanguage\":\"de\",\"@id\":\"https:\\\/\\\/www.naturemweltasbl.lu\\\/#\\\/schema\\\/logo\\\/image\\\/\",\"url\":\"https:\\\/\\\/www.naturemweltasbl.lu\\\/wp-content\\\/uploads\\\/2024\\\/07\\\/NE_Logo_asbl_RGB-e1720014142276.png\",\"contentUrl\":\"https:\\\/\\\/www.naturemweltasbl.lu\\\/wp-content\\\/uploads\\\/2024\\\/07\\\/NE_Logo_asbl_RGB-e1720014142276.png\",\"width\":432,\"height\":254,\"caption\":\"natur&\u00ebmwelt a.s.b.l.\"},\"image\":{\"@id\":\"https:\\\/\\\/www.naturemweltasbl.lu\\\/#\\\/schema\\\/logo\\\/image\\\/\"},\"sameAs\":[\"https:\\\/\\\/www.facebook.com\\\/naturemwelt\\\/\",\"https:\\\/\\\/x.com\\\/Natur_an_Emwelt\",\"https:\\\/\\\/www.instagram.com\\\/naturemwelt\\\/\",\"https:\\\/\\\/www.youtube.com\\\/user\\\/naturemwelt\",\"https:\\\/\\\/lu.linkedin.com\\\/company\\\/naturemweltasbl?trk=similar-pages\"]}]}<\/script>\n<!-- \/ Yoast SEO plugin. -->","yoast_head_json":{"title":"Politisches Leben - DE - natur&amp;\u00ebmwelt a.s.b.l.","robots":{"index":"index","follow":"follow","max-snippet":"max-snippet:-1","max-image-preview":"max-image-preview:large","max-video-preview":"max-video-preview:-1"},"canonical":"https:\/\/www.naturemweltasbl.lu\/de\/politik-leben-de\/","og_locale":"de_DE","og_type":"article","og_title":"Politisches Leben - DE - natur&amp;\u00ebmwelt a.s.b.l.","og_url":"https:\/\/www.naturemweltasbl.lu\/de\/politik-leben-de\/","og_site_name":"natur&amp;\u00ebmwelt a.s.b.l.","article_publisher":"https:\/\/www.facebook.com\/naturemwelt\/","article_modified_time":"2025-07-29T09:42:59+00:00","twitter_card":"summary_large_image","twitter_site":"@Natur_an_Emwelt","twitter_misc":{"Gesch\u00e4tzte Lesezeit":"7\u00a0Minuten"},"schema":{"@context":"https:\/\/schema.org","@graph":[{"@type":"WebPage","@id":"https:\/\/www.naturemweltasbl.lu\/de\/politik-leben-de\/","url":"https:\/\/www.naturemweltasbl.lu\/de\/politik-leben-de\/","name":"Politisches Leben - DE - natur&amp;\u00ebmwelt a.s.b.l.","isPartOf":{"@id":"https:\/\/www.naturemweltasbl.lu\/#website"},"datePublished":"2024-11-05T08:13:14+00:00","dateModified":"2025-07-29T09:42:59+00:00","breadcrumb":{"@id":"https:\/\/www.naturemweltasbl.lu\/de\/politik-leben-de\/#breadcrumb"},"inLanguage":"de","potentialAction":[{"@type":"ReadAction","target":["https:\/\/www.naturemweltasbl.lu\/de\/politik-leben-de\/"]}]},{"@type":"BreadcrumbList","@id":"https:\/\/www.naturemweltasbl.lu\/de\/politik-leben-de\/#breadcrumb","itemListElement":[{"@type":"ListItem","position":1,"name":"Startseite","item":"https:\/\/www.naturemweltasbl.lu\/de\/"},{"@type":"ListItem","position":2,"name":"Politisches Leben &#8211; DE"}]},{"@type":"WebSite","@id":"https:\/\/www.naturemweltasbl.lu\/#website","url":"https:\/\/www.naturemweltasbl.lu\/","name":"natur&\u00ebmwelt a.s.b.l.","description":"","publisher":{"@id":"https:\/\/www.naturemweltasbl.lu\/#organization"},"potentialAction":[{"@type":"SearchAction","target":{"@type":"EntryPoint","urlTemplate":"https:\/\/www.naturemweltasbl.lu\/?s={search_term_string}"},"query-input":{"@type":"PropertyValueSpecification","valueRequired":true,"valueName":"search_term_string"}}],"inLanguage":"de"},{"@type":"Organization","@id":"https:\/\/www.naturemweltasbl.lu\/#organization","name":"natur&\u00ebmwelt a.s.b.l.","url":"https:\/\/www.naturemweltasbl.lu\/","logo":{"@type":"ImageObject","inLanguage":"de","@id":"https:\/\/www.naturemweltasbl.lu\/#\/schema\/logo\/image\/","url":"https:\/\/www.naturemweltasbl.lu\/wp-content\/uploads\/2024\/07\/NE_Logo_asbl_RGB-e1720014142276.png","contentUrl":"https:\/\/www.naturemweltasbl.lu\/wp-content\/uploads\/2024\/07\/NE_Logo_asbl_RGB-e1720014142276.png","width":432,"height":254,"caption":"natur&\u00ebmwelt a.s.b.l."},"image":{"@id":"https:\/\/www.naturemweltasbl.lu\/#\/schema\/logo\/image\/"},"sameAs":["https:\/\/www.facebook.com\/naturemwelt\/","https:\/\/x.com\/Natur_an_Emwelt","https:\/\/www.instagram.com\/naturemwelt\/","https:\/\/www.youtube.com\/user\/naturemwelt","https:\/\/lu.linkedin.com\/company\/naturemweltasbl?trk=similar-pages"]}]}},"_links":{"self":[{"href":"https:\/\/www.naturemweltasbl.lu\/de\/wp-json\/wp\/v2\/pages\/2677","targetHints":{"allow":["GET"]}}],"collection":[{"href":"https:\/\/www.naturemweltasbl.lu\/de\/wp-json\/wp\/v2\/pages"}],"about":[{"href":"https:\/\/www.naturemweltasbl.lu\/de\/wp-json\/wp\/v2\/types\/page"}],"author":[{"embeddable":true,"href":"https:\/\/www.naturemweltasbl.lu\/de\/wp-json\/wp\/v2\/users\/1"}],"replies":[{"embeddable":true,"href":"https:\/\/www.naturemweltasbl.lu\/de\/wp-json\/wp\/v2\/comments?post=2677"}],"version-history":[{"count":30,"href":"https:\/\/www.naturemweltasbl.lu\/de\/wp-json\/wp\/v2\/pages\/2677\/revisions"}],"predecessor-version":[{"id":7455,"href":"https:\/\/www.naturemweltasbl.lu\/de\/wp-json\/wp\/v2\/pages\/2677\/revisions\/7455"}],"wp:attachment":[{"href":"https:\/\/www.naturemweltasbl.lu\/de\/wp-json\/wp\/v2\/media?parent=2677"}],"wp:term":[{"taxonomy":"folder","embeddable":true,"href":"https:\/\/www.naturemweltasbl.lu\/de\/wp-json\/wp\/v2\/folder?post=2677"}],"curies":[{"name":"wp","href":"https:\/\/api.w.org\/{rel}","templated":true}]}}