{"id":2071,"date":"2024-08-01T10:06:13","date_gmt":"2024-08-01T08:06:13","guid":{"rendered":"https:\/\/cp33msbjmvs.preview.infomaniak.website\/projekte-kampagnen\/"},"modified":"2025-01-21T12:21:21","modified_gmt":"2025-01-21T11:21:21","slug":"projekte-kampagnen","status":"publish","type":"page","link":"https:\/\/www.naturemweltasbl.lu\/de\/projekte-kampagnen\/","title":{"rendered":"Projekte &#038; Kampagnen"},"content":{"rendered":"<p><div class=\"fusion-fullwidth fullwidth-box fusion-builder-row-1 fusion-flex-container has-pattern-background has-mask-background hundred-percent-fullwidth non-hundred-percent-height-scrolling\" style=\"--awb-border-radius-top-left:0px;--awb-border-radius-top-right:0px;--awb-border-radius-bottom-right:0px;--awb-border-radius-bottom-left:0px;--awb-padding-top:0px;--awb-padding-right:0px;--awb-padding-left:0px;--awb-margin-top:0px;--awb-margin-bottom:5%;--awb-background-color:var(--awb-custom_color_4);--awb-flex-wrap:wrap;\" ><div class=\"fusion-builder-row fusion-row fusion-flex-align-items-flex-start fusion-flex-content-wrap\" style=\"width:104% !important;max-width:104% !important;margin-left: calc(-4% \/ 2 );margin-right: calc(-4% \/ 2 );\"><div class=\"fusion-layout-column fusion_builder_column fusion-builder-column-0 fusion_builder_column_1_1 1_1 fusion-flex-column\" style=\"--awb-bg-size:cover;--awb-width-large:100%;--awb-margin-top-large:0px;--awb-spacing-right-large:1.92%;--awb-margin-bottom-large:0px;--awb-spacing-left-large:1.92%;--awb-width-medium:100%;--awb-order-medium:0;--awb-spacing-right-medium:1.92%;--awb-spacing-left-medium:1.92%;--awb-width-small:100%;--awb-order-small:0;--awb-spacing-right-small:1.92%;--awb-spacing-left-small:1.92%;\"><div class=\"fusion-column-wrapper fusion-column-has-shadow fusion-flex-justify-content-flex-start fusion-content-layout-column\"><nav class=\"fusion-breadcrumbs awb-yoast-breadcrumbs fusion-breadcrumbs-1\" style=\"--awb-margin-top:1%;--awb-margin-bottom:2%;--awb-margin-left:5%;--awb-text-color:var(--awb-color5);--awb-breadcrumb-sep:&#039;\/&#039;;\" aria-label=\"Breadcrumb\"><span><span><a href=\"https:\/\/www.naturemweltasbl.lu\/de\/\">Startseite<\/a><\/span><\/span><\/nav><div class=\"fusion-title title fusion-title-1 fusion-sep-none fusion-title-center fusion-title-text fusion-title-size-one\" style=\"--awb-text-color:var(--awb-color5);--awb-margin-bottom:5%;--awb-margin-top-small:10px;--awb-margin-right-small:0px;--awb-margin-bottom-small:10px;--awb-margin-left-small:0px;\"><h1 class=\"fusion-title-heading title-heading-center\" style=\"margin:0;\">Projekte &amp; Kampagnen<\/h1><\/div><\/div><\/div><\/div><\/div><div class=\"fusion-fullwidth fullwidth-box fusion-builder-row-2 fusion-flex-container has-pattern-background has-mask-background hundred-percent-fullwidth non-hundred-percent-height-scrolling\" style=\"--awb-border-radius-top-left:0px;--awb-border-radius-top-right:0px;--awb-border-radius-bottom-right:0px;--awb-border-radius-bottom-left:0px;--awb-padding-right-medium:50px;--awb-padding-left-medium:50px;--awb-flex-wrap:wrap;\" ><div class=\"fusion-builder-row fusion-row fusion-flex-align-items-flex-start fusion-flex-content-wrap\" style=\"width:104% !important;max-width:104% !important;margin-left: calc(-4% \/ 2 );margin-right: calc(-4% \/ 2 );\"><div class=\"fusion-layout-column fusion_builder_column fusion-builder-column-1 fusion_builder_column_1_1 1_1 fusion-flex-column\" style=\"--awb-bg-size:cover;--awb-width-large:100%;--awb-margin-top-large:0px;--awb-spacing-right-large:1.92%;--awb-margin-bottom-large:20px;--awb-spacing-left-large:1.92%;--awb-width-medium:100%;--awb-order-medium:0;--awb-spacing-right-medium:1.92%;--awb-spacing-left-medium:1.92%;--awb-width-small:100%;--awb-order-small:0;--awb-spacing-right-small:1.92%;--awb-spacing-left-small:1.92%;\"><div class=\"fusion-column-wrapper fusion-column-has-shadow fusion-flex-justify-content-flex-start fusion-content-layout-column\"><div class=\"fusion-post-cards fusion-post-cards-1 fusion-grid-archive fusion-grid-columns-3\" style=\"--awb-dots-align:center;--awb-columns:3;--awb-active-filter-border-size:3px;--awb-filters-height:36px;--awb-columns-medium:33.3333%;\" data-post-type-label=\"beitr\u00e4ge\"><ul class=\"fusion-grid fusion-grid-3 fusion-flex-align-items-flex-start fusion-grid-posts-cards fusion-grid-container-infinite\" data-pages=\"3\"><li class=\"fusion-layout-column fusion_builder_column fusion-builder-column-2 fusion-flex-column post-card fusion-grid-column fusion-post-cards-grid-column\" style=\"--awb-overflow:hidden;--awb-bg-color:var(--awb-color8);--awb-bg-color-hover:var(--awb-color8);--awb-bg-size:cover;--awb-border-color:var(--awb-color7);--awb-border-top:1px;--awb-border-right:1px;--awb-border-bottom:1px;--awb-border-left:1px;--awb-border-radius:8px 8px 8px 8px;--awb-flex-grow:0;--awb-flex-shrink:0;--awb-flex-grow-medium:0;--awb-flex-shrink-medium:0;--awb-flex-grow-small:0;--awb-flex-shrink-small:0;\"><div class=\"fusion-column-wrapper fusion-column-has-shadow fusion-flex-justify-content-space-around fusion-content-layout-column\"><div class=\"fusion-clean-product-image-wrapper fusion-woo-product-image fusion-post-card-image fusion-post-card-image-1\" data-layout=\"static\"><div  class=\"fusion-image-wrapper\" aria-haspopup=\"true\">\n\t\t\t\t\t\t\t<a href=\"https:\/\/www.naturemweltasbl.lu\/de\/urban-birds-2\/\" aria-label=\"Urban Birds\">\n\t\t\t\t\t\t\t<img decoding=\"async\" width=\"1752\" height=\"1068\" src=\"https:\/\/www.naturemweltasbl.lu\/wp-content\/uploads\/2025\/08\/Screenshot-2025-08-01-at-11.07.17.png\" class=\"attachment-full size-full wp-post-image\" alt=\"\" srcset=\"https:\/\/www.naturemweltasbl.lu\/wp-content\/uploads\/2025\/08\/Screenshot-2025-08-01-at-11.07.17-200x122.png 200w, https:\/\/www.naturemweltasbl.lu\/wp-content\/uploads\/2025\/08\/Screenshot-2025-08-01-at-11.07.17-400x244.png 400w, https:\/\/www.naturemweltasbl.lu\/wp-content\/uploads\/2025\/08\/Screenshot-2025-08-01-at-11.07.17-600x366.png 600w, https:\/\/www.naturemweltasbl.lu\/wp-content\/uploads\/2025\/08\/Screenshot-2025-08-01-at-11.07.17-800x488.png 800w, https:\/\/www.naturemweltasbl.lu\/wp-content\/uploads\/2025\/08\/Screenshot-2025-08-01-at-11.07.17-1200x732.png 1200w, https:\/\/www.naturemweltasbl.lu\/wp-content\/uploads\/2025\/08\/Screenshot-2025-08-01-at-11.07.17.png 1752w\" sizes=\"(min-width: 1200px) 33vw, (min-width: 2200px) 100vw, (min-width: 784px) 613px, (min-width: 712px) 784px, (min-width: 640px) 712px, \" \/>\t\t\t<\/a>\n\t\t\t\t\t\t\t<\/div>\n<\/div><div class=\"fusion-title title fusion-title-2 fusion-sep-none fusion-title-text fusion-title-size-five\" style=\"--awb-margin-top:5%;--awb-margin-right:5%;--awb-margin-left:5%;--awb-margin-top-small:10px;--awb-margin-right-small:0px;--awb-margin-bottom-small:10px;--awb-margin-left-small:0px;\"><h5 class=\"fusion-title-heading title-heading-left\" style=\"margin:0;\">Urban Birds<\/h5><\/div><div class=\"fusion-content-tb fusion-content-tb-1\" style=\"--awb-margin-bottom:5%;--awb-margin-left:5%;--awb-margin-right:5%;--awb-margin-top:2%;\"><p>Das Urban Birds Projekt setzt sich f\u00fcr die Verbesserung der st\u00e4dtischen Lebensr\u00e4ume und die F\u00f6rderung der Biodiversit\u00e4t in der Stadt ein.<\/p><\/div><\/div><\/li>\n<li class=\"fusion-layout-column fusion_builder_column fusion-builder-column-3 fusion-flex-column post-card fusion-grid-column fusion-post-cards-grid-column\" style=\"--awb-overflow:hidden;--awb-bg-color:var(--awb-color8);--awb-bg-color-hover:var(--awb-color8);--awb-bg-size:cover;--awb-border-color:var(--awb-color7);--awb-border-top:1px;--awb-border-right:1px;--awb-border-bottom:1px;--awb-border-left:1px;--awb-border-radius:8px 8px 8px 8px;--awb-flex-grow:0;--awb-flex-shrink:0;--awb-flex-grow-medium:0;--awb-flex-shrink-medium:0;--awb-flex-grow-small:0;--awb-flex-shrink-small:0;\"><div class=\"fusion-column-wrapper fusion-column-has-shadow fusion-flex-justify-content-space-around fusion-content-layout-column\"><div class=\"fusion-clean-product-image-wrapper fusion-woo-product-image fusion-post-card-image fusion-post-card-image-1\" data-layout=\"static\"><div  class=\"fusion-image-wrapper\" aria-haspopup=\"true\">\n\t\t\t\t\t\t\t<a href=\"https:\/\/www.naturemweltasbl.lu\/de\/bestebser-parc-merveilleux\/\" aria-label=\"Best\u00ebbser Parc Merveilleux\">\n\t\t\t\t\t\t\t<img decoding=\"async\" width=\"1752\" height=\"1068\" src=\"https:\/\/www.naturemweltasbl.lu\/wp-content\/uploads\/2025\/08\/Screenshot-2025-08-01-at-11.07.17.png\" class=\"attachment-full size-full wp-post-image\" alt=\"\" srcset=\"https:\/\/www.naturemweltasbl.lu\/wp-content\/uploads\/2025\/08\/Screenshot-2025-08-01-at-11.07.17-200x122.png 200w, https:\/\/www.naturemweltasbl.lu\/wp-content\/uploads\/2025\/08\/Screenshot-2025-08-01-at-11.07.17-400x244.png 400w, https:\/\/www.naturemweltasbl.lu\/wp-content\/uploads\/2025\/08\/Screenshot-2025-08-01-at-11.07.17-600x366.png 600w, https:\/\/www.naturemweltasbl.lu\/wp-content\/uploads\/2025\/08\/Screenshot-2025-08-01-at-11.07.17-800x488.png 800w, https:\/\/www.naturemweltasbl.lu\/wp-content\/uploads\/2025\/08\/Screenshot-2025-08-01-at-11.07.17-1200x732.png 1200w, https:\/\/www.naturemweltasbl.lu\/wp-content\/uploads\/2025\/08\/Screenshot-2025-08-01-at-11.07.17.png 1752w\" sizes=\"(min-width: 1200px) 33vw, (min-width: 2200px) 100vw, (min-width: 784px) 613px, (min-width: 712px) 784px, (min-width: 640px) 712px, \" \/>\t\t\t<\/a>\n\t\t\t\t\t\t\t<\/div>\n<\/div><div class=\"fusion-title title fusion-title-3 fusion-sep-none fusion-title-text fusion-title-size-five\" style=\"--awb-margin-top:5%;--awb-margin-right:5%;--awb-margin-left:5%;--awb-margin-top-small:10px;--awb-margin-right-small:0px;--awb-margin-bottom-small:10px;--awb-margin-left-small:0px;\"><h5 class=\"fusion-title-heading title-heading-left\" style=\"margin:0;\">Best\u00ebbser Parc Merveilleux<\/h5><\/div><div class=\"fusion-content-tb fusion-content-tb-2\" style=\"--awb-margin-bottom:5%;--awb-margin-left:5%;--awb-margin-right:5%;--awb-margin-top:2%;\"><p>La commune de Bettembourg lance un projet pluriannuel d\u00e9di\u00e9 aux insectes pollinisateurs, visant \u00e0 renforcer la biodiversit\u00e9 locale par la cr\u00e9ation d\u2019habitats et des actions de sensibilisation. Au Parc Merveilleux, [...]<\/p><\/div><\/div><\/li>\n<li class=\"fusion-layout-column fusion_builder_column fusion-builder-column-4 fusion-flex-column post-card fusion-grid-column fusion-post-cards-grid-column\" style=\"--awb-overflow:hidden;--awb-bg-color:var(--awb-color8);--awb-bg-color-hover:var(--awb-color8);--awb-bg-size:cover;--awb-border-color:var(--awb-color7);--awb-border-top:1px;--awb-border-right:1px;--awb-border-bottom:1px;--awb-border-left:1px;--awb-border-radius:8px 8px 8px 8px;--awb-flex-grow:0;--awb-flex-shrink:0;--awb-flex-grow-medium:0;--awb-flex-shrink-medium:0;--awb-flex-grow-small:0;--awb-flex-shrink-small:0;\"><div class=\"fusion-column-wrapper fusion-column-has-shadow fusion-flex-justify-content-space-around fusion-content-layout-column\"><div class=\"fusion-clean-product-image-wrapper fusion-woo-product-image fusion-post-card-image fusion-post-card-image-1\" data-layout=\"static\"><div  class=\"fusion-image-wrapper\" aria-haspopup=\"true\">\n\t\t\t\t\t\t\t<a href=\"https:\/\/www.naturemweltasbl.lu\/de\/wantervullenzielung\/\" aria-label=\"Wantervullenzielung\">\n\t\t\t\t\t\t\t<img decoding=\"async\" width=\"940\" height=\"788\" src=\"https:\/\/www.naturemweltasbl.lu\/wp-content\/uploads\/2025\/11\/Wantervullenzielung-2024-e1764065392141.png\" class=\"attachment-full size-full wp-post-image\" alt=\"\" \/>\t\t\t<\/a>\n\t\t\t\t\t\t\t<\/div>\n<\/div><div class=\"fusion-title title fusion-title-4 fusion-sep-none fusion-title-text fusion-title-size-five\" style=\"--awb-margin-top:5%;--awb-margin-right:5%;--awb-margin-left:5%;--awb-margin-top-small:10px;--awb-margin-right-small:0px;--awb-margin-bottom-small:10px;--awb-margin-left-small:0px;\"><h5 class=\"fusion-title-heading title-heading-left\" style=\"margin:0;\">Wantervullenzielung<\/h5><\/div><div class=\"fusion-content-tb fusion-content-tb-3\" style=\"--awb-margin-bottom:5%;--awb-margin-left:5%;--awb-margin-right:5%;--awb-margin-top:2%;\"><p> Seit 2006 sind alle eingeladen, am letzten Wochenende im Januar eine Stunde lang die V\u00f6gel im eigenen Garten, am Balkon oder in nahegelegenen[...]<\/p><\/div><\/div><\/li>\n<li class=\"fusion-layout-column fusion_builder_column fusion-builder-column-5 fusion-flex-column post-card fusion-grid-column fusion-post-cards-grid-column\" style=\"--awb-overflow:hidden;--awb-bg-color:var(--awb-color8);--awb-bg-color-hover:var(--awb-color8);--awb-bg-size:cover;--awb-border-color:var(--awb-color7);--awb-border-top:1px;--awb-border-right:1px;--awb-border-bottom:1px;--awb-border-left:1px;--awb-border-radius:8px 8px 8px 8px;--awb-flex-grow:0;--awb-flex-shrink:0;--awb-flex-grow-medium:0;--awb-flex-shrink-medium:0;--awb-flex-grow-small:0;--awb-flex-shrink-small:0;\"><div class=\"fusion-column-wrapper fusion-column-has-shadow fusion-flex-justify-content-space-around fusion-content-layout-column\"><div class=\"fusion-clean-product-image-wrapper fusion-woo-product-image fusion-post-card-image fusion-post-card-image-1\" data-layout=\"static\"><div  class=\"fusion-image-wrapper\" aria-haspopup=\"true\">\n\t\t\t\t\t\t\t<a href=\"https:\/\/www.naturemweltasbl.lu\/de\/life-ardenneislek\/\" aria-label=\"LIFE ArdennEislek\">\n\t\t\t\t\t\t\t<img decoding=\"async\" width=\"1772\" height=\"1181\" src=\"https:\/\/www.naturemweltasbl.lu\/wp-content\/uploads\/2025\/06\/Design-Photobox-FvN-3.png\" class=\"attachment-full size-full wp-post-image\" alt=\"LIFE ArdennEislek\" srcset=\"https:\/\/www.naturemweltasbl.lu\/wp-content\/uploads\/2025\/06\/Design-Photobox-FvN-3-200x133.png 200w, https:\/\/www.naturemweltasbl.lu\/wp-content\/uploads\/2025\/06\/Design-Photobox-FvN-3-400x267.png 400w, https:\/\/www.naturemweltasbl.lu\/wp-content\/uploads\/2025\/06\/Design-Photobox-FvN-3-600x400.png 600w, https:\/\/www.naturemweltasbl.lu\/wp-content\/uploads\/2025\/06\/Design-Photobox-FvN-3-800x533.png 800w, https:\/\/www.naturemweltasbl.lu\/wp-content\/uploads\/2025\/06\/Design-Photobox-FvN-3-1200x800.png 1200w, https:\/\/www.naturemweltasbl.lu\/wp-content\/uploads\/2025\/06\/Design-Photobox-FvN-3.png 1772w\" sizes=\"(min-width: 1200px) 33vw, (min-width: 2200px) 100vw, (min-width: 784px) 613px, (min-width: 712px) 784px, (min-width: 640px) 712px, \" \/>\t\t\t<\/a>\n\t\t\t\t\t\t\t<\/div>\n<\/div><div class=\"fusion-title title fusion-title-5 fusion-sep-none fusion-title-text fusion-title-size-five\" style=\"--awb-margin-top:5%;--awb-margin-right:5%;--awb-margin-left:5%;--awb-margin-top-small:10px;--awb-margin-right-small:0px;--awb-margin-bottom-small:10px;--awb-margin-left-small:0px;\"><h5 class=\"fusion-title-heading title-heading-left\" style=\"margin:0;\">LIFE ArdennEislek<\/h5><\/div><div class=\"fusion-content-tb fusion-content-tb-4\" style=\"--awb-margin-bottom:5%;--awb-margin-left:5%;--awb-margin-right:5%;--awb-margin-top:2%;\"><p>Das im Januar 2025 gestartete LIFE-Projekt ArdennEislek zielt auf die Wiederherstellung von Wiesen, Heiden und W\u00e4ldern mit hoher Biodiversit\u00e4t in den belgischen und luxemburgischen[...]<\/p><\/div><\/div><\/li>\n<li class=\"fusion-layout-column fusion_builder_column fusion-builder-column-6 fusion-flex-column post-card fusion-grid-column fusion-post-cards-grid-column\" style=\"--awb-overflow:hidden;--awb-bg-color:var(--awb-color8);--awb-bg-color-hover:var(--awb-color8);--awb-bg-size:cover;--awb-border-color:var(--awb-color7);--awb-border-top:1px;--awb-border-right:1px;--awb-border-bottom:1px;--awb-border-left:1px;--awb-border-radius:8px 8px 8px 8px;--awb-flex-grow:0;--awb-flex-shrink:0;--awb-flex-grow-medium:0;--awb-flex-shrink-medium:0;--awb-flex-grow-small:0;--awb-flex-shrink-small:0;\"><div class=\"fusion-column-wrapper fusion-column-has-shadow fusion-flex-justify-content-space-around fusion-content-layout-column\"><div class=\"fusion-clean-product-image-wrapper fusion-woo-product-image fusion-post-card-image fusion-post-card-image-1\" data-layout=\"static\"><div  class=\"fusion-image-wrapper\" aria-haspopup=\"true\">\n\t\t\t\t\t\t\t<a href=\"https:\/\/www.naturemweltasbl.lu\/de\/mei-wei-beien-ziel-mat\/\" aria-label=\"M\u00e9i w\u00e9i Beien, ziel mat!\">\n\t\t\t\t\t\t\t<img decoding=\"async\" width=\"1014\" height=\"706\" src=\"https:\/\/www.naturemweltasbl.lu\/wp-content\/uploads\/2025\/06\/Mei-wei-Beien.png\" class=\"attachment-full size-full wp-post-image\" alt=\"\" srcset=\"https:\/\/www.naturemweltasbl.lu\/wp-content\/uploads\/2025\/06\/Mei-wei-Beien-200x139.png 200w, https:\/\/www.naturemweltasbl.lu\/wp-content\/uploads\/2025\/06\/Mei-wei-Beien-400x279.png 400w, https:\/\/www.naturemweltasbl.lu\/wp-content\/uploads\/2025\/06\/Mei-wei-Beien-600x418.png 600w, https:\/\/www.naturemweltasbl.lu\/wp-content\/uploads\/2025\/06\/Mei-wei-Beien-800x557.png 800w, https:\/\/www.naturemweltasbl.lu\/wp-content\/uploads\/2025\/06\/Mei-wei-Beien.png 1014w\" sizes=\"(min-width: 1200px) 33vw, (min-width: 2200px) 100vw, (min-width: 784px) 613px, (min-width: 712px) 784px, (min-width: 640px) 712px, \" \/>\t\t\t<\/a>\n\t\t\t\t\t\t\t<\/div>\n<\/div><div class=\"fusion-title title fusion-title-6 fusion-sep-none fusion-title-text fusion-title-size-five\" style=\"--awb-margin-top:5%;--awb-margin-right:5%;--awb-margin-left:5%;--awb-margin-top-small:10px;--awb-margin-right-small:0px;--awb-margin-bottom-small:10px;--awb-margin-left-small:0px;\"><h5 class=\"fusion-title-heading title-heading-left\" style=\"margin:0;\">M\u00e9i w\u00e9i Beien, ziel mat!<\/h5><\/div><div class=\"fusion-content-tb fusion-content-tb-5\" style=\"--awb-margin-bottom:5%;--awb-margin-left:5%;--awb-margin-right:5%;--awb-margin-top:2%;\"><p>\"M\u00e9i w\u00e9i Beien, ziel mat!\" \u2013 Ein Langzeitprojekt zur Insektenbeobachtung Seit 2023 f\u00fchrt natur&amp;\u00ebmwelt das Mitmachprojekt \u201eMehr als Bienen! Z\u00e4hl mit!\u201c durch \u2013 eine[...]<\/p><\/div><\/div><\/li>\n<li class=\"fusion-layout-column fusion_builder_column fusion-builder-column-7 fusion-flex-column post-card fusion-grid-column fusion-post-cards-grid-column\" style=\"--awb-overflow:hidden;--awb-bg-color:var(--awb-color8);--awb-bg-color-hover:var(--awb-color8);--awb-bg-size:cover;--awb-border-color:var(--awb-color7);--awb-border-top:1px;--awb-border-right:1px;--awb-border-bottom:1px;--awb-border-left:1px;--awb-border-radius:8px 8px 8px 8px;--awb-flex-grow:0;--awb-flex-shrink:0;--awb-flex-grow-medium:0;--awb-flex-shrink-medium:0;--awb-flex-grow-small:0;--awb-flex-shrink-small:0;\"><div class=\"fusion-column-wrapper fusion-column-has-shadow fusion-flex-justify-content-space-around fusion-content-layout-column\"><div class=\"fusion-clean-product-image-wrapper fusion-woo-product-image fusion-post-card-image fusion-post-card-image-1\" data-layout=\"static\"><div  class=\"fusion-image-wrapper\" aria-haspopup=\"true\">\n\t\t\t\t\t\t\t<a href=\"https:\/\/www.naturemweltasbl.lu\/de\/e-laf-fir-dnatur\/\" aria-label=\"E Laf fir d&#8217;Natur\">\n\t\t\t\t\t\t\t<img decoding=\"async\" width=\"1570\" height=\"1070\" src=\"https:\/\/www.naturemweltasbl.lu\/wp-content\/uploads\/2024\/12\/Laf-1.png\" class=\"attachment-full size-full wp-post-image\" alt=\"\" srcset=\"https:\/\/www.naturemweltasbl.lu\/wp-content\/uploads\/2024\/12\/Laf-1-200x136.png 200w, https:\/\/www.naturemweltasbl.lu\/wp-content\/uploads\/2024\/12\/Laf-1-400x273.png 400w, https:\/\/www.naturemweltasbl.lu\/wp-content\/uploads\/2024\/12\/Laf-1-600x409.png 600w, https:\/\/www.naturemweltasbl.lu\/wp-content\/uploads\/2024\/12\/Laf-1-800x545.png 800w, https:\/\/www.naturemweltasbl.lu\/wp-content\/uploads\/2024\/12\/Laf-1-1200x818.png 1200w, https:\/\/www.naturemweltasbl.lu\/wp-content\/uploads\/2024\/12\/Laf-1.png 1570w\" sizes=\"(min-width: 1200px) 33vw, (min-width: 2200px) 100vw, (min-width: 784px) 613px, (min-width: 712px) 784px, (min-width: 640px) 712px, \" \/>\t\t\t<\/a>\n\t\t\t\t\t\t\t<\/div>\n<\/div><div class=\"fusion-title title fusion-title-7 fusion-sep-none fusion-title-text fusion-title-size-five\" style=\"--awb-margin-top:5%;--awb-margin-right:5%;--awb-margin-left:5%;--awb-margin-top-small:10px;--awb-margin-right-small:0px;--awb-margin-bottom-small:10px;--awb-margin-left-small:0px;\"><h5 class=\"fusion-title-heading title-heading-left\" style=\"margin:0;\">E Laf fir d&#8217;Natur<\/h5><\/div><div class=\"fusion-content-tb fusion-content-tb-6\" style=\"--awb-margin-bottom:5%;--awb-margin-left:5%;--awb-margin-right:5%;--awb-margin-top:2%;\"><p>Am Sonntag, den 3. Mai, findet der j\u00e4hrliche Laf fir d\u2019Natur von natur&amp;\u00ebmwelt a.s.b.l. statt. Die Teilnehmer k\u00f6nnen zwischen zwei Distanzen w\u00e4hlen: 5 km[...]<\/p><\/div><\/div><\/li>\n<li class=\"fusion-layout-column fusion_builder_column fusion-builder-column-8 fusion-flex-column post-card fusion-grid-column fusion-post-cards-grid-column\" style=\"--awb-overflow:hidden;--awb-bg-color:var(--awb-color8);--awb-bg-color-hover:var(--awb-color8);--awb-bg-size:cover;--awb-border-color:var(--awb-color7);--awb-border-top:1px;--awb-border-right:1px;--awb-border-bottom:1px;--awb-border-left:1px;--awb-border-radius:8px 8px 8px 8px;--awb-flex-grow:0;--awb-flex-shrink:0;--awb-flex-grow-medium:0;--awb-flex-shrink-medium:0;--awb-flex-grow-small:0;--awb-flex-shrink-small:0;\"><div class=\"fusion-column-wrapper fusion-column-has-shadow fusion-flex-justify-content-space-around fusion-content-layout-column\"><div class=\"fusion-clean-product-image-wrapper fusion-woo-product-image fusion-post-card-image fusion-post-card-image-1\" data-layout=\"static\"><div  class=\"fusion-image-wrapper\" aria-haspopup=\"true\">\n\t\t\t\t\t\t\t<a href=\"https:\/\/www.naturemweltasbl.lu\/de\/fest-vun-der-natur\/\" aria-label=\"Fest vun der Natur\">\n\t\t\t\t\t\t\t<img decoding=\"async\" width=\"1024\" height=\"683\" src=\"https:\/\/www.naturemweltasbl.lu\/wp-content\/uploads\/2024\/12\/IMG_8792-1024x683-2.jpg\" class=\"attachment-full size-full wp-post-image\" alt=\"\" srcset=\"https:\/\/www.naturemweltasbl.lu\/wp-content\/uploads\/2024\/12\/IMG_8792-1024x683-2-200x133.jpg 200w, https:\/\/www.naturemweltasbl.lu\/wp-content\/uploads\/2024\/12\/IMG_8792-1024x683-2-400x267.jpg 400w, https:\/\/www.naturemweltasbl.lu\/wp-content\/uploads\/2024\/12\/IMG_8792-1024x683-2-600x400.jpg 600w, https:\/\/www.naturemweltasbl.lu\/wp-content\/uploads\/2024\/12\/IMG_8792-1024x683-2-800x534.jpg 800w, https:\/\/www.naturemweltasbl.lu\/wp-content\/uploads\/2024\/12\/IMG_8792-1024x683-2.jpg 1024w\" sizes=\"(min-width: 1200px) 33vw, (min-width: 2200px) 100vw, (min-width: 784px) 613px, (min-width: 712px) 784px, (min-width: 640px) 712px, \" \/>\t\t\t<\/a>\n\t\t\t\t\t\t\t<\/div>\n<\/div><div class=\"fusion-title title fusion-title-8 fusion-sep-none fusion-title-text fusion-title-size-five\" style=\"--awb-margin-top:5%;--awb-margin-right:5%;--awb-margin-left:5%;--awb-margin-top-small:10px;--awb-margin-right-small:0px;--awb-margin-bottom-small:10px;--awb-margin-left-small:0px;\"><h5 class=\"fusion-title-heading title-heading-left\" style=\"margin:0;\">Fest vun der Natur<\/h5><\/div><div class=\"fusion-content-tb fusion-content-tb-7\" style=\"--awb-margin-bottom:5%;--awb-margin-left:5%;--awb-margin-right:5%;--awb-margin-top:2%;\"><p>Am Sonntag, dem 15. Juni, wird das gesamte Gel\u00e4nde des Haus vun der Natur in Kockelscheuer in ein gro\u00dfes Fest rund um das Thema Nachhaltigkeit verwandelt.<\/p><\/div><\/div><\/li>\n<li class=\"fusion-layout-column fusion_builder_column fusion-builder-column-9 fusion-flex-column post-card fusion-grid-column fusion-post-cards-grid-column\" style=\"--awb-overflow:hidden;--awb-bg-color:var(--awb-color8);--awb-bg-color-hover:var(--awb-color8);--awb-bg-size:cover;--awb-border-color:var(--awb-color7);--awb-border-top:1px;--awb-border-right:1px;--awb-border-bottom:1px;--awb-border-left:1px;--awb-border-radius:8px 8px 8px 8px;--awb-flex-grow:0;--awb-flex-shrink:0;--awb-flex-grow-medium:0;--awb-flex-shrink-medium:0;--awb-flex-grow-small:0;--awb-flex-shrink-small:0;\"><div class=\"fusion-column-wrapper fusion-column-has-shadow fusion-flex-justify-content-space-around fusion-content-layout-column\"><div class=\"fusion-clean-product-image-wrapper fusion-woo-product-image fusion-post-card-image fusion-post-card-image-1\" data-layout=\"static\"><div  class=\"fusion-image-wrapper\" aria-haspopup=\"true\">\n\t\t\t\t\t\t\t<a href=\"https:\/\/www.naturemweltasbl.lu\/de\/urban-birds\/\" aria-label=\"Urban Birds\">\n\t\t\t\t\t\t\t<img decoding=\"async\" width=\"627\" height=\"377\" src=\"https:\/\/www.naturemweltasbl.lu\/wp-content\/uploads\/2024\/12\/Urban-birds.png\" class=\"attachment-full size-full wp-post-image\" alt=\"\" srcset=\"https:\/\/www.naturemweltasbl.lu\/wp-content\/uploads\/2024\/12\/Urban-birds-200x120.png 200w, https:\/\/www.naturemweltasbl.lu\/wp-content\/uploads\/2024\/12\/Urban-birds-400x241.png 400w, https:\/\/www.naturemweltasbl.lu\/wp-content\/uploads\/2024\/12\/Urban-birds-600x361.png 600w, https:\/\/www.naturemweltasbl.lu\/wp-content\/uploads\/2024\/12\/Urban-birds.png 627w\" sizes=\"(min-width: 1200px) 33vw, (min-width: 2200px) 100vw, (min-width: 784px) 613px, (min-width: 712px) 784px, (min-width: 640px) 712px, \" \/>\t\t\t<\/a>\n\t\t\t\t\t\t\t<\/div>\n<\/div><div class=\"fusion-title title fusion-title-9 fusion-sep-none fusion-title-text fusion-title-size-five\" style=\"--awb-margin-top:5%;--awb-margin-right:5%;--awb-margin-left:5%;--awb-margin-top-small:10px;--awb-margin-right-small:0px;--awb-margin-bottom-small:10px;--awb-margin-left-small:0px;\"><h5 class=\"fusion-title-heading title-heading-left\" style=\"margin:0;\">Urban Birds<\/h5><\/div><div class=\"fusion-content-tb fusion-content-tb-8\" style=\"--awb-margin-bottom:5%;--awb-margin-left:5%;--awb-margin-right:5%;--awb-margin-top:2%;\"><p>Das Urban Birds Projekt setzt sich f\u00fcr die Verbesserung der st\u00e4dtischen Lebensr\u00e4ume und die F\u00f6rderung der Biodiversit\u00e4t in der Stadt ein.<\/p><\/div><\/div><\/li>\n<li class=\"fusion-layout-column fusion_builder_column fusion-builder-column-10 fusion-flex-column post-card fusion-grid-column fusion-post-cards-grid-column\" style=\"--awb-overflow:hidden;--awb-bg-color:var(--awb-color8);--awb-bg-color-hover:var(--awb-color8);--awb-bg-size:cover;--awb-border-color:var(--awb-color7);--awb-border-top:1px;--awb-border-right:1px;--awb-border-bottom:1px;--awb-border-left:1px;--awb-border-radius:8px 8px 8px 8px;--awb-flex-grow:0;--awb-flex-shrink:0;--awb-flex-grow-medium:0;--awb-flex-shrink-medium:0;--awb-flex-grow-small:0;--awb-flex-shrink-small:0;\"><div class=\"fusion-column-wrapper fusion-column-has-shadow fusion-flex-justify-content-space-around fusion-content-layout-column\"><div class=\"fusion-clean-product-image-wrapper fusion-woo-product-image fusion-post-card-image fusion-post-card-image-1\" data-layout=\"static\"><div  class=\"fusion-image-wrapper\" aria-haspopup=\"true\">\n\t\t\t\t\t\t\t<a href=\"https:\/\/www.naturemweltasbl.lu\/de\/leiren-an-des-natur\/\" aria-label=\"L\u00e9ieren an der Natur\">\n\t\t\t\t\t\t\t<img decoding=\"async\" width=\"2048\" height=\"1347\" src=\"https:\/\/www.naturemweltasbl.lu\/wp-content\/uploads\/2024\/08\/Photo-Cover-du-projet-3.jpg\" class=\"attachment-full size-full wp-post-image\" alt=\"\" srcset=\"https:\/\/www.naturemweltasbl.lu\/wp-content\/uploads\/2024\/08\/Photo-Cover-du-projet-3-200x132.jpg 200w, https:\/\/www.naturemweltasbl.lu\/wp-content\/uploads\/2024\/08\/Photo-Cover-du-projet-3-400x263.jpg 400w, https:\/\/www.naturemweltasbl.lu\/wp-content\/uploads\/2024\/08\/Photo-Cover-du-projet-3-600x395.jpg 600w, https:\/\/www.naturemweltasbl.lu\/wp-content\/uploads\/2024\/08\/Photo-Cover-du-projet-3-800x526.jpg 800w, https:\/\/www.naturemweltasbl.lu\/wp-content\/uploads\/2024\/08\/Photo-Cover-du-projet-3-1200x789.jpg 1200w, https:\/\/www.naturemweltasbl.lu\/wp-content\/uploads\/2024\/08\/Photo-Cover-du-projet-3.jpg 2048w\" sizes=\"(min-width: 1200px) 33vw, (min-width: 2200px) 100vw, (min-width: 784px) 613px, (min-width: 712px) 784px, (min-width: 640px) 712px, \" \/>\t\t\t<\/a>\n\t\t\t\t\t\t\t<\/div>\n<\/div><div class=\"fusion-title title fusion-title-10 fusion-sep-none fusion-title-text fusion-title-size-five\" style=\"--awb-margin-top:5%;--awb-margin-right:5%;--awb-margin-left:5%;--awb-margin-top-small:10px;--awb-margin-right-small:0px;--awb-margin-bottom-small:10px;--awb-margin-left-small:0px;\"><h5 class=\"fusion-title-heading title-heading-left\" style=\"margin:0;\">L\u00e9ieren an der Natur<\/h5><\/div><div class=\"fusion-content-tb fusion-content-tb-9\" style=\"--awb-margin-bottom:5%;--awb-margin-left:5%;--awb-margin-right:5%;--awb-margin-top:2%;\"><p>\"L\u00e9ieren an der Natur\" bietet den Sch\u00fclern der dritten Klassen der teilnehmenden Schulen eine Betreuung im Haus vun der Natur an, die Naturp\u00e4dagogik und Hausaufgabenhilfe kombiniert.<\/p><\/div><\/div><\/li>\n<li class=\"fusion-layout-column fusion_builder_column fusion-builder-column-11 fusion-flex-column post-card fusion-grid-column fusion-post-cards-grid-column\" style=\"--awb-overflow:hidden;--awb-bg-color:var(--awb-color8);--awb-bg-color-hover:var(--awb-color8);--awb-bg-size:cover;--awb-border-color:var(--awb-color7);--awb-border-top:1px;--awb-border-right:1px;--awb-border-bottom:1px;--awb-border-left:1px;--awb-border-radius:8px 8px 8px 8px;--awb-flex-grow:0;--awb-flex-shrink:0;--awb-flex-grow-medium:0;--awb-flex-shrink-medium:0;--awb-flex-grow-small:0;--awb-flex-shrink-small:0;\"><div class=\"fusion-column-wrapper fusion-column-has-shadow fusion-flex-justify-content-space-around fusion-content-layout-column\"><div class=\"fusion-clean-product-image-wrapper fusion-woo-product-image fusion-post-card-image fusion-post-card-image-1\" data-layout=\"static\"><div  class=\"fusion-image-wrapper\" aria-haspopup=\"true\">\n\t\t\t\t\t\t\t<a href=\"https:\/\/www.naturemweltasbl.lu\/de\/aktioun-kaweechelchen\/\" aria-label=\"Aktioun Kaweechelchen\">\n\t\t\t\t\t\t\t<img decoding=\"async\" width=\"2048\" height=\"1365\" src=\"https:\/\/www.naturemweltasbl.lu\/wp-content\/uploads\/2024\/08\/Photo-Cover-du-Projet-2.jpg\" class=\"attachment-full size-full wp-post-image\" alt=\"\" srcset=\"https:\/\/www.naturemweltasbl.lu\/wp-content\/uploads\/2024\/08\/Photo-Cover-du-Projet-2-200x133.jpg 200w, https:\/\/www.naturemweltasbl.lu\/wp-content\/uploads\/2024\/08\/Photo-Cover-du-Projet-2-400x267.jpg 400w, https:\/\/www.naturemweltasbl.lu\/wp-content\/uploads\/2024\/08\/Photo-Cover-du-Projet-2-600x400.jpg 600w, https:\/\/www.naturemweltasbl.lu\/wp-content\/uploads\/2024\/08\/Photo-Cover-du-Projet-2-800x533.jpg 800w, https:\/\/www.naturemweltasbl.lu\/wp-content\/uploads\/2024\/08\/Photo-Cover-du-Projet-2-1200x800.jpg 1200w, https:\/\/www.naturemweltasbl.lu\/wp-content\/uploads\/2024\/08\/Photo-Cover-du-Projet-2.jpg 2048w\" sizes=\"(min-width: 1200px) 33vw, (min-width: 2200px) 100vw, (min-width: 784px) 613px, (min-width: 712px) 784px, (min-width: 640px) 712px, \" \/>\t\t\t<\/a>\n\t\t\t\t\t\t\t<\/div>\n<\/div><div class=\"fusion-title title fusion-title-11 fusion-sep-none fusion-title-text fusion-title-size-five\" style=\"--awb-margin-top:5%;--awb-margin-right:5%;--awb-margin-left:5%;--awb-margin-top-small:10px;--awb-margin-right-small:0px;--awb-margin-bottom-small:10px;--awb-margin-left-small:0px;\"><h5 class=\"fusion-title-heading title-heading-left\" style=\"margin:0;\">Aktioun Kaweechelchen<\/h5><\/div><div class=\"fusion-content-tb fusion-content-tb-10\" style=\"--awb-margin-bottom:5%;--awb-margin-left:5%;--awb-margin-right:5%;--awb-margin-top:2%;\"><p>Eichh\u00f6rnchen sind eine bekannte Art, aber es fehlen genaue Daten \u00fcber ihre Verbreitung in Luxemburg, ihren Gesundheitszustand und die Bedrohungen, denen sie ausgesetzt sind.<\/p><\/div><\/div><\/li>\n<\/ul><div class=\"fusion-infinite-scroll-trigger\"><\/div><div class=\"pagination infinite-scroll clearfix\" style=\"display:none;\"><span class=\"current\">1<\/span><a href=\"https:\/\/www.naturemweltasbl.lu\/de\/wp-json\/wp\/v2\/pages\/2071\/page\/2\/\" class=\"inactive\">2<\/a><a href=\"https:\/\/www.naturemweltasbl.lu\/de\/wp-json\/wp\/v2\/pages\/2071\/page\/3\/\" class=\"inactive\">3<\/a><a class=\"pagination-next\" rel=\"next\" href=\"https:\/\/www.naturemweltasbl.lu\/de\/wp-json\/wp\/v2\/pages\/2071\/page\/2\/\"><span class=\"page-text\">Vor<\/span><span class=\"page-next\"><\/span><\/a><\/div><div class=\"fusion-clearfix\"><\/div><\/div><\/div><\/div><\/div><\/div><\/p>\n","protected":false},"excerpt":{"rendered":"","protected":false},"author":1,"featured_media":0,"parent":0,"menu_order":0,"comment_status":"closed","ping_status":"closed","template":"100-width.php","meta":{"footnotes":""},"folder":[],"class_list":["post-2071","page","type-page","status-publish","hentry"],"yoast_head":"<!-- This site is optimized with the Yoast SEO plugin v27.5 - https:\/\/yoast.com\/product\/yoast-seo-wordpress\/ -->\n<title>Projekte &amp; Kampagnen - natur&amp;\u00ebmwelt a.s.b.l.<\/title>\n<meta name=\"robots\" content=\"index, follow, max-snippet:-1, max-image-preview:large, max-video-preview:-1\" \/>\n<link rel=\"canonical\" href=\"https:\/\/www.naturemweltasbl.lu\/de\/projekte-kampagnen\/\" \/>\n<meta property=\"og:locale\" content=\"de_DE\" \/>\n<meta property=\"og:type\" content=\"article\" \/>\n<meta property=\"og:title\" content=\"Projekte &amp; Kampagnen - natur&amp;\u00ebmwelt a.s.b.l.\" \/>\n<meta property=\"og:url\" content=\"https:\/\/www.naturemweltasbl.lu\/de\/projekte-kampagnen\/\" \/>\n<meta property=\"og:site_name\" content=\"natur&amp;\u00ebmwelt a.s.b.l.\" \/>\n<meta property=\"article:publisher\" content=\"https:\/\/www.facebook.com\/naturemwelt\/\" \/>\n<meta property=\"article:modified_time\" content=\"2025-01-21T11:21:21+00:00\" \/>\n<meta name=\"twitter:card\" content=\"summary_large_image\" \/>\n<meta name=\"twitter:site\" content=\"@Natur_an_Emwelt\" \/>\n<meta name=\"twitter:label1\" content=\"Gesch\u00e4tzte Lesezeit\" \/>\n\t<meta name=\"twitter:data1\" content=\"4\u00a0Minuten\" \/>\n<script type=\"application\/ld+json\" class=\"yoast-schema-graph\">{\"@context\":\"https:\\\/\\\/schema.org\",\"@graph\":[{\"@type\":\"WebPage\",\"@id\":\"https:\\\/\\\/www.naturemweltasbl.lu\\\/de\\\/projekte-kampagnen\\\/\",\"url\":\"https:\\\/\\\/www.naturemweltasbl.lu\\\/de\\\/projekte-kampagnen\\\/\",\"name\":\"Projekte & Kampagnen - natur&amp;\u00ebmwelt a.s.b.l.\",\"isPartOf\":{\"@id\":\"https:\\\/\\\/www.naturemweltasbl.lu\\\/#website\"},\"datePublished\":\"2024-08-01T08:06:13+00:00\",\"dateModified\":\"2025-01-21T11:21:21+00:00\",\"breadcrumb\":{\"@id\":\"https:\\\/\\\/www.naturemweltasbl.lu\\\/de\\\/projekte-kampagnen\\\/#breadcrumb\"},\"inLanguage\":\"de\",\"potentialAction\":[{\"@type\":\"ReadAction\",\"target\":[\"https:\\\/\\\/www.naturemweltasbl.lu\\\/de\\\/projekte-kampagnen\\\/\"]}]},{\"@type\":\"BreadcrumbList\",\"@id\":\"https:\\\/\\\/www.naturemweltasbl.lu\\\/de\\\/projekte-kampagnen\\\/#breadcrumb\",\"itemListElement\":[{\"@type\":\"ListItem\",\"position\":1,\"name\":\"Startseite\",\"item\":\"https:\\\/\\\/www.naturemweltasbl.lu\\\/de\\\/\"},{\"@type\":\"ListItem\",\"position\":2,\"name\":\"Projekte &#038; Kampagnen\"}]},{\"@type\":\"WebSite\",\"@id\":\"https:\\\/\\\/www.naturemweltasbl.lu\\\/#website\",\"url\":\"https:\\\/\\\/www.naturemweltasbl.lu\\\/\",\"name\":\"natur&\u00ebmwelt a.s.b.l.\",\"description\":\"\",\"publisher\":{\"@id\":\"https:\\\/\\\/www.naturemweltasbl.lu\\\/#organization\"},\"potentialAction\":[{\"@type\":\"SearchAction\",\"target\":{\"@type\":\"EntryPoint\",\"urlTemplate\":\"https:\\\/\\\/www.naturemweltasbl.lu\\\/?s={search_term_string}\"},\"query-input\":{\"@type\":\"PropertyValueSpecification\",\"valueRequired\":true,\"valueName\":\"search_term_string\"}}],\"inLanguage\":\"de\"},{\"@type\":\"Organization\",\"@id\":\"https:\\\/\\\/www.naturemweltasbl.lu\\\/#organization\",\"name\":\"natur&\u00ebmwelt a.s.b.l.\",\"url\":\"https:\\\/\\\/www.naturemweltasbl.lu\\\/\",\"logo\":{\"@type\":\"ImageObject\",\"inLanguage\":\"de\",\"@id\":\"https:\\\/\\\/www.naturemweltasbl.lu\\\/#\\\/schema\\\/logo\\\/image\\\/\",\"url\":\"https:\\\/\\\/www.naturemweltasbl.lu\\\/wp-content\\\/uploads\\\/2024\\\/07\\\/NE_Logo_asbl_RGB-e1720014142276.png\",\"contentUrl\":\"https:\\\/\\\/www.naturemweltasbl.lu\\\/wp-content\\\/uploads\\\/2024\\\/07\\\/NE_Logo_asbl_RGB-e1720014142276.png\",\"width\":432,\"height\":254,\"caption\":\"natur&\u00ebmwelt a.s.b.l.\"},\"image\":{\"@id\":\"https:\\\/\\\/www.naturemweltasbl.lu\\\/#\\\/schema\\\/logo\\\/image\\\/\"},\"sameAs\":[\"https:\\\/\\\/www.facebook.com\\\/naturemwelt\\\/\",\"https:\\\/\\\/x.com\\\/Natur_an_Emwelt\",\"https:\\\/\\\/www.instagram.com\\\/naturemwelt\\\/\",\"https:\\\/\\\/www.youtube.com\\\/user\\\/naturemwelt\",\"https:\\\/\\\/lu.linkedin.com\\\/company\\\/naturemweltasbl?trk=similar-pages\"]}]}<\/script>\n<!-- \/ Yoast SEO plugin. -->","yoast_head_json":{"title":"Projekte & Kampagnen - natur&amp;\u00ebmwelt a.s.b.l.","robots":{"index":"index","follow":"follow","max-snippet":"max-snippet:-1","max-image-preview":"max-image-preview:large","max-video-preview":"max-video-preview:-1"},"canonical":"https:\/\/www.naturemweltasbl.lu\/de\/projekte-kampagnen\/","og_locale":"de_DE","og_type":"article","og_title":"Projekte & Kampagnen - natur&amp;\u00ebmwelt a.s.b.l.","og_url":"https:\/\/www.naturemweltasbl.lu\/de\/projekte-kampagnen\/","og_site_name":"natur&amp;\u00ebmwelt a.s.b.l.","article_publisher":"https:\/\/www.facebook.com\/naturemwelt\/","article_modified_time":"2025-01-21T11:21:21+00:00","twitter_card":"summary_large_image","twitter_site":"@Natur_an_Emwelt","twitter_misc":{"Gesch\u00e4tzte Lesezeit":"4\u00a0Minuten"},"schema":{"@context":"https:\/\/schema.org","@graph":[{"@type":"WebPage","@id":"https:\/\/www.naturemweltasbl.lu\/de\/projekte-kampagnen\/","url":"https:\/\/www.naturemweltasbl.lu\/de\/projekte-kampagnen\/","name":"Projekte & Kampagnen - natur&amp;\u00ebmwelt a.s.b.l.","isPartOf":{"@id":"https:\/\/www.naturemweltasbl.lu\/#website"},"datePublished":"2024-08-01T08:06:13+00:00","dateModified":"2025-01-21T11:21:21+00:00","breadcrumb":{"@id":"https:\/\/www.naturemweltasbl.lu\/de\/projekte-kampagnen\/#breadcrumb"},"inLanguage":"de","potentialAction":[{"@type":"ReadAction","target":["https:\/\/www.naturemweltasbl.lu\/de\/projekte-kampagnen\/"]}]},{"@type":"BreadcrumbList","@id":"https:\/\/www.naturemweltasbl.lu\/de\/projekte-kampagnen\/#breadcrumb","itemListElement":[{"@type":"ListItem","position":1,"name":"Startseite","item":"https:\/\/www.naturemweltasbl.lu\/de\/"},{"@type":"ListItem","position":2,"name":"Projekte &#038; Kampagnen"}]},{"@type":"WebSite","@id":"https:\/\/www.naturemweltasbl.lu\/#website","url":"https:\/\/www.naturemweltasbl.lu\/","name":"natur&\u00ebmwelt a.s.b.l.","description":"","publisher":{"@id":"https:\/\/www.naturemweltasbl.lu\/#organization"},"potentialAction":[{"@type":"SearchAction","target":{"@type":"EntryPoint","urlTemplate":"https:\/\/www.naturemweltasbl.lu\/?s={search_term_string}"},"query-input":{"@type":"PropertyValueSpecification","valueRequired":true,"valueName":"search_term_string"}}],"inLanguage":"de"},{"@type":"Organization","@id":"https:\/\/www.naturemweltasbl.lu\/#organization","name":"natur&\u00ebmwelt a.s.b.l.","url":"https:\/\/www.naturemweltasbl.lu\/","logo":{"@type":"ImageObject","inLanguage":"de","@id":"https:\/\/www.naturemweltasbl.lu\/#\/schema\/logo\/image\/","url":"https:\/\/www.naturemweltasbl.lu\/wp-content\/uploads\/2024\/07\/NE_Logo_asbl_RGB-e1720014142276.png","contentUrl":"https:\/\/www.naturemweltasbl.lu\/wp-content\/uploads\/2024\/07\/NE_Logo_asbl_RGB-e1720014142276.png","width":432,"height":254,"caption":"natur&\u00ebmwelt a.s.b.l."},"image":{"@id":"https:\/\/www.naturemweltasbl.lu\/#\/schema\/logo\/image\/"},"sameAs":["https:\/\/www.facebook.com\/naturemwelt\/","https:\/\/x.com\/Natur_an_Emwelt","https:\/\/www.instagram.com\/naturemwelt\/","https:\/\/www.youtube.com\/user\/naturemwelt","https:\/\/lu.linkedin.com\/company\/naturemweltasbl?trk=similar-pages"]}]}},"_links":{"self":[{"href":"https:\/\/www.naturemweltasbl.lu\/de\/wp-json\/wp\/v2\/pages\/2071","targetHints":{"allow":["GET"]}}],"collection":[{"href":"https:\/\/www.naturemweltasbl.lu\/de\/wp-json\/wp\/v2\/pages"}],"about":[{"href":"https:\/\/www.naturemweltasbl.lu\/de\/wp-json\/wp\/v2\/types\/page"}],"author":[{"embeddable":true,"href":"https:\/\/www.naturemweltasbl.lu\/de\/wp-json\/wp\/v2\/users\/1"}],"replies":[{"embeddable":true,"href":"https:\/\/www.naturemweltasbl.lu\/de\/wp-json\/wp\/v2\/comments?post=2071"}],"version-history":[{"count":14,"href":"https:\/\/www.naturemweltasbl.lu\/de\/wp-json\/wp\/v2\/pages\/2071\/revisions"}],"predecessor-version":[{"id":5383,"href":"https:\/\/www.naturemweltasbl.lu\/de\/wp-json\/wp\/v2\/pages\/2071\/revisions\/5383"}],"wp:attachment":[{"href":"https:\/\/www.naturemweltasbl.lu\/de\/wp-json\/wp\/v2\/media?parent=2071"}],"wp:term":[{"taxonomy":"folder","embeddable":true,"href":"https:\/\/www.naturemweltasbl.lu\/de\/wp-json\/wp\/v2\/folder?post=2071"}],"curies":[{"name":"wp","href":"https:\/\/api.w.org\/{rel}","templated":true}]}}