{"id":1334,"date":"2024-07-24T11:23:57","date_gmt":"2024-07-24T09:23:57","guid":{"rendered":"https:\/\/cp33msbjmvs.preview.infomaniak.website\/?page_id=1334"},"modified":"2024-08-28T12:11:58","modified_gmt":"2024-08-28T10:11:58","slug":"politique-de-respect-de-la-vie-privee-de","status":"publish","type":"page","link":"https:\/\/www.naturemweltasbl.lu\/de\/politique-de-respect-de-la-vie-privee-de\/","title":{"rendered":"Politique de respect de la vie priv\u00e9e &#8211; DE"},"content":{"rendered":"<p><div class=\"fusion-fullwidth fullwidth-box fusion-builder-row-1 fusion-flex-container has-pattern-background has-mask-background hundred-percent-fullwidth non-hundred-percent-height-scrolling\" style=\"--awb-border-radius-top-left:0px;--awb-border-radius-top-right:0px;--awb-border-radius-bottom-right:0px;--awb-border-radius-bottom-left:0px;--awb-padding-top:0px;--awb-padding-right:0px;--awb-padding-left:0px;--awb-margin-top:0px;--awb-margin-bottom:50px;--awb-background-color:var(--awb-custom_color_4);--awb-flex-wrap:wrap;\" ><div class=\"fusion-builder-row fusion-row fusion-flex-align-items-flex-start fusion-flex-content-wrap\" style=\"width:104% !important;max-width:104% !important;margin-left: calc(-4% \/ 2 );margin-right: calc(-4% \/ 2 );\"><div class=\"fusion-layout-column fusion_builder_column fusion-builder-column-0 fusion_builder_column_1_1 1_1 fusion-flex-column\" style=\"--awb-bg-size:cover;--awb-width-large:100%;--awb-margin-top-large:0px;--awb-spacing-right-large:1.92%;--awb-margin-bottom-large:0px;--awb-spacing-left-large:1.92%;--awb-width-medium:100%;--awb-order-medium:0;--awb-spacing-right-medium:1.92%;--awb-spacing-left-medium:1.92%;--awb-width-small:100%;--awb-order-small:0;--awb-spacing-right-small:1.92%;--awb-spacing-left-small:1.92%;\"><div class=\"fusion-column-wrapper fusion-column-has-shadow fusion-flex-justify-content-flex-start fusion-content-layout-column\"><nav class=\"fusion-breadcrumbs awb-yoast-breadcrumbs fusion-breadcrumbs-1\" style=\"--awb-margin-top:1%;--awb-margin-bottom:2%;--awb-margin-left:5%;--awb-text-color:var(--awb-color5);--awb-breadcrumb-sep:&#039;\/&#039;;\" aria-label=\"Breadcrumb\"><span><span><a href=\"https:\/\/www.naturemweltasbl.lu\/de\/\">Startseite<\/a><\/span><\/span><\/nav><div class=\"fusion-title title fusion-title-1 fusion-sep-none fusion-title-center fusion-title-text fusion-title-size-one\" style=\"--awb-text-color:var(--awb-color5);--awb-margin-bottom:5%;--awb-margin-top-small:10px;--awb-margin-right-small:0px;--awb-margin-bottom-small:10px;--awb-margin-left-small:0px;\"><h1 class=\"fusion-title-heading title-heading-center\" style=\"margin:0;\">Datenschutzrichtlinie<\/h1><\/div><\/div><\/div><\/div><\/div><div class=\"fusion-fullwidth fullwidth-box fusion-builder-row-2 fusion-flex-container has-pattern-background has-mask-background hundred-percent-fullwidth non-hundred-percent-height-scrolling\" style=\"--awb-border-radius-top-left:0px;--awb-border-radius-top-right:0px;--awb-border-radius-bottom-right:0px;--awb-border-radius-bottom-left:0px;--awb-padding-right-medium:50px;--awb-padding-left-medium:50px;--awb-flex-wrap:wrap;\" ><div class=\"fusion-builder-row fusion-row fusion-flex-align-items-flex-start fusion-flex-content-wrap\" style=\"width:104% !important;max-width:104% !important;margin-left: calc(-4% \/ 2 );margin-right: calc(-4% \/ 2 );\"><div class=\"fusion-layout-column fusion_builder_column fusion-builder-column-1 fusion_builder_column_1_1 1_1 fusion-flex-column\" style=\"--awb-bg-size:cover;--awb-width-large:100%;--awb-margin-top-large:0px;--awb-spacing-right-large:1.92%;--awb-margin-bottom-large:20px;--awb-spacing-left-large:1.92%;--awb-width-medium:100%;--awb-order-medium:0;--awb-spacing-right-medium:1.92%;--awb-spacing-left-medium:1.92%;--awb-width-small:100%;--awb-order-small:0;--awb-spacing-right-small:1.92%;--awb-spacing-left-small:1.92%;\"><div class=\"fusion-column-wrapper fusion-column-has-shadow fusion-flex-justify-content-flex-start fusion-content-layout-column\"><div class=\"fusion-text fusion-text-1\"><p>Politique de protection des donn\u00e9es en vertu du R\u00e8glement g\u00e9n\u00e9ral sur la protection des donn\u00e9es (RGPD)<\/p>\n<\/div><div class=\"fusion-title title fusion-title-2 fusion-sep-none fusion-title-text fusion-title-size-five\" style=\"--awb-margin-top-small:10px;--awb-margin-right-small:0px;--awb-margin-bottom-small:10px;--awb-margin-left-small:0px;\"><h5 class=\"fusion-title-heading title-heading-left\" style=\"margin:0;\"><h3>1) Informations sur la collecte de donn\u00e9es \u00e0 caract\u00e8re personnel et coordonn\u00e9es du responsable du traitement<\/h3><\/h5><\/div><div class=\"fusion-text fusion-text-2\"><p><strong>1.1<\/strong>\u2009Nous nous r\u00e9jouissons de votre visite sur notre site internet et de l\u2019int\u00e9r\u00eat que vous portez \u00e0 nos services. Nous vous informons ici sur le traitement de vos donn\u00e9es personnelles lors de l\u2019utilisation de notre site web. Les donn\u00e9es personnelles sont toutes les donn\u00e9es avec lesquelles vous pouvez \u00eatre identifi\u00e9 personnellement. <strong>1.2<\/strong>\u2009Le responsable du traitement des donn\u00e9es sur ce site internet est, au sens du R\u00e8glement g\u00e9n\u00e9ral sur la protection des donn\u00e9es <strong>natur\u00ebmwelt a.s.b.l.<\/strong> <strong>\/ natur\u00ebmwelt Fondation H\u00ebllef fir d\u2019Natur<\/strong>, 13, rue du cur\u00e9, L-1368 Luxembourg adresse email :<a href=\"mailto:secretariat@naturemwelt.lu\">secretariat@naturemwelt.lu<\/a> T\u00e9l. +352 29 04 04 1. Le responsable du traitement des donn\u00e9es \u00e0 caract\u00e8re personnel est la personne physique ou morale, l\u2019autorit\u00e9 publique, le service ou un autre organisme qui, seul ou conjointement avec d\u2019autres, d\u00e9termine les finalit\u00e9s et les moyens du traitement des donn\u00e9es \u00e0 caract\u00e8re personnel.<\/p>\n<\/div><div class=\"fusion-title title fusion-title-3 fusion-sep-none fusion-title-text fusion-title-size-five\" style=\"--awb-margin-top-small:10px;--awb-margin-right-small:0px;--awb-margin-bottom-small:10px;--awb-margin-left-small:0px;\"><h5 class=\"fusion-title-heading title-heading-left\" style=\"margin:0;\"><h3>2) Collecte de donn\u00e9es lors de la visite de notre site web<\/h3><\/h5><\/div><div class=\"fusion-text fusion-text-3\"><p>Lorsque vous utilisez notre site web uniquement \u00e0 des fins d\u2019information, c\u2019est-\u00e0-dire si vous ne vous inscrivez pas ou ne nous fournissez pas d\u2019autres informations, nous ne recueillons que les seules donn\u00e9es transmises par votre navigateur \u00e0 notre serveur (les \u00ab Server-Logfiles ou \u00ab fichiers journaux \u00bb). Ainsi, lors de la visite de notre site web, seules les donn\u00e9es suivantes qui nous sont techniquement n\u00e9cessaires pour vous pr\u00e9senter le site internet seront collect\u00e9es :  <\/p>\n<ul type=\"disc\">\n<li>Le site web visit\u00e9<\/li>\n<li>La date et l\u2019heure de l\u2019acc\u00e8s au site<\/li>\n<li>La quantit\u00e9 (en octets) de donn\u00e9es envoy\u00e9es<\/li>\n<li>La source\/r\u00e9f\u00e9rence \u00e0 partir de laquelle vous avez \u00e9t\u00e9 amen\u00e9 \u00e0 consulter notre site<\/li>\n<li>Le navigateur utilis\u00e9<\/li>\n<li>Le syst\u00e8me d\u2019exploitation<\/li>\n<li>L\u2019adresse IP utilis\u00e9e (le cas \u00e9ch\u00e9ant : sous forme anonyme)<\/li>\n<\/ul>\n<p> Le traitement est effectu\u00e9 conform\u00e9ment \u00e0 l\u2019article 6 paragraphe 1 point f) RGPD dans notre int\u00e9r\u00eat l\u00e9gitime \u00e0 l\u2019am\u00e9lioration de la stabilit\u00e9 et des fonctionnalit\u00e9s du site web. Les donn\u00e9es ne seront en aucun cas transmises ou utilis\u00e9es \u00e0 d\u2019autres fins. Nous nous r\u00e9servons en tout \u00e9tat de cause le droit de v\u00e9rifier ult\u00e9rieurement les fichiers journaux du serveur s\u2019il existe des indices concrets d\u2019utilisation ill\u00e9gale.<\/p>\n<\/div><div class=\"fusion-title title fusion-title-4 fusion-sep-none fusion-title-text fusion-title-size-five\" style=\"--awb-margin-top-small:10px;--awb-margin-right-small:0px;--awb-margin-bottom-small:10px;--awb-margin-left-small:0px;\"><h5 class=\"fusion-title-heading title-heading-left\" style=\"margin:0;\"><h3>3) Cookies<\/h3><\/h5><\/div><div class=\"fusion-text fusion-text-4\"><p>Afin de rendre la visite sur notre site web attrayante et de permettre l\u2019utilisation de certaines fonctionnalit\u00e9s, nous utilisons des cookies sur diff\u00e9rentes pages. Un cookie est un fichier texte de petite taille qui est enregistr\u00e9 par votre navigateur sur le disque dur de votre terminal. Certains cookies sont supprim\u00e9s apr\u00e8s la fin de la session de navigation, c\u2019est-\u00e0-dire apr\u00e8s la fermeture de celui-ci (\u201ccookies de session\u201d). D\u2019autres cookies subsistent cependant sur votre terminal et permettent \u00e0 notre soci\u00e9t\u00e9 ainsi qu\u2019\u00e0 nos partenaires (cookies tiers) de reconna\u00eetre votre navigateur lors de votre prochaine visite (cookies persistants). Si des cookies sont utilis\u00e9s, ces derniers collectent et traitent individuellement les informations sp\u00e9cifiques de l\u2019utilisateur telles que les donn\u00e9es du navigateur, les donn\u00e9es de localisation ou les valeurs d\u2019adresse IP. Les cookies persistants sont toutefois automatiquement et syst\u00e9matiquement supprim\u00e9s apr\u00e8s une p\u00e9riode pr\u00e9d\u00e9termin\u00e9e qui peut varier en fonction de la nature du cookie. Dans certains cas, les cookies sont utilis\u00e9s pour simplifier le processus de commande en permettant la sauvegarde de certains param\u00e8tres (par exemple, en m\u00e9morisant le contenu d\u2019un panier d\u2019achat virtuel pour une visite ult\u00e9rieure). Dans le cas o\u00f9 des donn\u00e9es \u00e0 caract\u00e8re personnel sont trait\u00e9es par les cookies que nous utilisons, le traitement est effectu\u00e9 conform\u00e9ment aux dispositions de l\u2019article 6, paragraphe 1, point b) RGPD pour l\u2019ex\u00e9cution du contrat ou, conform\u00e9ment \u00e0 l\u2019article 6, paragraphe 1, point f) RGPD, pour sauvegarder notre int\u00e9r\u00eat l\u00e9gitime \u00e0 doter notre site web des meilleures fonctionnalit\u00e9s possibles et \u00e0 permettre une configuration conviviale et efficace du site internet. Nous travaillons avec des partenaires publicitaires qui nous aident \u00e0 rendre notre site web plus attrayant. Pour ce faire, des cookies d\u2019entreprises partenaires sont \u00e9galement enregistr\u00e9s sur votre disque dur d\u00e8s lors que vous visitez notre site web (\u201ccookies tiers\u201d). Vous trouverez dans ce qui suit une information individuelle et s\u00e9par\u00e9e sur l\u2019utilisation respective de ce type de cookies ainsi que sur l\u2019\u00e9tendue des informations collect\u00e9es. Veuillez noter que vous pouvez param\u00e9trer votre navigateur de fa\u00e7on \u00e0 \u00eatre inform\u00e9 de la pr\u00e9sence de cookies et de la possibilit\u00e9 de pouvoir d\u00e9cider individuellement de leur acceptation ou de leur exclusion, et ce au cas par cas ou de mani\u00e8re plus g\u00e9n\u00e9rale. La gestion des param\u00e9trages des cookies est propre \u00e0 chaque navigateur. Veuillez-vous r\u00e9f\u00e9rer au menu d\u2019aide de votre navigateur pour conna\u00eetre les modalit\u00e9s de param\u00e9trage existantes. Les informations sur le param\u00e9trage des cookies sur les divers navigateurs sont disponibles sous les liens suivants : Internet Explorer : <a href=\"https:\/\/support.microsoft.com\/fr-fr\/help\/17442\/windows-internet-explorer-delete-manage-cookies\" target=\"_blank\" rel=\"noopener\">https:\/\/support.microsoft.com\/fr-fr\/help\/17442\/windows-internet-explorer-delete-manage-cookies<\/a> Firefox : <a href=\"https:\/\/support.mozilla.org\/fr\/kb\/activer-desactiver-cookies-preferences\" target=\"_blank\" rel=\"noopener\">https:\/\/support.mozilla.org\/fr\/kb\/activer-desactiver-cookies-preferences<\/a> Chrome : <a href=\"https:\/\/support.google.com\/accounts\/answer\/61416?co=GENIE.Platform%3DDesktop&amp;hl=fr\" target=\"_blank\" rel=\"noopener\">https:\/\/support.google.com\/accounts\/answer\/61416?co=GENIE.Platform%3DDesktophl=fr<\/a> Safari : <a href=\"https:\/\/support.apple.com\/kb\/PH21411?locale=de_DE&amp;viewlocale=fr_FR\" target=\"_blank\" rel=\"noopener\">https:\/\/support.apple.com\/kb\/PH21411?locale=de_DEviewlocale=fr_FR<\/a> Opera : <a href=\"http:\/\/help.opera.com\/Windows\/10.20\/fr\/cookies.html\" target=\"_blank\" rel=\"noopener\">http:\/\/help.opera.com\/Windows\/10.20\/fr\/cookies.html<\/a> Votre consentement s\u2019applique aux domaines suivants : naturemwelt.lu, google.com, youtube.com et vimeo.com. Veuillez noter que les fonctionnalit\u00e9s de notre site web peuvent \u00eatre limit\u00e9es dans le cas o\u00f9 vous refusez l\u2019utilisation de cookies.<\/p>\n<\/div><div class=\"fusion-title title fusion-title-5 fusion-sep-none fusion-title-text fusion-title-size-five\" style=\"--awb-margin-top-small:10px;--awb-margin-right-small:0px;--awb-margin-bottom-small:10px;--awb-margin-left-small:0px;\"><h5 class=\"fusion-title-heading title-heading-left\" style=\"margin:0;\"><h3>4) Prise de contact<\/h3><\/h5><\/div><div class=\"fusion-text fusion-text-5\"><p>Des donn\u00e9es \u00e0 caract\u00e8re personnel sont collect\u00e9es lors de la prise de contact avec nos services (par exemple via le formulaire de contact ou par e-mail). Les donn\u00e9es collect\u00e9es par le biais du formulaire de contact peuvent \u00eatre consult\u00e9es \u00e0 partir de ce m\u00eame formulaire. Ces donn\u00e9es sont enregistr\u00e9es et utilis\u00e9es dans le seul but de r\u00e9pondre \u00e0 votre demande et pour permettre la prise de contact ainsi que l\u2019administration technique correspondante. Le traitement des donn\u00e9es est effectu\u00e9, le cas \u00e9ch\u00e9ant, conform\u00e9ment aux dispositions de l\u2019article 6, paragraphe 1, point f) RGPD sur la base de notre int\u00e9r\u00eat l\u00e9gitime \u00e0 r\u00e9pondre \u00e0 votre demande. En outre, si votre prise de contact a pour objet la conclusion d\u2019un contrat, le traitement de vos donn\u00e9es sera effectu\u00e9 sur le fondement de l\u2019article 6, paragraphe 1, point b) RGPD. A l\u2019issue du traitement final de votre demande, c\u2019est \u00e0 dire lorsqu\u2019il peut \u00eatre d\u00e9duit des circonstances que la situation est d\u00e9finitivement clarifi\u00e9e et qu\u2019il ne subsiste aucune obligation l\u00e9gale de conservation contraire, vos donn\u00e9es sont imm\u00e9diatement supprim\u00e9es.<\/p>\n<\/div><div class=\"fusion-title title fusion-title-6 fusion-sep-none fusion-title-text fusion-title-size-five\" style=\"--awb-margin-top-small:10px;--awb-margin-right-small:0px;--awb-margin-bottom-small:10px;--awb-margin-left-small:0px;\"><h5 class=\"fusion-title-heading title-heading-left\" style=\"margin:0;\"><h3>5) Google Universal Analytics<\/h3><\/h5><\/div><div class=\"fusion-text fusion-text-6\"><p>Ce site web utilise Google Analytics, un service d\u2019analyse de site internet propos\u00e9 par Google LLC, 1600 Amphith\u00e9\u00e2tre Parkway, Mountain View, CA 94043, USA (\u00ab Google \u00bb). Google Analytics utilise des fichiers texte de petite taille enregistr\u00e9s sur votre ordinateur (\u00ab Cookies \u00bb), qui nous aide \u00e0 analyser l\u2019utilisation du site par les utilisateurs. Les informations g\u00e9n\u00e9r\u00e9es par les cookies sur l\u2019utilisation du site web (y compris l\u2019adresse IP abr\u00e9g\u00e9e) sont en principe transmises et enregistr\u00e9es sur un serveur de Google situ\u00e9 aux \u00c9tats-Unis. Ce site utilise Google Analytics exclusivement avec l\u2019extension \u00ab _anonymizeIp() \u00bb. Cette extension assure l\u2019anonymisation de l\u2019adresse IP par raccourcissement et exclut ainsi tout lien personnel et direct avec l\u2019utilisateur. En raison de l\u2019extension, votre adresse IP sera pr\u00e9alablement abr\u00e9g\u00e9e par Google dans les \u00c9tats membres de l\u2019Union europ\u00e9enne ou dans les \u00c9tats signataires de l\u2019Accord sur l\u2019Espace \u00e9conomique europ\u00e9en. Ce n\u2019est qu\u2019exceptionnellement que l\u2019adresse IP compl\u00e8te est susceptible d\u2019\u00eatre transmise \u00e0 un serveur Google situ\u00e9 aux Etats-Unis avant d\u2019y \u00eatre \u00e9galement abr\u00e9g\u00e9e. Dans ce cas, le traitement des donn\u00e9es est effectu\u00e9, conform\u00e9ment \u00e0 l\u2019article 6, paragraphe 1, point f) dans notre int\u00e9r\u00eat l\u00e9gitime \u00e0 l\u2019analyse statistique du comportement des utilisateurs et \u00e0 des fins d\u2019optimisation et de marketing. Google utilisera ces informations en notre nom afin d\u2019analyser votre utilisation du site web, de compiler des rapports sur son activit\u00e9 et de nous fournir d\u2019autres services li\u00e9s \u00e0 l\u2019utilisation du site internet. L\u2019adresse IP anonymis\u00e9e transmise par votre navigateur dans le cadre du service de Google Analytics n\u2019est pas recoup\u00e9e avec d\u2019autres donn\u00e9es d\u00e9tenues par Google. Vous pouvez refuser l\u2019utilisation de cookies en s\u00e9lectionnant les param\u00e8tres appropri\u00e9s dans votre navigateur. Dans ce cas, il se peut que vous ne puissiez pas utiliser toutes les fonctionnalit\u00e9s de ce site web. Vous pouvez \u00e9galement emp\u00eacher Google de collecter et traiter les donn\u00e9es relatives \u00e0 votre utilisation du site web (y compris votre adresse IP) qui sont g\u00e9n\u00e9r\u00e9es par le cookie susmentionn\u00e9 en installant le plugin de navigateur disponible sous le lien suivant : https:\/\/tools.google.com\/dlpage\/gaoptout?hl=fr Comme alternative au plugin du navigateur ou pour les navigateurs sur appareils mobiles, nous vous invitons \u00e0 cliquer sur le lien ci-dessous pour mettre en place un cookie opt-out (ou d\u2019exclusion) qui emp\u00eachera toute collecte future de donn\u00e9es par Google Analytics (ce cookie opt-out ne fonctionne que pour ce navigateur et uniquement pour ce domaine. Ainsi, si vous supprimez vos cookies dans le navigateur, vous devrez \u00e0 nouveau sur ce lien): <u><a>D\u00e9sactiver Google Analytics<\/a><\/u> Google LLC, implant\u00e9e aux Etats-Unis, participe au Bouclier de protection des donn\u00e9es UE \u2013 Etats-Unis (Privacy Shield), qui a pour objet de garantir la protection des donn\u00e9es personnelles qui sont transf\u00e9r\u00e9es depuis un Etat membre de l\u2019Union Europ\u00e9enne vers les Etats-Unis. Ce site web utilise \u00e9galement Google Analytics pour une analyse crois\u00e9e des flux visiteurs ind\u00e9pendamment de l\u2019appareil d\u2019utilisation et par le biais d\u2019un identifiant utilisateur. Vous pouvez d\u00e9sactiver l\u2019analyse crois\u00e9e du flux visiteurs depuis votre compte client sous \u00ab Mes donn\u00e9es \u00bb puis \u00ab Donn\u00e9es personnelles \u00bb.                Vous trouverez de plus amples informations sur la mani\u00e8re dont Google Analytics traite les donn\u00e9es des utilisateurs dans la d\u00e9claration sur la protection des donn\u00e9es de Google : <a href=\"https:\/\/support.google.com\/analytics\/answer\/6004245?hl=french\" target=\"_blank\" rel=\"noopener\">https:\/\/support.google.com\/analytics\/answer\/6004245?hl=french<\/a>.<\/p>\n<\/div><div class=\"fusion-title title fusion-title-7 fusion-sep-none fusion-title-text fusion-title-size-five\" style=\"--awb-margin-top-small:10px;--awb-margin-right-small:0px;--awb-margin-bottom-small:10px;--awb-margin-left-small:0px;\"><h5 class=\"fusion-title-heading title-heading-left\" style=\"margin:0;\"><h3>6) Outils et Divers<\/h3><\/h5><\/div><div class=\"fusion-text fusion-text-7\"><p><strong>\u2009Google WebFonts<\/strong> Ce site utilise des polices d\u2019\u00e9critures pour le web fournies par Google LLC, 1600 Amphith\u00e9\u00e2tre Parkway, Mountain View, CA 94043, USA (\u00ab Google \u00bb) pour obtenir une pr\u00e9sentation uniforme de typographies. Lorsque vous appelez une page, votre navigateur charge des polices web requises dans le cache du navigateur pour afficher correctement les textes et les typographies. Pour ce faire, le navigateur que vous utilisez doit se connecter aux serveurs de Google. Cela permet \u00e0 Google de savoir que notre site web a \u00e9t\u00e9 consult\u00e9 via votre adresse IP. L\u2019utilisation de Google Web Fonts est dans notre int\u00e9r\u00eat \u00e0 une pr\u00e9sentation uniforme et attrayante de nos offres en ligne. Il s\u2019agit d\u2019un int\u00e9r\u00eat l\u00e9gitime au sens de l\u2019article 6 paragraphe 1 point f RGPD. Si votre navigateur ne supporte pas les polices web, une police par d\u00e9faut est utilis\u00e9e par votre ordinateur. Google LLC, implant\u00e9e aux Etats-Unis, participe au Bouclier de protection des donn\u00e9es UE \u2013 Etats-Unis (Privacy Shield), qui a pour objet de garantir la protection des donn\u00e9es personnelles qui sont transf\u00e9r\u00e9es depuis un Etat membre de l\u2019Union Europ\u00e9enne vers les Etats-Unis. Vous trouverez de plus amples informations sur Google Web Fonts \u00e0 l\u2019adresse https:\/\/developers.google.com\/fonts\/faq et dans la politique de confidentialit\u00e9 de Google : <a href=\"https:\/\/policies.google.com\/privacy?hl=fr\" target=\"_blank\" rel=\"noopener\">https:\/\/policies.google.com\/privacy?hl=fr<\/a>.<\/p>\n<\/div><div class=\"fusion-title title fusion-title-8 fusion-sep-none fusion-title-text fusion-title-size-five\" style=\"--awb-margin-top-small:10px;--awb-margin-right-small:0px;--awb-margin-bottom-small:10px;--awb-margin-left-small:0px;\"><h5 class=\"fusion-title-heading title-heading-left\" style=\"margin:0;\"><h3>7) Types de donn\u00e9es personnelles collect\u00e9es et trait\u00e9es<\/h3><\/h5><\/div><div class=\"fusion-text fusion-text-8\"><p>Les types d\u2019informations personnels suivants peuvent \u00eatre recueillis, stock\u00e9s et utilis\u00e9s : <\/p>\n<ul>\n<li>Name<\/li>\n<li>Pr\u00e9nom<\/li>\n<li>Adresse \u00e9lectronique<\/li>\n<li>Adresse<\/li>\n<li>Toute autre information personnelle que vous nous avez envoy\u00e9.<\/li>\n<\/ul>\n<p> Si vous avez d\u2019autres questions concernant la collecte et le stockage de vos donn\u00e9es personnelles, veuillez nous contacter \u00e0 l\u2019adresse suivante : <strong>natur\u00ebmwelt a.s.b.l.<\/strong> <strong>\/ natur\u00ebmwelt Fondation H\u00ebllef fir d\u2019Natur<\/strong>, 13, rue du cur\u00e9, L-1368 Luxembourg adresse email :<a href=\"mailto:secretariat@naturemwelt.lu\">secretariat@naturemwelt.lu<\/a><\/p>\n<\/div><div class=\"fusion-title title fusion-title-9 fusion-sep-none fusion-title-text fusion-title-size-five\" style=\"--awb-margin-top-small:10px;--awb-margin-right-small:0px;--awb-margin-bottom-small:10px;--awb-margin-left-small:0px;\"><h5 class=\"fusion-title-heading title-heading-left\" style=\"margin:0;\"><h3>8) Transfert \u00e0 des tiers<\/h3><\/h5><\/div><div class=\"fusion-text fusion-text-9\"><p>Vos donn\u00e9es ne seront pas partag\u00e9es \u00e0 des tiers.<\/p>\n<\/div><div class=\"fusion-title title fusion-title-10 fusion-sep-none fusion-title-text fusion-title-size-five\" style=\"--awb-margin-top-small:10px;--awb-margin-right-small:0px;--awb-margin-bottom-small:10px;--awb-margin-left-small:0px;\"><h5 class=\"fusion-title-heading title-heading-left\" style=\"margin:0;\"><h3>9) Droits de la personne concern\u00e9e<\/h3><\/h5><\/div><div class=\"fusion-text fusion-text-10\"><p><strong>9.1<\/strong>\u2009La r\u00e9glementation applicable en mati\u00e8re de protection des donn\u00e9es vous accorde des droits (droits d\u2019information et d\u2019intervention) vis-\u00e0-vis du responsable du traitement, dont nous vous informons ci-dessous : <\/p>\n<ul type=\"disc\">\n<li>Droit d\u2019acc\u00e8s \u00e0 l\u2019information (art. 15 RGPD)<\/li>\n<li>Droit de rectification (art. 16 RGPD)<\/li>\n<li>Droit \u00e0 l\u2019effacement ou \u00ab Droit \u00e0 l\u2019oubli \u00bb (art. 15 RGPD)<\/li>\n<li>Droit \u00e0 la limitation du traitement (art. 18 RGPD)<\/li>\n<li>Droit \u00e0 l\u2019information (art. 19 RGPD)<\/li>\n<li>Droit \u00e0 la portabilit\u00e9 des donn\u00e9es (art. 20 RGPD)<\/li>\n<li>Droit au retrait du consentement donn\u00e9 (Art. 7 (3) RGPD) <\/li>\n<li>Droit de r\u00e9clamation<\/li>\n<\/ul>\n<p><strong>9.2\u2009DROIT D\u2019OPPOSITION<\/strong> SI NOUS TRAITONS VOS DONNEES PERSONNELLES EN ESTIMANT QU\u2019IL EXISTE DES MOTIFS LEGITIMES ET IMPERIEUX QUI PREVALENT SUR VOS PROPRES INTERETS, VOUS POUVEZ VOUS OPPOSER A TOUT MOMENT A CE TRAITEMENT POUR DES RAISONS TENANT A VOTRE SITUATION PARTICULIERE. SI VOUS EXERCEZ CE DROIT D\u2019OPPOSITION, LE TRAITEMENT DES DONNEES CONCERNEES CESSERA IMMEDIATEMENT. NOUS NOUS RESERVONS TOUTEFOIS LE DROIT DE POURSUIVRE LE TRAITEMENT SI NOUS PARVENONS A PROUVER QUE LA POURSUITE DU TRAITEMENT EST JUSTIFIEE PAR DES MOTIFS LEGITIMES ET IMPERIEUX QUI PREVALENT SUR VOS INTERETS, DROITS ET LIBERTES OU SI LA POURSUITE DU TRAITEMENT PERMET LA CONSTATATION, L\u2019EXERCICE OU LA DEFENSE DE DROITS EN JUSTICE. LORSQUE NOUS TRAITONS VOS DONNEES PERSONNELLES A DES FINS DE PROSPECTION, VOUS AVEZ LE DROIT DE VOUS OPPOSER A TOUT MOMENT AU TRAITEMENT DE VOS DONNEES A DE TELLES FINS DE PROSPECTION EN SUIVANT LES MODALITES DECRITES CI-DESSUS. SI VOUS EXERCEZ VOTRE DROIT D\u2019OPPOSITION AU TRAITEMENT A DES FINS DE PROSPECTION, VOS DONNEES NE SERONT PLUS TRAITEES A CES FINS. <strong>9.3 Dur\u00e9e de conservation des donn\u00e9es \u00e0 caract\u00e8re personnel<\/strong> La dur\u00e9e de conservation des donn\u00e9es personnelles est d\u00e9termin\u00e9e par la dur\u00e9e de conservation l\u00e9gale applicable (par exemple, les p\u00e9riodes de conservation commerciale et fiscale). Apr\u00e8s l\u2019expiration de ces d\u00e9lais, les donn\u00e9es correspondantes seront syst\u00e9matiquement et r\u00e9guli\u00e8rement effac\u00e9es, \u00e0 condition qu\u2019elles ne soient plus n\u00e9cessaires \u00e0 l\u2019ex\u00e9cution ou \u00e0 l\u2019initiation du contrat et\/ou qu\u2019il n\u2019y ait plus d\u2019int\u00e9r\u00eat l\u00e9gitime \u00e0 leur conservation.<\/p>\n<\/div><\/div><\/div><\/div><\/div><\/p>\n","protected":false},"excerpt":{"rendered":"","protected":false},"author":1,"featured_media":0,"parent":0,"menu_order":0,"comment_status":"closed","ping_status":"closed","template":"100-width.php","meta":{"footnotes":""},"folder":[],"class_list":["post-1334","page","type-page","status-publish","hentry"],"yoast_head":"<!-- This site is optimized with the Yoast SEO plugin v27.5 - https:\/\/yoast.com\/product\/yoast-seo-wordpress\/ -->\n<title>Politique de respect de la vie priv\u00e9e - DE - natur&amp;\u00ebmwelt a.s.b.l.<\/title>\n<meta name=\"robots\" content=\"index, follow, max-snippet:-1, max-image-preview:large, max-video-preview:-1\" \/>\n<link rel=\"canonical\" href=\"https:\/\/www.naturemweltasbl.lu\/politique-de-respect-de-la-vie-privee\/\" \/>\n<meta property=\"og:locale\" content=\"de_DE\" \/>\n<meta property=\"og:type\" content=\"article\" \/>\n<meta property=\"og:title\" content=\"Politique de respect de la vie priv\u00e9e - DE - natur&amp;\u00ebmwelt a.s.b.l.\" \/>\n<meta property=\"og:url\" content=\"https:\/\/www.naturemweltasbl.lu\/politique-de-respect-de-la-vie-privee\/\" \/>\n<meta property=\"og:site_name\" content=\"natur&amp;\u00ebmwelt a.s.b.l.\" \/>\n<meta property=\"article:publisher\" content=\"https:\/\/www.facebook.com\/naturemwelt\/\" \/>\n<meta property=\"article:modified_time\" content=\"2024-08-28T10:11:58+00:00\" \/>\n<meta name=\"twitter:card\" content=\"summary_large_image\" \/>\n<meta name=\"twitter:site\" content=\"@Natur_an_Emwelt\" \/>\n<meta name=\"twitter:label1\" content=\"Gesch\u00e4tzte Lesezeit\" \/>\n\t<meta name=\"twitter:data1\" content=\"25\u00a0Minuten\" \/>\n<script type=\"application\/ld+json\" class=\"yoast-schema-graph\">{\"@context\":\"https:\\\/\\\/schema.org\",\"@graph\":[{\"@type\":\"WebPage\",\"@id\":\"https:\\\/\\\/www.naturemweltasbl.lu\\\/politique-de-respect-de-la-vie-privee\\\/\",\"url\":\"https:\\\/\\\/www.naturemweltasbl.lu\\\/politique-de-respect-de-la-vie-privee\\\/\",\"name\":\"Politique de respect de la vie priv\u00e9e - DE - natur&amp;\u00ebmwelt a.s.b.l.\",\"isPartOf\":{\"@id\":\"https:\\\/\\\/www.naturemweltasbl.lu\\\/#website\"},\"datePublished\":\"2024-07-24T09:23:57+00:00\",\"dateModified\":\"2024-08-28T10:11:58+00:00\",\"breadcrumb\":{\"@id\":\"https:\\\/\\\/www.naturemweltasbl.lu\\\/politique-de-respect-de-la-vie-privee\\\/#breadcrumb\"},\"inLanguage\":\"de\",\"potentialAction\":[{\"@type\":\"ReadAction\",\"target\":[\"https:\\\/\\\/www.naturemweltasbl.lu\\\/politique-de-respect-de-la-vie-privee\\\/\"]}]},{\"@type\":\"BreadcrumbList\",\"@id\":\"https:\\\/\\\/www.naturemweltasbl.lu\\\/politique-de-respect-de-la-vie-privee\\\/#breadcrumb\",\"itemListElement\":[{\"@type\":\"ListItem\",\"position\":1,\"name\":\"Startseite\",\"item\":\"https:\\\/\\\/www.naturemweltasbl.lu\\\/de\\\/\"},{\"@type\":\"ListItem\",\"position\":2,\"name\":\"Politique de respect de la vie priv\u00e9e &#8211; DE\"}]},{\"@type\":\"WebSite\",\"@id\":\"https:\\\/\\\/www.naturemweltasbl.lu\\\/#website\",\"url\":\"https:\\\/\\\/www.naturemweltasbl.lu\\\/\",\"name\":\"natur&\u00ebmwelt a.s.b.l.\",\"description\":\"\",\"publisher\":{\"@id\":\"https:\\\/\\\/www.naturemweltasbl.lu\\\/#organization\"},\"potentialAction\":[{\"@type\":\"SearchAction\",\"target\":{\"@type\":\"EntryPoint\",\"urlTemplate\":\"https:\\\/\\\/www.naturemweltasbl.lu\\\/?s={search_term_string}\"},\"query-input\":{\"@type\":\"PropertyValueSpecification\",\"valueRequired\":true,\"valueName\":\"search_term_string\"}}],\"inLanguage\":\"de\"},{\"@type\":\"Organization\",\"@id\":\"https:\\\/\\\/www.naturemweltasbl.lu\\\/#organization\",\"name\":\"natur&\u00ebmwelt a.s.b.l.\",\"url\":\"https:\\\/\\\/www.naturemweltasbl.lu\\\/\",\"logo\":{\"@type\":\"ImageObject\",\"inLanguage\":\"de\",\"@id\":\"https:\\\/\\\/www.naturemweltasbl.lu\\\/#\\\/schema\\\/logo\\\/image\\\/\",\"url\":\"https:\\\/\\\/www.naturemweltasbl.lu\\\/wp-content\\\/uploads\\\/2024\\\/07\\\/NE_Logo_asbl_RGB-e1720014142276.png\",\"contentUrl\":\"https:\\\/\\\/www.naturemweltasbl.lu\\\/wp-content\\\/uploads\\\/2024\\\/07\\\/NE_Logo_asbl_RGB-e1720014142276.png\",\"width\":432,\"height\":254,\"caption\":\"natur&\u00ebmwelt a.s.b.l.\"},\"image\":{\"@id\":\"https:\\\/\\\/www.naturemweltasbl.lu\\\/#\\\/schema\\\/logo\\\/image\\\/\"},\"sameAs\":[\"https:\\\/\\\/www.facebook.com\\\/naturemwelt\\\/\",\"https:\\\/\\\/x.com\\\/Natur_an_Emwelt\",\"https:\\\/\\\/www.instagram.com\\\/naturemwelt\\\/\",\"https:\\\/\\\/www.youtube.com\\\/user\\\/naturemwelt\",\"https:\\\/\\\/lu.linkedin.com\\\/company\\\/naturemweltasbl?trk=similar-pages\"]}]}<\/script>\n<!-- \/ Yoast SEO plugin. -->","yoast_head_json":{"title":"Politique de respect de la vie priv\u00e9e - DE - natur&amp;\u00ebmwelt a.s.b.l.","robots":{"index":"index","follow":"follow","max-snippet":"max-snippet:-1","max-image-preview":"max-image-preview:large","max-video-preview":"max-video-preview:-1"},"canonical":"https:\/\/www.naturemweltasbl.lu\/politique-de-respect-de-la-vie-privee\/","og_locale":"de_DE","og_type":"article","og_title":"Politique de respect de la vie priv\u00e9e - DE - natur&amp;\u00ebmwelt a.s.b.l.","og_url":"https:\/\/www.naturemweltasbl.lu\/politique-de-respect-de-la-vie-privee\/","og_site_name":"natur&amp;\u00ebmwelt a.s.b.l.","article_publisher":"https:\/\/www.facebook.com\/naturemwelt\/","article_modified_time":"2024-08-28T10:11:58+00:00","twitter_card":"summary_large_image","twitter_site":"@Natur_an_Emwelt","twitter_misc":{"Gesch\u00e4tzte Lesezeit":"25\u00a0Minuten"},"schema":{"@context":"https:\/\/schema.org","@graph":[{"@type":"WebPage","@id":"https:\/\/www.naturemweltasbl.lu\/politique-de-respect-de-la-vie-privee\/","url":"https:\/\/www.naturemweltasbl.lu\/politique-de-respect-de-la-vie-privee\/","name":"Politique de respect de la vie priv\u00e9e - DE - natur&amp;\u00ebmwelt a.s.b.l.","isPartOf":{"@id":"https:\/\/www.naturemweltasbl.lu\/#website"},"datePublished":"2024-07-24T09:23:57+00:00","dateModified":"2024-08-28T10:11:58+00:00","breadcrumb":{"@id":"https:\/\/www.naturemweltasbl.lu\/politique-de-respect-de-la-vie-privee\/#breadcrumb"},"inLanguage":"de","potentialAction":[{"@type":"ReadAction","target":["https:\/\/www.naturemweltasbl.lu\/politique-de-respect-de-la-vie-privee\/"]}]},{"@type":"BreadcrumbList","@id":"https:\/\/www.naturemweltasbl.lu\/politique-de-respect-de-la-vie-privee\/#breadcrumb","itemListElement":[{"@type":"ListItem","position":1,"name":"Startseite","item":"https:\/\/www.naturemweltasbl.lu\/de\/"},{"@type":"ListItem","position":2,"name":"Politique de respect de la vie priv\u00e9e &#8211; DE"}]},{"@type":"WebSite","@id":"https:\/\/www.naturemweltasbl.lu\/#website","url":"https:\/\/www.naturemweltasbl.lu\/","name":"natur&\u00ebmwelt a.s.b.l.","description":"","publisher":{"@id":"https:\/\/www.naturemweltasbl.lu\/#organization"},"potentialAction":[{"@type":"SearchAction","target":{"@type":"EntryPoint","urlTemplate":"https:\/\/www.naturemweltasbl.lu\/?s={search_term_string}"},"query-input":{"@type":"PropertyValueSpecification","valueRequired":true,"valueName":"search_term_string"}}],"inLanguage":"de"},{"@type":"Organization","@id":"https:\/\/www.naturemweltasbl.lu\/#organization","name":"natur&\u00ebmwelt a.s.b.l.","url":"https:\/\/www.naturemweltasbl.lu\/","logo":{"@type":"ImageObject","inLanguage":"de","@id":"https:\/\/www.naturemweltasbl.lu\/#\/schema\/logo\/image\/","url":"https:\/\/www.naturemweltasbl.lu\/wp-content\/uploads\/2024\/07\/NE_Logo_asbl_RGB-e1720014142276.png","contentUrl":"https:\/\/www.naturemweltasbl.lu\/wp-content\/uploads\/2024\/07\/NE_Logo_asbl_RGB-e1720014142276.png","width":432,"height":254,"caption":"natur&\u00ebmwelt a.s.b.l."},"image":{"@id":"https:\/\/www.naturemweltasbl.lu\/#\/schema\/logo\/image\/"},"sameAs":["https:\/\/www.facebook.com\/naturemwelt\/","https:\/\/x.com\/Natur_an_Emwelt","https:\/\/www.instagram.com\/naturemwelt\/","https:\/\/www.youtube.com\/user\/naturemwelt","https:\/\/lu.linkedin.com\/company\/naturemweltasbl?trk=similar-pages"]}]}},"_links":{"self":[{"href":"https:\/\/www.naturemweltasbl.lu\/de\/wp-json\/wp\/v2\/pages\/1334","targetHints":{"allow":["GET"]}}],"collection":[{"href":"https:\/\/www.naturemweltasbl.lu\/de\/wp-json\/wp\/v2\/pages"}],"about":[{"href":"https:\/\/www.naturemweltasbl.lu\/de\/wp-json\/wp\/v2\/types\/page"}],"author":[{"embeddable":true,"href":"https:\/\/www.naturemweltasbl.lu\/de\/wp-json\/wp\/v2\/users\/1"}],"replies":[{"embeddable":true,"href":"https:\/\/www.naturemweltasbl.lu\/de\/wp-json\/wp\/v2\/comments?post=1334"}],"version-history":[{"count":5,"href":"https:\/\/www.naturemweltasbl.lu\/de\/wp-json\/wp\/v2\/pages\/1334\/revisions"}],"predecessor-version":[{"id":2336,"href":"https:\/\/www.naturemweltasbl.lu\/de\/wp-json\/wp\/v2\/pages\/1334\/revisions\/2336"}],"wp:attachment":[{"href":"https:\/\/www.naturemweltasbl.lu\/de\/wp-json\/wp\/v2\/media?parent=1334"}],"wp:term":[{"taxonomy":"folder","embeddable":true,"href":"https:\/\/www.naturemweltasbl.lu\/de\/wp-json\/wp\/v2\/folder?post=1334"}],"curies":[{"name":"wp","href":"https:\/\/api.w.org\/{rel}","templated":true}]}}