{"id":4874,"date":"2024-07-23T10:11:24","date_gmt":"2024-07-23T08:11:24","guid":{"rendered":"https:\/\/cp33msbjmvs.preview.infomaniak.website\/faq-items\/faut-il-nourrir-les-herissons\/"},"modified":"2024-12-17T12:10:50","modified_gmt":"2024-12-17T11:10:50","slug":"sollte-man-igel-fuettern","status":"publish","type":"avada_faq","link":"https:\/\/www.naturemweltasbl.lu\/de\/faq-items\/sollte-man-igel-fuettern\/","title":{"rendered":"Sollte man Igel f\u00fcttern?"},"content":{"rendered":"<p>Der Igel ist ein Insektenfresser, der sich von Schnecken, Nacktschnecken, W\u00fcrmern, Raupen, Larven und anderen Insekten ern\u00e4hrt, die manchmal die Ernten sch\u00e4digen k\u00f6nnen. Er ist somit ein wertvoller Helfer f\u00fcr G\u00e4rtner.<\/p>\n<p>Der Igel spielt eine entscheidende Rolle in der Biodiversit\u00e4t. Er ist eine sogenannte \u201eRegenschutzart\u201c, was bedeutet, dass wir durch den Schutz des Igels und seines Lebensraums (Hecken, nat\u00fcrliche Vegetation, Heckengr\u00e4ben) viele andere Arten sch\u00fctzen. Wenn man dem Igel Futter gibt, wird er sich daran gew\u00f6hnen. Eine \u00fcberm\u00e4\u00dfige F\u00fctterung kann das Verhalten des Igels ver\u00e4ndern und ihn davon abhalten, Insekten zu jagen. Aus diesem Grund raten wir davon ab, Igel zu f\u00fcttern.<\/p>\n","protected":false},"excerpt":{"rendered":"<p>Der Igel ist ein Insektenfresser, der sich von Schnecken, Nacktschnecken, [&#8230;]<\/p>\n","protected":false},"author":1,"featured_media":0,"menu_order":0,"comment_status":"open","ping_status":"closed","template":"","format":"standard","meta":{"footnotes":""},"faq_category":[219],"class_list":["post-4874","avada_faq","type-avada_faq","status-publish","format-standard","hentry","faq_category-mammiferes-de-2"],"yoast_head":"<!-- This site is optimized with the Yoast SEO plugin v27.4 - https:\/\/yoast.com\/product\/yoast-seo-wordpress\/ -->\n<title>Sollte man Igel f\u00fcttern? - natur&amp;\u00ebmwelt a.s.b.l.<\/title>\n<meta name=\"robots\" content=\"index, follow, max-snippet:-1, max-image-preview:large, max-video-preview:-1\" \/>\n<link rel=\"canonical\" href=\"https:\/\/www.naturemweltasbl.lu\/faq-items\/faut-il-nourrir-les-herissons\/\" \/>\n<meta property=\"og:locale\" content=\"de_DE\" \/>\n<meta property=\"og:type\" content=\"article\" \/>\n<meta property=\"og:title\" content=\"Sollte man Igel f\u00fcttern? - natur&amp;\u00ebmwelt a.s.b.l.\" \/>\n<meta property=\"og:description\" content=\"Der Igel ist ein Insektenfresser, der sich von Schnecken, Nacktschnecken, [...]\" \/>\n<meta property=\"og:url\" content=\"https:\/\/www.naturemweltasbl.lu\/faq-items\/faut-il-nourrir-les-herissons\/\" \/>\n<meta property=\"og:site_name\" content=\"natur&amp;\u00ebmwelt a.s.b.l.\" \/>\n<meta property=\"article:publisher\" content=\"https:\/\/www.facebook.com\/naturemwelt\/\" \/>\n<meta property=\"article:modified_time\" content=\"2024-12-17T11:10:50+00:00\" \/>\n<meta name=\"twitter:card\" content=\"summary_large_image\" \/>\n<meta name=\"twitter:site\" content=\"@Natur_an_Emwelt\" \/>\n<meta name=\"twitter:label1\" content=\"Gesch\u00e4tzte Lesezeit\" \/>\n\t<meta name=\"twitter:data1\" content=\"1\u00a0Minute\" \/>\n<script type=\"application\/ld+json\" class=\"yoast-schema-graph\">{\"@context\":\"https:\\\/\\\/schema.org\",\"@graph\":[{\"@type\":\"WebPage\",\"@id\":\"https:\\\/\\\/www.naturemweltasbl.lu\\\/faq-items\\\/faut-il-nourrir-les-herissons\\\/\",\"url\":\"https:\\\/\\\/www.naturemweltasbl.lu\\\/faq-items\\\/faut-il-nourrir-les-herissons\\\/\",\"name\":\"Sollte man Igel f\u00fcttern? - natur&amp;\u00ebmwelt a.s.b.l.\",\"isPartOf\":{\"@id\":\"https:\\\/\\\/www.naturemweltasbl.lu\\\/#website\"},\"datePublished\":\"2024-07-23T08:11:24+00:00\",\"dateModified\":\"2024-12-17T11:10:50+00:00\",\"breadcrumb\":{\"@id\":\"https:\\\/\\\/www.naturemweltasbl.lu\\\/faq-items\\\/faut-il-nourrir-les-herissons\\\/#breadcrumb\"},\"inLanguage\":\"de\",\"potentialAction\":[{\"@type\":\"ReadAction\",\"target\":[\"https:\\\/\\\/www.naturemweltasbl.lu\\\/faq-items\\\/faut-il-nourrir-les-herissons\\\/\"]}]},{\"@type\":\"BreadcrumbList\",\"@id\":\"https:\\\/\\\/www.naturemweltasbl.lu\\\/faq-items\\\/faut-il-nourrir-les-herissons\\\/#breadcrumb\",\"itemListElement\":[{\"@type\":\"ListItem\",\"position\":1,\"name\":\"Startseite\",\"item\":\"https:\\\/\\\/www.naturemweltasbl.lu\\\/de\\\/\"},{\"@type\":\"ListItem\",\"position\":2,\"name\":\"FAQs\",\"item\":\"https:\\\/\\\/www.naturemweltasbl.lu\\\/faq-items\\\/\"},{\"@type\":\"ListItem\",\"position\":3,\"name\":\"Sollte man Igel f\u00fcttern?\"}]},{\"@type\":\"WebSite\",\"@id\":\"https:\\\/\\\/www.naturemweltasbl.lu\\\/#website\",\"url\":\"https:\\\/\\\/www.naturemweltasbl.lu\\\/\",\"name\":\"natur&\u00ebmwelt a.s.b.l.\",\"description\":\"\",\"publisher\":{\"@id\":\"https:\\\/\\\/www.naturemweltasbl.lu\\\/#organization\"},\"potentialAction\":[{\"@type\":\"SearchAction\",\"target\":{\"@type\":\"EntryPoint\",\"urlTemplate\":\"https:\\\/\\\/www.naturemweltasbl.lu\\\/?s={search_term_string}\"},\"query-input\":{\"@type\":\"PropertyValueSpecification\",\"valueRequired\":true,\"valueName\":\"search_term_string\"}}],\"inLanguage\":\"de\"},{\"@type\":\"Organization\",\"@id\":\"https:\\\/\\\/www.naturemweltasbl.lu\\\/#organization\",\"name\":\"natur&\u00ebmwelt a.s.b.l.\",\"url\":\"https:\\\/\\\/www.naturemweltasbl.lu\\\/\",\"logo\":{\"@type\":\"ImageObject\",\"inLanguage\":\"de\",\"@id\":\"https:\\\/\\\/www.naturemweltasbl.lu\\\/#\\\/schema\\\/logo\\\/image\\\/\",\"url\":\"https:\\\/\\\/www.naturemweltasbl.lu\\\/wp-content\\\/uploads\\\/2024\\\/07\\\/NE_Logo_asbl_RGB-e1720014142276.png\",\"contentUrl\":\"https:\\\/\\\/www.naturemweltasbl.lu\\\/wp-content\\\/uploads\\\/2024\\\/07\\\/NE_Logo_asbl_RGB-e1720014142276.png\",\"width\":432,\"height\":254,\"caption\":\"natur&\u00ebmwelt a.s.b.l.\"},\"image\":{\"@id\":\"https:\\\/\\\/www.naturemweltasbl.lu\\\/#\\\/schema\\\/logo\\\/image\\\/\"},\"sameAs\":[\"https:\\\/\\\/www.facebook.com\\\/naturemwelt\\\/\",\"https:\\\/\\\/x.com\\\/Natur_an_Emwelt\",\"https:\\\/\\\/www.instagram.com\\\/naturemwelt\\\/\",\"https:\\\/\\\/www.youtube.com\\\/user\\\/naturemwelt\",\"https:\\\/\\\/lu.linkedin.com\\\/company\\\/naturemweltasbl?trk=similar-pages\"]}]}<\/script>\n<!-- \/ Yoast SEO plugin. -->","yoast_head_json":{"title":"Sollte man Igel f\u00fcttern? - natur&amp;\u00ebmwelt a.s.b.l.","robots":{"index":"index","follow":"follow","max-snippet":"max-snippet:-1","max-image-preview":"max-image-preview:large","max-video-preview":"max-video-preview:-1"},"canonical":"https:\/\/www.naturemweltasbl.lu\/faq-items\/faut-il-nourrir-les-herissons\/","og_locale":"de_DE","og_type":"article","og_title":"Sollte man Igel f\u00fcttern? - natur&amp;\u00ebmwelt a.s.b.l.","og_description":"Der Igel ist ein Insektenfresser, der sich von Schnecken, Nacktschnecken, [...]","og_url":"https:\/\/www.naturemweltasbl.lu\/faq-items\/faut-il-nourrir-les-herissons\/","og_site_name":"natur&amp;\u00ebmwelt a.s.b.l.","article_publisher":"https:\/\/www.facebook.com\/naturemwelt\/","article_modified_time":"2024-12-17T11:10:50+00:00","twitter_card":"summary_large_image","twitter_site":"@Natur_an_Emwelt","twitter_misc":{"Gesch\u00e4tzte Lesezeit":"1\u00a0Minute"},"schema":{"@context":"https:\/\/schema.org","@graph":[{"@type":"WebPage","@id":"https:\/\/www.naturemweltasbl.lu\/faq-items\/faut-il-nourrir-les-herissons\/","url":"https:\/\/www.naturemweltasbl.lu\/faq-items\/faut-il-nourrir-les-herissons\/","name":"Sollte man Igel f\u00fcttern? - natur&amp;\u00ebmwelt a.s.b.l.","isPartOf":{"@id":"https:\/\/www.naturemweltasbl.lu\/#website"},"datePublished":"2024-07-23T08:11:24+00:00","dateModified":"2024-12-17T11:10:50+00:00","breadcrumb":{"@id":"https:\/\/www.naturemweltasbl.lu\/faq-items\/faut-il-nourrir-les-herissons\/#breadcrumb"},"inLanguage":"de","potentialAction":[{"@type":"ReadAction","target":["https:\/\/www.naturemweltasbl.lu\/faq-items\/faut-il-nourrir-les-herissons\/"]}]},{"@type":"BreadcrumbList","@id":"https:\/\/www.naturemweltasbl.lu\/faq-items\/faut-il-nourrir-les-herissons\/#breadcrumb","itemListElement":[{"@type":"ListItem","position":1,"name":"Startseite","item":"https:\/\/www.naturemweltasbl.lu\/de\/"},{"@type":"ListItem","position":2,"name":"FAQs","item":"https:\/\/www.naturemweltasbl.lu\/faq-items\/"},{"@type":"ListItem","position":3,"name":"Sollte man Igel f\u00fcttern?"}]},{"@type":"WebSite","@id":"https:\/\/www.naturemweltasbl.lu\/#website","url":"https:\/\/www.naturemweltasbl.lu\/","name":"natur&\u00ebmwelt a.s.b.l.","description":"","publisher":{"@id":"https:\/\/www.naturemweltasbl.lu\/#organization"},"potentialAction":[{"@type":"SearchAction","target":{"@type":"EntryPoint","urlTemplate":"https:\/\/www.naturemweltasbl.lu\/?s={search_term_string}"},"query-input":{"@type":"PropertyValueSpecification","valueRequired":true,"valueName":"search_term_string"}}],"inLanguage":"de"},{"@type":"Organization","@id":"https:\/\/www.naturemweltasbl.lu\/#organization","name":"natur&\u00ebmwelt a.s.b.l.","url":"https:\/\/www.naturemweltasbl.lu\/","logo":{"@type":"ImageObject","inLanguage":"de","@id":"https:\/\/www.naturemweltasbl.lu\/#\/schema\/logo\/image\/","url":"https:\/\/www.naturemweltasbl.lu\/wp-content\/uploads\/2024\/07\/NE_Logo_asbl_RGB-e1720014142276.png","contentUrl":"https:\/\/www.naturemweltasbl.lu\/wp-content\/uploads\/2024\/07\/NE_Logo_asbl_RGB-e1720014142276.png","width":432,"height":254,"caption":"natur&\u00ebmwelt a.s.b.l."},"image":{"@id":"https:\/\/www.naturemweltasbl.lu\/#\/schema\/logo\/image\/"},"sameAs":["https:\/\/www.facebook.com\/naturemwelt\/","https:\/\/x.com\/Natur_an_Emwelt","https:\/\/www.instagram.com\/naturemwelt\/","https:\/\/www.youtube.com\/user\/naturemwelt","https:\/\/lu.linkedin.com\/company\/naturemweltasbl?trk=similar-pages"]}]}},"_links":{"self":[{"href":"https:\/\/www.naturemweltasbl.lu\/de\/wp-json\/wp\/v2\/avada_faq\/4874","targetHints":{"allow":["GET"]}}],"collection":[{"href":"https:\/\/www.naturemweltasbl.lu\/de\/wp-json\/wp\/v2\/avada_faq"}],"about":[{"href":"https:\/\/www.naturemweltasbl.lu\/de\/wp-json\/wp\/v2\/types\/avada_faq"}],"author":[{"embeddable":true,"href":"https:\/\/www.naturemweltasbl.lu\/de\/wp-json\/wp\/v2\/users\/1"}],"replies":[{"embeddable":true,"href":"https:\/\/www.naturemweltasbl.lu\/de\/wp-json\/wp\/v2\/comments?post=4874"}],"version-history":[{"count":2,"href":"https:\/\/www.naturemweltasbl.lu\/de\/wp-json\/wp\/v2\/avada_faq\/4874\/revisions"}],"predecessor-version":[{"id":4876,"href":"https:\/\/www.naturemweltasbl.lu\/de\/wp-json\/wp\/v2\/avada_faq\/4874\/revisions\/4876"}],"wp:attachment":[{"href":"https:\/\/www.naturemweltasbl.lu\/de\/wp-json\/wp\/v2\/media?parent=4874"}],"wp:term":[{"taxonomy":"faq_category","embeddable":true,"href":"https:\/\/www.naturemweltasbl.lu\/de\/wp-json\/wp\/v2\/faq_category?post=4874"}],"curies":[{"name":"wp","href":"https:\/\/api.w.org\/{rel}","templated":true}]}}