{"id":4848,"date":"2024-07-23T09:59:28","date_gmt":"2024-07-23T07:59:28","guid":{"rendered":"https:\/\/cp33msbjmvs.preview.infomaniak.website\/faq-items\/comment-puis-je-favoriser-les-abeilles-sauvages-dans-mon-jardin\/"},"modified":"2024-12-17T11:39:33","modified_gmt":"2024-12-17T10:39:33","slug":"wie-kann-ich-wildbienen-in-meinem-garten-foerdern","status":"publish","type":"avada_faq","link":"https:\/\/www.naturemweltasbl.lu\/de\/faq-items\/wie-kann-ich-wildbienen-in-meinem-garten-foerdern\/","title":{"rendered":"Wie kann ich Wildbienen in meinem Garten f\u00f6rdern?"},"content":{"rendered":"<div class=\"fusion-fullwidth fullwidth-box fusion-builder-row-1 fusion-flex-container has-pattern-background has-mask-background nonhundred-percent-fullwidth non-hundred-percent-height-scrolling\" style=\"--awb-border-radius-top-left:0px;--awb-border-radius-top-right:0px;--awb-border-radius-bottom-right:0px;--awb-border-radius-bottom-left:0px;--awb-padding-right:0px;--awb-padding-left:0px;--awb-flex-wrap:wrap;\" ><div class=\"fusion-builder-row fusion-row fusion-flex-align-items-flex-start fusion-flex-content-wrap\" style=\"max-width:1248px;margin-left: calc(-4% \/ 2 );margin-right: calc(-4% \/ 2 );\"><div class=\"fusion-layout-column fusion_builder_column fusion-builder-column-0 fusion_builder_column_1_1 1_1 fusion-flex-column\" style=\"--awb-bg-size:cover;--awb-width-large:100%;--awb-margin-top-large:0px;--awb-spacing-right-large:1.92%;--awb-margin-bottom-large:20px;--awb-spacing-left-large:1.92%;--awb-width-medium:100%;--awb-order-medium:0;--awb-spacing-right-medium:1.92%;--awb-spacing-left-medium:1.92%;--awb-width-small:100%;--awb-order-small:0;--awb-spacing-right-small:1.92%;--awb-spacing-left-small:1.92%;\"><div class=\"fusion-column-wrapper fusion-column-has-shadow fusion-flex-justify-content-flex-start fusion-content-layout-column\"><div class=\"fusion-text fusion-text-1\"><div class=\"flex max-w-full flex-col flex-grow\">\n<div class=\"min-h-8 text-message flex w-full flex-col items-end gap-2 whitespace-normal break-words text-start &#091;.text-message+&amp;&#093;:mt-5\" dir=\"auto\" data-message-author-role=\"assistant\" data-message-id=\"e2533bd8-65a9-4e29-b817-984faba36610\" data-message-model-slug=\"gpt-4o-mini\">\n<div class=\"flex w-full flex-col gap-1 empty:hidden first:pt-&#091;3px&#093;\">\n<div class=\"markdown prose w-full break-words dark:prose-invert light\">\n<p>Wildbienen ben\u00f6tigen Nahrung, um zu \u00fcberleben. In erster Linie handelt es sich dabei um den Nektar von bl\u00fchenden Pflanzen. Sie m\u00fcssen darauf zugreifen k\u00f6nnen, was nicht immer einfach ist. Viele Zierpflanzen haben doppelte Blumen, die es den kleinen Insekten nicht erm\u00f6glichen, an den begehrten Nektar zu gelangen, andere Blumen sind steril und bieten weder Pollen noch Nektar. Daher fehlt es in st\u00e4dtischen sowie in l\u00e4ndlichen Gebieten oft sowohl an Nahrung als auch an kleinen Strukturen.<\/p>\n<p>Hier einige Tipps:<\/p>\n<ul>\n<li>Achten Sie beim Kauf von bl\u00fchenden Pflanzen darauf, dass die Blumen offen sind.<\/li>\n<\/ul>\n<\/div>\n<\/div>\n<\/div>\n<\/div>\n<div class=\"mb-2 flex gap-3 empty:hidden -ml-2\"><\/div>\n<\/div><div class=\"fusion-builder-row fusion-builder-row-inner fusion-row fusion-flex-align-items-flex-start fusion-flex-content-wrap\" style=\"--awb-flex-grow:0;--awb-flex-grow-medium:0;--awb-flex-grow-small:0;--awb-flex-shrink:0;--awb-flex-shrink-medium:0;--awb-flex-shrink-small:0;width:104% !important;max-width:104% !important;margin-left: calc(-4% \/ 2 );margin-right: calc(-4% \/ 2 );\"><div class=\"fusion-layout-column fusion_builder_column_inner fusion-builder-nested-column-0 fusion_builder_column_inner_1_2 1_2 fusion-flex-column\" style=\"--awb-bg-size:cover;--awb-width-large:50%;--awb-margin-top-large:0px;--awb-spacing-right-large:3.84%;--awb-margin-bottom-large:20px;--awb-spacing-left-large:3.84%;--awb-width-medium:50%;--awb-order-medium:0;--awb-spacing-right-medium:3.84%;--awb-spacing-left-medium:3.84%;--awb-width-small:100%;--awb-order-small:0;--awb-spacing-right-small:1.92%;--awb-spacing-left-small:1.92%;\"><div class=\"fusion-column-wrapper fusion-column-has-shadow fusion-flex-justify-content-flex-start fusion-content-layout-column\"><div class=\"fusion-image-element \" style=\"text-align:center;--awb-max-width:500px;--awb-caption-title-font-family:var(--h2_typography-font-family);--awb-caption-title-font-weight:var(--h2_typography-font-weight);--awb-caption-title-font-style:var(--h2_typography-font-style);--awb-caption-title-size:var(--h2_typography-font-size);--awb-caption-title-transform:var(--h2_typography-text-transform);--awb-caption-title-line-height:var(--h2_typography-line-height);--awb-caption-title-letter-spacing:var(--h2_typography-letter-spacing);\"><span class=\" fusion-imageframe imageframe-none imageframe-1 hover-type-none\"><img decoding=\"async\" width=\"744\" height=\"992\" title=\"15_Photo-30_R\" src=\"https:\/\/www.naturemweltasbl.lu\/\/wp-content\/uploads\/2024\/07\/15_Photo-30_R.jpg\" alt class=\"img-responsive wp-image-1475\" srcset=\"https:\/\/www.naturemweltasbl.lu\/wp-content\/uploads\/2024\/07\/15_Photo-30_R-200x267.jpg 200w, https:\/\/www.naturemweltasbl.lu\/wp-content\/uploads\/2024\/07\/15_Photo-30_R-400x533.jpg 400w, https:\/\/www.naturemweltasbl.lu\/wp-content\/uploads\/2024\/07\/15_Photo-30_R-600x800.jpg 600w, https:\/\/www.naturemweltasbl.lu\/wp-content\/uploads\/2024\/07\/15_Photo-30_R.jpg 744w\" sizes=\"(max-width: 640px) 100vw, 600px\" \/><\/span><\/div><\/div><\/div><div class=\"fusion-layout-column fusion_builder_column_inner fusion-builder-nested-column-1 fusion_builder_column_inner_1_2 1_2 fusion-flex-column\" style=\"--awb-bg-size:cover;--awb-width-large:50%;--awb-margin-top-large:0px;--awb-spacing-right-large:3.84%;--awb-margin-bottom-large:20px;--awb-spacing-left-large:3.84%;--awb-width-medium:50%;--awb-order-medium:0;--awb-spacing-right-medium:3.84%;--awb-spacing-left-medium:3.84%;--awb-width-small:100%;--awb-order-small:0;--awb-spacing-right-small:1.92%;--awb-spacing-left-small:1.92%;\"><div class=\"fusion-column-wrapper fusion-column-has-shadow fusion-flex-justify-content-flex-start fusion-content-layout-column\"><div class=\"fusion-image-element \" style=\"text-align:center;--awb-max-width:500px;--awb-caption-title-font-family:var(--h2_typography-font-family);--awb-caption-title-font-weight:var(--h2_typography-font-weight);--awb-caption-title-font-style:var(--h2_typography-font-style);--awb-caption-title-size:var(--h2_typography-font-size);--awb-caption-title-transform:var(--h2_typography-text-transform);--awb-caption-title-line-height:var(--h2_typography-line-height);--awb-caption-title-letter-spacing:var(--h2_typography-letter-spacing);\"><span class=\" fusion-imageframe imageframe-none imageframe-2 hover-type-none\"><img decoding=\"async\" width=\"744\" height=\"992\" title=\"15_Photo-30b_R\" src=\"https:\/\/www.naturemweltasbl.lu\/\/wp-content\/uploads\/2024\/07\/15_Photo-30b_R.jpg\" alt class=\"img-responsive wp-image-1476\" srcset=\"https:\/\/www.naturemweltasbl.lu\/wp-content\/uploads\/2024\/07\/15_Photo-30b_R-200x267.jpg 200w, https:\/\/www.naturemweltasbl.lu\/wp-content\/uploads\/2024\/07\/15_Photo-30b_R-400x533.jpg 400w, https:\/\/www.naturemweltasbl.lu\/wp-content\/uploads\/2024\/07\/15_Photo-30b_R-600x800.jpg 600w, https:\/\/www.naturemweltasbl.lu\/wp-content\/uploads\/2024\/07\/15_Photo-30b_R.jpg 744w\" sizes=\"(max-width: 640px) 100vw, 600px\" \/><\/span><\/div><\/div><\/div><\/div><div class=\"fusion-text fusion-text-2\" style=\"--awb-margin-top:50px;\"><p align=\"justify\"><span lang=\"fr-FR\">&#8211; W\u00e4hlen Sie statt einheitlich gr\u00fcner Hecken eine Mischung und pflanzen Sie bl\u00fchende Hecken.<br \/>\n<\/span><\/p>\n<\/div><div class=\"fusion-image-element \" style=\"text-align:center;--awb-max-width:600px;--awb-caption-title-font-family:var(--h2_typography-font-family);--awb-caption-title-font-weight:var(--h2_typography-font-weight);--awb-caption-title-font-style:var(--h2_typography-font-style);--awb-caption-title-size:var(--h2_typography-font-size);--awb-caption-title-transform:var(--h2_typography-text-transform);--awb-caption-title-line-height:var(--h2_typography-line-height);--awb-caption-title-letter-spacing:var(--h2_typography-letter-spacing);\"><span class=\" fusion-imageframe imageframe-none imageframe-3 hover-type-none\"><img decoding=\"async\" width=\"768\" height=\"576\" title=\"16_Photo-31_R\" src=\"https:\/\/www.naturemweltasbl.lu\/\/wp-content\/uploads\/2024\/07\/16_Photo-31_R.jpg\" alt class=\"img-responsive wp-image-1477\" srcset=\"https:\/\/www.naturemweltasbl.lu\/wp-content\/uploads\/2024\/07\/16_Photo-31_R-200x150.jpg 200w, https:\/\/www.naturemweltasbl.lu\/wp-content\/uploads\/2024\/07\/16_Photo-31_R-400x300.jpg 400w, https:\/\/www.naturemweltasbl.lu\/wp-content\/uploads\/2024\/07\/16_Photo-31_R-600x450.jpg 600w, https:\/\/www.naturemweltasbl.lu\/wp-content\/uploads\/2024\/07\/16_Photo-31_R.jpg 768w\" sizes=\"(max-width: 640px) 100vw, 768px\" \/><\/span><\/div><div class=\"fusion-text fusion-text-3\" style=\"--awb-content-alignment:left;--awb-margin-top:50px;\"><p>&#8211; M\u00e4hen Sie Ihren Rasen weniger und lassen Sie die Blumenpflanzen wachsen. M\u00e4hen Sie nur die Gehwege und lassen Sie den Rasen bis zum Herbst wachsen \u2013 Blumenpflanzen werden sich dort ansiedeln.<\/p>\n<p>&#8211; Wenn Sie gen\u00fcgend Platz haben, legen Sie eine Blumenwiese an.<\/p>\n<\/div><div class=\"fusion-image-element \" style=\"text-align:center;--awb-max-width:600px;--awb-caption-title-font-family:var(--h2_typography-font-family);--awb-caption-title-font-weight:var(--h2_typography-font-weight);--awb-caption-title-font-style:var(--h2_typography-font-style);--awb-caption-title-size:var(--h2_typography-font-size);--awb-caption-title-transform:var(--h2_typography-text-transform);--awb-caption-title-line-height:var(--h2_typography-line-height);--awb-caption-title-letter-spacing:var(--h2_typography-letter-spacing);\"><span class=\" fusion-imageframe imageframe-none imageframe-4 hover-type-none\"><img decoding=\"async\" width=\"992\" height=\"744\" title=\"18_Photo_33_R\" src=\"https:\/\/www.naturemweltasbl.lu\/\/wp-content\/uploads\/2024\/07\/18_Photo_33_R.jpg\" alt class=\"img-responsive wp-image-1478\" srcset=\"https:\/\/www.naturemweltasbl.lu\/wp-content\/uploads\/2024\/07\/18_Photo_33_R-200x150.jpg 200w, https:\/\/www.naturemweltasbl.lu\/wp-content\/uploads\/2024\/07\/18_Photo_33_R-400x300.jpg 400w, https:\/\/www.naturemweltasbl.lu\/wp-content\/uploads\/2024\/07\/18_Photo_33_R-600x450.jpg 600w, https:\/\/www.naturemweltasbl.lu\/wp-content\/uploads\/2024\/07\/18_Photo_33_R-800x600.jpg 800w, https:\/\/www.naturemweltasbl.lu\/wp-content\/uploads\/2024\/07\/18_Photo_33_R.jpg 992w\" sizes=\"(max-width: 640px) 100vw, 992px\" \/><\/span><\/div><div class=\"fusion-text fusion-text-4\" style=\"--awb-content-alignment:left;--awb-margin-top:50px;\"><p><span lang=\"fr-FR\">&#8211; Lassen Sie die Kr\u00e4uter bl\u00fchen.<\/span><\/p>\n<\/div><div class=\"fusion-image-element \" style=\"text-align:center;--awb-max-width:600px;--awb-caption-title-font-family:var(--h2_typography-font-family);--awb-caption-title-font-weight:var(--h2_typography-font-weight);--awb-caption-title-font-style:var(--h2_typography-font-style);--awb-caption-title-size:var(--h2_typography-font-size);--awb-caption-title-transform:var(--h2_typography-text-transform);--awb-caption-title-line-height:var(--h2_typography-line-height);--awb-caption-title-letter-spacing:var(--h2_typography-letter-spacing);\"><span class=\" fusion-imageframe imageframe-none imageframe-5 hover-type-none\"><img decoding=\"async\" width=\"992\" height=\"744\" title=\"19_Photo-34_R\" src=\"https:\/\/www.naturemweltasbl.lu\/\/wp-content\/uploads\/2024\/07\/19_Photo-34_R.jpg\" alt class=\"img-responsive wp-image-1479\" srcset=\"https:\/\/www.naturemweltasbl.lu\/wp-content\/uploads\/2024\/07\/19_Photo-34_R-200x150.jpg 200w, https:\/\/www.naturemweltasbl.lu\/wp-content\/uploads\/2024\/07\/19_Photo-34_R-400x300.jpg 400w, https:\/\/www.naturemweltasbl.lu\/wp-content\/uploads\/2024\/07\/19_Photo-34_R-600x450.jpg 600w, https:\/\/www.naturemweltasbl.lu\/wp-content\/uploads\/2024\/07\/19_Photo-34_R-800x600.jpg 800w, https:\/\/www.naturemweltasbl.lu\/wp-content\/uploads\/2024\/07\/19_Photo-34_R.jpg 992w\" sizes=\"(max-width: 640px) 100vw, 992px\" \/><\/span><\/div><div class=\"fusion-text fusion-text-5\" style=\"--awb-margin-top:50px;\"><article class=\"w-full scroll-mb-&#091;var(--thread-trailing-height,150px)&#093; text-token-text-primary focus-visible:outline-2 focus-visible:outline-offset-&#091;-4px&#093;\" dir=\"auto\" data-testid=\"conversation-turn-142\" data-scroll-anchor=\"false\">\n<div class=\"m-auto text-base py-&#091;18px&#093; px-3 md:px-4 w-full md:px-5 lg:px-4 xl:px-5\">\n<div class=\"mx-auto flex flex-1 gap-4 text-base md:gap-5 lg:gap-6 md:max-w-3xl lg:max-w-&#091;40rem&#093; xl:max-w-&#091;48rem&#093;\">\n<div class=\"group\/conversation-turn relative flex w-full min-w-0 flex-col\">\n<div class=\"flex-col gap-1 md:gap-3\">\n<div class=\"flex max-w-full flex-col flex-grow\">\n<div class=\"min-h-8 text-message flex w-full flex-col items-end gap-2 whitespace-normal break-words text-start &#091;.text-message+&amp;&#093;:mt-5\" dir=\"auto\" data-message-author-role=\"user\" data-message-id=\"aaa20ce2-49d5-40a7-bbb9-581c899cff28\">\n<div class=\"flex w-full flex-col gap-1 empty:hidden items-end rtl:items-start\">\n<div class=\"relative max-w-&#091;var(--user-chat-width,70%)&#093; rounded-3xl bg-token-message-surface px-5 py-2.5\">\n<div class=\"whitespace-pre-wrap\">&#8211; Lassen Sie die Stauden bis zum Ende des Winters stehen und schneiden Sie sie erst dann zur\u00fcck. Die Pflanzen selbst s\u00e4en sich aus, und viele hohle St\u00e4ngel bieten Wildbienen und anderen Insekten die M\u00f6glichkeit, ihre Eier abzulegen.<\/div>\n<\/div>\n<\/div>\n<\/div>\n<\/div>\n<\/div>\n<\/div>\n<\/div>\n<\/div>\n<\/article>\n<article class=\"w-full scroll-mb-&#091;var(--thread-trailing-height,150px)&#093; text-token-text-primary focus-visible:outline-2 focus-visible:outline-offset-&#091;-4px&#093;\" dir=\"auto\" data-testid=\"conversation-turn-143\" data-scroll-anchor=\"true\">\n<div class=\"m-auto text-base py-&#091;18px&#093; px-3 md:px-4 w-full md:px-5 lg:px-4 xl:px-5\">\n<div class=\"mx-auto flex flex-1 gap-4 text-base md:gap-5 lg:gap-6 md:max-w-3xl lg:max-w-&#091;40rem&#093; xl:max-w-&#091;48rem&#093;\">\n<div class=\"flex-shrink-0 flex flex-col relative items-end\">\n<div>\n<div class=\"pt-0\">\n<div class=\"gizmo-bot-avatar flex h-8 w-8 items-center justify-center overflow-hidden rounded-full\">\n<div class=\"relative p-1 rounded-sm flex items-center justify-center bg-token-main-surface-primary text-token-text-primary h-8 w-8\">\n<p>&#8211; Versiegeln Sie die Wege nicht vollst\u00e4ndig, sondern lassen Sie sie teilweise offe<\/p>\n<\/div>\n<\/div>\n<\/div>\n<\/div>\n<\/div>\n<\/div>\n<\/div>\n<\/article>\n<\/div><div class=\"fusion-image-element \" style=\"text-align:center;--awb-max-width:600px;--awb-caption-title-font-family:var(--h2_typography-font-family);--awb-caption-title-font-weight:var(--h2_typography-font-weight);--awb-caption-title-font-style:var(--h2_typography-font-style);--awb-caption-title-size:var(--h2_typography-font-size);--awb-caption-title-transform:var(--h2_typography-text-transform);--awb-caption-title-line-height:var(--h2_typography-line-height);--awb-caption-title-letter-spacing:var(--h2_typography-letter-spacing);\"><span class=\" fusion-imageframe imageframe-none imageframe-6 hover-type-none\"><img decoding=\"async\" width=\"744\" height=\"992\" title=\"20_Photo-35_R\" src=\"https:\/\/www.naturemweltasbl.lu\/\/wp-content\/uploads\/2024\/07\/20_Photo-35_R.jpg\" alt class=\"img-responsive wp-image-1480\" srcset=\"https:\/\/www.naturemweltasbl.lu\/wp-content\/uploads\/2024\/07\/20_Photo-35_R-200x267.jpg 200w, https:\/\/www.naturemweltasbl.lu\/wp-content\/uploads\/2024\/07\/20_Photo-35_R-400x533.jpg 400w, https:\/\/www.naturemweltasbl.lu\/wp-content\/uploads\/2024\/07\/20_Photo-35_R-600x800.jpg 600w, https:\/\/www.naturemweltasbl.lu\/wp-content\/uploads\/2024\/07\/20_Photo-35_R.jpg 744w\" sizes=\"(max-width: 640px) 100vw, 744px\" \/><\/span><\/div><div class=\"fusion-text fusion-text-6\" style=\"--awb-margin-top:50px;\"><p align=\"justify\"><span lang=\"fr-FR\">&#8211; Bieten Sie Nisthilfen an.<\/span><\/p>\n<\/div><div class=\"fusion-image-element \" style=\"text-align:center;--awb-max-width:600px;--awb-caption-title-font-family:var(--h2_typography-font-family);--awb-caption-title-font-weight:var(--h2_typography-font-weight);--awb-caption-title-font-style:var(--h2_typography-font-style);--awb-caption-title-size:var(--h2_typography-font-size);--awb-caption-title-transform:var(--h2_typography-text-transform);--awb-caption-title-line-height:var(--h2_typography-line-height);--awb-caption-title-letter-spacing:var(--h2_typography-letter-spacing);\"><span class=\" fusion-imageframe imageframe-none imageframe-7 hover-type-none\"><img decoding=\"async\" width=\"992\" height=\"744\" title=\"21_Photo-36_R\" src=\"https:\/\/www.naturemweltasbl.lu\/\/wp-content\/uploads\/2024\/07\/21_Photo-36_R.jpg\" alt class=\"img-responsive wp-image-1481\" srcset=\"https:\/\/www.naturemweltasbl.lu\/wp-content\/uploads\/2024\/07\/21_Photo-36_R-200x150.jpg 200w, https:\/\/www.naturemweltasbl.lu\/wp-content\/uploads\/2024\/07\/21_Photo-36_R-400x300.jpg 400w, https:\/\/www.naturemweltasbl.lu\/wp-content\/uploads\/2024\/07\/21_Photo-36_R-600x450.jpg 600w, https:\/\/www.naturemweltasbl.lu\/wp-content\/uploads\/2024\/07\/21_Photo-36_R-800x600.jpg 800w, https:\/\/www.naturemweltasbl.lu\/wp-content\/uploads\/2024\/07\/21_Photo-36_R.jpg 992w\" sizes=\"(max-width: 640px) 100vw, 992px\" \/><\/span><\/div><div class=\"fusion-text fusion-text-7\" style=\"--awb-margin-top:50px;\"><p align=\"justify\"><span lang=\"fr-FR\">Ein Wildbienen-Nistkasten ist nur dann wirksam, wenn in unmittelbarer N\u00e4he ein reichhaltiges und nachhaltiges Nahrungsangebot vorhanden ist, das hei\u00dft, Blumen, die Nektar und Pollen liefern. Ein naturbelassener Garten bietet vielen Insekten und V\u00f6geln sowohl Nahrungsquellen als auch Nistm\u00f6glichkeiten und kann dennoch gepflegt aussehen.<\/span><\/p>\n<\/div><\/div><\/div><\/div><\/div>\n","protected":false},"excerpt":{"rendered":"","protected":false},"author":1,"featured_media":0,"menu_order":0,"comment_status":"open","ping_status":"closed","template":"","format":"standard","meta":{"footnotes":""},"faq_category":[218],"class_list":["post-4848","avada_faq","type-avada_faq","status-publish","format-standard","hentry","faq_category-insectes-de"],"yoast_head":"<!-- This site is optimized with the Yoast SEO plugin v27.4 - https:\/\/yoast.com\/product\/yoast-seo-wordpress\/ -->\n<title>Wie kann ich Wildbienen in meinem Garten f\u00f6rdern? - natur&amp;\u00ebmwelt a.s.b.l.<\/title>\n<meta name=\"robots\" content=\"index, follow, max-snippet:-1, max-image-preview:large, max-video-preview:-1\" \/>\n<link rel=\"canonical\" href=\"https:\/\/www.naturemweltasbl.lu\/faq-items\/comment-puis-je-favoriser-les-abeilles-sauvages-dans-mon-jardin\/\" \/>\n<meta property=\"og:locale\" content=\"de_DE\" \/>\n<meta property=\"og:type\" content=\"article\" \/>\n<meta property=\"og:title\" content=\"Wie kann ich Wildbienen in meinem Garten f\u00f6rdern? - natur&amp;\u00ebmwelt a.s.b.l.\" \/>\n<meta property=\"og:url\" content=\"https:\/\/www.naturemweltasbl.lu\/faq-items\/comment-puis-je-favoriser-les-abeilles-sauvages-dans-mon-jardin\/\" \/>\n<meta property=\"og:site_name\" content=\"natur&amp;\u00ebmwelt a.s.b.l.\" \/>\n<meta property=\"article:publisher\" content=\"https:\/\/www.facebook.com\/naturemwelt\/\" \/>\n<meta property=\"article:modified_time\" content=\"2024-12-17T10:39:33+00:00\" \/>\n<meta name=\"twitter:card\" content=\"summary_large_image\" \/>\n<meta name=\"twitter:site\" content=\"@Natur_an_Emwelt\" \/>\n<meta name=\"twitter:label1\" content=\"Gesch\u00e4tzte Lesezeit\" \/>\n\t<meta name=\"twitter:data1\" content=\"3\u00a0Minuten\" \/>\n<script type=\"application\/ld+json\" class=\"yoast-schema-graph\">{\"@context\":\"https:\\\/\\\/schema.org\",\"@graph\":[{\"@type\":\"WebPage\",\"@id\":\"https:\\\/\\\/www.naturemweltasbl.lu\\\/faq-items\\\/comment-puis-je-favoriser-les-abeilles-sauvages-dans-mon-jardin\\\/\",\"url\":\"https:\\\/\\\/www.naturemweltasbl.lu\\\/faq-items\\\/comment-puis-je-favoriser-les-abeilles-sauvages-dans-mon-jardin\\\/\",\"name\":\"Wie kann ich Wildbienen in meinem Garten f\u00f6rdern? - natur&amp;\u00ebmwelt a.s.b.l.\",\"isPartOf\":{\"@id\":\"https:\\\/\\\/www.naturemweltasbl.lu\\\/#website\"},\"datePublished\":\"2024-07-23T07:59:28+00:00\",\"dateModified\":\"2024-12-17T10:39:33+00:00\",\"breadcrumb\":{\"@id\":\"https:\\\/\\\/www.naturemweltasbl.lu\\\/faq-items\\\/comment-puis-je-favoriser-les-abeilles-sauvages-dans-mon-jardin\\\/#breadcrumb\"},\"inLanguage\":\"de\",\"potentialAction\":[{\"@type\":\"ReadAction\",\"target\":[\"https:\\\/\\\/www.naturemweltasbl.lu\\\/faq-items\\\/comment-puis-je-favoriser-les-abeilles-sauvages-dans-mon-jardin\\\/\"]}]},{\"@type\":\"BreadcrumbList\",\"@id\":\"https:\\\/\\\/www.naturemweltasbl.lu\\\/faq-items\\\/comment-puis-je-favoriser-les-abeilles-sauvages-dans-mon-jardin\\\/#breadcrumb\",\"itemListElement\":[{\"@type\":\"ListItem\",\"position\":1,\"name\":\"Startseite\",\"item\":\"https:\\\/\\\/www.naturemweltasbl.lu\\\/de\\\/\"},{\"@type\":\"ListItem\",\"position\":2,\"name\":\"FAQs\",\"item\":\"https:\\\/\\\/www.naturemweltasbl.lu\\\/faq-items\\\/\"},{\"@type\":\"ListItem\",\"position\":3,\"name\":\"Wie kann ich Wildbienen in meinem Garten f\u00f6rdern?\"}]},{\"@type\":\"WebSite\",\"@id\":\"https:\\\/\\\/www.naturemweltasbl.lu\\\/#website\",\"url\":\"https:\\\/\\\/www.naturemweltasbl.lu\\\/\",\"name\":\"natur&\u00ebmwelt a.s.b.l.\",\"description\":\"\",\"publisher\":{\"@id\":\"https:\\\/\\\/www.naturemweltasbl.lu\\\/#organization\"},\"potentialAction\":[{\"@type\":\"SearchAction\",\"target\":{\"@type\":\"EntryPoint\",\"urlTemplate\":\"https:\\\/\\\/www.naturemweltasbl.lu\\\/?s={search_term_string}\"},\"query-input\":{\"@type\":\"PropertyValueSpecification\",\"valueRequired\":true,\"valueName\":\"search_term_string\"}}],\"inLanguage\":\"de\"},{\"@type\":\"Organization\",\"@id\":\"https:\\\/\\\/www.naturemweltasbl.lu\\\/#organization\",\"name\":\"natur&\u00ebmwelt a.s.b.l.\",\"url\":\"https:\\\/\\\/www.naturemweltasbl.lu\\\/\",\"logo\":{\"@type\":\"ImageObject\",\"inLanguage\":\"de\",\"@id\":\"https:\\\/\\\/www.naturemweltasbl.lu\\\/#\\\/schema\\\/logo\\\/image\\\/\",\"url\":\"https:\\\/\\\/www.naturemweltasbl.lu\\\/wp-content\\\/uploads\\\/2024\\\/07\\\/NE_Logo_asbl_RGB-e1720014142276.png\",\"contentUrl\":\"https:\\\/\\\/www.naturemweltasbl.lu\\\/wp-content\\\/uploads\\\/2024\\\/07\\\/NE_Logo_asbl_RGB-e1720014142276.png\",\"width\":432,\"height\":254,\"caption\":\"natur&\u00ebmwelt a.s.b.l.\"},\"image\":{\"@id\":\"https:\\\/\\\/www.naturemweltasbl.lu\\\/#\\\/schema\\\/logo\\\/image\\\/\"},\"sameAs\":[\"https:\\\/\\\/www.facebook.com\\\/naturemwelt\\\/\",\"https:\\\/\\\/x.com\\\/Natur_an_Emwelt\",\"https:\\\/\\\/www.instagram.com\\\/naturemwelt\\\/\",\"https:\\\/\\\/www.youtube.com\\\/user\\\/naturemwelt\",\"https:\\\/\\\/lu.linkedin.com\\\/company\\\/naturemweltasbl?trk=similar-pages\"]}]}<\/script>\n<!-- \/ Yoast SEO plugin. -->","yoast_head_json":{"title":"Wie kann ich Wildbienen in meinem Garten f\u00f6rdern? - natur&amp;\u00ebmwelt a.s.b.l.","robots":{"index":"index","follow":"follow","max-snippet":"max-snippet:-1","max-image-preview":"max-image-preview:large","max-video-preview":"max-video-preview:-1"},"canonical":"https:\/\/www.naturemweltasbl.lu\/faq-items\/comment-puis-je-favoriser-les-abeilles-sauvages-dans-mon-jardin\/","og_locale":"de_DE","og_type":"article","og_title":"Wie kann ich Wildbienen in meinem Garten f\u00f6rdern? - natur&amp;\u00ebmwelt a.s.b.l.","og_url":"https:\/\/www.naturemweltasbl.lu\/faq-items\/comment-puis-je-favoriser-les-abeilles-sauvages-dans-mon-jardin\/","og_site_name":"natur&amp;\u00ebmwelt a.s.b.l.","article_publisher":"https:\/\/www.facebook.com\/naturemwelt\/","article_modified_time":"2024-12-17T10:39:33+00:00","twitter_card":"summary_large_image","twitter_site":"@Natur_an_Emwelt","twitter_misc":{"Gesch\u00e4tzte Lesezeit":"3\u00a0Minuten"},"schema":{"@context":"https:\/\/schema.org","@graph":[{"@type":"WebPage","@id":"https:\/\/www.naturemweltasbl.lu\/faq-items\/comment-puis-je-favoriser-les-abeilles-sauvages-dans-mon-jardin\/","url":"https:\/\/www.naturemweltasbl.lu\/faq-items\/comment-puis-je-favoriser-les-abeilles-sauvages-dans-mon-jardin\/","name":"Wie kann ich Wildbienen in meinem Garten f\u00f6rdern? - natur&amp;\u00ebmwelt a.s.b.l.","isPartOf":{"@id":"https:\/\/www.naturemweltasbl.lu\/#website"},"datePublished":"2024-07-23T07:59:28+00:00","dateModified":"2024-12-17T10:39:33+00:00","breadcrumb":{"@id":"https:\/\/www.naturemweltasbl.lu\/faq-items\/comment-puis-je-favoriser-les-abeilles-sauvages-dans-mon-jardin\/#breadcrumb"},"inLanguage":"de","potentialAction":[{"@type":"ReadAction","target":["https:\/\/www.naturemweltasbl.lu\/faq-items\/comment-puis-je-favoriser-les-abeilles-sauvages-dans-mon-jardin\/"]}]},{"@type":"BreadcrumbList","@id":"https:\/\/www.naturemweltasbl.lu\/faq-items\/comment-puis-je-favoriser-les-abeilles-sauvages-dans-mon-jardin\/#breadcrumb","itemListElement":[{"@type":"ListItem","position":1,"name":"Startseite","item":"https:\/\/www.naturemweltasbl.lu\/de\/"},{"@type":"ListItem","position":2,"name":"FAQs","item":"https:\/\/www.naturemweltasbl.lu\/faq-items\/"},{"@type":"ListItem","position":3,"name":"Wie kann ich Wildbienen in meinem Garten f\u00f6rdern?"}]},{"@type":"WebSite","@id":"https:\/\/www.naturemweltasbl.lu\/#website","url":"https:\/\/www.naturemweltasbl.lu\/","name":"natur&\u00ebmwelt a.s.b.l.","description":"","publisher":{"@id":"https:\/\/www.naturemweltasbl.lu\/#organization"},"potentialAction":[{"@type":"SearchAction","target":{"@type":"EntryPoint","urlTemplate":"https:\/\/www.naturemweltasbl.lu\/?s={search_term_string}"},"query-input":{"@type":"PropertyValueSpecification","valueRequired":true,"valueName":"search_term_string"}}],"inLanguage":"de"},{"@type":"Organization","@id":"https:\/\/www.naturemweltasbl.lu\/#organization","name":"natur&\u00ebmwelt a.s.b.l.","url":"https:\/\/www.naturemweltasbl.lu\/","logo":{"@type":"ImageObject","inLanguage":"de","@id":"https:\/\/www.naturemweltasbl.lu\/#\/schema\/logo\/image\/","url":"https:\/\/www.naturemweltasbl.lu\/wp-content\/uploads\/2024\/07\/NE_Logo_asbl_RGB-e1720014142276.png","contentUrl":"https:\/\/www.naturemweltasbl.lu\/wp-content\/uploads\/2024\/07\/NE_Logo_asbl_RGB-e1720014142276.png","width":432,"height":254,"caption":"natur&\u00ebmwelt a.s.b.l."},"image":{"@id":"https:\/\/www.naturemweltasbl.lu\/#\/schema\/logo\/image\/"},"sameAs":["https:\/\/www.facebook.com\/naturemwelt\/","https:\/\/x.com\/Natur_an_Emwelt","https:\/\/www.instagram.com\/naturemwelt\/","https:\/\/www.youtube.com\/user\/naturemwelt","https:\/\/lu.linkedin.com\/company\/naturemweltasbl?trk=similar-pages"]}]}},"_links":{"self":[{"href":"https:\/\/www.naturemweltasbl.lu\/de\/wp-json\/wp\/v2\/avada_faq\/4848","targetHints":{"allow":["GET"]}}],"collection":[{"href":"https:\/\/www.naturemweltasbl.lu\/de\/wp-json\/wp\/v2\/avada_faq"}],"about":[{"href":"https:\/\/www.naturemweltasbl.lu\/de\/wp-json\/wp\/v2\/types\/avada_faq"}],"author":[{"embeddable":true,"href":"https:\/\/www.naturemweltasbl.lu\/de\/wp-json\/wp\/v2\/users\/1"}],"replies":[{"embeddable":true,"href":"https:\/\/www.naturemweltasbl.lu\/de\/wp-json\/wp\/v2\/comments?post=4848"}],"version-history":[{"count":2,"href":"https:\/\/www.naturemweltasbl.lu\/de\/wp-json\/wp\/v2\/avada_faq\/4848\/revisions"}],"predecessor-version":[{"id":4850,"href":"https:\/\/www.naturemweltasbl.lu\/de\/wp-json\/wp\/v2\/avada_faq\/4848\/revisions\/4850"}],"wp:attachment":[{"href":"https:\/\/www.naturemweltasbl.lu\/de\/wp-json\/wp\/v2\/media?parent=4848"}],"wp:term":[{"taxonomy":"faq_category","embeddable":true,"href":"https:\/\/www.naturemweltasbl.lu\/de\/wp-json\/wp\/v2\/faq_category?post=4848"}],"curies":[{"name":"wp","href":"https:\/\/api.w.org\/{rel}","templated":true}]}}