{"id":2234,"date":"2024-07-23T10:15:45","date_gmt":"2024-07-23T08:15:45","guid":{"rendered":"https:\/\/cp33msbjmvs.preview.infomaniak.website\/faq-items\/welche-fledermausarten-leben-in-luxemburg-und-sind-sie-geschuetzt\/"},"modified":"2024-08-26T10:54:24","modified_gmt":"2024-08-26T08:54:24","slug":"welche-fledermausarten-leben-in-luxemburg-und-sind-sie-geschuetzt","status":"publish","type":"avada_faq","link":"https:\/\/www.naturemweltasbl.lu\/de\/faq-items\/welche-fledermausarten-leben-in-luxemburg-und-sind-sie-geschuetzt\/","title":{"rendered":"Welche Fledermausarten leben in Luxemburg und sind sie gesch\u00fctzt?"},"content":{"rendered":"<div class=\"fusion-fullwidth fullwidth-box fusion-builder-row-1 fusion-flex-container nonhundred-percent-fullwidth non-hundred-percent-height-scrolling\" style=\"--awb-border-radius-top-left:0px;--awb-border-radius-top-right:0px;--awb-border-radius-bottom-right:0px;--awb-border-radius-bottom-left:0px;--awb-padding-right:0px;--awb-padding-left:0px;--awb-flex-wrap:wrap;\" ><div class=\"fusion-builder-row fusion-row fusion-flex-align-items-flex-start fusion-flex-content-wrap\" style=\"max-width:1248px;margin-left: calc(-4% \/ 2 );margin-right: calc(-4% \/ 2 );\"><div class=\"fusion-layout-column fusion_builder_column fusion-builder-column-0 fusion_builder_column_1_1 1_1 fusion-flex-column\" style=\"--awb-bg-size:cover;--awb-width-large:100%;--awb-margin-top-large:0px;--awb-spacing-right-large:1.92%;--awb-margin-bottom-large:0px;--awb-spacing-left-large:1.92%;--awb-width-medium:100%;--awb-spacing-right-medium:1.92%;--awb-spacing-left-medium:1.92%;--awb-width-small:100%;--awb-spacing-right-small:1.92%;--awb-spacing-left-small:1.92%;\"><div class=\"fusion-column-wrapper fusion-flex-justify-content-flex-start fusion-content-layout-column\"><div class=\"fusion-text fusion-text-1\"><p align=\"justify\"><span style=\"color: #000000;\"><span lang=\"fr-FR\">Ja, alle Fledermausarten in Luxemburg sind durch verschiedene Gesetze und Konventionen, internationale und europ\u00e4ische, gesch\u00fctzt.<\/span><\/span><\/p>\n<p align=\"justify\"><span style=\"color: #000000;\"><span lang=\"fr-FR\">Es ist verboten, die Quartiere und\/oder den Lebensraum von Flederm\u00e4usen zu zerst\u00f6ren, zu fangen, umzusiedeln oder zu beeintr\u00e4chtigen.<\/span><\/span><\/p>\n<p align=\"justify\"><span style=\"color: #000000;\"><span lang=\"fr-FR\"><u>Liste der in Luxemburg vorkommenden Fledermausarten :<\/u><\/span><\/span><\/p>\n<p align=\"justify\"><span style=\"color: #000000;\"><span lang=\"fr-FR\">&#8211; Pipistrellus pipistrellus<\/span><\/span><\/p>\n<p align=\"justify\"><span style=\"color: #000000;\"><span lang=\"fr-FR\">Die Gemeine Pipistrelle ist die am weitesten verbreitete Fledermausart in Luxemburg.<\/span><\/span><\/p>\n<p align=\"justify\"><span style=\"color: #000000;\"><span lang=\"fr-FR\">Gr\u00f6\u00dfe und Gewicht von Erwachsenen :<\/span><\/span><\/p>\n<p align=\"justify\"><span style=\"color: #000000;\"><span lang=\"fr-FR\">&#8211; 4.5cm f\u00fcr 7g<\/span><\/span><\/p>\n<p align=\"justify\"><span style=\"color: #000000;\"><span lang=\"fr-FR\">Fl\u00fcgelspannweite ausgewachsen :<\/span><\/span><\/p>\n<p align=\"justify\"><span style=\"color: #000000;\"><span lang=\"fr-FR\">&#8211; 25cm<\/span><\/span><\/p>\n<p align=\"justify\"><span style=\"color: #000000;\"><span lang=\"fr-FR\">Gr\u00f6\u00dfe und Gewicht Baby :<\/span><\/span><\/p>\n<p align=\"justify\"><span style=\"color: #000000;\"><span lang=\"fr-FR\">&#8211; 1,5 bis 2cm f\u00fcr 1 bis 2,5g<\/span><\/span><\/p>\n<p align=\"justify\"><span style=\"color: #000000;\"><span lang=\"fr-FR\">&#8211; Rhinolophus ferrumequinum \u2013 Gro\u00dfe Hufeisennase<\/span><\/span><\/p>\n<p align=\"justify\"><span style=\"color: #000000;\"><span lang=\"fr-FR\">&#8211; Barbastella barbastellus \u2013 Barbastelle<\/span><\/span><\/p>\n<p align=\"justify\"><span style=\"color: #000000;\"><span lang=\"fr-FR\">&#8211; Myotis myotis \u2013 Gro\u00dfes Mausohr<\/span><\/span><\/p>\n<p align=\"justify\"><span style=\"color: #000000;\"><span lang=\"fr-FR\">&#8211; Myotis emarginatus \u2013 Pinselohrwurm<\/span><\/span><\/p>\n<p align=\"justify\"><span style=\"color: #000000;\"><span lang=\"fr-FR\">&#8211; Myotis daubentonii \u2013 Daubenton-Mauer<\/span><\/span><\/p>\n<p align=\"justify\"><span style=\"color: #000000;\"><span lang=\"fr-FR\">&#8211; Myotis dasycneme \u2013 Sumpfmur\u00e4ne<\/span><\/span><\/p>\n<p><span style=\"color: #000000;\"><span lang=\"de-LU\">&#8211; Myotis bechsteinii \u2013 Bechstein-Mauer<\/span><\/span><\/p>\n<p align=\"justify\"><span style=\"color: #000000;\"><span lang=\"de-LU\">&#8211; Myotis nattereri \u2013 Natterer&#8217;s Murin<\/span><\/span><\/p>\n<p align=\"justify\"><span style=\"color: #000000;\"><span lang=\"fr-FR\">&#8211; Myotis mystacinus \u2013 Schnurrbartmurmeltier<\/span><\/span><\/p>\n<p align=\"justify\"><span style=\"color: #000000;\"><span lang=\"fr-FR\">&#8211; Myotis brandtii \u2013 Brandt&#8217;s Murin<\/span><\/span><\/p>\n<p align=\"justify\"><span style=\"color: #000000;\"><span lang=\"fr-FR\">&#8211; Myotis alcathoe \u2013 Alcathoe-Murmeltier<\/span><\/span><\/p>\n<p align=\"justify\"><span style=\"color: #000000;\"><span lang=\"fr-FR\">&#8211; Pipistrellus pipistrellus \u2013 Gew\u00f6hnliche Pipistrelle<\/span><\/span><\/p>\n<p align=\"justify\"><span style=\"color: #000000;\"><span lang=\"fr-FR\">&#8211; Pipistrellus nathusii \u2013 Nathusius-Wanze<\/span><\/span><\/p>\n<p align=\"justify\"><span style=\"color: #000000;\"><span lang=\"fr-FR\">&#8211; Eptesicus nilssonii \u2013 Borealer Serotinus<\/span><\/span><\/p>\n<p align=\"justify\"><span style=\"color: #000000;\"><span lang=\"fr-FR\">&#8211; Eptesicus serotinus \u2013 Gew\u00f6hnlicher Serotinus<\/span><\/span><\/p>\n<p align=\"justify\"><span style=\"color: #000000;\"><span lang=\"fr-FR\">&#8211; Nyctalus noctula \u2013 Gemeiner Nacktmull<\/span><\/span><\/p>\n<p align=\"justify\"><span style=\"color: #000000;\"><span lang=\"fr-FR\">&nbsp;&#8211; Nyctalus leisleri \u2013 Noctule de Leisler<\/span><\/span><\/p>\n<p align=\"justify\"><span style=\"color: #000000;\"><span lang=\"fr-FR\">&#8211; Plecotus auritus \u2013 Rotes Langohr<\/span><\/span><\/p>\n<p align=\"justify\"><span style=\"color: #000000;\"><span lang=\"fr-FR\">&#8211; Plecotus austriacus \u2013 Graues Langohr<\/span><\/span><\/p>\n<p align=\"justify\"><span style=\"color: #000000;\"><span lang=\"fr-FR\">&nbsp;Vespertilion murinus \u2013 Zweifarbiger Abendsegler<\/span><\/span><\/p>\n<\/div><\/div><\/div><\/div><\/div>\n","protected":false},"excerpt":{"rendered":"","protected":false},"author":1,"featured_media":0,"menu_order":0,"comment_status":"open","ping_status":"closed","template":"","format":"standard","meta":{"footnotes":""},"faq_category":[219],"class_list":["post-2234","avada_faq","type-avada_faq","status-publish","format-standard","hentry","faq_category-mammiferes-de-2"],"yoast_head":"<!-- This site is optimized with the Yoast SEO plugin v27.5 - https:\/\/yoast.com\/product\/yoast-seo-wordpress\/ -->\n<title>Welche Fledermausarten leben in Luxemburg und sind sie gesch\u00fctzt? - natur&amp;\u00ebmwelt a.s.b.l.<\/title>\n<meta name=\"robots\" content=\"index, follow, max-snippet:-1, max-image-preview:large, max-video-preview:-1\" \/>\n<link rel=\"canonical\" href=\"https:\/\/www.naturemweltasbl.lu\/faq-items\/quelles-especes-de-chauve-souris-vivent-au-luxembourg-et-sont-elles-protegees\/\" \/>\n<meta property=\"og:locale\" content=\"de_DE\" \/>\n<meta property=\"og:type\" content=\"article\" \/>\n<meta property=\"og:title\" content=\"Welche Fledermausarten leben in Luxemburg und sind sie gesch\u00fctzt? - natur&amp;\u00ebmwelt a.s.b.l.\" \/>\n<meta property=\"og:url\" content=\"https:\/\/www.naturemweltasbl.lu\/faq-items\/quelles-especes-de-chauve-souris-vivent-au-luxembourg-et-sont-elles-protegees\/\" \/>\n<meta property=\"og:site_name\" content=\"natur&amp;\u00ebmwelt a.s.b.l.\" \/>\n<meta property=\"article:publisher\" content=\"https:\/\/www.facebook.com\/naturemwelt\/\" \/>\n<meta property=\"article:modified_time\" content=\"2024-08-26T08:54:24+00:00\" \/>\n<meta name=\"twitter:card\" content=\"summary_large_image\" \/>\n<meta name=\"twitter:site\" content=\"@Natur_an_Emwelt\" \/>\n<meta name=\"twitter:label1\" content=\"Gesch\u00e4tzte Lesezeit\" \/>\n\t<meta name=\"twitter:data1\" content=\"2\u00a0Minuten\" \/>\n<script type=\"application\/ld+json\" class=\"yoast-schema-graph\">{\"@context\":\"https:\\\/\\\/schema.org\",\"@graph\":[{\"@type\":\"WebPage\",\"@id\":\"https:\\\/\\\/www.naturemweltasbl.lu\\\/faq-items\\\/quelles-especes-de-chauve-souris-vivent-au-luxembourg-et-sont-elles-protegees\\\/\",\"url\":\"https:\\\/\\\/www.naturemweltasbl.lu\\\/faq-items\\\/quelles-especes-de-chauve-souris-vivent-au-luxembourg-et-sont-elles-protegees\\\/\",\"name\":\"Welche Fledermausarten leben in Luxemburg und sind sie gesch\u00fctzt? - natur&amp;\u00ebmwelt a.s.b.l.\",\"isPartOf\":{\"@id\":\"https:\\\/\\\/www.naturemweltasbl.lu\\\/#website\"},\"datePublished\":\"2024-07-23T08:15:45+00:00\",\"dateModified\":\"2024-08-26T08:54:24+00:00\",\"breadcrumb\":{\"@id\":\"https:\\\/\\\/www.naturemweltasbl.lu\\\/faq-items\\\/quelles-especes-de-chauve-souris-vivent-au-luxembourg-et-sont-elles-protegees\\\/#breadcrumb\"},\"inLanguage\":\"de\",\"potentialAction\":[{\"@type\":\"ReadAction\",\"target\":[\"https:\\\/\\\/www.naturemweltasbl.lu\\\/faq-items\\\/quelles-especes-de-chauve-souris-vivent-au-luxembourg-et-sont-elles-protegees\\\/\"]}]},{\"@type\":\"BreadcrumbList\",\"@id\":\"https:\\\/\\\/www.naturemweltasbl.lu\\\/faq-items\\\/quelles-especes-de-chauve-souris-vivent-au-luxembourg-et-sont-elles-protegees\\\/#breadcrumb\",\"itemListElement\":[{\"@type\":\"ListItem\",\"position\":1,\"name\":\"Startseite\",\"item\":\"https:\\\/\\\/www.naturemweltasbl.lu\\\/de\\\/\"},{\"@type\":\"ListItem\",\"position\":2,\"name\":\"FAQs\",\"item\":\"https:\\\/\\\/www.naturemweltasbl.lu\\\/faq-items\\\/\"},{\"@type\":\"ListItem\",\"position\":3,\"name\":\"Welche Fledermausarten leben in Luxemburg und sind sie gesch\u00fctzt?\"}]},{\"@type\":\"WebSite\",\"@id\":\"https:\\\/\\\/www.naturemweltasbl.lu\\\/#website\",\"url\":\"https:\\\/\\\/www.naturemweltasbl.lu\\\/\",\"name\":\"natur&\u00ebmwelt a.s.b.l.\",\"description\":\"\",\"publisher\":{\"@id\":\"https:\\\/\\\/www.naturemweltasbl.lu\\\/#organization\"},\"potentialAction\":[{\"@type\":\"SearchAction\",\"target\":{\"@type\":\"EntryPoint\",\"urlTemplate\":\"https:\\\/\\\/www.naturemweltasbl.lu\\\/?s={search_term_string}\"},\"query-input\":{\"@type\":\"PropertyValueSpecification\",\"valueRequired\":true,\"valueName\":\"search_term_string\"}}],\"inLanguage\":\"de\"},{\"@type\":\"Organization\",\"@id\":\"https:\\\/\\\/www.naturemweltasbl.lu\\\/#organization\",\"name\":\"natur&\u00ebmwelt a.s.b.l.\",\"url\":\"https:\\\/\\\/www.naturemweltasbl.lu\\\/\",\"logo\":{\"@type\":\"ImageObject\",\"inLanguage\":\"de\",\"@id\":\"https:\\\/\\\/www.naturemweltasbl.lu\\\/#\\\/schema\\\/logo\\\/image\\\/\",\"url\":\"https:\\\/\\\/www.naturemweltasbl.lu\\\/wp-content\\\/uploads\\\/2024\\\/07\\\/NE_Logo_asbl_RGB-e1720014142276.png\",\"contentUrl\":\"https:\\\/\\\/www.naturemweltasbl.lu\\\/wp-content\\\/uploads\\\/2024\\\/07\\\/NE_Logo_asbl_RGB-e1720014142276.png\",\"width\":432,\"height\":254,\"caption\":\"natur&\u00ebmwelt a.s.b.l.\"},\"image\":{\"@id\":\"https:\\\/\\\/www.naturemweltasbl.lu\\\/#\\\/schema\\\/logo\\\/image\\\/\"},\"sameAs\":[\"https:\\\/\\\/www.facebook.com\\\/naturemwelt\\\/\",\"https:\\\/\\\/x.com\\\/Natur_an_Emwelt\",\"https:\\\/\\\/www.instagram.com\\\/naturemwelt\\\/\",\"https:\\\/\\\/www.youtube.com\\\/user\\\/naturemwelt\",\"https:\\\/\\\/lu.linkedin.com\\\/company\\\/naturemweltasbl?trk=similar-pages\"]}]}<\/script>\n<!-- \/ Yoast SEO plugin. -->","yoast_head_json":{"title":"Welche Fledermausarten leben in Luxemburg und sind sie gesch\u00fctzt? - natur&amp;\u00ebmwelt a.s.b.l.","robots":{"index":"index","follow":"follow","max-snippet":"max-snippet:-1","max-image-preview":"max-image-preview:large","max-video-preview":"max-video-preview:-1"},"canonical":"https:\/\/www.naturemweltasbl.lu\/faq-items\/quelles-especes-de-chauve-souris-vivent-au-luxembourg-et-sont-elles-protegees\/","og_locale":"de_DE","og_type":"article","og_title":"Welche Fledermausarten leben in Luxemburg und sind sie gesch\u00fctzt? - natur&amp;\u00ebmwelt a.s.b.l.","og_url":"https:\/\/www.naturemweltasbl.lu\/faq-items\/quelles-especes-de-chauve-souris-vivent-au-luxembourg-et-sont-elles-protegees\/","og_site_name":"natur&amp;\u00ebmwelt a.s.b.l.","article_publisher":"https:\/\/www.facebook.com\/naturemwelt\/","article_modified_time":"2024-08-26T08:54:24+00:00","twitter_card":"summary_large_image","twitter_site":"@Natur_an_Emwelt","twitter_misc":{"Gesch\u00e4tzte Lesezeit":"2\u00a0Minuten"},"schema":{"@context":"https:\/\/schema.org","@graph":[{"@type":"WebPage","@id":"https:\/\/www.naturemweltasbl.lu\/faq-items\/quelles-especes-de-chauve-souris-vivent-au-luxembourg-et-sont-elles-protegees\/","url":"https:\/\/www.naturemweltasbl.lu\/faq-items\/quelles-especes-de-chauve-souris-vivent-au-luxembourg-et-sont-elles-protegees\/","name":"Welche Fledermausarten leben in Luxemburg und sind sie gesch\u00fctzt? - natur&amp;\u00ebmwelt a.s.b.l.","isPartOf":{"@id":"https:\/\/www.naturemweltasbl.lu\/#website"},"datePublished":"2024-07-23T08:15:45+00:00","dateModified":"2024-08-26T08:54:24+00:00","breadcrumb":{"@id":"https:\/\/www.naturemweltasbl.lu\/faq-items\/quelles-especes-de-chauve-souris-vivent-au-luxembourg-et-sont-elles-protegees\/#breadcrumb"},"inLanguage":"de","potentialAction":[{"@type":"ReadAction","target":["https:\/\/www.naturemweltasbl.lu\/faq-items\/quelles-especes-de-chauve-souris-vivent-au-luxembourg-et-sont-elles-protegees\/"]}]},{"@type":"BreadcrumbList","@id":"https:\/\/www.naturemweltasbl.lu\/faq-items\/quelles-especes-de-chauve-souris-vivent-au-luxembourg-et-sont-elles-protegees\/#breadcrumb","itemListElement":[{"@type":"ListItem","position":1,"name":"Startseite","item":"https:\/\/www.naturemweltasbl.lu\/de\/"},{"@type":"ListItem","position":2,"name":"FAQs","item":"https:\/\/www.naturemweltasbl.lu\/faq-items\/"},{"@type":"ListItem","position":3,"name":"Welche Fledermausarten leben in Luxemburg und sind sie gesch\u00fctzt?"}]},{"@type":"WebSite","@id":"https:\/\/www.naturemweltasbl.lu\/#website","url":"https:\/\/www.naturemweltasbl.lu\/","name":"natur&\u00ebmwelt a.s.b.l.","description":"","publisher":{"@id":"https:\/\/www.naturemweltasbl.lu\/#organization"},"potentialAction":[{"@type":"SearchAction","target":{"@type":"EntryPoint","urlTemplate":"https:\/\/www.naturemweltasbl.lu\/?s={search_term_string}"},"query-input":{"@type":"PropertyValueSpecification","valueRequired":true,"valueName":"search_term_string"}}],"inLanguage":"de"},{"@type":"Organization","@id":"https:\/\/www.naturemweltasbl.lu\/#organization","name":"natur&\u00ebmwelt a.s.b.l.","url":"https:\/\/www.naturemweltasbl.lu\/","logo":{"@type":"ImageObject","inLanguage":"de","@id":"https:\/\/www.naturemweltasbl.lu\/#\/schema\/logo\/image\/","url":"https:\/\/www.naturemweltasbl.lu\/wp-content\/uploads\/2024\/07\/NE_Logo_asbl_RGB-e1720014142276.png","contentUrl":"https:\/\/www.naturemweltasbl.lu\/wp-content\/uploads\/2024\/07\/NE_Logo_asbl_RGB-e1720014142276.png","width":432,"height":254,"caption":"natur&\u00ebmwelt a.s.b.l."},"image":{"@id":"https:\/\/www.naturemweltasbl.lu\/#\/schema\/logo\/image\/"},"sameAs":["https:\/\/www.facebook.com\/naturemwelt\/","https:\/\/x.com\/Natur_an_Emwelt","https:\/\/www.instagram.com\/naturemwelt\/","https:\/\/www.youtube.com\/user\/naturemwelt","https:\/\/lu.linkedin.com\/company\/naturemweltasbl?trk=similar-pages"]}]}},"_links":{"self":[{"href":"https:\/\/www.naturemweltasbl.lu\/de\/wp-json\/wp\/v2\/avada_faq\/2234","targetHints":{"allow":["GET"]}}],"collection":[{"href":"https:\/\/www.naturemweltasbl.lu\/de\/wp-json\/wp\/v2\/avada_faq"}],"about":[{"href":"https:\/\/www.naturemweltasbl.lu\/de\/wp-json\/wp\/v2\/types\/avada_faq"}],"author":[{"embeddable":true,"href":"https:\/\/www.naturemweltasbl.lu\/de\/wp-json\/wp\/v2\/users\/1"}],"replies":[{"embeddable":true,"href":"https:\/\/www.naturemweltasbl.lu\/de\/wp-json\/wp\/v2\/comments?post=2234"}],"version-history":[{"count":2,"href":"https:\/\/www.naturemweltasbl.lu\/de\/wp-json\/wp\/v2\/avada_faq\/2234\/revisions"}],"predecessor-version":[{"id":2236,"href":"https:\/\/www.naturemweltasbl.lu\/de\/wp-json\/wp\/v2\/avada_faq\/2234\/revisions\/2236"}],"wp:attachment":[{"href":"https:\/\/www.naturemweltasbl.lu\/de\/wp-json\/wp\/v2\/media?parent=2234"}],"wp:term":[{"taxonomy":"faq_category","embeddable":true,"href":"https:\/\/www.naturemweltasbl.lu\/de\/wp-json\/wp\/v2\/faq_category?post=2234"}],"curies":[{"name":"wp","href":"https:\/\/api.w.org\/{rel}","templated":true}]}}