{"id":2227,"date":"2024-07-23T09:36:57","date_gmt":"2024-07-23T07:36:57","guid":{"rendered":"https:\/\/cp33msbjmvs.preview.infomaniak.website\/faq-items\/kroetenwanderung\/"},"modified":"2025-03-18T10:36:54","modified_gmt":"2025-03-18T09:36:54","slug":"kroetenwanderung","status":"publish","type":"avada_faq","link":"https:\/\/www.naturemweltasbl.lu\/de\/faq-items\/kroetenwanderung\/","title":{"rendered":"Kr\u00f6tenwanderung"},"content":{"rendered":"<div class=\"fusion-fullwidth fullwidth-box fusion-builder-row-1 fusion-flex-container nonhundred-percent-fullwidth non-hundred-percent-height-scrolling\" style=\"--awb-border-radius-top-left:0px;--awb-border-radius-top-right:0px;--awb-border-radius-bottom-right:0px;--awb-border-radius-bottom-left:0px;--awb-padding-right:0px;--awb-padding-left:0px;--awb-flex-wrap:wrap;\" ><div class=\"fusion-builder-row fusion-row fusion-flex-align-items-flex-start fusion-flex-content-wrap\" style=\"max-width:1248px;margin-left: calc(-4% \/ 2 );margin-right: calc(-4% \/ 2 );\"><div class=\"fusion-layout-column fusion_builder_column fusion-builder-column-0 fusion_builder_column_1_1 1_1 fusion-flex-column\" style=\"--awb-bg-blend:overlay;--awb-bg-size:cover;--awb-width-large:100%;--awb-margin-top-large:0px;--awb-spacing-right-large:1.92%;--awb-margin-bottom-large:0px;--awb-spacing-left-large:1.92%;--awb-width-medium:100%;--awb-spacing-right-medium:1.92%;--awb-spacing-left-medium:1.92%;--awb-width-small:100%;--awb-spacing-right-small:1.92%;--awb-spacing-left-small:1.92%;\"><div class=\"fusion-column-wrapper fusion-flex-justify-content-flex-start fusion-content-layout-column\"><div class=\"fusion-text fusion-text-1\"><p data-start=\"42\" data-end=\"428\"><strong data-start=\"42\" data-end=\"69\">Milde Nachttemperaturen<\/strong> (&gt; 5 \u00b0C), <strong data-start=\"80\" data-end=\"116\">regnerisches und feuchtes Wetter<\/strong> sowie l\u00e4ngere Tage schaffen ideale Bedingungen f\u00fcr die <strong data-start=\"176\" data-end=\"210\">j\u00e4hrliche Wanderung der Kr\u00f6ten<\/strong> von ihren Winterquartieren im Wald zu ihren Laichgew\u00e4ssern (Teiche, etc.). Die Wanderungszeit erstreckt sich <strong data-start=\"328\" data-end=\"365\">von Mitte Februar bis Mitte April<\/strong>, wobei Beginn und Dauer je nach Wetterbedingungen variieren.<\/p>\n<p data-start=\"430\" data-end=\"601\">In Zusammenarbeit mit der Natur- und Forstverwaltung (ANF) m\u00f6chte natur&amp;\u00ebmwelt a.s.b.l. zur Verbesserung der Schutzma\u00dfnahmen f\u00fcr Amphibien auf Stra\u00dfen beitragen. Dazu ist die <strong data-start=\"616\" data-end=\"657\">Identifizierung der Wanderungsgebiete<\/strong> entscheidend, um geeignete Schutzma\u00dfnahmen umzusetzen.<\/p>\n<p data-start=\"430\" data-end=\"601\">Die Hauptmission von natur&amp;\u00ebmwelt a.s.b.l. besteht darin, die <strong data-start=\"779\" data-end=\"816\">\u00d6ffentlichkeit zu sensibilisieren<\/strong> und die zust\u00e4ndigen Beh\u00f6rden zu ermutigen, die notwendigen Ma\u00dfnahmen zu ergreifen. Dazu geh\u00f6ren <strong data-start=\"917\" data-end=\"965\">d<\/strong>ie Installation permanenter Infrastrukturen (Kr\u00f6tenz\u00e4une, Amphibientunnel) sowie die vor\u00fcbergehende Sperrung betroffener Stra\u00dfen, abh\u00e4ngig von der Verkehrsbelastung und der Intensit\u00e4t der Wanderung.<\/p>\n<h3 class=\"fusion-responsive-typography-calculated\" data-start=\"1318\" data-end=\"1350\" data-fontsize=\"36\" data-lineheight=\"43.200001px\"><strong data-start=\"1322\" data-end=\"1348\">Wie k\u00f6nnen SIE helfen?<\/strong><\/h3>\n<p data-start=\"1352\" data-end=\"1592\">\u2705 <strong data-start=\"1354\" data-end=\"1387\">Melden Sie Ihre Beobachtungen<\/strong>: Falls Sie Kr\u00f6ten beim \u00dcberqueren der Stra\u00dfe sehen, machen Sie ein Foto und f\u00fcgen Sie Ihre Beobachtung unserem Projekt auf <a href=\"https:\/\/www.inaturalist.org\/projects\/moukewanderung\">iNaturalist<\/a>\u00a0hinzu oder f\u00fcllen Sie direkt unser <a href=\"https:\/\/naturemwelt.wufoo.com\/forms\/z1cgsxsv08qkyc6\/\">Online-Formular<\/a> aus. Dies hilft unter anderem, die Identifizierung der Wandergebiete auf <a href=\"https:\/\/map.geoportail.lu\/theme\/emwelt?version=3&amp;zoom=12&amp;X=685803&amp;Y=6380494&amp;lang=de&amp;rotation=0&amp;layers=1962&amp;opacities=1&amp;bgLayer=topo_bw_jpeg&amp;features=&amp;time=&amp;serial=\">geoportail.lu<\/a> aktuell zu halten.<\/p>\n<p data-start=\"1594\" data-end=\"1800\">\u2705 <strong data-start=\"95\" data-end=\"139\">Informieren Sie und handeln Sie lokal<\/strong>: Sie k\u00f6nnen Probleme im Zusammenhang mit der Wanderung, Barrieren oder Amphibientunneln bei den zust\u00e4ndigen Stra\u00dfenbeh\u00f6rden melden.<\/p>\n<\/div><\/div><\/div><\/div><\/div>\n","protected":false},"excerpt":{"rendered":"","protected":false},"author":1,"featured_media":0,"menu_order":0,"comment_status":"open","ping_status":"closed","template":"","format":"standard","meta":{"footnotes":""},"faq_category":[214],"class_list":["post-2227","avada_faq","type-avada_faq","status-publish","format-standard","hentry","faq_category-amphibiens-reptiles-de"],"yoast_head":"<!-- This site is optimized with the Yoast SEO plugin v27.4 - https:\/\/yoast.com\/product\/yoast-seo-wordpress\/ -->\n<title>Kr\u00f6tenwanderung - natur&amp;\u00ebmwelt a.s.b.l.<\/title>\n<meta name=\"robots\" content=\"index, follow, max-snippet:-1, max-image-preview:large, max-video-preview:-1\" \/>\n<link rel=\"canonical\" href=\"https:\/\/www.naturemweltasbl.lu\/de\/faq-items\/kroetenwanderung\/\" \/>\n<meta property=\"og:locale\" content=\"de_DE\" \/>\n<meta property=\"og:type\" content=\"article\" \/>\n<meta property=\"og:title\" content=\"Kr\u00f6tenwanderung - natur&amp;\u00ebmwelt a.s.b.l.\" \/>\n<meta property=\"og:url\" content=\"https:\/\/www.naturemweltasbl.lu\/de\/faq-items\/kroetenwanderung\/\" \/>\n<meta property=\"og:site_name\" content=\"natur&amp;\u00ebmwelt a.s.b.l.\" \/>\n<meta property=\"article:publisher\" content=\"https:\/\/www.facebook.com\/naturemwelt\/\" \/>\n<meta property=\"article:modified_time\" content=\"2025-03-18T09:36:54+00:00\" \/>\n<meta name=\"twitter:card\" content=\"summary_large_image\" \/>\n<meta name=\"twitter:site\" content=\"@Natur_an_Emwelt\" \/>\n<meta name=\"twitter:label1\" content=\"Gesch\u00e4tzte Lesezeit\" \/>\n\t<meta name=\"twitter:data1\" content=\"1\u00a0Minute\" \/>\n<script type=\"application\/ld+json\" class=\"yoast-schema-graph\">{\"@context\":\"https:\\\/\\\/schema.org\",\"@graph\":[{\"@type\":\"WebPage\",\"@id\":\"https:\\\/\\\/www.naturemweltasbl.lu\\\/de\\\/faq-items\\\/kroetenwanderung\\\/\",\"url\":\"https:\\\/\\\/www.naturemweltasbl.lu\\\/de\\\/faq-items\\\/kroetenwanderung\\\/\",\"name\":\"Kr\u00f6tenwanderung - natur&amp;\u00ebmwelt a.s.b.l.\",\"isPartOf\":{\"@id\":\"https:\\\/\\\/www.naturemweltasbl.lu\\\/#website\"},\"datePublished\":\"2024-07-23T07:36:57+00:00\",\"dateModified\":\"2025-03-18T09:36:54+00:00\",\"breadcrumb\":{\"@id\":\"https:\\\/\\\/www.naturemweltasbl.lu\\\/de\\\/faq-items\\\/kroetenwanderung\\\/#breadcrumb\"},\"inLanguage\":\"de\",\"potentialAction\":[{\"@type\":\"ReadAction\",\"target\":[\"https:\\\/\\\/www.naturemweltasbl.lu\\\/de\\\/faq-items\\\/kroetenwanderung\\\/\"]}]},{\"@type\":\"BreadcrumbList\",\"@id\":\"https:\\\/\\\/www.naturemweltasbl.lu\\\/de\\\/faq-items\\\/kroetenwanderung\\\/#breadcrumb\",\"itemListElement\":[{\"@type\":\"ListItem\",\"position\":1,\"name\":\"Startseite\",\"item\":\"https:\\\/\\\/www.naturemweltasbl.lu\\\/de\\\/\"},{\"@type\":\"ListItem\",\"position\":2,\"name\":\"FAQs\",\"item\":\"https:\\\/\\\/www.naturemweltasbl.lu\\\/faq-items\\\/\"},{\"@type\":\"ListItem\",\"position\":3,\"name\":\"Kr\u00f6tenwanderung\"}]},{\"@type\":\"WebSite\",\"@id\":\"https:\\\/\\\/www.naturemweltasbl.lu\\\/#website\",\"url\":\"https:\\\/\\\/www.naturemweltasbl.lu\\\/\",\"name\":\"natur&\u00ebmwelt a.s.b.l.\",\"description\":\"\",\"publisher\":{\"@id\":\"https:\\\/\\\/www.naturemweltasbl.lu\\\/#organization\"},\"potentialAction\":[{\"@type\":\"SearchAction\",\"target\":{\"@type\":\"EntryPoint\",\"urlTemplate\":\"https:\\\/\\\/www.naturemweltasbl.lu\\\/?s={search_term_string}\"},\"query-input\":{\"@type\":\"PropertyValueSpecification\",\"valueRequired\":true,\"valueName\":\"search_term_string\"}}],\"inLanguage\":\"de\"},{\"@type\":\"Organization\",\"@id\":\"https:\\\/\\\/www.naturemweltasbl.lu\\\/#organization\",\"name\":\"natur&\u00ebmwelt a.s.b.l.\",\"url\":\"https:\\\/\\\/www.naturemweltasbl.lu\\\/\",\"logo\":{\"@type\":\"ImageObject\",\"inLanguage\":\"de\",\"@id\":\"https:\\\/\\\/www.naturemweltasbl.lu\\\/#\\\/schema\\\/logo\\\/image\\\/\",\"url\":\"https:\\\/\\\/www.naturemweltasbl.lu\\\/wp-content\\\/uploads\\\/2024\\\/07\\\/NE_Logo_asbl_RGB-e1720014142276.png\",\"contentUrl\":\"https:\\\/\\\/www.naturemweltasbl.lu\\\/wp-content\\\/uploads\\\/2024\\\/07\\\/NE_Logo_asbl_RGB-e1720014142276.png\",\"width\":432,\"height\":254,\"caption\":\"natur&\u00ebmwelt a.s.b.l.\"},\"image\":{\"@id\":\"https:\\\/\\\/www.naturemweltasbl.lu\\\/#\\\/schema\\\/logo\\\/image\\\/\"},\"sameAs\":[\"https:\\\/\\\/www.facebook.com\\\/naturemwelt\\\/\",\"https:\\\/\\\/x.com\\\/Natur_an_Emwelt\",\"https:\\\/\\\/www.instagram.com\\\/naturemwelt\\\/\",\"https:\\\/\\\/www.youtube.com\\\/user\\\/naturemwelt\",\"https:\\\/\\\/lu.linkedin.com\\\/company\\\/naturemweltasbl?trk=similar-pages\"]}]}<\/script>\n<!-- \/ Yoast SEO plugin. -->","yoast_head_json":{"title":"Kr\u00f6tenwanderung - natur&amp;\u00ebmwelt a.s.b.l.","robots":{"index":"index","follow":"follow","max-snippet":"max-snippet:-1","max-image-preview":"max-image-preview:large","max-video-preview":"max-video-preview:-1"},"canonical":"https:\/\/www.naturemweltasbl.lu\/de\/faq-items\/kroetenwanderung\/","og_locale":"de_DE","og_type":"article","og_title":"Kr\u00f6tenwanderung - natur&amp;\u00ebmwelt a.s.b.l.","og_url":"https:\/\/www.naturemweltasbl.lu\/de\/faq-items\/kroetenwanderung\/","og_site_name":"natur&amp;\u00ebmwelt a.s.b.l.","article_publisher":"https:\/\/www.facebook.com\/naturemwelt\/","article_modified_time":"2025-03-18T09:36:54+00:00","twitter_card":"summary_large_image","twitter_site":"@Natur_an_Emwelt","twitter_misc":{"Gesch\u00e4tzte Lesezeit":"1\u00a0Minute"},"schema":{"@context":"https:\/\/schema.org","@graph":[{"@type":"WebPage","@id":"https:\/\/www.naturemweltasbl.lu\/de\/faq-items\/kroetenwanderung\/","url":"https:\/\/www.naturemweltasbl.lu\/de\/faq-items\/kroetenwanderung\/","name":"Kr\u00f6tenwanderung - natur&amp;\u00ebmwelt a.s.b.l.","isPartOf":{"@id":"https:\/\/www.naturemweltasbl.lu\/#website"},"datePublished":"2024-07-23T07:36:57+00:00","dateModified":"2025-03-18T09:36:54+00:00","breadcrumb":{"@id":"https:\/\/www.naturemweltasbl.lu\/de\/faq-items\/kroetenwanderung\/#breadcrumb"},"inLanguage":"de","potentialAction":[{"@type":"ReadAction","target":["https:\/\/www.naturemweltasbl.lu\/de\/faq-items\/kroetenwanderung\/"]}]},{"@type":"BreadcrumbList","@id":"https:\/\/www.naturemweltasbl.lu\/de\/faq-items\/kroetenwanderung\/#breadcrumb","itemListElement":[{"@type":"ListItem","position":1,"name":"Startseite","item":"https:\/\/www.naturemweltasbl.lu\/de\/"},{"@type":"ListItem","position":2,"name":"FAQs","item":"https:\/\/www.naturemweltasbl.lu\/faq-items\/"},{"@type":"ListItem","position":3,"name":"Kr\u00f6tenwanderung"}]},{"@type":"WebSite","@id":"https:\/\/www.naturemweltasbl.lu\/#website","url":"https:\/\/www.naturemweltasbl.lu\/","name":"natur&\u00ebmwelt a.s.b.l.","description":"","publisher":{"@id":"https:\/\/www.naturemweltasbl.lu\/#organization"},"potentialAction":[{"@type":"SearchAction","target":{"@type":"EntryPoint","urlTemplate":"https:\/\/www.naturemweltasbl.lu\/?s={search_term_string}"},"query-input":{"@type":"PropertyValueSpecification","valueRequired":true,"valueName":"search_term_string"}}],"inLanguage":"de"},{"@type":"Organization","@id":"https:\/\/www.naturemweltasbl.lu\/#organization","name":"natur&\u00ebmwelt a.s.b.l.","url":"https:\/\/www.naturemweltasbl.lu\/","logo":{"@type":"ImageObject","inLanguage":"de","@id":"https:\/\/www.naturemweltasbl.lu\/#\/schema\/logo\/image\/","url":"https:\/\/www.naturemweltasbl.lu\/wp-content\/uploads\/2024\/07\/NE_Logo_asbl_RGB-e1720014142276.png","contentUrl":"https:\/\/www.naturemweltasbl.lu\/wp-content\/uploads\/2024\/07\/NE_Logo_asbl_RGB-e1720014142276.png","width":432,"height":254,"caption":"natur&\u00ebmwelt a.s.b.l."},"image":{"@id":"https:\/\/www.naturemweltasbl.lu\/#\/schema\/logo\/image\/"},"sameAs":["https:\/\/www.facebook.com\/naturemwelt\/","https:\/\/x.com\/Natur_an_Emwelt","https:\/\/www.instagram.com\/naturemwelt\/","https:\/\/www.youtube.com\/user\/naturemwelt","https:\/\/lu.linkedin.com\/company\/naturemweltasbl?trk=similar-pages"]}]}},"_links":{"self":[{"href":"https:\/\/www.naturemweltasbl.lu\/de\/wp-json\/wp\/v2\/avada_faq\/2227","targetHints":{"allow":["GET"]}}],"collection":[{"href":"https:\/\/www.naturemweltasbl.lu\/de\/wp-json\/wp\/v2\/avada_faq"}],"about":[{"href":"https:\/\/www.naturemweltasbl.lu\/de\/wp-json\/wp\/v2\/types\/avada_faq"}],"author":[{"embeddable":true,"href":"https:\/\/www.naturemweltasbl.lu\/de\/wp-json\/wp\/v2\/users\/1"}],"replies":[{"embeddable":true,"href":"https:\/\/www.naturemweltasbl.lu\/de\/wp-json\/wp\/v2\/comments?post=2227"}],"version-history":[{"count":3,"href":"https:\/\/www.naturemweltasbl.lu\/de\/wp-json\/wp\/v2\/avada_faq\/2227\/revisions"}],"predecessor-version":[{"id":5721,"href":"https:\/\/www.naturemweltasbl.lu\/de\/wp-json\/wp\/v2\/avada_faq\/2227\/revisions\/5721"}],"wp:attachment":[{"href":"https:\/\/www.naturemweltasbl.lu\/de\/wp-json\/wp\/v2\/media?parent=2227"}],"wp:term":[{"taxonomy":"faq_category","embeddable":true,"href":"https:\/\/www.naturemweltasbl.lu\/de\/wp-json\/wp\/v2\/faq_category?post=2227"}],"curies":[{"name":"wp","href":"https:\/\/api.w.org\/{rel}","templated":true}]}}